{"id":928,"date":"2020-04-06T14:14:47","date_gmt":"2020-04-06T18:14:47","guid":{"rendered":"https:\/\/cannexus.org\/?page_id=928"},"modified":"2026-04-13T17:20:07","modified_gmt":"2026-04-13T21:20:07","slug":"termes-et-conditions-pour-les-conferenciers","status":"publish","type":"page","link":"https:\/\/cannexus.ceric.ca\/fr\/termes-et-conditions-pour-les-conferenciers\/","title":{"rendered":"Termes et conditions pour les conf\u00e9renciers"},"content":{"rendered":"\t\t<div data-elementor-type=\"wp-page\" data-elementor-id=\"928\" class=\"elementor elementor-928 elementor-877\" data-elementor-post-type=\"page\">\n\t\t\t\t<div class=\"elementor-element elementor-element-c24e39a e-flex e-con-boxed e-con e-parent\" data-id=\"c24e39a\" data-element_type=\"container\" data-e-type=\"container\">\n\t\t\t\t\t<div class=\"e-con-inner\">\n\t\t\t\t\t<\/div>\n\t\t\t\t<\/div>\n\t\t\t\t<section class=\"elementor-section elementor-top-section elementor-element elementor-element-735e3d4 elementor-section-boxed elementor-section-height-default elementor-section-height-default\" data-id=\"735e3d4\" data-element_type=\"section\" data-e-type=\"section\">\n\t\t\t\t\t\t<div class=\"elementor-container elementor-column-gap-default\">\n\t\t\t\t\t<div class=\"elementor-column elementor-col-100 elementor-top-column elementor-element elementor-element-9d44f8e\" data-id=\"9d44f8e\" data-element_type=\"column\" data-e-type=\"column\">\n\t\t\t<div class=\"elementor-widget-wrap elementor-element-populated\">\n\t\t\t\t\t\t<div class=\"elementor-element elementor-element-8a59677 elementor-invisible elementor-widget elementor-widget-exhibz-title\" data-id=\"8a59677\" data-element_type=\"widget\" data-e-type=\"widget\" data-settings=\"{&quot;_animation&quot;:&quot;fadeInUp&quot;,&quot;_animation_delay&quot;:350,&quot;ekit_we_effect_on&quot;:&quot;none&quot;}\" data-widget_type=\"exhibz-title.default\">\n\t\t\t\t<div class=\"elementor-widget-container\">\n\t\t\t\t\t\n    <div class=\"title-section-area\">\n        <h2 class=\"section-title\">\n            <span class=\"sub-title\">Termes et conditions pour les conf\u00e9rencier\u00b7\u00e8re\u00b7s<\/span>\n\t\t\t        <\/h2>\n\t\t\t\t\t<div class=\"title-desc\"><p>Vous pouvez remplir le formulaire de proposition pour l\u2019appel aux conf\u00e9rencier\u00b7\u00e8re\u00b7s en fran\u00e7ais ou en anglais, et choisir de faire votre pr\u00e9sentation dans l\u2019une ou l\u2019autre de ces langues. Certaines s\u00e9ances feront l\u2019objet d\u2019une interpr\u00e9tation simultan\u00e9e.<\/p><\/div>\n\t\t                    <\/div><!-- Section title -->\n    \n    \n\n    \t\t\t\t<\/div>\n\t\t\t\t<\/div>\n\t\t\t\t<div class=\"elementor-element elementor-element-23403c0 elementor-alert-warning elementor-widget elementor-widget-alert\" data-id=\"23403c0\" data-element_type=\"widget\" data-e-type=\"widget\" data-settings=\"{&quot;ekit_we_effect_on&quot;:&quot;none&quot;}\" data-widget_type=\"alert.default\">\n\t\t\t\t<div class=\"elementor-widget-container\">\n\t\t\t\t\t\t\t<div class=\"elementor-alert\" role=\"alert\">\n\n\t\t\t\t\t\t<span class=\"elementor-alert-title\">Date limite pour s\u2019inscrire<\/span>\n\t\t\t\n\t\t\t\t\t\t<span class=\"elementor-alert-description\">Votre proposition doit \u00eatre re\u00e7ue au plus tard <b> le lundi 1er juin 2026 \u00e0 23 h 59 HE <\/b> pour qu\u2019elle soit \u00e9tudi\u00e9e aux fins d\u2019inclusion dans le programme du congr\u00e8s Cannexus27. Toute proposition re\u00e7ue apr\u00e8s cette date sera automatiquement ajout\u00e9e \u00e0 une liste d\u2019attente et \u00e9tudi\u00e9e si des places se lib\u00e8rent. <\/span>\n\t\t\t\n\t\t\t\n\t\t<\/div>\n\t\t\t\t\t\t<\/div>\n\t\t\t\t<\/div>\n\t\t\t\t<div class=\"elementor-element elementor-element-c8ac65f elementor-widget elementor-widget-toggle\" data-id=\"c8ac65f\" data-element_type=\"widget\" data-e-type=\"widget\" data-settings=\"{&quot;ekit_we_effect_on&quot;:&quot;none&quot;}\" data-widget_type=\"toggle.default\">\n\t\t\t\t<div class=\"elementor-widget-container\">\n\t\t\t\t\t\t\t<div class=\"elementor-toggle\">\n\t\t\t\t\t\t\t<div class=\"elementor-toggle-item\">\n\t\t\t\t\t<div id=\"elementor-tab-title-2101\" class=\"elementor-tab-title\" data-tab=\"1\" role=\"button\" aria-controls=\"elementor-tab-content-2101\" aria-expanded=\"false\">\n\t\t\t\t\t\t\t\t\t\t\t\t<span class=\"elementor-toggle-icon elementor-toggle-icon-left\" aria-hidden=\"true\">\n\t\t\t\t\t\t\t\t\t\t\t\t\t\t\t<span class=\"elementor-toggle-icon-closed\"><svg class=\"e-font-icon-svg e-fas-caret-right\" viewBox=\"0 0 192 512\" xmlns=\"http:\/\/www.w3.org\/2000\/svg\"><path d=\"M0 384.662V127.338c0-17.818 21.543-26.741 34.142-14.142l128.662 128.662c7.81 7.81 7.81 20.474 0 28.284L34.142 398.804C21.543 411.404 0 402.48 0 384.662z\"><\/path><\/svg><\/span>\n\t\t\t\t\t\t\t\t<span class=\"elementor-toggle-icon-opened\"><svg class=\"elementor-toggle-icon-opened e-font-icon-svg e-fas-caret-up\" viewBox=\"0 0 320 512\" xmlns=\"http:\/\/www.w3.org\/2000\/svg\"><path d=\"M288.662 352H31.338c-17.818 0-26.741-21.543-14.142-34.142l128.662-128.662c7.81-7.81 20.474-7.81 28.284 0l128.662 128.662c12.6 12.599 3.676 34.142-14.142 34.142z\"><\/path><\/svg><\/span>\n\t\t\t\t\t\t\t\t\t\t\t\t\t<\/span>\n\t\t\t\t\t\t\t\t\t\t\t\t<a class=\"elementor-toggle-title\" tabindex=\"0\">AVANT DE REMPLIR LE FORMULAIRE D\u2019APPLICATION<\/a>\n\t\t\t\t\t<\/div>\n\n\t\t\t\t\t<div id=\"elementor-tab-content-2101\" class=\"elementor-tab-content elementor-clearfix\" data-tab=\"1\" role=\"region\" aria-labelledby=\"elementor-tab-title-2101\"><p><span data-contrast=\"auto\">Les renseignements suivants vous seront demand\u00e9s lorsque vous remplirez le formulaire. Assurez-vous de les avoir en main avant de commencer.<\/span><span data-ccp-props=\"{}\">\u00a0<\/span><\/p><ul><li>Type de pr\u00e9sentation\u00a0: pr\u00e9sentation, panel, atelier interactif (chacun de 60 minutes), carrousel (pr\u00e9sentation en table ronde de 25 minutes r\u00e9p\u00e9t\u00e9e deux fois) ou autre<\/li><li>Titre de la s\u00e9ance (10\u00a0mots maximum), r\u00e9sum\u00e9 (60\u00a0mots maximum), trois r\u00e9sultats d\u2019apprentissage (10\u00a0mots maximum chacun)<\/li><li>Le CERIC a identifi\u00e9\u00a0<a href=\"https:\/\/cannexus.ceric.ca\/fr\/presenter-a-cannexus\/\" rel=\"noopener\">7 th\u00e9matiques\u00a0d\u2019apprentissage<\/a>\u00a0pour aider les conf\u00e9rencier\u00b7\u00e8re\u00b7s<br \/>\u00e0 cibler le contenu de leur s\u00e9ance. Veuillez consulter les th\u00e9matiques et d\u00e9terminer celle qui correspond \u00e0 votre s\u00e9ance avant de remplir le formulaire<\/li><li>Noms, coordonn\u00e9es et biographies (35 mots maximum) de chaque conf\u00e9rencier\u00b7\u00e8re<\/li><li>Photo du conf\u00e9rencier ou conf\u00e9renci\u00e8re\u00a0<br \/>principal\u00b7e (haute r\u00e9solution : 300 dpi, largeur de plus de 800 px) en format JPEG, EPS ou TIFF. Les photos des co-conf\u00e9rencier\u00b7\u00e8re\u00b7s seront demand\u00e9es apr\u00e8s l\u2019acceptation de la proposition<\/li><li>S\u2019il s\u2019agit de votre premier congr\u00e8s du CERIC, une liste de vos conf\u00e9rences pass\u00e9es ainsi que les liens vers les diapositives de pr\u00e9sentation ou les enregistrements vid\u00e9o, si vous les avez. Veuillez prendre note que si vous avez fait une pr\u00e9sentation lors du congr\u00e8s Cannexus26, il n\u2019est pas n\u00e9cessaire de nous faire parvenir le lien vers l\u2019enregistrement vid\u00e9o<\/li><li>Pr\u00e9f\u00e9rence\u00a0: pr\u00e9sentation virtuelle ou en pr\u00e9sentiel<\/li><li>Si virtuelle, pr\u00e9f\u00e9rence pour une pr\u00e9sentation en direct ou en simulive (pr\u00e9sentation pr\u00e9enregistr\u00e9e avec clavardage en direct pour la p\u00e9riode de questions)<\/li><li>Besoins en mati\u00e8re d\u2019accessibilit\u00e9 (optionnel)<\/li><li>Identifiants sur les m\u00e9dias sociaux (optionnel)<\/li><\/ul><\/div>\n\t\t\t\t<\/div>\n\t\t\t\t\t\t\t<div class=\"elementor-toggle-item\">\n\t\t\t\t\t<div id=\"elementor-tab-title-2102\" class=\"elementor-tab-title\" data-tab=\"2\" role=\"button\" aria-controls=\"elementor-tab-content-2102\" aria-expanded=\"false\">\n\t\t\t\t\t\t\t\t\t\t\t\t<span class=\"elementor-toggle-icon elementor-toggle-icon-left\" aria-hidden=\"true\">\n\t\t\t\t\t\t\t\t\t\t\t\t\t\t\t<span class=\"elementor-toggle-icon-closed\"><svg class=\"e-font-icon-svg e-fas-caret-right\" viewBox=\"0 0 192 512\" xmlns=\"http:\/\/www.w3.org\/2000\/svg\"><path d=\"M0 384.662V127.338c0-17.818 21.543-26.741 34.142-14.142l128.662 128.662c7.81 7.81 7.81 20.474 0 28.284L34.142 398.804C21.543 411.404 0 402.48 0 384.662z\"><\/path><\/svg><\/span>\n\t\t\t\t\t\t\t\t<span class=\"elementor-toggle-icon-opened\"><svg class=\"elementor-toggle-icon-opened e-font-icon-svg e-fas-caret-up\" viewBox=\"0 0 320 512\" xmlns=\"http:\/\/www.w3.org\/2000\/svg\"><path d=\"M288.662 352H31.338c-17.818 0-26.741-21.543-14.142-34.142l128.662-128.662c7.81-7.81 20.474-7.81 28.284 0l128.662 128.662c12.6 12.599 3.676 34.142-14.142 34.142z\"><\/path><\/svg><\/span>\n\t\t\t\t\t\t\t\t\t\t\t\t\t<\/span>\n\t\t\t\t\t\t\t\t\t\t\t\t<a class=\"elementor-toggle-title\" tabindex=\"0\">MODALITES POUR LES CONF\u00c9RENCIER\u00b7\u00c8RE\u00b7S<\/a>\n\t\t\t\t\t<\/div>\n\n\t\t\t\t\t<div id=\"elementor-tab-content-2102\" class=\"elementor-tab-content elementor-clearfix\" data-tab=\"2\" role=\"region\" aria-labelledby=\"elementor-tab-title-2102\"><p><span data-contrast=\"auto\">Si votre proposition est accept\u00e9e, vous, ainsi que chacun de vos co-conf\u00e9rencier\u00b7\u00e8re\u00b7s<br \/>, vous engagez \u00e0 ce qui suit\u202f:<\/span><span data-ccp-props=\"{}\">\u00a0<\/span><\/p><ol><li><strong>Vous inscrire et payer les frais d\u2019inscription au congr\u00e8s :<\/strong> si votre proposition est accept\u00e9e, vous devez vous inscrire au plus tard pour faire partie du programme. Veuillez prendre note que les conf\u00e9rencier\u00b7\u00e8re\u00b7s<br \/>profitent d\u2019un tarif tr\u00e8s r\u00e9duit. Les conf\u00e9rencier\u00b7\u00e8re\u00b7s ne recevront aucune r\u00e9mun\u00e9ration. Il incombe au\u00b7\u00e0 la conf\u00e9rencier\u00b7\u00e8re<br \/>principal de s\u2019assurer que tous les co-conf\u00e9rencier\u00b7\u00e8re\u00b7s se sont inscrits \u00e0 Cannexus. *Prenez note de ce qui suit si vous choisissez de faire une pr\u00e9sentation en personne : tous les conf\u00e9rencier\u00b7\u00e8re\u00b7s sont responsables de leur propre h\u00e9bergement, de leurs d\u00e9placements, de l\u2019impression et de la traduction de tout document, et de tout co\u00fbt suppl\u00e9mentaire associ\u00e9 \u00e0 leur participation au congr\u00e8s Cannexus27.<\/li><li><strong>Modalit\u00e9s relatives au conf\u00e9rencier principal et aux co-conf\u00e9rencier\u00b7\u00e8re\u00b7s: <\/strong>un\u00b7e conf\u00e9rencier\u00b7\u00e8re doit \u00eatre d\u00e9sign\u00e9\u00b7e comme conf\u00e9rencier\u00b7\u00e8re principal\u00b7e et tous les co-conf\u00e9rencier\u00b7\u00e8re\u00b7s doivent \u00eatre identifi\u00e9s. Toute la correspondance sera envoy\u00e9e au\u00b7\u00e0 la conf\u00e9rencier\u00b7\u00e8re principal\u00b7e seulement, et seul cette personne peut modifier la description des s\u00e9ances ou fournir des documents de soutien, comme des biographies ou des diapositives. En cas de changement dans la liste des conf\u00e9rencier\u00b7\u00e8re\u00b7s<br \/>ou dans la description de la s\u00e9ance, il incombe au pr\u00e9sentateur principal d\u2019en informer le CERIC d\u00e8s que possible en envoyant un courriel \u00e0 l\u2019adresse <a class=\"c-link\" href=\"mailto:cannexus@ceric.ca\" target=\"_blank\" rel=\"noopener noreferrer\" data-stringify-link=\"mailto:cannexus@ceric.ca\" data-sk=\"tooltip_parent\" aria-haspopup=\"menu\">cannexus@ceric.ca<\/a>. Veuillez noter que toute modification de la liste des conf\u00e9rencier\u00b7\u00e8re\u00b7s<br \/>ou de la description des s\u00e9ances sera effectu\u00e9e \u00e0 la discr\u00e9tion du CERIC. Les conf\u00e9renciers principaux ne sont pas autoris\u00e9s \u00e0 ajouter un\u00b7e co-conf\u00e9rencier\u00b7\u00e8re<br \/>qui a d\u00e9j\u00e0 \u00e9t\u00e9 confirm\u00e9 pour au moins deux autres s\u00e9ances. <em><u>Un\u00b7e conf\u00e9rencier\u00b7\u00e8re peut participer \u00e0 un maximum de deux s\u00e9ances : une en tant que conf\u00e9rencier\u00b7\u00e8re principal\u00b7e et une en tant que co-conf\u00e9rencier\u00b7\u00e8re, ou deux fois en tant que co-conf\u00e9rencier\u00b7\u00e8re<\/u><\/em>. Le CERIC se r\u00e9serve le droit de refuser toute demande d\u2019ajout d\u2019un co-conf\u00e9rencier\u00b7\u00e8re, sur la base de ce qui pr\u00e9c\u00e8de.<\/li><li><strong>Modalit\u00e9s relatives aux s\u00e9ances en pr\u00e9sentiel<\/strong> <strong>:<\/strong> si vous acceptez de faire une pr\u00e9sentation en pr\u00e9sentiel, sachez que chaque salle comprend un lutrin, un micro, une connexion sans fil, un \u00e9cran, un projecteur ACL, un adaptateur pour Mac, une connexion au syst\u00e8me de sonorisation et un tableau papier. Si le conf\u00e9rencier a besoin de mat\u00e9riel audiovisuel suppl\u00e9mentaire, il devra prendre les dispositions n\u00e9cessaires d\u2019avance aupr\u00e8s du fournisseur de mat\u00e9riel audiovisuel et le payer lui-m\u00eame. <em><u>Les conf\u00e9rencier\u00b7\u00e8re\u00b7s<br \/>doivent utiliser leur propre ordinateur portable pour leur pr\u00e9sentation.<\/u><\/em><\/li><li><strong>Modalit\u00e9s relatives au contenu des pr\u00e9sentations : <\/strong>il est D\u00c9FENDU de faire de la vente pendant les s\u00e9ances Cannexus. Si nous recevons plusieurs plaintes indiquant que vous avez fait de la vente pendant une s\u00e9ance, vous risquez de voir vos futures propositions refus\u00e9es au cours des ann\u00e9es \u00e0 venir. Pour faire la promotion de vos services, de votre mat\u00e9riel ou de vos produits durant le congr\u00e8s, veuillez \u00e9crire \u00e0 <a href=\"mailto:heba@ceric.ca\">heba@ceric.ca<\/a>\u00a0pour de plus amples renseignements au sujet des partenariats, de la publicit\u00e9 et des exposants.<\/li><li><strong>Pr\u00e9sentateur\u00b7trice\u00b7s virtuels participant en pr\u00e9sentiel :<\/strong> si l&#8217;on vous propose et que vous acceptez une s\u00e9ance virtuelle et que vous d\u00e9cidez d&#8217;assister \u00e0 Cannexus en personne, vous \u00eates responsable de faire votre pr\u00e9sentation \u00e0 partir d&#8217;un endroit calme et priv\u00e9 avec un bon acc\u00e8s \u00e0 Internet. Le CERIC ne fournit pas d&#8217;espace sur place au Centre Rogers pour que les conf\u00e9rencier\u00b7\u00e8re\u00b7s virtuels puissent pr\u00e9senter leurs s\u00e9ances.<\/li><li style=\"list-style-type: none;\">\u00a0<\/li><\/ol><\/div>\n\t\t\t\t<\/div>\n\t\t\t\t\t\t\t<div class=\"elementor-toggle-item\">\n\t\t\t\t\t<div id=\"elementor-tab-title-2103\" class=\"elementor-tab-title\" data-tab=\"3\" role=\"button\" aria-controls=\"elementor-tab-content-2103\" aria-expanded=\"false\">\n\t\t\t\t\t\t\t\t\t\t\t\t<span class=\"elementor-toggle-icon elementor-toggle-icon-left\" aria-hidden=\"true\">\n\t\t\t\t\t\t\t\t\t\t\t\t\t\t\t<span class=\"elementor-toggle-icon-closed\"><svg class=\"e-font-icon-svg e-fas-caret-right\" viewBox=\"0 0 192 512\" xmlns=\"http:\/\/www.w3.org\/2000\/svg\"><path d=\"M0 384.662V127.338c0-17.818 21.543-26.741 34.142-14.142l128.662 128.662c7.81 7.81 7.81 20.474 0 28.284L34.142 398.804C21.543 411.404 0 402.48 0 384.662z\"><\/path><\/svg><\/span>\n\t\t\t\t\t\t\t\t<span class=\"elementor-toggle-icon-opened\"><svg class=\"elementor-toggle-icon-opened e-font-icon-svg e-fas-caret-up\" viewBox=\"0 0 320 512\" xmlns=\"http:\/\/www.w3.org\/2000\/svg\"><path d=\"M288.662 352H31.338c-17.818 0-26.741-21.543-14.142-34.142l128.662-128.662c7.81-7.81 20.474-7.81 28.284 0l128.662 128.662c12.6 12.599 3.676 34.142-14.142 34.142z\"><\/path><\/svg><\/span>\n\t\t\t\t\t\t\t\t\t\t\t\t\t<\/span>\n\t\t\t\t\t\t\t\t\t\t\t\t<a class=\"elementor-toggle-title\" tabindex=\"0\">DIRECTIVES<\/a>\n\t\t\t\t\t<\/div>\n\n\t\t\t\t\t<div id=\"elementor-tab-content-2103\" class=\"elementor-tab-content elementor-clearfix\" data-tab=\"3\" role=\"region\" aria-labelledby=\"elementor-tab-title-2103\"><p><b><span data-contrast=\"auto\">Avis d\u2019acceptation<\/span><\/b><span data-ccp-props=\"{}\">\u00a0<\/span><\/p><p><span style=\"font-family: var( --e-global-typography-text-font-family ), Sans-serif; font-weight: var( --e-global-typography-text-font-weight );\">Tous les conf\u00e9renciers principaux seront inform\u00e9s de l\u2019acceptation ou du refus de leur proposition pour le programme Cannexus27 au plus tard en ao\u00fbt 2026. Les conf\u00e9renciers accept\u00e9s devront confirmer leur acceptation en r\u00e9pondant au courriel d\u2019invitation au plus tard \u00e0 la date limite indiqu\u00e9e dans le courriel. La mise \u00e0 jour des conf\u00e9renciers sur la liste d\u2019attente se fera au fur et \u00e0 mesure que des places se lib\u00e9reront.<\/span><\/p><p>Si vous n\u2019\u00eates plus en mesure de faire votre pr\u00e9sentation, veuillez nous le faire savoir en \u00e9crivant \u00e0 <a href=\"mailto:heba@ceric.ca\">heba@ceric.ca<\/a>\u00a0le plus t\u00f4t possible afin que nous puissions aviser d\u2019autres conf\u00e9renciers sur la liste d\u2019attente suffisamment t\u00f4t pour qu\u2019ils puissent se pr\u00e9parer.<span style=\"font-family: var( --e-global-typography-text-font-family ), Sans-serif; font-weight: var( --e-global-typography-text-font-weight );\" data-ccp-props=\"{}\">\u00a0<\/span><\/p><p><strong>Les changements de s\u00e9ance<\/strong><\/p><p>Pour modifier ou ajouter un co-conf\u00e9rencier, le conf\u00e9rencier principal doit \u00e9crire \u00e0 <a href=\"mailto:cannexus@ceric.ca\">cannexus@ceric.ca<\/a>\u00a0en fournissant les coordonn\u00e9es, la biographie et la photo de chacun des nouveaux co-conf\u00e9renciers propos\u00e9s<\/p><\/div>\n\t\t\t\t<\/div>\n\t\t\t\t\t\t\t\t<\/div>\n\t\t\t\t\t\t<\/div>\n\t\t\t\t<\/div>\n\t\t\t\t<div class=\"elementor-element elementor-element-309e6c8 elementor-hidden-desktop elementor-hidden-tablet elementor-hidden-mobile elementor-widget elementor-widget-text-editor\" data-id=\"309e6c8\" data-element_type=\"widget\" data-e-type=\"widget\" data-settings=\"{&quot;ekit_we_effect_on&quot;:&quot;none&quot;}\" data-widget_type=\"text-editor.default\">\n\t\t\t\t<div class=\"elementor-widget-container\">\n\t\t\t\t\t\t\t\t\t<p><a href=\"https:\/\/counselling.foundation\/\" target=\"_blank\" rel=\"noopener noreferrer\" data-stringify-link=\"https:\/\/counselling.foundation\/\" data-sk=\"tooltip_parent\">The Counselling Foundation of Canada<\/a> a cr\u00e9\u00e9 la bourse Marilyn Van Norman pour aider les conseiller\u00b7\u00e8re\u00b7s communautaires et les professionnel\u00b7le\u00b7s de la gestion de carri\u00e8re et de l\u2019orientation professionnelle \u00e0 participer au congr\u00e8s Cannexus chaque ann\u00e9e.<\/p><p>\u00a013 bourses seront offertes dont une bourse pour chaque province et territoire. Les bourses seront attribu\u00e9es pour une seule inscription compl\u00e8te au congr\u00e8s virtuel. Les demandes doivent provenir d\u2019organismes de bienfaisance ou d\u2019associations communautaires canadiennes sans but lucratif.<strong>\u00a0Les organismes sont invit\u00e9s \u00e0 se limiter \u00e0 une seule demande par organisme.<\/strong><\/p><p>En tant que bailleur de fonds du CERIC et promoteur-fondateur de Cannexus, la Fondation attribue la bourse (anciennement appel\u00e9e bourse Elizabeth\u00a0McTavish) depuis 2006.<\/p>\t\t\t\t\t\t\t\t<\/div>\n\t\t\t\t<\/div>\n\t\t\t\t<section class=\"elementor-section elementor-inner-section elementor-element elementor-element-06dba62 elementor-section-height-min-height elementor-hidden-desktop elementor-hidden-tablet elementor-hidden-mobile elementor-section-boxed elementor-section-height-default elementor-invisible\" data-id=\"06dba62\" data-element_type=\"section\" data-e-type=\"section\" data-settings=\"{&quot;background_background&quot;:&quot;classic&quot;,&quot;animation&quot;:&quot;fadeInUp&quot;,&quot;animation_delay&quot;:400}\">\n\t\t\t\t\t\t<div class=\"elementor-container elementor-column-gap-no\">\n\t\t\t\t\t<div class=\"elementor-column elementor-col-50 elementor-inner-column elementor-element elementor-element-d7c44ac\" data-id=\"d7c44ac\" data-element_type=\"column\" data-e-type=\"column\" data-settings=\"{&quot;background_background&quot;:&quot;classic&quot;}\">\n\t\t\t<div class=\"elementor-widget-wrap elementor-element-populated\">\n\t\t\t\t\t\t<div class=\"elementor-element elementor-element-5da051b elementor-position-inline-start elementor-view-default elementor-mobile-position-block-start elementor-widget elementor-widget-icon-box\" data-id=\"5da051b\" data-element_type=\"widget\" data-e-type=\"widget\" data-settings=\"{&quot;ekit_we_effect_on&quot;:&quot;none&quot;}\" data-widget_type=\"icon-box.default\">\n\t\t\t\t<div class=\"elementor-widget-container\">\n\t\t\t\t\t\t\t<div class=\"elementor-icon-box-wrapper\">\n\n\t\t\t\t\t\t<div class=\"elementor-icon-box-icon\">\n\t\t\t\t<span  class=\"elementor-icon\">\n\t\t\t\t<svg xmlns=\"http:\/\/www.w3.org\/2000\/svg\" width=\"16\" height=\"17.778\" viewBox=\"0 0 16 17.778\"><path id=\"date-icon\" d=\"M8.333,10H6.556v1.778H8.333Zm3.556,0H10.111v1.778h1.778Zm3.556,0H13.667v1.778h1.778Zm1.778-6.222h-.889V2H14.556V3.778H7.444V2H5.667V3.778H4.778A1.77,1.77,0,0,0,3.009,5.556L3,18a1.777,1.777,0,0,0,1.778,1.778H17.222A1.783,1.783,0,0,0,19,18V5.556A1.783,1.783,0,0,0,17.222,3.778Zm0,14.222H4.778V8.222H17.222Z\" transform=\"translate(-3 -2)\" fill=\"#333\"><\/path><\/svg>\t\t\t\t<\/span>\n\t\t\t<\/div>\n\t\t\t\n\t\t\t\t\t\t<div class=\"elementor-icon-box-content\">\n\n\t\t\t\t\t\t\t\t\t<h3 class=\"elementor-icon-box-title\">\n\t\t\t\t\t\t<span  >\n\t\t\t\t\t\t\tQuand \t\t\t\t\t\t<\/span>\n\t\t\t\t\t<\/h3>\n\t\t\t\t\n\t\t\t\t\t\t\t\t\t<p class=\"elementor-icon-box-description\">\n\t\t\t\t\t\t23 au 25 janvier 2023\t\t\t\t\t<\/p>\n\t\t\t\t\n\t\t\t<\/div>\n\t\t\t\n\t\t<\/div>\n\t\t\t\t\t\t<\/div>\n\t\t\t\t<\/div>\n\t\t\t\t\t<\/div>\n\t\t<\/div>\n\t\t\t\t<div class=\"elementor-column elementor-col-50 elementor-inner-column elementor-element elementor-element-e897287\" data-id=\"e897287\" data-element_type=\"column\" data-e-type=\"column\">\n\t\t\t<div class=\"elementor-widget-wrap elementor-element-populated\">\n\t\t\t\t\t\t<div class=\"elementor-element elementor-element-5677183 elementor-position-inline-start elementor-view-default elementor-mobile-position-block-start elementor-widget elementor-widget-icon-box\" data-id=\"5677183\" data-element_type=\"widget\" data-e-type=\"widget\" data-settings=\"{&quot;ekit_we_effect_on&quot;:&quot;none&quot;}\" data-widget_type=\"icon-box.default\">\n\t\t\t\t<div class=\"elementor-widget-container\">\n\t\t\t\t\t\t\t<div class=\"elementor-icon-box-wrapper\">\n\n\t\t\t\t\t\t<div class=\"elementor-icon-box-icon\">\n\t\t\t\t<span  class=\"elementor-icon\">\n\t\t\t\t<i aria-hidden=\"true\" class=\"icon icon-tsplace\"><\/i>\t\t\t\t<\/span>\n\t\t\t<\/div>\n\t\t\t\n\t\t\t\t\t\t<div class=\"elementor-icon-box-content\">\n\n\t\t\t\t\t\t\t\t\t<h3 class=\"elementor-icon-box-title\">\n\t\t\t\t\t\t<span  >\n\t\t\t\t\t\t\tO\u00f9\t\t\t\t\t\t<\/span>\n\t\t\t\t\t<\/h3>\n\t\t\t\t\n\t\t\t\t\t\t\t\t\t<p class=\"elementor-icon-box-description\">\n\t\t\t\t\t\tShaw Centre, Ottawa\t\t\t\t\t<\/p>\n\t\t\t\t\n\t\t\t<\/div>\n\t\t\t\n\t\t<\/div>\n\t\t\t\t\t\t<\/div>\n\t\t\t\t<\/div>\n\t\t\t\t\t<\/div>\n\t\t<\/div>\n\t\t\t\t\t<\/div>\n\t\t<\/section>\n\t\t\t\t\t<\/div>\n\t\t<\/div>\n\t\t\t\t\t<\/div>\n\t\t<\/section>\n\t\t<div class=\"elementor-element elementor-element-8b5ed00 e-flex e-con-boxed e-con e-parent\" data-id=\"8b5ed00\" data-element_type=\"container\" data-e-type=\"container\">\n\t\t\t\t\t<div class=\"e-con-inner\">\n\t\t\t\t<div class=\"elementor-element elementor-element-275ca8c elementor-widget elementor-widget-exhibz-feature\" data-id=\"275ca8c\" data-element_type=\"widget\" data-e-type=\"widget\" data-settings=\"{&quot;ekit_we_effect_on&quot;:&quot;none&quot;}\" data-widget_type=\"exhibz-feature.default\">\n\t\t\t\t<div class=\"elementor-widget-container\">\n\t\t\t\t\t\n\t\t            <div class=\"single-intro-text mb-70\">\n\t\t\t\t<svg aria-hidden=\"true\" class=\"e-font-icon-svg e-fas-home\" viewBox=\"0 0 576 512\" xmlns=\"http:\/\/www.w3.org\/2000\/svg\"><path d=\"M280.37 148.26L96 300.11V464a16 16 0 0 0 16 16l112.06-.29a16 16 0 0 0 15.92-16V368a16 16 0 0 1 16-16h64a16 16 0 0 1 16 16v95.64a16 16 0 0 0 16 16.05L464 480a16 16 0 0 0 16-16V300L295.67 148.26a12.19 12.19 0 0 0-15.3 0zM571.6 251.47L488 182.56V44.05a12 12 0 0 0-12-12h-56a12 12 0 0 0-12 12v72.61L318.47 43a48 48 0 0 0-61 0L4.34 251.47a12 12 0 0 0-1.6 16.9l25.5 31A12 12 0 0 0 45.15 301l235.22-193.74a12.19 12.19 0 0 1 15.3 0L530.9 301a12 12 0 0 0 16.9-1.6l25.5-31a12 12 0 0 0-1.7-16.93z\"><\/path><\/svg>                <h3 class=\"ts-title\">SOMMAIRE DES DATES LIMITES POUR LES CONF\u00c9RENCIER\u00b7\u00c8RE\u00b7S \u00c0 CANNEXUS26<\/h3>\n                <p>\n\t\t\t\t\t<ul>\n  <li><b>Lundi 1er juin 2026 <\/b> : date limite pour soumettre votre proposition.<\/li>\n<li><b>Ao\u00fbt 2026<\/b> : le CERIC communiquera avec vous au sujet de l\u2019acceptation de votre proposition <\/li><li><b> Septembre 2026 <\/b> : programme  accessible sur <a href=\"https:\/\/cannexus.ceric.ca\/fr\/\">cannexus.ceric.ca<\/a>\n                <\/p>\n                <span class=\"count-number\"><\/span>\n            <\/div><!-- single intro text end-->\n\t\t\n\t\t\n\t\t\n\t\t\n\t\t\n\n\t\t\t\t\t\t<\/div>\n\t\t\t\t<\/div>\n\t\t\t\t<div class=\"elementor-element elementor-element-f84d1be elementor-alert-warning elementor-widget elementor-widget-alert\" data-id=\"f84d1be\" data-element_type=\"widget\" data-e-type=\"widget\" data-settings=\"{&quot;ekit_we_effect_on&quot;:&quot;none&quot;}\" data-widget_type=\"alert.default\">\n\t\t\t\t<div class=\"elementor-widget-container\">\n\t\t\t\t\t\t\t<div class=\"elementor-alert\" role=\"alert\">\n\n\t\t\t\t\t\t<span class=\"elementor-alert-title\">Questions?<\/span>\n\t\t\t\n\t\t\t\t\t\t<span class=\"elementor-alert-description\">Si vous avez d\u2019autres questions au sujet de votre soumission ou de votre pr\u00e9sentation, veuillez \u00e9crire \u00e0 :\n<br>Heba ElHalees\n<br>Gestionnaire, \u00c9v\u00e9nements, Apprentissage et d\u00e9veloppement\n<\/br>\n<a href=\"mailto:heba@ceric.ca\">heba@ceric.ca<\/a>\n<\/span>\n\t\t\t\n\t\t\t\n\t\t<\/div>\n\t\t\t\t\t\t<\/div>\n\t\t\t\t<\/div>\n\t\t\t\t\t<\/div>\n\t\t\t\t<\/div>\n\t\t\t\t<\/div>\n\t\t","protected":false},"excerpt":{"rendered":"<p>Termes et conditions pour les conf\u00e9rencier\u00b7\u00e8re\u00b7s Vous pouvez remplir le formulaire de proposition pour l\u2019appel aux conf\u00e9rencier\u00b7\u00e8re\u00b7s en fran\u00e7ais ou en anglais, et choisir de faire votre pr\u00e9sentation dans l\u2019une ou l\u2019autre de ces langues. Certaines s\u00e9ances feront l\u2019objet d\u2019une interpr\u00e9tation simultan\u00e9e. Date limite pour s\u2019inscrire Votre proposition doit \u00eatre re\u00e7ue au plus tard le [&hellip;]<\/p>\n","protected":false},"author":9,"featured_media":0,"parent":0,"menu_order":0,"comment_status":"closed","ping_status":"closed","template":"elementor_header_footer","meta":{"wp_social_preview_title":"","wp_social_preview_description":"","wp_social_preview_image":0,"footnotes":""},"class_list":["post-928","page","type-page","status-publish","hentry"],"yoast_head":"<!-- This site is optimized with the Yoast SEO Premium plugin v26.0 (Yoast SEO v26.0) - https:\/\/yoast.com\/wordpress\/plugins\/seo\/ -->\n<title>Termes et conditions pour les conf\u00e9renciers - Cannexus27<\/title>\n<meta name=\"robots\" content=\"index, follow, max-snippet:-1, max-image-preview:large, max-video-preview:-1\" \/>\n<link rel=\"canonical\" href=\"https:\/\/cannexus.ceric.ca\/fr\/termes-et-conditions-pour-les-conferenciers\/\" \/>\n<meta property=\"og:locale\" content=\"fr_FR\" \/>\n<meta property=\"og:type\" content=\"article\" \/>\n<meta property=\"og:title\" content=\"Termes et conditions pour les conf\u00e9renciers\" \/>\n<meta property=\"og:description\" content=\"Termes et conditions pour les conf\u00e9rencier\u00b7\u00e8re\u00b7s Vous pouvez remplir le formulaire de proposition pour l\u2019appel aux conf\u00e9rencier\u00b7\u00e8re\u00b7s en fran\u00e7ais ou en anglais, et choisir de faire votre pr\u00e9sentation dans l\u2019une ou l\u2019autre de ces langues. Certaines s\u00e9ances feront l\u2019objet d\u2019une interpr\u00e9tation simultan\u00e9e. Date limite pour s\u2019inscrire Votre proposition doit \u00eatre re\u00e7ue au plus tard le [&hellip;]\" \/>\n<meta property=\"og:url\" content=\"https:\/\/cannexus.ceric.ca\/fr\/termes-et-conditions-pour-les-conferenciers\/\" \/>\n<meta property=\"og:site_name\" content=\"Cannexus27\" \/>\n<meta property=\"article:modified_time\" content=\"2026-04-13T21:20:07+00:00\" \/>\n<meta property=\"og:image\" content=\"https:\/\/cannexus.ceric.ca\/wp-content\/uploads\/2024\/04\/CX25-v1-5.png\" \/>\n\t<meta property=\"og:image:width\" content=\"1200\" \/>\n\t<meta property=\"og:image:height\" content=\"300\" \/>\n\t<meta property=\"og:image:type\" content=\"image\/png\" \/>\n<meta name=\"twitter:card\" content=\"summary_large_image\" \/>\n<meta name=\"twitter:label1\" content=\"Dur\u00e9e de lecture estim\u00e9e\" \/>\n\t<meta name=\"twitter:data1\" content=\"6 minutes\" \/>\n<script type=\"application\/ld+json\" class=\"yoast-schema-graph\">{\"@context\":\"https:\/\/schema.org\",\"@graph\":[{\"@type\":\"WebPage\",\"@id\":\"https:\/\/cannexus.ceric.ca\/fr\/termes-et-conditions-pour-les-conferenciers\/\",\"url\":\"https:\/\/cannexus.ceric.ca\/fr\/termes-et-conditions-pour-les-conferenciers\/\",\"name\":\"Termes et conditions pour les conf\u00e9renciers - Cannexus27\",\"isPartOf\":{\"@id\":\"https:\/\/cannexus.ceric.ca\/fr\/#website\"},\"datePublished\":\"2020-04-06T18:14:47+00:00\",\"dateModified\":\"2026-04-13T21:20:07+00:00\",\"breadcrumb\":{\"@id\":\"https:\/\/cannexus.ceric.ca\/fr\/termes-et-conditions-pour-les-conferenciers\/#breadcrumb\"},\"inLanguage\":\"fr-FR\",\"potentialAction\":[{\"@type\":\"ReadAction\",\"target\":[\"https:\/\/cannexus.ceric.ca\/fr\/termes-et-conditions-pour-les-conferenciers\/\"]}]},{\"@type\":\"BreadcrumbList\",\"@id\":\"https:\/\/cannexus.ceric.ca\/fr\/termes-et-conditions-pour-les-conferenciers\/#breadcrumb\",\"itemListElement\":[{\"@type\":\"ListItem\",\"position\":1,\"name\":\"Home\",\"item\":\"https:\/\/cannexus.ceric.ca\/fr\/\"},{\"@type\":\"ListItem\",\"position\":2,\"name\":\"Termes et conditions pour les conf\u00e9renciers\"}]},{\"@type\":\"WebSite\",\"@id\":\"https:\/\/cannexus.ceric.ca\/fr\/#website\",\"url\":\"https:\/\/cannexus.ceric.ca\/fr\/\",\"name\":\"Cannexus26: Canada\u2019s Career Development Conference\",\"description\":\"Canada\u2019s Career Development Conference\",\"publisher\":{\"@id\":\"https:\/\/cannexus.ceric.ca\/fr\/#organization\"},\"alternateName\":\"Cannexus26\",\"potentialAction\":[{\"@type\":\"SearchAction\",\"target\":{\"@type\":\"EntryPoint\",\"urlTemplate\":\"https:\/\/cannexus.ceric.ca\/fr\/?s={search_term_string}\"},\"query-input\":{\"@type\":\"PropertyValueSpecification\",\"valueRequired\":true,\"valueName\":\"search_term_string\"}}],\"inLanguage\":\"fr-FR\"},{\"@type\":\"Organization\",\"@id\":\"https:\/\/cannexus.ceric.ca\/fr\/#organization\",\"name\":\"Cannexus26\",\"url\":\"https:\/\/cannexus.ceric.ca\/fr\/\",\"logo\":{\"@type\":\"ImageObject\",\"inLanguage\":\"fr-FR\",\"@id\":\"https:\/\/cannexus.ceric.ca\/fr\/#\/schema\/logo\/image\/\",\"url\":\"https:\/\/cannexus.ceric.ca\/wp-content\/uploads\/2025\/04\/CX-seal.png\",\"contentUrl\":\"https:\/\/cannexus.ceric.ca\/wp-content\/uploads\/2025\/04\/CX-seal.png\",\"width\":2000,\"height\":1574,\"caption\":\"Cannexus26\"},\"image\":{\"@id\":\"https:\/\/cannexus.ceric.ca\/fr\/#\/schema\/logo\/image\/\"}}]}<\/script>\n<!-- \/ Yoast SEO Premium plugin. -->","yoast_head_json":{"title":"Termes et conditions pour les conf\u00e9renciers - Cannexus27","robots":{"index":"index","follow":"follow","max-snippet":"max-snippet:-1","max-image-preview":"max-image-preview:large","max-video-preview":"max-video-preview:-1"},"canonical":"https:\/\/cannexus.ceric.ca\/fr\/termes-et-conditions-pour-les-conferenciers\/","og_locale":"fr_FR","og_type":"article","og_title":"Termes et conditions pour les conf\u00e9renciers","og_description":"Termes et conditions pour les conf\u00e9rencier\u00b7\u00e8re\u00b7s Vous pouvez remplir le formulaire de proposition pour l\u2019appel aux conf\u00e9rencier\u00b7\u00e8re\u00b7s en fran\u00e7ais ou en anglais, et choisir de faire votre pr\u00e9sentation dans l\u2019une ou l\u2019autre de ces langues. Certaines s\u00e9ances feront l\u2019objet d\u2019une interpr\u00e9tation simultan\u00e9e. Date limite pour s\u2019inscrire Votre proposition doit \u00eatre re\u00e7ue au plus tard le [&hellip;]","og_url":"https:\/\/cannexus.ceric.ca\/fr\/termes-et-conditions-pour-les-conferenciers\/","og_site_name":"Cannexus27","article_modified_time":"2026-04-13T21:20:07+00:00","og_image":[{"width":1200,"height":300,"url":"https:\/\/cannexus.ceric.ca\/wp-content\/uploads\/2024\/04\/CX25-v1-5.png","type":"image\/png"}],"twitter_card":"summary_large_image","twitter_misc":{"Dur\u00e9e de lecture estim\u00e9e":"6 minutes"},"schema":{"@context":"https:\/\/schema.org","@graph":[{"@type":"WebPage","@id":"https:\/\/cannexus.ceric.ca\/fr\/termes-et-conditions-pour-les-conferenciers\/","url":"https:\/\/cannexus.ceric.ca\/fr\/termes-et-conditions-pour-les-conferenciers\/","name":"Termes et conditions pour les conf\u00e9renciers - Cannexus27","isPartOf":{"@id":"https:\/\/cannexus.ceric.ca\/fr\/#website"},"datePublished":"2020-04-06T18:14:47+00:00","dateModified":"2026-04-13T21:20:07+00:00","breadcrumb":{"@id":"https:\/\/cannexus.ceric.ca\/fr\/termes-et-conditions-pour-les-conferenciers\/#breadcrumb"},"inLanguage":"fr-FR","potentialAction":[{"@type":"ReadAction","target":["https:\/\/cannexus.ceric.ca\/fr\/termes-et-conditions-pour-les-conferenciers\/"]}]},{"@type":"BreadcrumbList","@id":"https:\/\/cannexus.ceric.ca\/fr\/termes-et-conditions-pour-les-conferenciers\/#breadcrumb","itemListElement":[{"@type":"ListItem","position":1,"name":"Home","item":"https:\/\/cannexus.ceric.ca\/fr\/"},{"@type":"ListItem","position":2,"name":"Termes et conditions pour les conf\u00e9renciers"}]},{"@type":"WebSite","@id":"https:\/\/cannexus.ceric.ca\/fr\/#website","url":"https:\/\/cannexus.ceric.ca\/fr\/","name":"Cannexus26: Canada\u2019s Career Development Conference","description":"Canada\u2019s Career Development Conference","publisher":{"@id":"https:\/\/cannexus.ceric.ca\/fr\/#organization"},"alternateName":"Cannexus26","potentialAction":[{"@type":"SearchAction","target":{"@type":"EntryPoint","urlTemplate":"https:\/\/cannexus.ceric.ca\/fr\/?s={search_term_string}"},"query-input":{"@type":"PropertyValueSpecification","valueRequired":true,"valueName":"search_term_string"}}],"inLanguage":"fr-FR"},{"@type":"Organization","@id":"https:\/\/cannexus.ceric.ca\/fr\/#organization","name":"Cannexus26","url":"https:\/\/cannexus.ceric.ca\/fr\/","logo":{"@type":"ImageObject","inLanguage":"fr-FR","@id":"https:\/\/cannexus.ceric.ca\/fr\/#\/schema\/logo\/image\/","url":"https:\/\/cannexus.ceric.ca\/wp-content\/uploads\/2025\/04\/CX-seal.png","contentUrl":"https:\/\/cannexus.ceric.ca\/wp-content\/uploads\/2025\/04\/CX-seal.png","width":2000,"height":1574,"caption":"Cannexus26"},"image":{"@id":"https:\/\/cannexus.ceric.ca\/fr\/#\/schema\/logo\/image\/"}}]}},"_links":{"self":[{"href":"https:\/\/cannexus.ceric.ca\/fr\/wp-json\/wp\/v2\/pages\/928","targetHints":{"allow":["GET"]}}],"collection":[{"href":"https:\/\/cannexus.ceric.ca\/fr\/wp-json\/wp\/v2\/pages"}],"about":[{"href":"https:\/\/cannexus.ceric.ca\/fr\/wp-json\/wp\/v2\/types\/page"}],"author":[{"embeddable":true,"href":"https:\/\/cannexus.ceric.ca\/fr\/wp-json\/wp\/v2\/users\/9"}],"replies":[{"embeddable":true,"href":"https:\/\/cannexus.ceric.ca\/fr\/wp-json\/wp\/v2\/comments?post=928"}],"version-history":[{"count":0,"href":"https:\/\/cannexus.ceric.ca\/fr\/wp-json\/wp\/v2\/pages\/928\/revisions"}],"wp:attachment":[{"href":"https:\/\/cannexus.ceric.ca\/fr\/wp-json\/wp\/v2\/media?parent=928"}],"curies":[{"name":"wp","href":"https:\/\/api.w.org\/{rel}","templated":true}]}}