{"id":5236,"date":"2020-12-03T10:54:58","date_gmt":"2020-12-03T15:54:58","guid":{"rendered":"https:\/\/cannexus.ceric.ca\/?page_id=5236"},"modified":"2022-01-18T18:12:32","modified_gmt":"2022-01-18T23:12:32","slug":"evenements-activites-de-reseautage","status":"publish","type":"page","link":"https:\/\/cannexus.ceric.ca\/fr\/evenements-activites-de-reseautage\/","title":{"rendered":"\u00c9v\u00e9nements et activit\u00e9s de r\u00e9seautage"},"content":{"rendered":"\t\t<div data-elementor-type=\"wp-page\" data-elementor-id=\"5236\" class=\"elementor elementor-5236 elementor-5049\" data-elementor-post-type=\"page\">\n\t\t\t\t\t\t<section class=\"elementor-section elementor-top-section elementor-element elementor-element-40f99cc elementor-section-boxed elementor-section-height-default elementor-section-height-default\" data-id=\"40f99cc\" data-element_type=\"section\" data-e-type=\"section\">\n\t\t\t\t\t\t<div class=\"elementor-container elementor-column-gap-default\">\n\t\t\t\t\t<div class=\"elementor-column elementor-col-100 elementor-top-column elementor-element elementor-element-3a79fb1\" data-id=\"3a79fb1\" data-element_type=\"column\" data-e-type=\"column\">\n\t\t\t<div class=\"elementor-widget-wrap elementor-element-populated\">\n\t\t\t\t\t\t<div class=\"elementor-element elementor-element-49f5346 elementor-invisible elementor-widget elementor-widget-exhibz-title\" data-id=\"49f5346\" data-element_type=\"widget\" data-e-type=\"widget\" data-settings=\"{&quot;_animation&quot;:&quot;fadeInUp&quot;,&quot;_animation_delay&quot;:350,&quot;ekit_we_effect_on&quot;:&quot;none&quot;}\" data-widget_type=\"exhibz-title.default\">\n\t\t\t\t<div class=\"elementor-widget-container\">\n\t\t\t\t\t\n    <div class=\"title-section-area\">\n        <h2 class=\"section-title\">\n            <span class=\"sub-title\">\u00c9v\u00e9nements et activit\u00e9s de r\u00e9seautage<\/span>\n\t\t\t        <\/h2>\n\t\t\t\t\t<div class=\"title-desc\"><p>Le congr\u00e8s offrira de nombreuses occasions de s'engager et de b\u00e2tir une communaut\u00e9 avec d'autres participants, conf\u00e9renciers et exposants. Pr\u00e9voyez de vous joindre \u00e0 vos pairs.<\/p><\/div>\n\t\t                    <\/div><!-- Section title -->\n    \n    \n\n    \t\t\t\t<\/div>\n\t\t\t\t<\/div>\n\t\t\t\t\t<\/div>\n\t\t<\/div>\n\t\t\t\t\t<\/div>\n\t\t<\/section>\n\t\t\t\t<section class=\"elementor-section elementor-top-section elementor-element elementor-element-2fe53df elementor-section-boxed elementor-section-height-default elementor-section-height-default\" data-id=\"2fe53df\" data-element_type=\"section\" data-e-type=\"section\">\n\t\t\t\t\t\t<div class=\"elementor-container elementor-column-gap-default\">\n\t\t\t\t\t<div class=\"elementor-column elementor-col-100 elementor-top-column elementor-element elementor-element-19b564e\" data-id=\"19b564e\" data-element_type=\"column\" data-e-type=\"column\">\n\t\t\t<div class=\"elementor-widget-wrap elementor-element-populated\">\n\t\t\t\t\t\t<div class=\"elementor-element elementor-element-aae0bf3 elementor-tabs-view-horizontal elementor-widget elementor-widget-tabs\" data-id=\"aae0bf3\" data-element_type=\"widget\" data-e-type=\"widget\" data-settings=\"{&quot;ekit_we_effect_on&quot;:&quot;none&quot;}\" data-widget_type=\"tabs.default\">\n\t\t\t\t<div class=\"elementor-widget-container\">\n\t\t\t\t\t\t\t<div class=\"elementor-tabs\">\n\t\t\t<div class=\"elementor-tabs-wrapper\" role=\"tablist\" >\n\t\t\t\t\t\t\t\t\t<div id=\"elementor-tab-title-1791\" class=\"elementor-tab-title elementor-tab-desktop-title\" aria-selected=\"true\" data-tab=\"1\" role=\"tab\" tabindex=\"0\" aria-controls=\"elementor-tab-content-1791\" aria-expanded=\"false\">Les Rencontres informelles<\/div>\n\t\t\t\t\t\t\t\t\t<div id=\"elementor-tab-title-1792\" class=\"elementor-tab-title elementor-tab-desktop-title\" aria-selected=\"false\" data-tab=\"2\" role=\"tab\" tabindex=\"-1\" aria-controls=\"elementor-tab-content-1792\" aria-expanded=\"false\">Sector Meetups<\/div>\n\t\t\t\t\t\t\t\t\t<div id=\"elementor-tab-title-1793\" class=\"elementor-tab-title elementor-tab-desktop-title\" aria-selected=\"false\" data-tab=\"3\" role=\"tab\" tabindex=\"-1\" aria-controls=\"elementor-tab-content-1793\" aria-expanded=\"false\">Virtual Cocktail Party<\/div>\n\t\t\t\t\t\t\t\t\t<div id=\"elementor-tab-title-1794\" class=\"elementor-tab-title elementor-tab-desktop-title\" aria-selected=\"false\" data-tab=\"4\" role=\"tab\" tabindex=\"-1\" aria-controls=\"elementor-tab-content-1794\" aria-expanded=\"false\">Rencontre francophone<\/div>\n\t\t\t\t\t\t\t\t\t<div id=\"elementor-tab-title-1795\" class=\"elementor-tab-title elementor-tab-desktop-title\" aria-selected=\"false\" data-tab=\"5\" role=\"tab\" tabindex=\"-1\" aria-controls=\"elementor-tab-content-1795\" aria-expanded=\"false\">Student Networking<\/div>\n\t\t\t\t\t\t\t\t\t<div id=\"elementor-tab-title-1796\" class=\"elementor-tab-title elementor-tab-desktop-title\" aria-selected=\"false\" data-tab=\"6\" role=\"tab\" tabindex=\"-1\" aria-controls=\"elementor-tab-content-1796\" aria-expanded=\"false\">Research Circle<\/div>\n\t\t\t\t\t\t\t<\/div>\n\t\t\t<div class=\"elementor-tabs-content-wrapper\" role=\"tablist\" aria-orientation=\"vertical\">\n\t\t\t\t\t\t\t\t\t<div class=\"elementor-tab-title elementor-tab-mobile-title\" aria-selected=\"true\" data-tab=\"1\" role=\"tab\" tabindex=\"0\" aria-controls=\"elementor-tab-content-1791\" aria-expanded=\"false\">Les Rencontres informelles<\/div>\n\t\t\t\t\t<div id=\"elementor-tab-content-1791\" class=\"elementor-tab-content elementor-clearfix\" data-tab=\"1\" role=\"tabpanel\" aria-labelledby=\"elementor-tab-title-1791\" tabindex=\"0\" hidden=\"false\"><p><a href=\"https:\/\/cannexus22virtual.sched.com\/overview\/type\/One-on-One+Matchmaking+Sessions+%28S%C3%A9ances+de+jumelage+individuelles%29\">Les Rencontres informelles<\/a>\u00a0sont des r\u00e9unions de mise en relation al\u00e9atoire. Elles sont ouvertes \u00e0 tous ceux qui se sont inscrits lors de l&#8217;inscription. Pendant une pause de 30 minutes, les participants seront jumel\u00e9s au hasard avec un autre participant (ayant la m\u00eame pr\u00e9f\u00e9rence linguistique) pour participer \u00e0 une r\u00e9union Zoom.\u00a0<br \/><br \/>Toutes les Rencontres informelles\u00a0appara\u00eetront automatiquement dans &#8220;Mon agenda&#8221; et &#8220;Notifications&#8221; pour les participants qui se sont inscrits. Pour participer \u00e0 la r\u00e9union, il suffit de la trouver dans votre agenda et de cliquer sur \u00ab\u202fJoin Meeting \u00bb\u00a0(Participer \u00e0 la r\u00e9union).<br \/><br \/><strong>Veuillez noter que le participant \u00e0 la conf\u00e9rence avec lequel vous avez \u00e9t\u00e9 jumel\u00e9 vous attendra dans Zoom. Nous vous encourageons \u00e0 assister aux r\u00e9unions pr\u00e9vues afin que votre partenaire ne soit pas laiss\u00e9 en attente.<\/strong><\/p><\/div>\n\t\t\t\t\t\t\t\t\t<div class=\"elementor-tab-title elementor-tab-mobile-title\" aria-selected=\"false\" data-tab=\"2\" role=\"tab\" tabindex=\"-1\" aria-controls=\"elementor-tab-content-1792\" aria-expanded=\"false\">Sector Meetups<\/div>\n\t\t\t\t\t<div id=\"elementor-tab-content-1792\" class=\"elementor-tab-content elementor-clearfix\" data-tab=\"2\" role=\"tabpanel\" aria-labelledby=\"elementor-tab-title-1792\" tabindex=\"0\" hidden=\"hidden\"><p><a href=\"https:\/\/cannexus22virtual.sched.com\/overview\/type\/Live+Sector+Meetups+%28Rencontres+sectorielles+en+direct%29\" target=\"_blank\" rel=\"noopener\"><strong>Sector Meetups<\/strong><\/a><\/p><p>These are hosted by supporting organizations including CCPA, First Work, CEWIL and ODEN, and offer a chance to connect and discuss with colleagues around shared issues.<\/p><ul><li><strong><a href=\"https:\/\/sched.co\/pz6q\" target=\"_blank\" rel=\"noopener\">What Matters to You?<\/a><\/strong>\u00a0(brought to you by CCPA)\u00a0<em>Lundi 24 janvier \u2022 11h 00 \u2013 11h 45 HE<\/em><\/li><li><strong><a href=\"https:\/\/sched.co\/pLYG\" target=\"_blank\" rel=\"noopener\">Going to Career Island<\/a><\/strong> (brought to you by CEWIL) <em>Lundi 24 janvier \u2022 11h 00 \u2013 11h 45 HE<\/em><\/li><li><a href=\"https:\/\/sched.co\/ry3V\" target=\"_blank\" rel=\"noopener\"><strong>Advocating for the Human Social Services Sector<\/strong><\/a> (brought to you by First Work) <em>Lundi 24 janvier \u2022 11h 00 \u2013 11h 45 HE<\/em><\/li><li><strong><a href=\"https:\/\/sched.co\/sHMb\" target=\"_blank\" rel=\"noopener\">Tech Talk Meet Up<\/a>\u00a0<\/strong>(brought to you by ODEN)\u00a0<em>Mercredi 26 janvier \u2022 10h 00 \u2013 10h 45 HE<\/em><\/li><\/ul><\/div>\n\t\t\t\t\t\t\t\t\t<div class=\"elementor-tab-title elementor-tab-mobile-title\" aria-selected=\"false\" data-tab=\"3\" role=\"tab\" tabindex=\"-1\" aria-controls=\"elementor-tab-content-1793\" aria-expanded=\"false\">Virtual Cocktail Party<\/div>\n\t\t\t\t\t<div id=\"elementor-tab-content-1793\" class=\"elementor-tab-content elementor-clearfix\" data-tab=\"3\" role=\"tabpanel\" aria-labelledby=\"elementor-tab-title-1793\" tabindex=\"0\" hidden=\"hidden\"><p><a href=\"https:\/\/sched.co\/raD3\"><strong>Virtual Cocktail Party<\/strong><\/a><\/p><p><em>Mardi 25 janvier, 16h 00 \u2013 17h 00 HE<\/em><\/p><p>Is there something you want to talk about at Cannexus? Certain types of people you are hoping to meet? Then join us for this Zoom cocktail party where you can interact with other conference participants who want to discuss those same topics.<\/p><p>At this virtual gathering, you\u2019ll be able to find people who you are interested in talking to, chat in small groups, and move\u00a0easily\u00a0between conversations! Whether you\u00a0love\u00a0networking or find\u00a0cocktail\u00a0parties\u00a0kind of awkward, this fun event is intended to provide a meaningful experience for\u00a0all.\u00a0<\/p><p>Here are\u00a0a few things to know about the event:\u00a0\u00a0<\/p><ul><li>We ask that you arrive ready to start at 4:00 pm ET. The cocktail party runs for 1 hour and ends at 5:00 pm ET.\u00a0<\/li><li>Parts of the event will be more structured, with facilitation and parts will be more free-form.\u00a0<\/li><li>You need to log in using a computer: Some of the features we\u2019ll be using are unavailable on the Zoom tablet\/phone software.\u00a0<\/li><li>You\u2019ll need to be running the\u00a0<a href=\"https:\/\/support.zoom.us\/hc\/en-us\/articles\/201362233-Upgrade-update-to-the-latest-version\" target=\"_blank\" rel=\"nofollow me noopener noreferrer\">latest version of Zoom<\/a>\u00a0on your computer (not in a browser) so please be sure to make sure the application is installed and updated before the event. \u00a0<\/li><li>Show up with your camera on and be ready to participate: You\u2019ll spend most of your time in small Zoom video-chat breakout groups. \u00a0<\/li><li>Feel free to bring a drink of your choice! \u00a0<\/li><\/ul><p><strong>Note capacity will be limited and participation is first-come, first-served.<\/strong><strong>\u00a0<\/strong><\/p><\/div>\n\t\t\t\t\t\t\t\t\t<div class=\"elementor-tab-title elementor-tab-mobile-title\" aria-selected=\"false\" data-tab=\"4\" role=\"tab\" tabindex=\"-1\" aria-controls=\"elementor-tab-content-1794\" aria-expanded=\"false\">Rencontre francophone<\/div>\n\t\t\t\t\t<div id=\"elementor-tab-content-1794\" class=\"elementor-tab-content elementor-clearfix\" data-tab=\"4\" role=\"tabpanel\" aria-labelledby=\"elementor-tab-title-1794\" tabindex=\"0\" hidden=\"hidden\"><p><a href=\"https:\/\/sched.co\/nE3e\"><strong>Rencontre des acteurs de l&#8217;orientation et du d\u00e9veloppement de carri\u00e8re : grand r\u00e9seautage franco-canadien<\/strong><\/a><\/p><p><em>Mardi 25 janvier, 16h 00 \u2013 17 h 30 HE<\/em><\/p><p>Encore cette ann\u00e9e, le format hybride de Cannexus rend possible et accessible la connexion avec vos pairs de partout au pays! En effet, le mode virtuel nous donne la chance de vous offrir, pour une 3e \u00e9dition, la plus grande r\u00e9union des francophones du secteur venant des quatre coins du pays et d\u2019au-del\u00e0&#8230; dans un m\u00eame \u00e9v\u00e9nement! Pourquoi ne pas profiter de l\u2019occasion pour mettre un visage sur vos confr\u00e8res et sur les diff\u00e9rents acteurs qui composent le monde de l\u2019orientation et du d\u00e9veloppement de carri\u00e8re du Canada francophone? Et si vous \u00e9tiez des n\u00f4tres les ann\u00e9es pr\u00e9c\u00e9dentes, ne manquez surtout pas l&#8217;occasion de continuer \u00e0 d\u00e9velopper votre r\u00e9seau avec nous! Rejoignez cette s\u00e9ance de discussions et de r\u00e9flexion, o\u00f9 vous aurez l\u2019occasion d&#8217;\u00e9changer sur ce qui compose notre pratique en tant que sp\u00e9cialiste francophone de la carri\u00e8re (d\u00e9fis, enjeux, similitudes, etc.). C\u2019est LE r\u00e9seautage francophone de Cannexus que vous ne voulez pas manquer, \u00e0 travers lequel vous serez accompagn\u00e9 dans le partage de votre r\u00e9alit\u00e9, afin d\u2019apprendre et de grandir ensemble.<\/p><\/div>\n\t\t\t\t\t\t\t\t\t<div class=\"elementor-tab-title elementor-tab-mobile-title\" aria-selected=\"false\" data-tab=\"5\" role=\"tab\" tabindex=\"-1\" aria-controls=\"elementor-tab-content-1795\" aria-expanded=\"false\">Student Networking<\/div>\n\t\t\t\t\t<div id=\"elementor-tab-content-1795\" class=\"elementor-tab-content elementor-clearfix\" data-tab=\"5\" role=\"tabpanel\" aria-labelledby=\"elementor-tab-title-1795\" tabindex=\"0\" hidden=\"hidden\"><p><a href=\"https:\/\/sched.co\/tV6s\"><strong>Shifting Perspectives on Career Services: What Students Need to Know Before Working in the Career Development Field<\/strong><\/a><\/p><p><em>Mardi 25 janvier, 16h 00 \u2013 17h 00 HE<\/em><\/p><p>Helping others achieve their career and life goals, and helping employers make the most of talent and potential, is the important work that career professionals do. If you are a student who is studying career development or thinking about transitioning into the field, it is essential to understand the many ways career professionals serve their communities. Join career leaders from community employment agencies, post-secondary career centres and private sector firms for a discussion on the current labour market, the shifting landscape of virtual and hybrid work, and what skillsets you need to move into different sectors of the career development profession.<\/p><p>Looking to network? The latter portion of this session will be an open Q&amp;A with our panellists. Come ready with questions or join the conversation on camera\/in the chat to engage with our experienced sector leaders.<\/p><p><strong>Panellists:<\/strong><\/p><ul><li><strong>Tony Botelho<\/strong>, Director, Career &amp; Volunteer Services, Simon Fraser University<\/li><li><strong>Barbara Wilson<\/strong>, Owner\/Principal, Thrive Career Consulting<\/li><li><strong>Karen Hoffmann-Zak<\/strong>, Employment Counsellor, Times Change Women\u2019s Employment Service<\/li><\/ul><\/div>\n\t\t\t\t\t\t\t\t\t<div class=\"elementor-tab-title elementor-tab-mobile-title\" aria-selected=\"false\" data-tab=\"6\" role=\"tab\" tabindex=\"-1\" aria-controls=\"elementor-tab-content-1796\" aria-expanded=\"false\">Research Circle<\/div>\n\t\t\t\t\t<div id=\"elementor-tab-content-1796\" class=\"elementor-tab-content elementor-clearfix\" data-tab=\"6\" role=\"tabpanel\" aria-labelledby=\"elementor-tab-title-1796\" tabindex=\"0\" hidden=\"hidden\"><p><a href=\"https:\/\/sched.co\/vSmN\"><strong>Research Circle: Careering Across Canada with Students in Grades 4-6<\/strong><\/a><\/p><p><em>Mercredi 26 janvier, 10h 00 \u2013 10h 45 HE<\/em><\/p><p>In this interactive research circle, we will share the initial findings from our CERIC-funded pan-Canadian study exploring career development among Grade 4 to 6 students. Through the research circle you will have the opportunity to learn more about the study, and how you can get involved and contribute to the project outputs. We welcome both English- and French-speaking participation.<\/p><p><strong>Panellists:<\/strong><\/p><ul><li><strong>Heather Nesbitt<\/strong>, Adjunct Assistant Professor, Queen\u2019s University<\/li><li><strong>Lorraine Godden<\/strong>, Instructor II, Carleton University<\/li><li><strong>Stefan Merchant<\/strong>, Professor, Queen\u2019s University<\/li><li><strong>Nicki Moore<\/strong>, Senior Lecturer in Career Development, University of Derby, International Centre for Guidance Studies<\/li><li><strong>Alexandra Manoliu<\/strong>, Manager, Research Initiatives, CERIC<\/li><\/ul><\/div>\n\t\t\t\t\t\t\t<\/div>\n\t\t<\/div>\n\t\t\t\t\t\t<\/div>\n\t\t\t\t<\/div>\n\t\t\t\t\t<\/div>\n\t\t<\/div>\n\t\t\t\t\t<\/div>\n\t\t<\/section>\n\t\t\t\t<\/div>\n\t\t","protected":false},"excerpt":{"rendered":"<p>\u00c9v\u00e9nements et activit\u00e9s de r\u00e9seautage Le congr\u00e8s offrira de nombreuses occasions de s&#8217;engager et de b\u00e2tir une communaut\u00e9 avec d&#8217;autres participants, conf\u00e9renciers et exposants. Pr\u00e9voyez de vous joindre \u00e0 vos pairs. Les Rencontres informelles Sector Meetups Virtual Cocktail Party Rencontre francophone Student Networking Research Circle Les Rencontres informelles Les Rencontres informelles\u00a0sont des r\u00e9unions de mise [&hellip;]<\/p>\n","protected":false},"author":9,"featured_media":0,"parent":0,"menu_order":0,"comment_status":"closed","ping_status":"closed","template":"template\/full-width-template.php","meta":{"wp_social_preview_title":"","wp_social_preview_description":"","wp_social_preview_image":0,"footnotes":""},"class_list":["post-5236","page","type-page","status-publish","hentry"],"yoast_head":"<!-- This site is optimized with the Yoast SEO Premium plugin v26.0 (Yoast SEO v26.0) - https:\/\/yoast.com\/wordpress\/plugins\/seo\/ -->\n<title>\u00c9v\u00e9nements et activit\u00e9s de r\u00e9seautage - Cannexus27<\/title>\n<meta name=\"robots\" content=\"index, follow, max-snippet:-1, max-image-preview:large, max-video-preview:-1\" \/>\n<link rel=\"canonical\" href=\"https:\/\/cannexus.ceric.ca\/fr\/evenements-activites-de-reseautage\/\" \/>\n<meta property=\"og:locale\" content=\"fr_FR\" \/>\n<meta property=\"og:type\" content=\"article\" \/>\n<meta property=\"og:title\" content=\"\u00c9v\u00e9nements et activit\u00e9s de r\u00e9seautage\" \/>\n<meta property=\"og:description\" content=\"\u00c9v\u00e9nements et activit\u00e9s de r\u00e9seautage Le congr\u00e8s offrira de nombreuses occasions de s&#8217;engager et de b\u00e2tir une communaut\u00e9 avec d&#8217;autres participants, conf\u00e9renciers et exposants. Pr\u00e9voyez de vous joindre \u00e0 vos pairs. Les Rencontres informelles Sector Meetups Virtual Cocktail Party Rencontre francophone Student Networking Research Circle Les Rencontres informelles Les Rencontres informelles\u00a0sont des r\u00e9unions de mise [&hellip;]\" \/>\n<meta property=\"og:url\" content=\"https:\/\/cannexus.ceric.ca\/fr\/evenements-activites-de-reseautage\/\" \/>\n<meta property=\"og:site_name\" content=\"Cannexus27\" \/>\n<meta property=\"article:modified_time\" content=\"2022-01-18T23:12:32+00:00\" \/>\n<meta property=\"og:image\" content=\"https:\/\/cannexus.ceric.ca\/wp-content\/uploads\/2024\/04\/CX25-v1-5.png\" \/>\n\t<meta property=\"og:image:width\" content=\"1200\" \/>\n\t<meta property=\"og:image:height\" content=\"300\" \/>\n\t<meta property=\"og:image:type\" content=\"image\/png\" \/>\n<meta name=\"twitter:card\" content=\"summary_large_image\" \/>\n<meta name=\"twitter:label1\" content=\"Dur\u00e9e de lecture estim\u00e9e\" \/>\n\t<meta name=\"twitter:data1\" content=\"5 minutes\" \/>\n<script type=\"application\/ld+json\" class=\"yoast-schema-graph\">{\"@context\":\"https:\/\/schema.org\",\"@graph\":[{\"@type\":\"WebPage\",\"@id\":\"https:\/\/cannexus.ceric.ca\/fr\/evenements-activites-de-reseautage\/\",\"url\":\"https:\/\/cannexus.ceric.ca\/fr\/evenements-activites-de-reseautage\/\",\"name\":\"\u00c9v\u00e9nements et activit\u00e9s de r\u00e9seautage - Cannexus27\",\"isPartOf\":{\"@id\":\"https:\/\/cannexus.ceric.ca\/fr\/#website\"},\"datePublished\":\"2020-12-03T15:54:58+00:00\",\"dateModified\":\"2022-01-18T23:12:32+00:00\",\"breadcrumb\":{\"@id\":\"https:\/\/cannexus.ceric.ca\/fr\/evenements-activites-de-reseautage\/#breadcrumb\"},\"inLanguage\":\"fr-FR\",\"potentialAction\":[{\"@type\":\"ReadAction\",\"target\":[\"https:\/\/cannexus.ceric.ca\/fr\/evenements-activites-de-reseautage\/\"]}]},{\"@type\":\"BreadcrumbList\",\"@id\":\"https:\/\/cannexus.ceric.ca\/fr\/evenements-activites-de-reseautage\/#breadcrumb\",\"itemListElement\":[{\"@type\":\"ListItem\",\"position\":1,\"name\":\"Home\",\"item\":\"https:\/\/cannexus.ceric.ca\/fr\/\"},{\"@type\":\"ListItem\",\"position\":2,\"name\":\"\u00c9v\u00e9nements et activit\u00e9s de r\u00e9seautage\"}]},{\"@type\":\"WebSite\",\"@id\":\"https:\/\/cannexus.ceric.ca\/fr\/#website\",\"url\":\"https:\/\/cannexus.ceric.ca\/fr\/\",\"name\":\"Cannexus26: Canada\u2019s Career Development Conference\",\"description\":\"Canada\u2019s Career Development Conference\",\"publisher\":{\"@id\":\"https:\/\/cannexus.ceric.ca\/fr\/#organization\"},\"alternateName\":\"Cannexus26\",\"potentialAction\":[{\"@type\":\"SearchAction\",\"target\":{\"@type\":\"EntryPoint\",\"urlTemplate\":\"https:\/\/cannexus.ceric.ca\/fr\/?s={search_term_string}\"},\"query-input\":{\"@type\":\"PropertyValueSpecification\",\"valueRequired\":true,\"valueName\":\"search_term_string\"}}],\"inLanguage\":\"fr-FR\"},{\"@type\":\"Organization\",\"@id\":\"https:\/\/cannexus.ceric.ca\/fr\/#organization\",\"name\":\"Cannexus26\",\"url\":\"https:\/\/cannexus.ceric.ca\/fr\/\",\"logo\":{\"@type\":\"ImageObject\",\"inLanguage\":\"fr-FR\",\"@id\":\"https:\/\/cannexus.ceric.ca\/fr\/#\/schema\/logo\/image\/\",\"url\":\"https:\/\/cannexus.ceric.ca\/wp-content\/uploads\/2025\/04\/CX-seal.png\",\"contentUrl\":\"https:\/\/cannexus.ceric.ca\/wp-content\/uploads\/2025\/04\/CX-seal.png\",\"width\":2000,\"height\":1574,\"caption\":\"Cannexus26\"},\"image\":{\"@id\":\"https:\/\/cannexus.ceric.ca\/fr\/#\/schema\/logo\/image\/\"}}]}<\/script>\n<!-- \/ Yoast SEO Premium plugin. -->","yoast_head_json":{"title":"\u00c9v\u00e9nements et activit\u00e9s de r\u00e9seautage - Cannexus27","robots":{"index":"index","follow":"follow","max-snippet":"max-snippet:-1","max-image-preview":"max-image-preview:large","max-video-preview":"max-video-preview:-1"},"canonical":"https:\/\/cannexus.ceric.ca\/fr\/evenements-activites-de-reseautage\/","og_locale":"fr_FR","og_type":"article","og_title":"\u00c9v\u00e9nements et activit\u00e9s de r\u00e9seautage","og_description":"\u00c9v\u00e9nements et activit\u00e9s de r\u00e9seautage Le congr\u00e8s offrira de nombreuses occasions de s&#8217;engager et de b\u00e2tir une communaut\u00e9 avec d&#8217;autres participants, conf\u00e9renciers et exposants. Pr\u00e9voyez de vous joindre \u00e0 vos pairs. Les Rencontres informelles Sector Meetups Virtual Cocktail Party Rencontre francophone Student Networking Research Circle Les Rencontres informelles Les Rencontres informelles\u00a0sont des r\u00e9unions de mise [&hellip;]","og_url":"https:\/\/cannexus.ceric.ca\/fr\/evenements-activites-de-reseautage\/","og_site_name":"Cannexus27","article_modified_time":"2022-01-18T23:12:32+00:00","og_image":[{"width":1200,"height":300,"url":"https:\/\/cannexus.ceric.ca\/wp-content\/uploads\/2024\/04\/CX25-v1-5.png","type":"image\/png"}],"twitter_card":"summary_large_image","twitter_misc":{"Dur\u00e9e de lecture estim\u00e9e":"5 minutes"},"schema":{"@context":"https:\/\/schema.org","@graph":[{"@type":"WebPage","@id":"https:\/\/cannexus.ceric.ca\/fr\/evenements-activites-de-reseautage\/","url":"https:\/\/cannexus.ceric.ca\/fr\/evenements-activites-de-reseautage\/","name":"\u00c9v\u00e9nements et activit\u00e9s de r\u00e9seautage - Cannexus27","isPartOf":{"@id":"https:\/\/cannexus.ceric.ca\/fr\/#website"},"datePublished":"2020-12-03T15:54:58+00:00","dateModified":"2022-01-18T23:12:32+00:00","breadcrumb":{"@id":"https:\/\/cannexus.ceric.ca\/fr\/evenements-activites-de-reseautage\/#breadcrumb"},"inLanguage":"fr-FR","potentialAction":[{"@type":"ReadAction","target":["https:\/\/cannexus.ceric.ca\/fr\/evenements-activites-de-reseautage\/"]}]},{"@type":"BreadcrumbList","@id":"https:\/\/cannexus.ceric.ca\/fr\/evenements-activites-de-reseautage\/#breadcrumb","itemListElement":[{"@type":"ListItem","position":1,"name":"Home","item":"https:\/\/cannexus.ceric.ca\/fr\/"},{"@type":"ListItem","position":2,"name":"\u00c9v\u00e9nements et activit\u00e9s de r\u00e9seautage"}]},{"@type":"WebSite","@id":"https:\/\/cannexus.ceric.ca\/fr\/#website","url":"https:\/\/cannexus.ceric.ca\/fr\/","name":"Cannexus26: Canada\u2019s Career Development Conference","description":"Canada\u2019s Career Development Conference","publisher":{"@id":"https:\/\/cannexus.ceric.ca\/fr\/#organization"},"alternateName":"Cannexus26","potentialAction":[{"@type":"SearchAction","target":{"@type":"EntryPoint","urlTemplate":"https:\/\/cannexus.ceric.ca\/fr\/?s={search_term_string}"},"query-input":{"@type":"PropertyValueSpecification","valueRequired":true,"valueName":"search_term_string"}}],"inLanguage":"fr-FR"},{"@type":"Organization","@id":"https:\/\/cannexus.ceric.ca\/fr\/#organization","name":"Cannexus26","url":"https:\/\/cannexus.ceric.ca\/fr\/","logo":{"@type":"ImageObject","inLanguage":"fr-FR","@id":"https:\/\/cannexus.ceric.ca\/fr\/#\/schema\/logo\/image\/","url":"https:\/\/cannexus.ceric.ca\/wp-content\/uploads\/2025\/04\/CX-seal.png","contentUrl":"https:\/\/cannexus.ceric.ca\/wp-content\/uploads\/2025\/04\/CX-seal.png","width":2000,"height":1574,"caption":"Cannexus26"},"image":{"@id":"https:\/\/cannexus.ceric.ca\/fr\/#\/schema\/logo\/image\/"}}]}},"_links":{"self":[{"href":"https:\/\/cannexus.ceric.ca\/fr\/wp-json\/wp\/v2\/pages\/5236","targetHints":{"allow":["GET"]}}],"collection":[{"href":"https:\/\/cannexus.ceric.ca\/fr\/wp-json\/wp\/v2\/pages"}],"about":[{"href":"https:\/\/cannexus.ceric.ca\/fr\/wp-json\/wp\/v2\/types\/page"}],"author":[{"embeddable":true,"href":"https:\/\/cannexus.ceric.ca\/fr\/wp-json\/wp\/v2\/users\/9"}],"replies":[{"embeddable":true,"href":"https:\/\/cannexus.ceric.ca\/fr\/wp-json\/wp\/v2\/comments?post=5236"}],"version-history":[{"count":0,"href":"https:\/\/cannexus.ceric.ca\/fr\/wp-json\/wp\/v2\/pages\/5236\/revisions"}],"wp:attachment":[{"href":"https:\/\/cannexus.ceric.ca\/fr\/wp-json\/wp\/v2\/media?parent=5236"}],"curies":[{"name":"wp","href":"https:\/\/api.w.org\/{rel}","templated":true}]}}