{"id":30227,"date":"2025-10-23T13:33:37","date_gmt":"2025-10-23T17:33:37","guid":{"rendered":"https:\/\/cannexus.ceric.ca\/?page_id=30227"},"modified":"2025-10-23T13:33:37","modified_gmt":"2025-10-23T17:33:37","slug":"aire-dexposition-de-cannexus25","status":"publish","type":"page","link":"https:\/\/cannexus.ceric.ca\/fr\/aire-dexposition-de-cannexus25\/","title":{"rendered":"Aire d\u2019exposition de Cannexus25"},"content":{"rendered":"\t\t<div data-elementor-type=\"wp-page\" data-elementor-id=\"30227\" class=\"elementor elementor-30227\" data-elementor-post-type=\"page\">\n\t\t\t\t\t\t<section class=\"elementor-section elementor-top-section elementor-element elementor-element-0a3d834 elementor-section-boxed elementor-section-height-default elementor-section-height-default\" data-id=\"0a3d834\" data-element_type=\"section\" data-e-type=\"section\">\n\t\t\t\t\t\t<div class=\"elementor-container elementor-column-gap-default\">\n\t\t\t\t\t\t<\/div>\n\t\t<\/section>\n\t\t\t\t<section class=\"elementor-section elementor-top-section elementor-element elementor-element-360f71c elementor-section-boxed elementor-section-height-default elementor-section-height-default\" data-id=\"360f71c\" data-element_type=\"section\" data-e-type=\"section\">\n\t\t\t\t\t\t<div class=\"elementor-container elementor-column-gap-default\">\n\t\t\t\t\t<div class=\"elementor-column elementor-col-100 elementor-top-column elementor-element elementor-element-0d06cc1\" data-id=\"0d06cc1\" data-element_type=\"column\" data-e-type=\"column\">\n\t\t\t<div class=\"elementor-widget-wrap elementor-element-populated\">\n\t\t\t\t\t\t<div class=\"elementor-element elementor-element-0da8d2d elementor-invisible elementor-widget elementor-widget-exhibz-title\" data-id=\"0da8d2d\" data-element_type=\"widget\" data-e-type=\"widget\" data-settings=\"{&quot;_animation&quot;:&quot;fadeInUp&quot;,&quot;_animation_delay&quot;:350,&quot;ekit_we_effect_on&quot;:&quot;none&quot;}\" data-widget_type=\"exhibz-title.default\">\n\t\t\t\t<div class=\"elementor-widget-container\">\n\t\t\t\t\t\n    <div class=\"title-section-area\">\n        <h2 class=\"section-title\">\n            <span class=\"sub-title\">Cannexus25 Aire d\u2019exposition<\/span>\n\t\t\t        <\/h2>\n\t\t                    <\/div><!-- Section title -->\n    \n    \n\n    \t\t\t\t<\/div>\n\t\t\t\t<\/div>\n\t\t\t\t<div class=\"elementor-element elementor-element-7477475 elementor-hidden-desktop elementor-hidden-tablet elementor-hidden-mobile elementor-widget elementor-widget-text-editor\" data-id=\"7477475\" data-element_type=\"widget\" data-e-type=\"widget\" data-settings=\"{&quot;ekit_we_effect_on&quot;:&quot;none&quot;}\" data-widget_type=\"text-editor.default\">\n\t\t\t\t<div class=\"elementor-widget-container\">\n\t\t\t\t\t\t\t\t\t<p>Cannexus propose une aire d&#8217;exposition d\u2019organisations qui offrent des programmes, des produits et des services susceptibles d\u2019int\u00e9resser les professionnels du d\u00e9veloppement de carri\u00e8re. Jetez un coup d&#8217;\u0153il \u00e0 nos exposants de Cannexus25 pour voir comment ils peuvent vous soutenir dans votre travail.<\/p>\t\t\t\t\t\t\t\t<\/div>\n\t\t\t\t<\/div>\n\t\t\t\t\t<\/div>\n\t\t<\/div>\n\t\t\t\t\t<\/div>\n\t\t<\/section>\n\t\t\t\t<section class=\"elementor-section elementor-top-section elementor-element elementor-element-706f222 elementor-section-boxed elementor-section-height-default elementor-section-height-default\" data-id=\"706f222\" data-element_type=\"section\" data-e-type=\"section\">\n\t\t\t\t\t\t<div class=\"elementor-container elementor-column-gap-default\">\n\t\t\t\t\t<div class=\"elementor-column elementor-col-100 elementor-top-column elementor-element elementor-element-c670c57\" data-id=\"c670c57\" data-element_type=\"column\" data-e-type=\"column\">\n\t\t\t<div class=\"elementor-widget-wrap elementor-element-populated\">\n\t\t\t\t\t\t<section class=\"elementor-section elementor-inner-section elementor-element elementor-element-7887a79 elementor-section-boxed elementor-section-height-default elementor-section-height-default\" data-id=\"7887a79\" data-element_type=\"section\" data-e-type=\"section\">\n\t\t\t\t\t\t<div class=\"elementor-container elementor-column-gap-default\">\n\t\t\t\t\t<div class=\"elementor-column elementor-col-33 elementor-inner-column elementor-element elementor-element-bf6a3a0\" data-id=\"bf6a3a0\" data-element_type=\"column\" data-e-type=\"column\">\n\t\t\t<div class=\"elementor-widget-wrap elementor-element-populated\">\n\t\t\t\t\t\t<div class=\"elementor-element elementor-element-4573430 elementor-widget elementor-widget-image\" data-id=\"4573430\" data-element_type=\"widget\" data-e-type=\"widget\" data-settings=\"{&quot;ekit_we_effect_on&quot;:&quot;none&quot;}\" data-widget_type=\"image.default\">\n\t\t\t\t<div class=\"elementor-widget-container\">\n\t\t\t\t\t\t\t\t\t\t\t\t\t\t\t\t<a href=\"https:\/\/www.supportedemployment.ca\/fr\/\" target=\"_blank\">\n\t\t\t\t\t\t\t<img decoding=\"async\" width=\"300\" height=\"160\" src=\"https:\/\/cannexus.ceric.ca\/wp-content\/uploads\/2023\/11\/CASE-FR-SO-logo.png\" class=\"attachment-large size-large wp-image-22268\" alt=\"\" \/>\t\t\t\t\t\t\t\t<\/a>\n\t\t\t\t\t\t\t\t\t\t\t\t\t\t\t<\/div>\n\t\t\t\t<\/div>\n\t\t\t\t\t<\/div>\n\t\t<\/div>\n\t\t\t\t<div class=\"elementor-column elementor-col-66 elementor-inner-column elementor-element elementor-element-9d6974b\" data-id=\"9d6974b\" data-element_type=\"column\" data-e-type=\"column\">\n\t\t\t<div class=\"elementor-widget-wrap elementor-element-populated\">\n\t\t\t\t\t\t<div class=\"elementor-element elementor-element-7384df7 elementor-widget elementor-widget-text-editor\" data-id=\"7384df7\" data-element_type=\"widget\" data-e-type=\"widget\" data-settings=\"{&quot;ekit_we_effect_on&quot;:&quot;none&quot;}\" data-widget_type=\"text-editor.default\">\n\t\t\t\t<div class=\"elementor-widget-container\">\n\t\t\t\t\t\t\t\t\t<p>L\u2019<a href=\"https:\/\/www.supportedemployment.ca\/fr\/\" target=\"_blank\" rel=\"noopener\"><strong>Association canadienne de soutien \u00e0 l\u2019emploi (ACSE)<\/strong><\/a> est un r\u00e9seau national r\u00e9unissant des prestataires de services communautaires et des d\u00e9tenteurs d\u2019int\u00e9r\u00eats qui s\u2019engagent \u00e0 promouvoir l\u2019int\u00e9gration au march\u00e9 du travail des personnes en situation de handicap. Notre mission est de permettre \u00e0 ces personnes de devenir des citoyens \u00e0 part enti\u00e8re et de r\u00e9aliser leur potentiel en facilitant leur participation au march\u00e9 du travail. L\u2019ACSE favorise l\u2019inclusion sociale partout au Canada en d\u00e9fendant l\u2019emploi accessible, et contribue ainsi \u00e0 construire une \u00e9conomie diversifi\u00e9e et inclusive o\u00f9 tout le monde a la chance de s\u2019\u00e9panouir.<\/p>\t\t\t\t\t\t\t\t<\/div>\n\t\t\t\t<\/div>\n\t\t\t\t\t<\/div>\n\t\t<\/div>\n\t\t\t\t\t<\/div>\n\t\t<\/section>\n\t\t\t\t<section class=\"elementor-section elementor-inner-section elementor-element elementor-element-ca639d3 elementor-section-boxed elementor-section-height-default elementor-section-height-default\" data-id=\"ca639d3\" data-element_type=\"section\" data-e-type=\"section\">\n\t\t\t\t\t\t<div class=\"elementor-container elementor-column-gap-default\">\n\t\t\t\t\t<div class=\"elementor-column elementor-col-33 elementor-inner-column elementor-element elementor-element-ff5937b\" data-id=\"ff5937b\" data-element_type=\"column\" data-e-type=\"column\">\n\t\t\t<div class=\"elementor-widget-wrap elementor-element-populated\">\n\t\t\t\t\t\t<div class=\"elementor-element elementor-element-a933c2b elementor-widget elementor-widget-image\" data-id=\"a933c2b\" data-element_type=\"widget\" data-e-type=\"widget\" data-settings=\"{&quot;ekit_we_effect_on&quot;:&quot;none&quot;}\" data-widget_type=\"image.default\">\n\t\t\t\t<div class=\"elementor-widget-container\">\n\t\t\t\t\t\t\t\t\t\t\t\t\t\t\t\t<a href=\"https:\/\/afcholland.com\/\" target=\"_blank\">\n\t\t\t\t\t\t\t<img decoding=\"async\" width=\"426\" height=\"101\" src=\"https:\/\/cannexus.ceric.ca\/wp-content\/uploads\/2024\/10\/AFC-logo.png\" class=\"attachment-large size-large wp-image-26095\" alt=\"\" srcset=\"https:\/\/cannexus.ceric.ca\/wp-content\/uploads\/2024\/10\/AFC-logo.png 426w, https:\/\/cannexus.ceric.ca\/wp-content\/uploads\/2024\/10\/AFC-logo-300x71.png 300w\" sizes=\"(max-width: 426px) 100vw, 426px\" \/>\t\t\t\t\t\t\t\t<\/a>\n\t\t\t\t\t\t\t\t\t\t\t\t\t\t\t<\/div>\n\t\t\t\t<\/div>\n\t\t\t\t\t<\/div>\n\t\t<\/div>\n\t\t\t\t<div class=\"elementor-column elementor-col-66 elementor-inner-column elementor-element elementor-element-8846a22\" data-id=\"8846a22\" data-element_type=\"column\" data-e-type=\"column\">\n\t\t\t<div class=\"elementor-widget-wrap elementor-element-populated\">\n\t\t\t\t\t\t<div class=\"elementor-element elementor-element-eef0939 elementor-widget elementor-widget-text-editor\" data-id=\"eef0939\" data-element_type=\"widget\" data-e-type=\"widget\" data-settings=\"{&quot;ekit_we_effect_on&quot;:&quot;none&quot;}\" data-widget_type=\"text-editor.default\">\n\t\t\t\t<div class=\"elementor-widget-container\">\n\t\t\t\t\t\t\t\t\t<p>Le test <a href=\"https:\/\/afcholland.com\/\" target=\"_blank\" rel=\"noopener\"><strong>AFC Holland<\/strong><\/a>, fond\u00e9 sur la typologie de Holland, favorise une meilleure connaissance de soi et aide \u00e0 l\u2019exploration des carri\u00e8res et des \u00e9tudes d\u2019une mani\u00e8re globale. Essayez-le gratuitement!<\/p>\t\t\t\t\t\t\t\t<\/div>\n\t\t\t\t<\/div>\n\t\t\t\t\t<\/div>\n\t\t<\/div>\n\t\t\t\t\t<\/div>\n\t\t<\/section>\n\t\t\t\t<section class=\"elementor-section elementor-inner-section elementor-element elementor-element-44d9f66 elementor-section-boxed elementor-section-height-default elementor-section-height-default\" data-id=\"44d9f66\" data-element_type=\"section\" data-e-type=\"section\">\n\t\t\t\t\t\t<div class=\"elementor-container elementor-column-gap-default\">\n\t\t\t\t\t<div class=\"elementor-column elementor-col-33 elementor-inner-column elementor-element elementor-element-2b9617a\" data-id=\"2b9617a\" data-element_type=\"column\" data-e-type=\"column\">\n\t\t\t<div class=\"elementor-widget-wrap elementor-element-populated\">\n\t\t\t\t\t\t<div class=\"elementor-element elementor-element-9e9a23e elementor-widget elementor-widget-image\" data-id=\"9e9a23e\" data-element_type=\"widget\" data-e-type=\"widget\" data-settings=\"{&quot;ekit_we_effect_on&quot;:&quot;none&quot;}\" data-widget_type=\"image.default\">\n\t\t\t\t<div class=\"elementor-widget-container\">\n\t\t\t\t\t\t\t\t\t\t\t\t\t\t\t\t<a href=\"https:\/\/agilec.ca\/fr\/\" target=\"_blank\">\n\t\t\t\t\t\t\t<img fetchpriority=\"high\" decoding=\"async\" width=\"300\" height=\"177\" src=\"https:\/\/cannexus.ceric.ca\/wp-content\/uploads\/2022\/12\/AGILEC.png\" class=\"attachment-medium size-medium wp-image-17519\" alt=\"\" \/>\t\t\t\t\t\t\t\t<\/a>\n\t\t\t\t\t\t\t\t\t\t\t\t\t\t\t<\/div>\n\t\t\t\t<\/div>\n\t\t\t\t\t<\/div>\n\t\t<\/div>\n\t\t\t\t<div class=\"elementor-column elementor-col-66 elementor-inner-column elementor-element elementor-element-59c467d\" data-id=\"59c467d\" data-element_type=\"column\" data-e-type=\"column\">\n\t\t\t<div class=\"elementor-widget-wrap elementor-element-populated\">\n\t\t\t\t\t\t<div class=\"elementor-element elementor-element-48a0771 elementor-widget elementor-widget-text-editor\" data-id=\"48a0771\" data-element_type=\"widget\" data-e-type=\"widget\" data-settings=\"{&quot;ekit_we_effect_on&quot;:&quot;none&quot;}\" data-widget_type=\"text-editor.default\">\n\t\t\t\t<div class=\"elementor-widget-container\">\n\t\t\t\t\t\t\t\t\t<p>\u00c0\u00a0<a href=\"https:\/\/agilec.ca\/fr\/\" target=\"_blank\" rel=\"noopener\"><strong>Agilec<\/strong><\/a>, nous pensons que chacun devrait avoir la possibilit\u00e9 de r\u00e9aliser son plein potentiel sur le march\u00e9 du travail. Qu\u2019il s\u2019agisse de formation en entreprise, de perfectionnement professionnel ou de services d\u2019aide \u00e0 l\u2019emploi et de r\u00e9orientation professionnelle pour les anciens combattants, nous sommes d\u00e9termin\u00e9s \u00e0 changer des vies en donnant aux personnes et aux entreprises que nous servons les comp\u00e9tences et le soutien dont elles ont besoin pour r\u00e9ussir sur le march\u00e9 du travail actuel.<\/p>\t\t\t\t\t\t\t\t<\/div>\n\t\t\t\t<\/div>\n\t\t\t\t\t<\/div>\n\t\t<\/div>\n\t\t\t\t\t<\/div>\n\t\t<\/section>\n\t\t\t\t<section class=\"elementor-section elementor-inner-section elementor-element elementor-element-efeb75d elementor-section-boxed elementor-section-height-default elementor-section-height-default\" data-id=\"efeb75d\" data-element_type=\"section\" data-e-type=\"section\">\n\t\t\t\t\t\t<div class=\"elementor-container elementor-column-gap-default\">\n\t\t\t\t\t<div class=\"elementor-column elementor-col-33 elementor-inner-column elementor-element elementor-element-3d3d355\" data-id=\"3d3d355\" data-element_type=\"column\" data-e-type=\"column\">\n\t\t\t<div class=\"elementor-widget-wrap elementor-element-populated\">\n\t\t\t\t\t\t<div class=\"elementor-element elementor-element-ab2208f elementor-widget elementor-widget-image\" data-id=\"ab2208f\" data-element_type=\"widget\" data-e-type=\"widget\" data-settings=\"{&quot;ekit_we_effect_on&quot;:&quot;none&quot;}\" data-widget_type=\"image.default\">\n\t\t\t\t<div class=\"elementor-widget-container\">\n\t\t\t\t\t\t\t\t\t\t\t\t\t\t\t\t<a href=\"https:\/\/pltcanada.org\/fr\/\" target=\"_blank\">\n\t\t\t\t\t\t\t<img loading=\"lazy\" decoding=\"async\" width=\"190\" height=\"151\" src=\"https:\/\/cannexus.ceric.ca\/wp-content\/uploads\/2024\/10\/PLT-APLA-LOGO.png\" class=\"attachment-medium size-medium wp-image-26229\" alt=\"\" \/>\t\t\t\t\t\t\t\t<\/a>\n\t\t\t\t\t\t\t\t\t\t\t\t\t\t\t<\/div>\n\t\t\t\t<\/div>\n\t\t\t\t\t<\/div>\n\t\t<\/div>\n\t\t\t\t<div class=\"elementor-column elementor-col-66 elementor-inner-column elementor-element elementor-element-c3dd02a\" data-id=\"c3dd02a\" data-element_type=\"column\" data-e-type=\"column\">\n\t\t\t<div class=\"elementor-widget-wrap elementor-element-populated\">\n\t\t\t\t\t\t<div class=\"elementor-element elementor-element-36c08eb elementor-widget elementor-widget-text-editor\" data-id=\"36c08eb\" data-element_type=\"widget\" data-e-type=\"widget\" data-settings=\"{&quot;ekit_we_effect_on&quot;:&quot;none&quot;}\" data-widget_type=\"text-editor.default\">\n\t\t\t\t<div class=\"elementor-widget-container\">\n\t\t\t\t\t\t\t\t\t<p><a href=\"https:\/\/pltcanada.org\/fr\/\" target=\"_blank\" rel=\"noopener\"><strong>Apprendre par les arbres Canada (APLA Canada)<\/strong><\/a> se voue \u00e0 promouvoir l\u2019\u00e9ducation environnementale et foresti\u00e8re, et les parcours de carri\u00e8re connexes, en se servant des arbres et des for\u00eats comme des fen\u00eatres sur le monde. Nos ressources prim\u00e9es permettent une vie enti\u00e8re d\u2019apprentissage, de la petite enfance \u00e0 l\u2019\u00e2ge adulte. Notre r\u00e9seau vaste et vari\u00e9 offre aux enseignants du perfectionnement professionnel et aux jeunes adultes des possibilit\u00e9s de d\u00e9couvrir les for\u00eats et les carri\u00e8res vertes. Ensemble, nous formons les futurs chefs de file de la for\u00eat et de la conservation.<\/p>\t\t\t\t\t\t\t\t<\/div>\n\t\t\t\t<\/div>\n\t\t\t\t\t<\/div>\n\t\t<\/div>\n\t\t\t\t\t<\/div>\n\t\t<\/section>\n\t\t\t\t<section class=\"elementor-section elementor-inner-section elementor-element elementor-element-4153631 elementor-section-boxed elementor-section-height-default elementor-section-height-default\" data-id=\"4153631\" data-element_type=\"section\" data-e-type=\"section\">\n\t\t\t\t\t\t<div class=\"elementor-container elementor-column-gap-default\">\n\t\t\t\t\t<div class=\"elementor-column elementor-col-33 elementor-inner-column elementor-element elementor-element-f59619d\" data-id=\"f59619d\" data-element_type=\"column\" data-e-type=\"column\">\n\t\t\t<div class=\"elementor-widget-wrap elementor-element-populated\">\n\t\t\t\t\t\t<div class=\"elementor-element elementor-element-672a93a elementor-widget elementor-widget-image\" data-id=\"672a93a\" data-element_type=\"widget\" data-e-type=\"widget\" data-settings=\"{&quot;ekit_we_effect_on&quot;:&quot;none&quot;}\" data-widget_type=\"image.default\">\n\t\t\t\t<div class=\"elementor-widget-container\">\n\t\t\t\t\t\t\t\t\t\t\t\t\t\t\t\t<a href=\"https:\/\/apprenticesearch.com\/fr\" target=\"_blank\">\n\t\t\t\t\t\t\t<img loading=\"lazy\" decoding=\"async\" width=\"300\" height=\"61\" src=\"https:\/\/cannexus.ceric.ca\/wp-content\/uploads\/2024\/01\/apprenticesearch_com_cover-300x61.jpg\" class=\"attachment-medium size-medium wp-image-22757\" alt=\"\" srcset=\"https:\/\/cannexus.ceric.ca\/wp-content\/uploads\/2024\/01\/apprenticesearch_com_cover-300x61.jpg 300w, https:\/\/cannexus.ceric.ca\/wp-content\/uploads\/2024\/01\/apprenticesearch_com_cover-1024x209.jpg 1024w, https:\/\/cannexus.ceric.ca\/wp-content\/uploads\/2024\/01\/apprenticesearch_com_cover-768x157.jpg 768w, https:\/\/cannexus.ceric.ca\/wp-content\/uploads\/2024\/01\/apprenticesearch_com_cover.jpg 1230w\" sizes=\"(max-width: 300px) 100vw, 300px\" \/>\t\t\t\t\t\t\t\t<\/a>\n\t\t\t\t\t\t\t\t\t\t\t\t\t\t\t<\/div>\n\t\t\t\t<\/div>\n\t\t\t\t\t<\/div>\n\t\t<\/div>\n\t\t\t\t<div class=\"elementor-column elementor-col-66 elementor-inner-column elementor-element elementor-element-bd82e45\" data-id=\"bd82e45\" data-element_type=\"column\" data-e-type=\"column\">\n\t\t\t<div class=\"elementor-widget-wrap elementor-element-populated\">\n\t\t\t\t\t\t<div class=\"elementor-element elementor-element-ab75f2e elementor-widget elementor-widget-text-editor\" data-id=\"ab75f2e\" data-element_type=\"widget\" data-e-type=\"widget\" data-settings=\"{&quot;ekit_we_effect_on&quot;:&quot;none&quot;}\" data-widget_type=\"text-editor.default\">\n\t\t\t\t<div class=\"elementor-widget-container\">\n\t\t\t\t\t\t\t\t\t<p><a href=\"https:\/\/apprenticesearch.com\/fr\" target=\"_blank\" rel=\"noopener\"><strong>ApprenticeSearch.com <\/strong><\/a>est une plateforme gratuite de recherche d\u2019emploi et de jumelage ax\u00e9e exclusivement sur les m\u00e9tiers sp\u00e9cialis\u00e9s et d\u2019apprentissage au Canada. C\u2019est plus qu\u2019une solution technologique de recherche d\u2019emploi : c\u2019est une \u00e9quipe de professionnels passionn\u00e9s qui aident et conseillent \u00e0 la fois les employeurs et les apprentis.<\/p>\t\t\t\t\t\t\t\t<\/div>\n\t\t\t\t<\/div>\n\t\t\t\t\t<\/div>\n\t\t<\/div>\n\t\t\t\t\t<\/div>\n\t\t<\/section>\n\t\t\t\t<section class=\"elementor-section elementor-inner-section elementor-element elementor-element-95d5ca7 elementor-section-boxed elementor-section-height-default elementor-section-height-default\" data-id=\"95d5ca7\" data-element_type=\"section\" data-e-type=\"section\">\n\t\t\t\t\t\t<div class=\"elementor-container elementor-column-gap-default\">\n\t\t\t\t\t<div class=\"elementor-column elementor-col-33 elementor-inner-column elementor-element elementor-element-44d7e02\" data-id=\"44d7e02\" data-element_type=\"column\" data-e-type=\"column\">\n\t\t\t<div class=\"elementor-widget-wrap elementor-element-populated\">\n\t\t\t\t\t\t<div class=\"elementor-element elementor-element-f952265 elementor-widget elementor-widget-image\" data-id=\"f952265\" data-element_type=\"widget\" data-e-type=\"widget\" data-settings=\"{&quot;ekit_we_effect_on&quot;:&quot;none&quot;}\" data-widget_type=\"image.default\">\n\t\t\t\t<div class=\"elementor-widget-container\">\n\t\t\t\t\t\t\t\t\t\t\t\t\t\t\t\t<a href=\"https:\/\/timefor.athabascau.ca\/\" target=\"_blank\">\n\t\t\t\t\t\t\t<img loading=\"lazy\" decoding=\"async\" width=\"300\" height=\"90\" src=\"https:\/\/cannexus.ceric.ca\/wp-content\/uploads\/2024\/10\/athabasca_logo_horizontal_rgb_colour-300x90.png\" class=\"attachment-medium size-medium wp-image-26098\" alt=\"\" srcset=\"https:\/\/cannexus.ceric.ca\/wp-content\/uploads\/2024\/10\/athabasca_logo_horizontal_rgb_colour-300x90.png 300w, https:\/\/cannexus.ceric.ca\/wp-content\/uploads\/2024\/10\/athabasca_logo_horizontal_rgb_colour.png 550w\" sizes=\"(max-width: 300px) 100vw, 300px\" \/>\t\t\t\t\t\t\t\t<\/a>\n\t\t\t\t\t\t\t\t\t\t\t\t\t\t\t<\/div>\n\t\t\t\t<\/div>\n\t\t\t\t\t<\/div>\n\t\t<\/div>\n\t\t\t\t<div class=\"elementor-column elementor-col-66 elementor-inner-column elementor-element elementor-element-78010f8\" data-id=\"78010f8\" data-element_type=\"column\" data-e-type=\"column\">\n\t\t\t<div class=\"elementor-widget-wrap elementor-element-populated\">\n\t\t\t\t\t\t<div class=\"elementor-element elementor-element-82d0e00 elementor-widget elementor-widget-text-editor\" data-id=\"82d0e00\" data-element_type=\"widget\" data-e-type=\"widget\" data-settings=\"{&quot;ekit_we_effect_on&quot;:&quot;none&quot;}\" data-widget_type=\"text-editor.default\">\n\t\t\t\t<div class=\"elementor-widget-container\">\n\t\t\t\t\t\t\t\t\t<p>Aimeriez-vous commencer un apprentissage \u00e0 distance en ligne, personnalis\u00e9 et flexible? Venez rencontrer notre \u00e9quipe au kiosque de l\u2019<a href=\"https:\/\/timefor.athabascau.ca\/\" target=\"_blank\" rel=\"noopener\"><strong>Universit\u00e9 d\u2019Athabasca<\/strong><\/a>. Elle vous informera sur les cours en ligne de classe mondiale, les programmes de premier cycle et d\u2019\u00e9tudes sup\u00e9rieures, et les options de perfectionnement professionnel offerts \u00e0 l\u2019Universit\u00e9 d\u2019Athabasca. Poursuivez votre \u00e9ducation au moment et \u00e0 l\u2019endroit qui vous conviennent le mieux.<\/p>\t\t\t\t\t\t\t\t<\/div>\n\t\t\t\t<\/div>\n\t\t\t\t\t<\/div>\n\t\t<\/div>\n\t\t\t\t\t<\/div>\n\t\t<\/section>\n\t\t\t\t<section class=\"elementor-section elementor-inner-section elementor-element elementor-element-2f6f912 elementor-section-boxed elementor-section-height-default elementor-section-height-default\" data-id=\"2f6f912\" data-element_type=\"section\" data-e-type=\"section\">\n\t\t\t\t\t\t<div class=\"elementor-container elementor-column-gap-default\">\n\t\t\t\t\t<div class=\"elementor-column elementor-col-33 elementor-inner-column elementor-element elementor-element-8da8309\" data-id=\"8da8309\" data-element_type=\"column\" data-e-type=\"column\">\n\t\t\t<div class=\"elementor-widget-wrap elementor-element-populated\">\n\t\t\t\t\t\t<div class=\"elementor-element elementor-element-a6c6e20 elementor-widget elementor-widget-image\" data-id=\"a6c6e20\" data-element_type=\"widget\" data-e-type=\"widget\" data-settings=\"{&quot;ekit_we_effect_on&quot;:&quot;none&quot;}\" data-widget_type=\"image.default\">\n\t\t\t\t<div class=\"elementor-widget-container\">\n\t\t\t\t\t\t\t\t\t\t\t\t\t\t\t\t<a href=\"https:\/\/careersinenergy.ca\/fr\/home-fr-2\/\" target=\"_blank\">\n\t\t\t\t\t\t\t<img loading=\"lazy\" decoding=\"async\" width=\"300\" height=\"99\" src=\"https:\/\/cannexus.ceric.ca\/wp-content\/uploads\/2024\/01\/careers-in-energy-300x99.png\" class=\"attachment-medium size-medium wp-image-22799\" alt=\"\" srcset=\"https:\/\/cannexus.ceric.ca\/wp-content\/uploads\/2024\/01\/careers-in-energy-300x99.png 300w, https:\/\/cannexus.ceric.ca\/wp-content\/uploads\/2024\/01\/careers-in-energy.png 720w\" sizes=\"(max-width: 300px) 100vw, 300px\" \/>\t\t\t\t\t\t\t\t<\/a>\n\t\t\t\t\t\t\t\t\t\t\t\t\t\t\t<\/div>\n\t\t\t\t<\/div>\n\t\t\t\t\t<\/div>\n\t\t<\/div>\n\t\t\t\t<div class=\"elementor-column elementor-col-66 elementor-inner-column elementor-element elementor-element-de2ae7e\" data-id=\"de2ae7e\" data-element_type=\"column\" data-e-type=\"column\">\n\t\t\t<div class=\"elementor-widget-wrap elementor-element-populated\">\n\t\t\t\t\t\t<div class=\"elementor-element elementor-element-ba717f8 elementor-widget elementor-widget-text-editor\" data-id=\"ba717f8\" data-element_type=\"widget\" data-e-type=\"widget\" data-settings=\"{&quot;ekit_we_effect_on&quot;:&quot;none&quot;}\" data-widget_type=\"text-editor.default\">\n\t\t\t\t<div class=\"elementor-widget-container\">\n\t\t\t\t\t\t\t\t\t<p><a href=\"https:\/\/careersinenergy.ca\/fr\/home-fr-2\/\" target=\"_blank\" rel=\"noopener\"><strong>Careers in Energy <\/strong><\/a>: Carri\u00e8res dans le secteur de l\u2019\u00e9nergie est une division d\u2019Energy Safety Canada. Notre mandat consiste \u00e0 mettre au point des recherches, des outils et des ressources de pointe, afin de mieux faire conna\u00eetre les possibilit\u00e9s de carri\u00e8re dans le secteur de l\u2019\u00e9nergie et de favoriser l\u2019attraction et le maintien en poste d\u2019une main-d\u2019\u0153uvre qualifi\u00e9e et productive.<\/p>\t\t\t\t\t\t\t\t<\/div>\n\t\t\t\t<\/div>\n\t\t\t\t\t<\/div>\n\t\t<\/div>\n\t\t\t\t\t<\/div>\n\t\t<\/section>\n\t\t\t\t<section class=\"elementor-section elementor-inner-section elementor-element elementor-element-8159bb8 elementor-section-boxed elementor-section-height-default elementor-section-height-default\" data-id=\"8159bb8\" data-element_type=\"section\" data-e-type=\"section\">\n\t\t\t\t\t\t<div class=\"elementor-container elementor-column-gap-default\">\n\t\t\t\t\t<div class=\"elementor-column elementor-col-33 elementor-inner-column elementor-element elementor-element-4ae9f8f\" data-id=\"4ae9f8f\" data-element_type=\"column\" data-e-type=\"column\">\n\t\t\t<div class=\"elementor-widget-wrap elementor-element-populated\">\n\t\t\t\t\t\t<div class=\"elementor-element elementor-element-918d2ab elementor-widget elementor-widget-image\" data-id=\"918d2ab\" data-element_type=\"widget\" data-e-type=\"widget\" data-settings=\"{&quot;ekit_we_effect_on&quot;:&quot;none&quot;}\" data-widget_type=\"image.default\">\n\t\t\t\t<div class=\"elementor-widget-container\">\n\t\t\t\t\t\t\t\t\t\t\t\t\t\t\t\t<a href=\"http:\/\/www.cdpcbo.org\" target=\"_blank\">\n\t\t\t\t\t\t\t<img loading=\"lazy\" decoding=\"async\" width=\"300\" height=\"177\" src=\"https:\/\/cannexus.ceric.ca\/wp-content\/uploads\/2022\/10\/CDP-1.png\" class=\"attachment-medium size-medium wp-image-16725\" alt=\"\" \/>\t\t\t\t\t\t\t\t<\/a>\n\t\t\t\t\t\t\t\t\t\t\t\t\t\t\t<\/div>\n\t\t\t\t<\/div>\n\t\t\t\t\t<\/div>\n\t\t<\/div>\n\t\t\t\t<div class=\"elementor-column elementor-col-66 elementor-inner-column elementor-element elementor-element-80d908b\" data-id=\"80d908b\" data-element_type=\"column\" data-e-type=\"column\">\n\t\t\t<div class=\"elementor-widget-wrap elementor-element-populated\">\n\t\t\t\t\t\t<div class=\"elementor-element elementor-element-4d7a52b elementor-widget elementor-widget-text-editor\" data-id=\"4d7a52b\" data-element_type=\"widget\" data-e-type=\"widget\" data-settings=\"{&quot;ekit_we_effect_on&quot;:&quot;none&quot;}\" data-widget_type=\"text-editor.default\">\n\t\t\t\t<div class=\"elementor-widget-container\">\n\t\t\t\t\t\t\t\t\t<p>Le <a href=\"https:\/\/cdpcbo.org\/\" target=\"_blank\" rel=\"noopener\"><strong>Career Development Practitioners Certification Board of Ontario (CDPCBO ou CDPOntario)<\/strong><\/a> certifie les intervenants en d\u00e9veloppement de carri\u00e8re de l\u2019Ontario depuis 10 ans. Dans le contexte de la certification nationale qui s\u2019amorce, nous formons maintenant une association professionnelle, CDPOntario, qui repr\u00e9sente tous les intervenants en d\u00e9veloppement de carri\u00e8re de l\u2019Ontario. Venez nous voir \u00e0 notre kiosque pour d\u00e9couvrir les avantages de l\u2019adh\u00e9sion et la fa\u00e7on dont vous pouvez contribuer.<\/p>\t\t\t\t\t\t\t\t<\/div>\n\t\t\t\t<\/div>\n\t\t\t\t\t<\/div>\n\t\t<\/div>\n\t\t\t\t\t<\/div>\n\t\t<\/section>\n\t\t\t\t<section class=\"elementor-section elementor-inner-section elementor-element elementor-element-d89e1b7 elementor-section-boxed elementor-section-height-default elementor-section-height-default\" data-id=\"d89e1b7\" data-element_type=\"section\" data-e-type=\"section\">\n\t\t\t\t\t\t<div class=\"elementor-container elementor-column-gap-default\">\n\t\t\t\t\t<div class=\"elementor-column elementor-col-33 elementor-inner-column elementor-element elementor-element-7b9d1a9\" data-id=\"7b9d1a9\" data-element_type=\"column\" data-e-type=\"column\">\n\t\t\t<div class=\"elementor-widget-wrap elementor-element-populated\">\n\t\t\t\t\t\t<div class=\"elementor-element elementor-element-678e958 elementor-widget elementor-widget-image\" data-id=\"678e958\" data-element_type=\"widget\" data-e-type=\"widget\" data-settings=\"{&quot;ekit_we_effect_on&quot;:&quot;none&quot;}\" data-widget_type=\"image.default\">\n\t\t\t\t<div class=\"elementor-widget-container\">\n\t\t\t\t\t\t\t\t\t\t\t\t\t\t\t\t<a href=\"https:\/\/ceric.ca\/fr\/\" target=\"_blank\">\n\t\t\t\t\t\t\t<img loading=\"lazy\" decoding=\"async\" width=\"300\" height=\"177\" src=\"https:\/\/cannexus.ceric.ca\/wp-content\/uploads\/2022\/10\/CERIC.png\" class=\"attachment-medium size-medium wp-image-16938\" alt=\"\" \/>\t\t\t\t\t\t\t\t<\/a>\n\t\t\t\t\t\t\t\t\t\t\t\t\t\t\t<\/div>\n\t\t\t\t<\/div>\n\t\t\t\t\t<\/div>\n\t\t<\/div>\n\t\t\t\t<div class=\"elementor-column elementor-col-66 elementor-inner-column elementor-element elementor-element-93a0fb1\" data-id=\"93a0fb1\" data-element_type=\"column\" data-e-type=\"column\">\n\t\t\t<div class=\"elementor-widget-wrap elementor-element-populated\">\n\t\t\t\t\t\t<div class=\"elementor-element elementor-element-566f9d4 elementor-widget elementor-widget-text-editor\" data-id=\"566f9d4\" data-element_type=\"widget\" data-e-type=\"widget\" data-settings=\"{&quot;ekit_we_effect_on&quot;:&quot;none&quot;}\" data-widget_type=\"text-editor.default\">\n\t\t\t\t<div class=\"elementor-widget-container\">\n\t\t\t\t\t\t\t\t\t<p>Le <a href=\"https:\/\/ceric.ca\/fr\/\" target=\"_blank\" rel=\"noopener\"><strong>CERIC<\/strong> <\/a>est un organisme caritatif vou\u00e9 \u00e0 la progression de l\u2019\u00e9ducation, de la recherche et de l\u2019advocacie en mati\u00e8re d\u2019orientation professionnelle et de d\u00e9veloppement de carri\u00e8re dans le but d\u2019accro\u00eetre le bien-\u00eatre \u00e9conomique et social des Canadiennes et Canadiens. L\u2019organisme finance des projets ax\u00e9s sur la mise au point de ressources novatrices permettant aux diff\u00e9rents sp\u00e9cialistes de l\u2019orientation professionnelle et du d\u00e9veloppement de l\u2019employabilit\u00e9 d\u2019enrichir leurs connaissances et comp\u00e9tences. Le CERIC organise en outre Cannexus, le plus grand congr\u00e8s annuel bilingue en d\u00e9veloppement de carri\u00e8re au Canada, publie la Revue canadienne de d\u00e9veloppement de carri\u00e8re, seule publication \u00e9valu\u00e9e par les pairs au pays dans le domaine, et g\u00e8re les sites Web CareerWise \/ OrientAction, qui permettent de demeurer au fait des plus r\u00e9centes opinions et nouvelles en mati\u00e8re de d\u00e9veloppement de carri\u00e8re.<\/p>\t\t\t\t\t\t\t\t<\/div>\n\t\t\t\t<\/div>\n\t\t\t\t\t<\/div>\n\t\t<\/div>\n\t\t\t\t\t<\/div>\n\t\t<\/section>\n\t\t\t\t<section class=\"elementor-section elementor-inner-section elementor-element elementor-element-141fc0f elementor-section-boxed elementor-section-height-default elementor-section-height-default\" data-id=\"141fc0f\" data-element_type=\"section\" data-e-type=\"section\">\n\t\t\t\t\t\t<div class=\"elementor-container elementor-column-gap-default\">\n\t\t\t\t\t<div class=\"elementor-column elementor-col-33 elementor-inner-column elementor-element elementor-element-71b08d1\" data-id=\"71b08d1\" data-element_type=\"column\" data-e-type=\"column\">\n\t\t\t<div class=\"elementor-widget-wrap elementor-element-populated\">\n\t\t\t\t\t\t<div class=\"elementor-element elementor-element-bce669b elementor-widget elementor-widget-image\" data-id=\"bce669b\" data-element_type=\"widget\" data-e-type=\"widget\" data-settings=\"{&quot;ekit_we_effect_on&quot;:&quot;none&quot;}\" data-widget_type=\"image.default\">\n\t\t\t\t<div class=\"elementor-widget-container\">\n\t\t\t\t\t\t\t\t\t\t\t\t\t\t\t\t<a href=\"https:\/\/careercertification.ca\/\" target=\"_blank\">\n\t\t\t\t\t\t\t<img loading=\"lazy\" decoding=\"async\" width=\"300\" height=\"91\" src=\"https:\/\/cannexus.ceric.ca\/wp-content\/uploads\/2024\/10\/Career-Certification-logo-300x91.png\" class=\"attachment-medium size-medium wp-image-26102\" alt=\"\" srcset=\"https:\/\/cannexus.ceric.ca\/wp-content\/uploads\/2024\/10\/Career-Certification-logo-300x91.png 300w, https:\/\/cannexus.ceric.ca\/wp-content\/uploads\/2024\/10\/Career-Certification-logo-1024x310.png 1024w, https:\/\/cannexus.ceric.ca\/wp-content\/uploads\/2024\/10\/Career-Certification-logo-768x233.png 768w, https:\/\/cannexus.ceric.ca\/wp-content\/uploads\/2024\/10\/Career-Certification-logo-1536x466.png 1536w, https:\/\/cannexus.ceric.ca\/wp-content\/uploads\/2024\/10\/Career-Certification-logo.png 1564w\" sizes=\"(max-width: 300px) 100vw, 300px\" \/>\t\t\t\t\t\t\t\t<\/a>\n\t\t\t\t\t\t\t\t\t\t\t\t\t\t\t<\/div>\n\t\t\t\t<\/div>\n\t\t\t\t\t<\/div>\n\t\t<\/div>\n\t\t\t\t<div class=\"elementor-column elementor-col-66 elementor-inner-column elementor-element elementor-element-c75f721\" data-id=\"c75f721\" data-element_type=\"column\" data-e-type=\"column\">\n\t\t\t<div class=\"elementor-widget-wrap elementor-element-populated\">\n\t\t\t\t\t\t<div class=\"elementor-element elementor-element-552e3c5 elementor-widget elementor-widget-text-editor\" data-id=\"552e3c5\" data-element_type=\"widget\" data-e-type=\"widget\" data-settings=\"{&quot;ekit_we_effect_on&quot;:&quot;none&quot;}\" data-widget_type=\"text-editor.default\">\n\t\t\t\t<div class=\"elementor-widget-container\">\n\t\t\t\t\t\t\t\t\t<p><a href=\"https:\/\/careercertification.ca\/\" target=\"_blank\" rel=\"noopener\"><strong>Certification en Carri\u00e8re<\/strong><\/a> est un organisme d\u2019\u00e9valuation reconnu qui offre le programme national de certification en d\u00e9veloppement de carri\u00e8re. Ce programme utilise un mod\u00e8le de reconnaissance des acquis valid\u00e9 et bas\u00e9 sur les comp\u00e9tences pour \u00e9valuer les candidats. Tous les participants suivent le m\u00eame processus normalis\u00e9 utilisant des outils d\u2019\u00e9valuation \u00e9prouv\u00e9s pour assurer l\u2019\u00e9quit\u00e9 et la pr\u00e9cision de la reconnaissance des acquis. Les candidats qui satisfont aux exigences de base obtiennent ensuite le titre PCDC (praticien certifi\u00e9 en d\u00e9veloppement de carri\u00e8re), qui est une marque d\u00e9pos\u00e9e.<\/p>\t\t\t\t\t\t\t\t<\/div>\n\t\t\t\t<\/div>\n\t\t\t\t\t<\/div>\n\t\t<\/div>\n\t\t\t\t\t<\/div>\n\t\t<\/section>\n\t\t\t\t<section class=\"elementor-section elementor-inner-section elementor-element elementor-element-91df263 elementor-section-boxed elementor-section-height-default elementor-section-height-default\" data-id=\"91df263\" data-element_type=\"section\" data-e-type=\"section\">\n\t\t\t\t\t\t<div class=\"elementor-container elementor-column-gap-default\">\n\t\t\t\t\t<div class=\"elementor-column elementor-col-33 elementor-inner-column elementor-element elementor-element-1252294\" data-id=\"1252294\" data-element_type=\"column\" data-e-type=\"column\">\n\t\t\t<div class=\"elementor-widget-wrap elementor-element-populated\">\n\t\t\t\t\t\t<div class=\"elementor-element elementor-element-4ca0059 elementor-widget elementor-widget-image\" data-id=\"4ca0059\" data-element_type=\"widget\" data-e-type=\"widget\" data-settings=\"{&quot;ekit_we_effect_on&quot;:&quot;none&quot;}\" data-widget_type=\"image.default\">\n\t\t\t\t<div class=\"elementor-widget-container\">\n\t\t\t\t\t\t\t\t\t\t\t\t\t\t\t\t<a href=\"https:\/\/cdpc-cedc.ca\/fr\/\" target=\"_blank\">\n\t\t\t\t\t\t\t<img loading=\"lazy\" decoding=\"async\" width=\"300\" height=\"157\" src=\"https:\/\/cannexus.ceric.ca\/wp-content\/uploads\/2024\/10\/CDPC_CEDC_Logo_No_Tag_300px-300x157.png\" class=\"attachment-medium size-medium wp-image-26134\" alt=\"\" srcset=\"https:\/\/cannexus.ceric.ca\/wp-content\/uploads\/2024\/10\/CDPC_CEDC_Logo_No_Tag_300px-300x157.png 300w, https:\/\/cannexus.ceric.ca\/wp-content\/uploads\/2024\/10\/CDPC_CEDC_Logo_No_Tag_300px.png 575w\" sizes=\"(max-width: 300px) 100vw, 300px\" \/>\t\t\t\t\t\t\t\t<\/a>\n\t\t\t\t\t\t\t\t\t\t\t\t\t\t\t<\/div>\n\t\t\t\t<\/div>\n\t\t\t\t\t<\/div>\n\t\t<\/div>\n\t\t\t\t<div class=\"elementor-column elementor-col-66 elementor-inner-column elementor-element elementor-element-2ebaf4e\" data-id=\"2ebaf4e\" data-element_type=\"column\" data-e-type=\"column\">\n\t\t\t<div class=\"elementor-widget-wrap elementor-element-populated\">\n\t\t\t\t\t\t<div class=\"elementor-element elementor-element-2e513c9 elementor-widget elementor-widget-text-editor\" data-id=\"2e513c9\" data-element_type=\"widget\" data-e-type=\"widget\" data-settings=\"{&quot;ekit_we_effect_on&quot;:&quot;none&quot;}\" data-widget_type=\"text-editor.default\">\n\t\t\t\t<div class=\"elementor-widget-container\">\n\t\t\t\t\t\t\t\t\t<p>Le <a href=\"https:\/\/cdpc-cedc.ca\/fr\/\" target=\"_blank\" rel=\"noopener\"><strong>Centre d\u2019expertise en d\u00e9veloppement de carri\u00e8re<\/strong><\/a> a pour mission de soutenir les membres de la profession du d\u00e9veloppement de carri\u00e8re. \u00c9tablissement de r\u00e9f\u00e9rence pour les normes professionnelles et le Code d\u2019\u00e9thique du secteur, il fournit une formation de base sur l\u2019art et la science qu\u2019est la prestation de services de d\u00e9veloppement de carri\u00e8re de qualit\u00e9, favorise les liens et les \u00e9changes gr\u00e2ce \u00e0 sa communaut\u00e9 professionnelle, et fait progresser les politiques et les pratiques fond\u00e9es sur des donn\u00e9es probantes pour \u00e9tendre la port\u00e9e et l\u2019influence de notre domaine.<\/p>\t\t\t\t\t\t\t\t<\/div>\n\t\t\t\t<\/div>\n\t\t\t\t\t<\/div>\n\t\t<\/div>\n\t\t\t\t\t<\/div>\n\t\t<\/section>\n\t\t\t\t<section class=\"elementor-section elementor-inner-section elementor-element elementor-element-5774b13 elementor-section-boxed elementor-section-height-default elementor-section-height-default\" data-id=\"5774b13\" data-element_type=\"section\" data-e-type=\"section\">\n\t\t\t\t\t\t<div class=\"elementor-container elementor-column-gap-default\">\n\t\t\t\t\t<div class=\"elementor-column elementor-col-33 elementor-inner-column elementor-element elementor-element-77569f9\" data-id=\"77569f9\" data-element_type=\"column\" data-e-type=\"column\">\n\t\t\t<div class=\"elementor-widget-wrap elementor-element-populated\">\n\t\t\t\t\t\t<div class=\"elementor-element elementor-element-00bb484 elementor-widget elementor-widget-image\" data-id=\"00bb484\" data-element_type=\"widget\" data-e-type=\"widget\" data-settings=\"{&quot;ekit_we_effect_on&quot;:&quot;none&quot;}\" data-widget_type=\"image.default\">\n\t\t\t\t<div class=\"elementor-widget-container\">\n\t\t\t\t\t\t\t\t\t\t\t\t\t\t\t\t<a href=\"http:\/\/www.cmvf3c.ca\" target=\"_blank\">\n\t\t\t\t\t\t\t<img loading=\"lazy\" decoding=\"async\" width=\"300\" height=\"160\" src=\"https:\/\/cannexus.ceric.ca\/wp-content\/uploads\/2024\/10\/CMVF3C.png\" class=\"attachment-medium size-medium wp-image-26100\" alt=\"\" \/>\t\t\t\t\t\t\t\t<\/a>\n\t\t\t\t\t\t\t\t\t\t\t\t\t\t\t<\/div>\n\t\t\t\t<\/div>\n\t\t\t\t\t<\/div>\n\t\t<\/div>\n\t\t\t\t<div class=\"elementor-column elementor-col-66 elementor-inner-column elementor-element elementor-element-93010fc\" data-id=\"93010fc\" data-element_type=\"column\" data-e-type=\"column\">\n\t\t\t<div class=\"elementor-widget-wrap elementor-element-populated\">\n\t\t\t\t\t\t<div class=\"elementor-element elementor-element-f4fae6c elementor-widget elementor-widget-text-editor\" data-id=\"f4fae6c\" data-element_type=\"widget\" data-e-type=\"widget\" data-settings=\"{&quot;ekit_we_effect_on&quot;:&quot;none&quot;}\" data-widget_type=\"text-editor.default\">\n\t\t\t\t<div class=\"elementor-widget-container\">\n\t\t\t\t\t\t\t\t\t<p>Le <a href=\"http:\/\/www.cmvf3c.ca\" target=\"_blank\" rel=\"noopener\"><strong>Consortium des campus connect\u00e9s pour les militaires, les v\u00e9t\u00e9rans et leur famille du Canada<\/strong><\/a> (CCCMVFC) est une coalition de repr\u00e9sentants d\u2019\u00e9tablissements d\u2019enseignement postsecondaires (EEPS), des Forces arm\u00e9es canadiennes (FAC), d\u2019Anciens Combattants Canada (ACC) et de partenaires associ\u00e9s, qui donne aux EEPS les moyens de faciliter la r\u00e9ussite scolaire des militaires, des anciens combattants et de leur famille, et de faire de l\u2019enseignement postsecondaire un outil essentiel pour le bien public.<\/p>\t\t\t\t\t\t\t\t<\/div>\n\t\t\t\t<\/div>\n\t\t\t\t\t<\/div>\n\t\t<\/div>\n\t\t\t\t\t<\/div>\n\t\t<\/section>\n\t\t\t\t<section class=\"elementor-section elementor-inner-section elementor-element elementor-element-0bfba25 elementor-section-boxed elementor-section-height-default elementor-section-height-default\" data-id=\"0bfba25\" data-element_type=\"section\" data-e-type=\"section\">\n\t\t\t\t\t\t<div class=\"elementor-container elementor-column-gap-default\">\n\t\t\t\t\t<div class=\"elementor-column elementor-col-33 elementor-inner-column elementor-element elementor-element-9560807\" data-id=\"9560807\" data-element_type=\"column\" data-e-type=\"column\">\n\t\t\t<div class=\"elementor-widget-wrap elementor-element-populated\">\n\t\t\t\t\t\t<div class=\"elementor-element elementor-element-51c2d19 elementor-widget elementor-widget-image\" data-id=\"51c2d19\" data-element_type=\"widget\" data-e-type=\"widget\" data-settings=\"{&quot;ekit_we_effect_on&quot;:&quot;none&quot;}\" data-widget_type=\"image.default\">\n\t\t\t\t<div class=\"elementor-widget-container\">\n\t\t\t\t\t\t\t\t\t\t\t\t\t\t\t\t<a href=\"https:\/\/fsc-ccf.ca\/fr\/\" target=\"_blank\">\n\t\t\t\t\t\t\t<img loading=\"lazy\" decoding=\"async\" width=\"300\" height=\"177\" src=\"https:\/\/cannexus.ceric.ca\/wp-content\/uploads\/2022\/10\/FutureSkills.png\" class=\"attachment-medium size-medium wp-image-16760\" alt=\"\" \/>\t\t\t\t\t\t\t\t<\/a>\n\t\t\t\t\t\t\t\t\t\t\t\t\t\t\t<\/div>\n\t\t\t\t<\/div>\n\t\t\t\t\t<\/div>\n\t\t<\/div>\n\t\t\t\t<div class=\"elementor-column elementor-col-66 elementor-inner-column elementor-element elementor-element-9a85dab\" data-id=\"9a85dab\" data-element_type=\"column\" data-e-type=\"column\">\n\t\t\t<div class=\"elementor-widget-wrap elementor-element-populated\">\n\t\t\t\t\t\t<div class=\"elementor-element elementor-element-2e2a69c elementor-widget elementor-widget-text-editor\" data-id=\"2e2a69c\" data-element_type=\"widget\" data-e-type=\"widget\" data-settings=\"{&quot;ekit_we_effect_on&quot;:&quot;none&quot;}\" data-widget_type=\"text-editor.default\">\n\t\t\t\t<div class=\"elementor-widget-container\">\n\t\t\t\t\t\t\t\t\t<p>Le <a href=\"https:\/\/fsc-ccf.ca\/fr\/\" target=\"_blank\" rel=\"noopener\"><strong>Centre des Comp\u00e9tences futures (CCF)<\/strong><\/a> est un centre de recherche et de collaboration avant-gardiste qui se consacre \u00e0 l\u2019innovation dans le domaine du d\u00e9veloppement des comp\u00e9tences afin que toutes les personnes au Canada soient pr\u00eates pour l\u2019avenir du travail. Nous travaillons en partenariat avec des personnes charg\u00e9es de l\u2019\u00e9laboration des politiques, des personnes charg\u00e9es de la recherche, des sp\u00e9cialistes, des employeurs et des travailleuses et travailleurs, ainsi qu\u2019avec des \u00e9tablissements d\u2019enseignement postsecondaire, afin de r\u00e9soudre les probl\u00e8mes urgents du march\u00e9 du travail et de veiller \u00e0 ce que chacun puisse b\u00e9n\u00e9ficier de possibilit\u00e9s pertinentes d\u2019apprentissage tout au long de la vie. Nous sommes fond\u00e9s par un consortium dont les membres sont l\u2019Universit\u00e9 m\u00e9tropolitaine de Toronto, Blueprint et le Conference Board of Canada, et nous sommes financ\u00e9s par le Programme du Centre des comp\u00e9tences du gouvernement du Canada.<\/p>\t\t\t\t\t\t\t\t<\/div>\n\t\t\t\t<\/div>\n\t\t\t\t\t<\/div>\n\t\t<\/div>\n\t\t\t\t\t<\/div>\n\t\t<\/section>\n\t\t\t\t<section class=\"elementor-section elementor-inner-section elementor-element elementor-element-976ea44 elementor-section-boxed elementor-section-height-default elementor-section-height-default\" data-id=\"976ea44\" data-element_type=\"section\" data-e-type=\"section\">\n\t\t\t\t\t\t<div class=\"elementor-container elementor-column-gap-default\">\n\t\t\t\t\t<div class=\"elementor-column elementor-col-33 elementor-inner-column elementor-element elementor-element-a7fe11a\" data-id=\"a7fe11a\" data-element_type=\"column\" data-e-type=\"column\">\n\t\t\t<div class=\"elementor-widget-wrap elementor-element-populated\">\n\t\t\t\t\t\t<div class=\"elementor-element elementor-element-ca8ab3f elementor-widget elementor-widget-image\" data-id=\"ca8ab3f\" data-element_type=\"widget\" data-e-type=\"widget\" data-settings=\"{&quot;ekit_we_effect_on&quot;:&quot;none&quot;}\" data-widget_type=\"image.default\">\n\t\t\t\t<div class=\"elementor-widget-container\">\n\t\t\t\t\t\t\t\t\t\t\t\t\t\t\t\t<a href=\"https:\/\/chatterhigh.com\/fr\" target=\"_blank\">\n\t\t\t\t\t\t\t<img loading=\"lazy\" decoding=\"async\" width=\"150\" height=\"150\" src=\"https:\/\/cannexus.ceric.ca\/wp-content\/uploads\/2024\/01\/chatterhigh-square-150x150.jpg\" class=\"attachment-thumbnail size-thumbnail wp-image-22736\" alt=\"\" srcset=\"https:\/\/cannexus.ceric.ca\/wp-content\/uploads\/2024\/01\/chatterhigh-square-150x150.jpg 150w, https:\/\/cannexus.ceric.ca\/wp-content\/uploads\/2024\/01\/chatterhigh-square.jpg 204w\" sizes=\"(max-width: 150px) 100vw, 150px\" \/>\t\t\t\t\t\t\t\t<\/a>\n\t\t\t\t\t\t\t\t\t\t\t\t\t\t\t<\/div>\n\t\t\t\t<\/div>\n\t\t\t\t\t<\/div>\n\t\t<\/div>\n\t\t\t\t<div class=\"elementor-column elementor-col-66 elementor-inner-column elementor-element elementor-element-4e424c4\" data-id=\"4e424c4\" data-element_type=\"column\" data-e-type=\"column\">\n\t\t\t<div class=\"elementor-widget-wrap elementor-element-populated\">\n\t\t\t\t\t\t<div class=\"elementor-element elementor-element-62b643c elementor-widget elementor-widget-text-editor\" data-id=\"62b643c\" data-element_type=\"widget\" data-e-type=\"widget\" data-settings=\"{&quot;ekit_we_effect_on&quot;:&quot;none&quot;}\" data-widget_type=\"text-editor.default\">\n\t\t\t\t<div class=\"elementor-widget-container\">\n\t\t\t\t\t\t\t\t\t<p><a href=\"https:\/\/chatterhigh.com\/fr\" target=\"_blank\" rel=\"noopener\"><strong>ChatterHigh <\/strong><\/a>: Activit\u00e9s en ligne pr\u00eates \u00e0 l\u2019emploi pour les \u00e9l\u00e8ves de la 6e \u00e0 la 12e ann\u00e9e. Exemples : questionnaire sur l\u2019exploration de carri\u00e8re intelligente, sant\u00e9 mentale et mieux-\u00eatre, et cours du gouvernement du Canada, \u00ab Comprendre vos imp\u00f4ts \u00bb, \u00ab Money Management &amp; Budgeting \u00bb (en anglais seulement) et \u00ab Insurance Literacy and Me \u00bb (en anglais seulement). Les \u00e9coles et les \u00e9l\u00e8ves ont amass\u00e9 plus de 500 000 $ en participant \u00e0 des concours nationaux. Voyez comment participer!<\/p>\t\t\t\t\t\t\t\t<\/div>\n\t\t\t\t<\/div>\n\t\t\t\t\t<\/div>\n\t\t<\/div>\n\t\t\t\t\t<\/div>\n\t\t<\/section>\n\t\t\t\t<section class=\"elementor-section elementor-inner-section elementor-element elementor-element-271aa33 elementor-section-boxed elementor-section-height-default elementor-section-height-default\" data-id=\"271aa33\" data-element_type=\"section\" data-e-type=\"section\">\n\t\t\t\t\t\t<div class=\"elementor-container elementor-column-gap-default\">\n\t\t\t\t\t<div class=\"elementor-column elementor-col-33 elementor-inner-column elementor-element elementor-element-33525f0\" data-id=\"33525f0\" data-element_type=\"column\" data-e-type=\"column\">\n\t\t\t<div class=\"elementor-widget-wrap elementor-element-populated\">\n\t\t\t\t\t\t<div class=\"elementor-element elementor-element-5822700 elementor-widget elementor-widget-image\" data-id=\"5822700\" data-element_type=\"widget\" data-e-type=\"widget\" data-settings=\"{&quot;ekit_we_effect_on&quot;:&quot;none&quot;}\" data-widget_type=\"image.default\">\n\t\t\t\t<div class=\"elementor-widget-container\">\n\t\t\t\t\t\t\t\t\t\t\t\t\t\t\t\t<a href=\"https:\/\/clsr.ca\" target=\"_blank\">\n\t\t\t\t\t\t\t<img loading=\"lazy\" decoding=\"async\" width=\"300\" height=\"160\" src=\"https:\/\/cannexus.ceric.ca\/wp-content\/uploads\/2023\/12\/CLSR-1.png\" class=\"attachment-medium size-medium wp-image-22503\" alt=\"\" \/>\t\t\t\t\t\t\t\t<\/a>\n\t\t\t\t\t\t\t\t\t\t\t\t\t\t\t<\/div>\n\t\t\t\t<\/div>\n\t\t\t\t\t<\/div>\n\t\t<\/div>\n\t\t\t\t<div class=\"elementor-column elementor-col-66 elementor-inner-column elementor-element elementor-element-d83f3af\" data-id=\"d83f3af\" data-element_type=\"column\" data-e-type=\"column\">\n\t\t\t<div class=\"elementor-widget-wrap elementor-element-populated\">\n\t\t\t\t\t\t<div class=\"elementor-element elementor-element-2fb718c elementor-widget elementor-widget-text-editor\" data-id=\"2fb718c\" data-element_type=\"widget\" data-e-type=\"widget\" data-settings=\"{&quot;ekit_we_effect_on&quot;:&quot;none&quot;}\" data-widget_type=\"text-editor.default\">\n\t\t\t\t<div class=\"elementor-widget-container\">\n\t\t\t\t\t\t\t\t\t<p>Depuis 1998, <a href=\"https:\/\/www.clsr.ca\/\" target=\"_blank\" rel=\"noopener\"><strong>CLSR Inc.<\/strong><\/a> se consacre \u00e0 l\u2019am\u00e9lioration des secteurs du d\u00e9veloppement de carri\u00e8re et des services sociaux au Canada. Nos \u00e9valuations pratiques de la personnalit\u00e9 et de la carri\u00e8re, ainsi qu\u2019une gamme d\u2019outils essentiels, permettent aux professionnels de r\u00e9ussir dans les domaines du d\u00e9veloppement de carri\u00e8re et des services sociaux au Canada.<\/p>\t\t\t\t\t\t\t\t<\/div>\n\t\t\t\t<\/div>\n\t\t\t\t\t<\/div>\n\t\t<\/div>\n\t\t\t\t\t<\/div>\n\t\t<\/section>\n\t\t\t\t<section class=\"elementor-section elementor-inner-section elementor-element elementor-element-9561017 elementor-section-boxed elementor-section-height-default elementor-section-height-default\" data-id=\"9561017\" data-element_type=\"section\" data-e-type=\"section\">\n\t\t\t\t\t\t<div class=\"elementor-container elementor-column-gap-default\">\n\t\t\t\t\t<div class=\"elementor-column elementor-col-33 elementor-inner-column elementor-element elementor-element-8ef13c2\" data-id=\"8ef13c2\" data-element_type=\"column\" data-e-type=\"column\">\n\t\t\t<div class=\"elementor-widget-wrap elementor-element-populated\">\n\t\t\t\t\t\t<div class=\"elementor-element elementor-element-8c74b0a elementor-widget elementor-widget-image\" data-id=\"8c74b0a\" data-element_type=\"widget\" data-e-type=\"widget\" data-settings=\"{&quot;ekit_we_effect_on&quot;:&quot;none&quot;}\" data-widget_type=\"image.default\">\n\t\t\t\t<div class=\"elementor-widget-container\">\n\t\t\t\t\t\t\t\t\t\t\t\t\t\t\t\t<a href=\"http:\/\/comptia.org\" target=\"_blank\">\n\t\t\t\t\t\t\t<img loading=\"lazy\" decoding=\"async\" width=\"300\" height=\"160\" src=\"https:\/\/cannexus.ceric.ca\/wp-content\/uploads\/2023\/12\/Comptia.png\" class=\"attachment-medium size-medium wp-image-22508\" alt=\"\" \/>\t\t\t\t\t\t\t\t<\/a>\n\t\t\t\t\t\t\t\t\t\t\t\t\t\t\t<\/div>\n\t\t\t\t<\/div>\n\t\t\t\t\t<\/div>\n\t\t<\/div>\n\t\t\t\t<div class=\"elementor-column elementor-col-66 elementor-inner-column elementor-element elementor-element-3e1b1b7\" data-id=\"3e1b1b7\" data-element_type=\"column\" data-e-type=\"column\">\n\t\t\t<div class=\"elementor-widget-wrap elementor-element-populated\">\n\t\t\t\t\t\t<div class=\"elementor-element elementor-element-a199512 elementor-widget elementor-widget-text-editor\" data-id=\"a199512\" data-element_type=\"widget\" data-e-type=\"widget\" data-settings=\"{&quot;ekit_we_effect_on&quot;:&quot;none&quot;}\" data-widget_type=\"text-editor.default\">\n\t\t\t\t<div class=\"elementor-widget-container\">\n\t\t\t\t\t\t\t\t\t<p><strong><a href=\"http:\/\/comptia.org\" target=\"_blank\" rel=\"noopener\">CompTIA <\/a><\/strong>est la voix et le d\u00e9fenseur de l\u2019\u00e9cosyst\u00e8me mondial des TI et des quelque 75 millions de professionnels de l\u2019industrie et de la technologie qui con\u00e7oivent, mettent en \u0153uvre, g\u00e8rent et prot\u00e8gent l\u2019\u00e9conomie technologique mondiale. Par l\u2019\u00e9ducation, la formation, les certifications, la philanthropie et la recherche, CompTIA est la plaque tournante de l\u2019industrie technologique et de la main-d\u2019\u0153uvre.<\/p>\t\t\t\t\t\t\t\t<\/div>\n\t\t\t\t<\/div>\n\t\t\t\t\t<\/div>\n\t\t<\/div>\n\t\t\t\t\t<\/div>\n\t\t<\/section>\n\t\t\t\t<section class=\"elementor-section elementor-inner-section elementor-element elementor-element-4e0c740 elementor-section-boxed elementor-section-height-default elementor-section-height-default\" data-id=\"4e0c740\" data-element_type=\"section\" data-e-type=\"section\">\n\t\t\t\t\t\t<div class=\"elementor-container elementor-column-gap-default\">\n\t\t\t\t\t<div class=\"elementor-column elementor-col-33 elementor-inner-column elementor-element elementor-element-97fd860\" data-id=\"97fd860\" data-element_type=\"column\" data-e-type=\"column\">\n\t\t\t<div class=\"elementor-widget-wrap elementor-element-populated\">\n\t\t\t\t\t\t<div class=\"elementor-element elementor-element-0f0187a elementor-widget elementor-widget-image\" data-id=\"0f0187a\" data-element_type=\"widget\" data-e-type=\"widget\" data-settings=\"{&quot;ekit_we_effect_on&quot;:&quot;none&quot;}\" data-widget_type=\"image.default\">\n\t\t\t\t<div class=\"elementor-widget-container\">\n\t\t\t\t\t\t\t\t\t\t\t\t\t\t\t\t<a href=\"https:\/\/doubleknot.works\/\" target=\"_blank\">\n\t\t\t\t\t\t\t<img loading=\"lazy\" decoding=\"async\" width=\"300\" height=\"45\" src=\"https:\/\/cannexus.ceric.ca\/wp-content\/uploads\/2024\/10\/doubleknot-logo-300x45.png\" class=\"attachment-medium size-medium wp-image-26104\" alt=\"\" srcset=\"https:\/\/cannexus.ceric.ca\/wp-content\/uploads\/2024\/10\/doubleknot-logo-300x45.png 300w, https:\/\/cannexus.ceric.ca\/wp-content\/uploads\/2024\/10\/doubleknot-logo.png 384w\" sizes=\"(max-width: 300px) 100vw, 300px\" \/>\t\t\t\t\t\t\t\t<\/a>\n\t\t\t\t\t\t\t\t\t\t\t\t\t\t\t<\/div>\n\t\t\t\t<\/div>\n\t\t\t\t\t<\/div>\n\t\t<\/div>\n\t\t\t\t<div class=\"elementor-column elementor-col-66 elementor-inner-column elementor-element elementor-element-19940d0\" data-id=\"19940d0\" data-element_type=\"column\" data-e-type=\"column\">\n\t\t\t<div class=\"elementor-widget-wrap elementor-element-populated\">\n\t\t\t\t\t\t<div class=\"elementor-element elementor-element-910b210 elementor-widget elementor-widget-text-editor\" data-id=\"910b210\" data-element_type=\"widget\" data-e-type=\"widget\" data-settings=\"{&quot;ekit_we_effect_on&quot;:&quot;none&quot;}\" data-widget_type=\"text-editor.default\">\n\t\t\t\t<div class=\"elementor-widget-container\">\n\t\t\t\t\t\t\t\t\t<p><a href=\"https:\/\/doubleknot.works\/\" target=\"_blank\" rel=\"noopener\"><strong>Doubleknot Works<\/strong><\/a> : Andrea Fruhling et Norm Amundson, PhD, aident les professionnels du d\u00e9veloppement de carri\u00e8re \u00e0 accro\u00eetre leur influence gr\u00e2ce \u00e0 des possibilit\u00e9s d\u2019apprentissage pratique et des ressources ax\u00e9es sur l\u2019espoir, l\u2019engagement actif et la cr\u00e9ativit\u00e9. Visitez le kiosque de Doubleknot pour les saluer et acheter leurs ressources, notamment leur dernier livre, Career Wayfinder: Discovering your career through delightfully practical projects.(en anglais seulement).<\/p>\t\t\t\t\t\t\t\t<\/div>\n\t\t\t\t<\/div>\n\t\t\t\t\t<\/div>\n\t\t<\/div>\n\t\t\t\t\t<\/div>\n\t\t<\/section>\n\t\t\t\t<section class=\"elementor-section elementor-inner-section elementor-element elementor-element-87e730f elementor-section-boxed elementor-section-height-default elementor-section-height-default\" data-id=\"87e730f\" data-element_type=\"section\" data-e-type=\"section\">\n\t\t\t\t\t\t<div class=\"elementor-container elementor-column-gap-default\">\n\t\t\t\t\t<div class=\"elementor-column elementor-col-33 elementor-inner-column elementor-element elementor-element-089b89a\" data-id=\"089b89a\" data-element_type=\"column\" data-e-type=\"column\">\n\t\t\t<div class=\"elementor-widget-wrap elementor-element-populated\">\n\t\t\t\t\t\t<div class=\"elementor-element elementor-element-94288e3 elementor-widget elementor-widget-image\" data-id=\"94288e3\" data-element_type=\"widget\" data-e-type=\"widget\" data-settings=\"{&quot;ekit_we_effect_on&quot;:&quot;none&quot;}\" data-widget_type=\"image.default\">\n\t\t\t\t<div class=\"elementor-widget-container\">\n\t\t\t\t\t\t\t\t\t\t\t\t\t\t\t\t<a href=\"https:\/\/www.douglascollege.ca\/programs-courses\/continuing-education\/child-family-community\/career-development-0\" target=\"_blank\">\n\t\t\t\t\t\t\t<img loading=\"lazy\" decoding=\"async\" width=\"300\" height=\"177\" src=\"https:\/\/cannexus.ceric.ca\/wp-content\/uploads\/2022\/10\/douglas.png\" class=\"attachment-medium size-medium wp-image-16734\" alt=\"\" \/>\t\t\t\t\t\t\t\t<\/a>\n\t\t\t\t\t\t\t\t\t\t\t\t\t\t\t<\/div>\n\t\t\t\t<\/div>\n\t\t\t\t\t<\/div>\n\t\t<\/div>\n\t\t\t\t<div class=\"elementor-column elementor-col-66 elementor-inner-column elementor-element elementor-element-d045c09\" data-id=\"d045c09\" data-element_type=\"column\" data-e-type=\"column\">\n\t\t\t<div class=\"elementor-widget-wrap elementor-element-populated\">\n\t\t\t\t\t\t<div class=\"elementor-element elementor-element-74e7466 elementor-widget elementor-widget-text-editor\" data-id=\"74e7466\" data-element_type=\"widget\" data-e-type=\"widget\" data-settings=\"{&quot;ekit_we_effect_on&quot;:&quot;none&quot;}\" data-widget_type=\"text-editor.default\">\n\t\t\t\t<div class=\"elementor-widget-container\">\n\t\t\t\t\t\t\t\t\t<p>Le <a href=\"https:\/\/www.douglascollege.ca\/programs-courses\/continuing-education\/child-family-community\/career-development-0\" target=\"_blank\" rel=\"noopener\"><strong>Coll\u00e8ge\u202fDouglas<\/strong><\/a> offre aux professionnels du d\u00e9veloppement de carri\u00e8re une formation de pointe \u00e0 titre de facilitateurs de comp\u00e9tences essentielles et de professionnels du d\u00e9veloppement de carri\u00e8re. Nous sommes des chefs de file reconnus en mati\u00e8re de formation des Autochtones et de formation tenant compte des traumatismes, dans la collectivit\u00e9 et en ligne, pour les professionnels du d\u00e9veloppement de carri\u00e8re. Communiquez avec nous pour cr\u00e9er une formation sur mesure pour votre organisation, et choisissez un format enti\u00e8rement en ligne, virtuel hybride ou en pr\u00e9sentiel, o\u00f9 que vous soyez au Canada.<\/p>\t\t\t\t\t\t\t\t<\/div>\n\t\t\t\t<\/div>\n\t\t\t\t\t<\/div>\n\t\t<\/div>\n\t\t\t\t\t<\/div>\n\t\t<\/section>\n\t\t\t\t<section class=\"elementor-section elementor-inner-section elementor-element elementor-element-767e2e5 elementor-section-boxed elementor-section-height-default elementor-section-height-default\" data-id=\"767e2e5\" data-element_type=\"section\" data-e-type=\"section\">\n\t\t\t\t\t\t<div class=\"elementor-container elementor-column-gap-default\">\n\t\t\t\t\t<div class=\"elementor-column elementor-col-33 elementor-inner-column elementor-element elementor-element-aae20d7\" data-id=\"aae20d7\" data-element_type=\"column\" data-e-type=\"column\">\n\t\t\t<div class=\"elementor-widget-wrap elementor-element-populated\">\n\t\t\t\t\t\t<div class=\"elementor-element elementor-element-282109e elementor-widget elementor-widget-image\" data-id=\"282109e\" data-element_type=\"widget\" data-e-type=\"widget\" data-settings=\"{&quot;ekit_we_effect_on&quot;:&quot;none&quot;}\" data-widget_type=\"image.default\">\n\t\t\t\t<div class=\"elementor-widget-container\">\n\t\t\t\t\t\t\t\t\t\t\t\t\t\t\t\t<a href=\"https:\/\/eco.ca\/accueil\/\" target=\"_blank\">\n\t\t\t\t\t\t\t<img loading=\"lazy\" decoding=\"async\" width=\"300\" height=\"135\" src=\"https:\/\/cannexus.ceric.ca\/wp-content\/uploads\/2024\/12\/ECO-Logo-300x135.png\" class=\"attachment-medium size-medium wp-image-26531\" alt=\"\" srcset=\"https:\/\/cannexus.ceric.ca\/wp-content\/uploads\/2024\/12\/ECO-Logo-300x135.png 300w, https:\/\/cannexus.ceric.ca\/wp-content\/uploads\/2024\/12\/ECO-Logo.png 471w\" sizes=\"(max-width: 300px) 100vw, 300px\" \/>\t\t\t\t\t\t\t\t<\/a>\n\t\t\t\t\t\t\t\t\t\t\t\t\t\t\t<\/div>\n\t\t\t\t<\/div>\n\t\t\t\t\t<\/div>\n\t\t<\/div>\n\t\t\t\t<div class=\"elementor-column elementor-col-66 elementor-inner-column elementor-element elementor-element-2cbb1b5\" data-id=\"2cbb1b5\" data-element_type=\"column\" data-e-type=\"column\">\n\t\t\t<div class=\"elementor-widget-wrap elementor-element-populated\">\n\t\t\t\t\t\t<div class=\"elementor-element elementor-element-bd27957 elementor-widget elementor-widget-text-editor\" data-id=\"bd27957\" data-element_type=\"widget\" data-e-type=\"widget\" data-settings=\"{&quot;ekit_we_effect_on&quot;:&quot;none&quot;}\" data-widget_type=\"text-editor.default\">\n\t\t\t\t<div class=\"elementor-widget-container\">\n\t\t\t\t\t\t\t\t\t<p><a href=\"https:\/\/eco.ca\/accueil\/\" target=\"_blank\" rel=\"noopener\"><strong>ECO Canada<\/strong><\/a> sert les int\u00e9r\u00eats de la main-d\u2019\u0153uvre canadienne de l\u2019environnement dans tous les secteurs d\u2019activit\u00e9. Cr\u00e9ation d\u2019emplois, financement des salaires, formation et \u00e9tudes sur le march\u00e9 du travail : nous soutenons l\u2019ensemble des professionnels de l\u2019environnement \u00e0 toutes les \u00e9tapes de leur carri\u00e8re. Notre objectif est de promouvoir et de stimuler une croissance \u00e9conomique responsable et durable, tout en veillant \u00e0 ce que la protection de l\u2019environnement et les pratiques exemplaires soient une priorit\u00e9. Nous soutenons la main-d\u2019\u0153uvre de l\u2019environnement d\u2019un oc\u00e9an \u00e0 l\u2019autre. Nos services touchent tous les points de contact au sein de la main-d\u2019\u0153uvre de l\u2019environnement, du d\u00e9veloppement de l\u2019\u00e9ducation \u00e0 la certification, en passant par la formation aux comp\u00e9tences non techniques. Nous sommes au service de nos membres pour leur permettre de b\u00e2tir et de faire \u00e9voluer leur carri\u00e8re.<\/p>\t\t\t\t\t\t\t\t<\/div>\n\t\t\t\t<\/div>\n\t\t\t\t\t<\/div>\n\t\t<\/div>\n\t\t\t\t\t<\/div>\n\t\t<\/section>\n\t\t\t\t<section class=\"elementor-section elementor-inner-section elementor-element elementor-element-0579cc1 elementor-section-boxed elementor-section-height-default elementor-section-height-default\" data-id=\"0579cc1\" data-element_type=\"section\" data-e-type=\"section\">\n\t\t\t\t\t\t<div class=\"elementor-container elementor-column-gap-default\">\n\t\t\t\t\t<div class=\"elementor-column elementor-col-33 elementor-inner-column elementor-element elementor-element-b2edff5\" data-id=\"b2edff5\" data-element_type=\"column\" data-e-type=\"column\">\n\t\t\t<div class=\"elementor-widget-wrap elementor-element-populated\">\n\t\t\t\t\t\t<div class=\"elementor-element elementor-element-bba59e1 elementor-widget elementor-widget-image\" data-id=\"bba59e1\" data-element_type=\"widget\" data-e-type=\"widget\" data-settings=\"{&quot;ekit_we_effect_on&quot;:&quot;none&quot;}\" data-widget_type=\"image.default\">\n\t\t\t\t<div class=\"elementor-widget-container\">\n\t\t\t\t\t\t\t\t\t\t\t\t\t\t\t\t<a href=\"https:\/\/www.canada.ca\/en\/immigration-refugees-citizenship\/services\/work-canada\/iec.html\" target=\"_blank\">\n\t\t\t\t\t\t\t<img loading=\"lazy\" decoding=\"async\" width=\"300\" height=\"97\" src=\"https:\/\/cannexus.ceric.ca\/wp-content\/uploads\/2021\/11\/FIP_IRC-IEC-Colour-en-LR-1-300x97.png\" class=\"attachment-medium size-medium wp-image-10719\" alt=\"\" srcset=\"https:\/\/cannexus.ceric.ca\/wp-content\/uploads\/2021\/11\/FIP_IRC-IEC-Colour-en-LR-1-300x97.png 300w, https:\/\/cannexus.ceric.ca\/wp-content\/uploads\/2021\/11\/FIP_IRC-IEC-Colour-en-LR-1.png 513w\" sizes=\"(max-width: 300px) 100vw, 300px\" \/>\t\t\t\t\t\t\t\t<\/a>\n\t\t\t\t\t\t\t\t\t\t\t\t\t\t\t<\/div>\n\t\t\t\t<\/div>\n\t\t\t\t\t<\/div>\n\t\t<\/div>\n\t\t\t\t<div class=\"elementor-column elementor-col-66 elementor-inner-column elementor-element elementor-element-522110b\" data-id=\"522110b\" data-element_type=\"column\" data-e-type=\"column\">\n\t\t\t<div class=\"elementor-widget-wrap elementor-element-populated\">\n\t\t\t\t\t\t<div class=\"elementor-element elementor-element-324dc5b elementor-widget elementor-widget-text-editor\" data-id=\"324dc5b\" data-element_type=\"widget\" data-e-type=\"widget\" data-settings=\"{&quot;ekit_we_effect_on&quot;:&quot;none&quot;}\" data-widget_type=\"text-editor.default\">\n\t\t\t\t<div class=\"elementor-widget-container\">\n\t\t\t\t\t\t\t\t\t<p>Le programme <a href=\"https:\/\/ircc.canada.ca\/eic\/index.asp\" target=\"_blank\" rel=\"noopener\"><strong>Exp\u00e9rience internationale Canada (EIC)<\/strong><\/a>, du gouvernement du Canada, offre aux Canadiens \u00e2g\u00e9s de 18 \u00e0 35 ans la possibilit\u00e9 d\u2019obtenir un permis ou un visa pour travailler \u00e0 l\u2019\u00e9tranger dans plus de 35 pays et territoires pendant une p\u00e9riode pouvant aller jusqu\u2019\u00e0 deux ans. <br \/>* Des exigences propres \u00e0 chaque pays s\u2019appliquent.<\/p>\t\t\t\t\t\t\t\t<\/div>\n\t\t\t\t<\/div>\n\t\t\t\t\t<\/div>\n\t\t<\/div>\n\t\t\t\t\t<\/div>\n\t\t<\/section>\n\t\t\t\t<section class=\"elementor-section elementor-inner-section elementor-element elementor-element-588a08f elementor-section-boxed elementor-section-height-default elementor-section-height-default\" data-id=\"588a08f\" data-element_type=\"section\" data-e-type=\"section\">\n\t\t\t\t\t\t<div class=\"elementor-container elementor-column-gap-default\">\n\t\t\t\t\t<div class=\"elementor-column elementor-col-33 elementor-inner-column elementor-element elementor-element-c25ce1a\" data-id=\"c25ce1a\" data-element_type=\"column\" data-e-type=\"column\">\n\t\t\t<div class=\"elementor-widget-wrap elementor-element-populated\">\n\t\t\t\t\t\t<div class=\"elementor-element elementor-element-6c7a6de elementor-widget elementor-widget-image\" data-id=\"6c7a6de\" data-element_type=\"widget\" data-e-type=\"widget\" data-settings=\"{&quot;ekit_we_effect_on&quot;:&quot;none&quot;}\" data-widget_type=\"image.default\">\n\t\t\t\t<div class=\"elementor-widget-container\">\n\t\t\t\t\t\t\t\t\t\t\t\t\t\t\t\t<a href=\"https:\/\/ccdf.ca\/\" target=\"_blank\">\n\t\t\t\t\t\t\t<img loading=\"lazy\" decoding=\"async\" width=\"300\" height=\"177\" src=\"https:\/\/cannexus.ceric.ca\/wp-content\/uploads\/2022\/10\/CCDF.png\" class=\"attachment-medium size-medium wp-image-16945\" alt=\"\" \/>\t\t\t\t\t\t\t\t<\/a>\n\t\t\t\t\t\t\t\t\t\t\t\t\t\t\t<\/div>\n\t\t\t\t<\/div>\n\t\t\t\t\t<\/div>\n\t\t<\/div>\n\t\t\t\t<div class=\"elementor-column elementor-col-66 elementor-inner-column elementor-element elementor-element-3c2109f\" data-id=\"3c2109f\" data-element_type=\"column\" data-e-type=\"column\">\n\t\t\t<div class=\"elementor-widget-wrap elementor-element-populated\">\n\t\t\t\t\t\t<div class=\"elementor-element elementor-element-257c6c3 elementor-widget elementor-widget-text-editor\" data-id=\"257c6c3\" data-element_type=\"widget\" data-e-type=\"widget\" data-settings=\"{&quot;ekit_we_effect_on&quot;:&quot;none&quot;}\" data-widget_type=\"text-editor.default\">\n\t\t\t\t<div class=\"elementor-widget-container\">\n\t\t\t\t\t\t\t\t\t<p>Depuis plus de 40 ans, la <a href=\"https:\/\/ccdf.ca\/?lang=fr\" target=\"_blank\" rel=\"noopener\"><strong>Fondation canadienne pour le d\u00e9veloppement de carri\u00e8re<\/strong><\/a> promeut l\u2019excellence en mati\u00e8re de d\u00e9veloppement de carri\u00e8re et de main-d\u2019\u0153uvre. En favorisant l\u2019adoption de politiques et de pratiques fond\u00e9es sur des donn\u00e9es probantes, nous nous associons au secteur pour mener des recherches de pointe, \u00e9laborer des programmes, des outils et des ressources novateurs, et tirer parti du pouvoir du d\u00e9veloppement de carri\u00e8re pour b\u00e2tir de meilleures carri\u00e8res, des vies plus heureuses, des lieux de travail plus productifs et des communaut\u00e9s plus saines.<\/p>\t\t\t\t\t\t\t\t<\/div>\n\t\t\t\t<\/div>\n\t\t\t\t\t<\/div>\n\t\t<\/div>\n\t\t\t\t\t<\/div>\n\t\t<\/section>\n\t\t\t\t<section class=\"elementor-section elementor-inner-section elementor-element elementor-element-95daf31 elementor-section-boxed elementor-section-height-default elementor-section-height-default\" data-id=\"95daf31\" data-element_type=\"section\" data-e-type=\"section\">\n\t\t\t\t\t\t<div class=\"elementor-container elementor-column-gap-default\">\n\t\t\t\t\t<div class=\"elementor-column elementor-col-33 elementor-inner-column elementor-element elementor-element-8b70dec\" data-id=\"8b70dec\" data-element_type=\"column\" data-e-type=\"column\">\n\t\t\t<div class=\"elementor-widget-wrap elementor-element-populated\">\n\t\t\t\t\t\t<div class=\"elementor-element elementor-element-aa7ca96 elementor-widget elementor-widget-image\" data-id=\"aa7ca96\" data-element_type=\"widget\" data-e-type=\"widget\" data-settings=\"{&quot;ekit_we_effect_on&quot;:&quot;none&quot;}\" data-widget_type=\"image.default\">\n\t\t\t\t<div class=\"elementor-widget-container\">\n\t\t\t\t\t\t\t\t\t\t\t\t\t\t\t\t<a href=\"https:\/\/firstwork.org\/\" target=\"_blank\">\n\t\t\t\t\t\t\t<img loading=\"lazy\" decoding=\"async\" width=\"300\" height=\"77\" src=\"https:\/\/cannexus.ceric.ca\/wp-content\/uploads\/2024\/11\/FW_LOGO-1-300x77.png\" class=\"attachment-medium size-medium wp-image-26282\" alt=\"\" srcset=\"https:\/\/cannexus.ceric.ca\/wp-content\/uploads\/2024\/11\/FW_LOGO-1-300x77.png 300w, https:\/\/cannexus.ceric.ca\/wp-content\/uploads\/2024\/11\/FW_LOGO-1.png 399w\" sizes=\"(max-width: 300px) 100vw, 300px\" \/>\t\t\t\t\t\t\t\t<\/a>\n\t\t\t\t\t\t\t\t\t\t\t\t\t\t\t<\/div>\n\t\t\t\t<\/div>\n\t\t\t\t\t<\/div>\n\t\t<\/div>\n\t\t\t\t<div class=\"elementor-column elementor-col-66 elementor-inner-column elementor-element elementor-element-fcff89b\" data-id=\"fcff89b\" data-element_type=\"column\" data-e-type=\"column\">\n\t\t\t<div class=\"elementor-widget-wrap elementor-element-populated\">\n\t\t\t\t\t\t<div class=\"elementor-element elementor-element-b0117ab elementor-widget elementor-widget-text-editor\" data-id=\"b0117ab\" data-element_type=\"widget\" data-e-type=\"widget\" data-settings=\"{&quot;ekit_we_effect_on&quot;:&quot;none&quot;}\" data-widget_type=\"text-editor.default\">\n\t\t\t\t<div class=\"elementor-widget-container\">\n\t\t\t\t\t\t\t\t\t<p><strong><a href=\"https:\/\/firstwork.org\/\">First Work<\/a><\/strong>\u00a0est une association mutuelle qui rassemble les meilleurs fournisseurs de services d\u2019emploi, des dirigeants d\u2019entreprises, ainsi que des organismes universitaires et gouvernementaux d\u00e9termin\u00e9s \u00e0 promouvoir des \u00e9cosyst\u00e8mes de l\u2019emploi sains. Notre communaut\u00e9 de membres fa\u00e7onne notre travail et sert de pont pour combler le foss\u00e9 entre les demandeurs et les occasions d\u2019emploi. Notre promotion continue \u00e0 tous les niveaux du gouvernement soutient l\u2019\u00e9laboration de politiques progressives au profit de l\u2019ensemble des demandeurs d\u2019emploi et des communaut\u00e9s. Notre engagement direct aupr\u00e8s des jeunes, des nouveaux arrivants et des intervenants de premi\u00e8re ligne garantit que nos services sont pertinents, culturellement adapt\u00e9s et opportuns.<\/p>\t\t\t\t\t\t\t\t<\/div>\n\t\t\t\t<\/div>\n\t\t\t\t\t<\/div>\n\t\t<\/div>\n\t\t\t\t\t<\/div>\n\t\t<\/section>\n\t\t\t\t<section class=\"elementor-section elementor-inner-section elementor-element elementor-element-f532606 elementor-section-boxed elementor-section-height-default elementor-section-height-default\" data-id=\"f532606\" data-element_type=\"section\" data-e-type=\"section\">\n\t\t\t\t\t\t<div class=\"elementor-container elementor-column-gap-default\">\n\t\t\t\t\t<div class=\"elementor-column elementor-col-33 elementor-inner-column elementor-element elementor-element-715f281\" data-id=\"715f281\" data-element_type=\"column\" data-e-type=\"column\">\n\t\t\t<div class=\"elementor-widget-wrap elementor-element-populated\">\n\t\t\t\t\t\t<div class=\"elementor-element elementor-element-2fb94d5 elementor-widget elementor-widget-image\" data-id=\"2fb94d5\" data-element_type=\"widget\" data-e-type=\"widget\" data-settings=\"{&quot;ekit_we_effect_on&quot;:&quot;none&quot;}\" data-widget_type=\"image.default\">\n\t\t\t\t<div class=\"elementor-widget-container\">\n\t\t\t\t\t\t\t\t\t\t\t\t\t\t\t\t<a href=\"https:\/\/www.geographicsolutions.com\/\" target=\"_blank\">\n\t\t\t\t\t\t\t<img loading=\"lazy\" decoding=\"async\" width=\"292\" height=\"91\" src=\"https:\/\/cannexus.ceric.ca\/wp-content\/uploads\/2024\/10\/GSI-Web-Logo.png\" class=\"attachment-medium size-medium wp-image-26106\" alt=\"\" \/>\t\t\t\t\t\t\t\t<\/a>\n\t\t\t\t\t\t\t\t\t\t\t\t\t\t\t<\/div>\n\t\t\t\t<\/div>\n\t\t\t\t\t<\/div>\n\t\t<\/div>\n\t\t\t\t<div class=\"elementor-column elementor-col-66 elementor-inner-column elementor-element elementor-element-d888890\" data-id=\"d888890\" data-element_type=\"column\" data-e-type=\"column\">\n\t\t\t<div class=\"elementor-widget-wrap elementor-element-populated\">\n\t\t\t\t\t\t<div class=\"elementor-element elementor-element-3778578 elementor-widget elementor-widget-text-editor\" data-id=\"3778578\" data-element_type=\"widget\" data-e-type=\"widget\" data-settings=\"{&quot;ekit_we_effect_on&quot;:&quot;none&quot;}\" data-widget_type=\"text-editor.default\">\n\t\t\t\t<div class=\"elementor-widget-container\">\n\t\t\t\t\t\t\t\t\t<p><a href=\"https:\/\/www.geographicsolutions.com\/\" target=\"_blank\" rel=\"noopener\"><strong>Geographic Solutions<\/strong><\/a> est le principal fournisseur de logiciels int\u00e9gr\u00e9s pour les organismes gouvernementaux et les \u00e9tablissements d\u2019enseignement depuis plus de 32 ans. Les solutions en ligne de l\u2019entreprise en mati\u00e8re d\u2019emploi facilitent la gestion avanc\u00e9e des dossiers et l\u2019\u00e9tablissement de rapports, le regroupement des emplois, le placement, l\u2019analyse du march\u00e9 du travail, la planification \u00e9conomique et \u00e9ducative, l\u2019int\u00e9gration des services sociaux, le suivi des fonds et le calcul des prestations d\u2019assurance ch\u00f4mage.<\/p>\t\t\t\t\t\t\t\t<\/div>\n\t\t\t\t<\/div>\n\t\t\t\t\t<\/div>\n\t\t<\/div>\n\t\t\t\t\t<\/div>\n\t\t<\/section>\n\t\t\t\t<section class=\"elementor-section elementor-inner-section elementor-element elementor-element-3e3393b elementor-section-boxed elementor-section-height-default elementor-section-height-default\" data-id=\"3e3393b\" data-element_type=\"section\" data-e-type=\"section\">\n\t\t\t\t\t\t<div class=\"elementor-container elementor-column-gap-default\">\n\t\t\t\t\t<div class=\"elementor-column elementor-col-33 elementor-inner-column elementor-element elementor-element-b6663a2\" data-id=\"b6663a2\" data-element_type=\"column\" data-e-type=\"column\">\n\t\t\t<div class=\"elementor-widget-wrap elementor-element-populated\">\n\t\t\t\t\t\t<div class=\"elementor-element elementor-element-bd395c6 elementor-widget elementor-widget-image\" data-id=\"bd395c6\" data-element_type=\"widget\" data-e-type=\"widget\" data-settings=\"{&quot;ekit_we_effect_on&quot;:&quot;none&quot;}\" data-widget_type=\"image.default\">\n\t\t\t\t<div class=\"elementor-widget-container\">\n\t\t\t\t\t\t\t\t\t\t\t\t\t\t\t\t<a href=\"https:\/\/www.canada.ca\/fr\/ministere-defense-nationale\/organisation\/rapports-publications\/guide-de-transition\/presentation-du-groupe-de-transition.html\" target=\"_blank\">\n\t\t\t\t\t\t\t<img loading=\"lazy\" decoding=\"async\" width=\"300\" height=\"66\" src=\"https:\/\/cannexus.ceric.ca\/wp-content\/uploads\/2024\/12\/logo-headlines-centered-colour-black-txt-300x66.png\" class=\"attachment-medium size-medium wp-image-26575\" alt=\"\" srcset=\"https:\/\/cannexus.ceric.ca\/wp-content\/uploads\/2024\/12\/logo-headlines-centered-colour-black-txt-300x66.png 300w, https:\/\/cannexus.ceric.ca\/wp-content\/uploads\/2024\/12\/logo-headlines-centered-colour-black-txt-1024x226.png 1024w, https:\/\/cannexus.ceric.ca\/wp-content\/uploads\/2024\/12\/logo-headlines-centered-colour-black-txt-768x170.png 768w, https:\/\/cannexus.ceric.ca\/wp-content\/uploads\/2024\/12\/logo-headlines-centered-colour-black-txt-1536x339.png 1536w, https:\/\/cannexus.ceric.ca\/wp-content\/uploads\/2024\/12\/logo-headlines-centered-colour-black-txt-2048x452.png 2048w\" sizes=\"(max-width: 300px) 100vw, 300px\" \/>\t\t\t\t\t\t\t\t<\/a>\n\t\t\t\t\t\t\t\t\t\t\t\t\t\t\t<\/div>\n\t\t\t\t<\/div>\n\t\t\t\t\t<\/div>\n\t\t<\/div>\n\t\t\t\t<div class=\"elementor-column elementor-col-66 elementor-inner-column elementor-element elementor-element-b7bb6f7\" data-id=\"b7bb6f7\" data-element_type=\"column\" data-e-type=\"column\">\n\t\t\t<div class=\"elementor-widget-wrap elementor-element-populated\">\n\t\t\t\t\t\t<div class=\"elementor-element elementor-element-9b80792 elementor-widget elementor-widget-text-editor\" data-id=\"9b80792\" data-element_type=\"widget\" data-e-type=\"widget\" data-settings=\"{&quot;ekit_we_effect_on&quot;:&quot;none&quot;}\" data-widget_type=\"text-editor.default\">\n\t\t\t\t<div class=\"elementor-widget-container\">\n\t\t\t\t\t\t\t\t\t<p>Le <a href=\"https:\/\/www.canada.ca\/fr\/ministere-defense-nationale\/organisation\/rapports-publications\/guide-de-transition\/presentation-du-groupe-de-transition.html\" target=\"_blank\" rel=\"noopener\"><strong>Groupe de transition des Forces arm\u00e9es canadiennes (GT FAC)<\/strong><\/a> offre des services de soutien et de transition personnalis\u00e9s, professionnels et normalis\u00e9s aux membres des FAC et \u00e0 leurs familles, permettant une transition en douceur vers la vie civile et un bien-\u00eatre accru, avec une attention particuli\u00e8re accord\u00e9e au personnel malade et bless\u00e9, \u00e0 leurs familles et aux familles des personnes d\u00e9c\u00e9d\u00e9es.<\/p>\t\t\t\t\t\t\t\t<\/div>\n\t\t\t\t<\/div>\n\t\t\t\t\t<\/div>\n\t\t<\/div>\n\t\t\t\t\t<\/div>\n\t\t<\/section>\n\t\t\t\t<section class=\"elementor-section elementor-inner-section elementor-element elementor-element-97d485f elementor-section-boxed elementor-section-height-default elementor-section-height-default\" data-id=\"97d485f\" data-element_type=\"section\" data-e-type=\"section\">\n\t\t\t\t\t\t<div class=\"elementor-container elementor-column-gap-default\">\n\t\t\t\t\t<div class=\"elementor-column elementor-col-33 elementor-inner-column elementor-element elementor-element-9d66fe9\" data-id=\"9d66fe9\" data-element_type=\"column\" data-e-type=\"column\">\n\t\t\t<div class=\"elementor-widget-wrap elementor-element-populated\">\n\t\t\t\t\t\t<div class=\"elementor-element elementor-element-2594165 elementor-widget elementor-widget-image\" data-id=\"2594165\" data-element_type=\"widget\" data-e-type=\"widget\" data-settings=\"{&quot;ekit_we_effect_on&quot;:&quot;none&quot;}\" data-widget_type=\"image.default\">\n\t\t\t\t<div class=\"elementor-widget-container\">\n\t\t\t\t\t\t\t\t\t\t\t\t\t\t\t\t<a href=\"https:\/\/www.hrai.ca\/\" target=\"_blank\">\n\t\t\t\t\t\t\t<img loading=\"lazy\" decoding=\"async\" width=\"1\" height=\"1\" src=\"https:\/\/cannexus.ceric.ca\/wp-content\/uploads\/2024\/10\/HRAI-Heating-Refrigeration-and-Air-Conditioning-Institute-of-Canada-logo.svg\" class=\"attachment-medium size-medium wp-image-26108\" alt=\"\" \/>\t\t\t\t\t\t\t\t<\/a>\n\t\t\t\t\t\t\t\t\t\t\t\t\t\t\t<\/div>\n\t\t\t\t<\/div>\n\t\t\t\t\t<\/div>\n\t\t<\/div>\n\t\t\t\t<div class=\"elementor-column elementor-col-66 elementor-inner-column elementor-element elementor-element-c71cb8f\" data-id=\"c71cb8f\" data-element_type=\"column\" data-e-type=\"column\">\n\t\t\t<div class=\"elementor-widget-wrap elementor-element-populated\">\n\t\t\t\t\t\t<div class=\"elementor-element elementor-element-054599c elementor-widget elementor-widget-text-editor\" data-id=\"054599c\" data-element_type=\"widget\" data-e-type=\"widget\" data-settings=\"{&quot;ekit_we_effect_on&quot;:&quot;none&quot;}\" data-widget_type=\"text-editor.default\">\n\t\t\t\t<div class=\"elementor-widget-container\">\n\t\t\t\t\t\t\t\t\t<p>En tant qu\u2019organisation sans but lucratif, l\u2019<a href=\"https:\/\/www.hrai.ca\/\" target=\"_blank\" rel=\"noopener\"><strong>Institut canadien du chauffage, de la climatisation et de la r\u00e9frig\u00e9ration (ICCCR)<\/strong><\/a> est une association professionnelle nationale qui s\u2019engage \u00e0 servir ses membres. Depuis 1968, nous plaidons en faveur d\u2019une industrie s\u00e9curitaire, responsable et \u00e9quitable o\u00f9 les syst\u00e8mes de chauffage, de ventilation, de climatisation et de r\u00e9frig\u00e9ration d\u2019int\u00e9rieur sont con\u00e7us, install\u00e9s et entretenus de mani\u00e8re \u00e0 assurer un fonctionnement efficace et \u00e9conomique en \u00e9nergie de ces derniers.<\/p>\t\t\t\t\t\t\t\t<\/div>\n\t\t\t\t<\/div>\n\t\t\t\t\t<\/div>\n\t\t<\/div>\n\t\t\t\t\t<\/div>\n\t\t<\/section>\n\t\t\t\t<section class=\"elementor-section elementor-inner-section elementor-element elementor-element-d11cc53 elementor-section-boxed elementor-section-height-default elementor-section-height-default\" data-id=\"d11cc53\" data-element_type=\"section\" data-e-type=\"section\">\n\t\t\t\t\t\t<div class=\"elementor-container elementor-column-gap-default\">\n\t\t\t\t\t<div class=\"elementor-column elementor-col-33 elementor-inner-column elementor-element elementor-element-e409f17\" data-id=\"e409f17\" data-element_type=\"column\" data-e-type=\"column\">\n\t\t\t<div class=\"elementor-widget-wrap elementor-element-populated\">\n\t\t\t\t\t\t<div class=\"elementor-element elementor-element-89ebe97 elementor-widget elementor-widget-image\" data-id=\"89ebe97\" data-element_type=\"widget\" data-e-type=\"widget\" data-settings=\"{&quot;ekit_we_effect_on&quot;:&quot;none&quot;}\" data-widget_type=\"image.default\">\n\t\t\t\t<div class=\"elementor-widget-container\">\n\t\t\t\t\t\t\t\t\t\t\t\t\t\t\t\t<a href=\"https:\/\/immplus.ca\/\" target=\"_blank\">\n\t\t\t\t\t\t\t<img loading=\"lazy\" decoding=\"async\" width=\"155\" height=\"42\" src=\"https:\/\/cannexus.ceric.ca\/wp-content\/uploads\/2024\/10\/in-motion-and-momentum-plus-logo.jpg\" class=\"attachment-medium size-medium wp-image-26110\" alt=\"\" srcset=\"https:\/\/cannexus.ceric.ca\/wp-content\/uploads\/2024\/10\/in-motion-and-momentum-plus-logo.jpg 155w, https:\/\/cannexus.ceric.ca\/wp-content\/uploads\/2024\/10\/in-motion-and-momentum-plus-logo-150x42.jpg 150w\" sizes=\"(max-width: 155px) 100vw, 155px\" \/>\t\t\t\t\t\t\t\t<\/a>\n\t\t\t\t\t\t\t\t\t\t\t\t\t\t\t<\/div>\n\t\t\t\t<\/div>\n\t\t\t\t\t<\/div>\n\t\t<\/div>\n\t\t\t\t<div class=\"elementor-column elementor-col-66 elementor-inner-column elementor-element elementor-element-06a558d\" data-id=\"06a558d\" data-element_type=\"column\" data-e-type=\"column\">\n\t\t\t<div class=\"elementor-widget-wrap elementor-element-populated\">\n\t\t\t\t\t\t<div class=\"elementor-element elementor-element-f204aef elementor-widget elementor-widget-text-editor\" data-id=\"f204aef\" data-element_type=\"widget\" data-e-type=\"widget\" data-settings=\"{&quot;ekit_we_effect_on&quot;:&quot;none&quot;}\" data-widget_type=\"text-editor.default\">\n\t\t\t\t<div class=\"elementor-widget-container\">\n\t\t\t\t\t\t\t\t\t<p>L&#8217;initiative \u00ab\u00a0<a href=\"https:\/\/immplus.ca\/\" target=\"_blank\" rel=\"noopener\"><strong>In Motion\u00a0&amp;\u00a0Momentum+<\/strong><\/a>\u00a0\u00bb est un programme de groupe de 10\u00a0semaines con\u00e7u pour pr\u00e9parer les participants au march\u00e9 du travail et les aider \u00e0 surmonter les obstacles \u00e0 l\u2019emploi. Par l\u2019entremise d\u2019ateliers, d\u2019accompagnement professionnel et d\u2019aide pour \u00e9tablir des liens avec la communaut\u00e9, les participants gagnent en confiance, se fixent des objectifs et perfectionnent leurs comp\u00e9tences pour la vie et la carri\u00e8re, ce qui favorise leur d\u00e9veloppement personnel et les pr\u00e9pare \u00e0 saisir les occasions futures.<\/p>\t\t\t\t\t\t\t\t<\/div>\n\t\t\t\t<\/div>\n\t\t\t\t\t<\/div>\n\t\t<\/div>\n\t\t\t\t\t<\/div>\n\t\t<\/section>\n\t\t\t\t<section class=\"elementor-section elementor-inner-section elementor-element elementor-element-83bdc02 elementor-section-boxed elementor-section-height-default elementor-section-height-default\" data-id=\"83bdc02\" data-element_type=\"section\" data-e-type=\"section\">\n\t\t\t\t\t\t<div class=\"elementor-container elementor-column-gap-default\">\n\t\t\t\t\t<div class=\"elementor-column elementor-col-33 elementor-inner-column elementor-element elementor-element-00392d2\" data-id=\"00392d2\" data-element_type=\"column\" data-e-type=\"column\">\n\t\t\t<div class=\"elementor-widget-wrap elementor-element-populated\">\n\t\t\t\t\t\t<div class=\"elementor-element elementor-element-c481748 elementor-widget elementor-widget-image\" data-id=\"c481748\" data-element_type=\"widget\" data-e-type=\"widget\" data-settings=\"{&quot;ekit_we_effect_on&quot;:&quot;none&quot;}\" data-widget_type=\"image.default\">\n\t\t\t\t<div class=\"elementor-widget-container\">\n\t\t\t\t\t\t\t\t\t\t\t\t\t\t\t\t<a href=\"https:\/\/instage.io\/\" target=\"_blank\">\n\t\t\t\t\t\t\t<img loading=\"lazy\" decoding=\"async\" width=\"300\" height=\"104\" src=\"https:\/\/cannexus.ceric.ca\/wp-content\/uploads\/2024\/01\/Instage_Logo_colour-300x104.png\" class=\"attachment-medium size-medium wp-image-22819\" alt=\"\" srcset=\"https:\/\/cannexus.ceric.ca\/wp-content\/uploads\/2024\/01\/Instage_Logo_colour-300x104.png 300w, https:\/\/cannexus.ceric.ca\/wp-content\/uploads\/2024\/01\/Instage_Logo_colour-1024x355.png 1024w, https:\/\/cannexus.ceric.ca\/wp-content\/uploads\/2024\/01\/Instage_Logo_colour-768x266.png 768w, https:\/\/cannexus.ceric.ca\/wp-content\/uploads\/2024\/01\/Instage_Logo_colour-1536x532.png 1536w, https:\/\/cannexus.ceric.ca\/wp-content\/uploads\/2024\/01\/Instage_Logo_colour.png 1994w\" sizes=\"(max-width: 300px) 100vw, 300px\" \/>\t\t\t\t\t\t\t\t<\/a>\n\t\t\t\t\t\t\t\t\t\t\t\t\t\t\t<\/div>\n\t\t\t\t<\/div>\n\t\t\t\t\t<\/div>\n\t\t<\/div>\n\t\t\t\t<div class=\"elementor-column elementor-col-66 elementor-inner-column elementor-element elementor-element-44ec850\" data-id=\"44ec850\" data-element_type=\"column\" data-e-type=\"column\">\n\t\t\t<div class=\"elementor-widget-wrap elementor-element-populated\">\n\t\t\t\t\t\t<div class=\"elementor-element elementor-element-6897edd elementor-widget elementor-widget-text-editor\" data-id=\"6897edd\" data-element_type=\"widget\" data-e-type=\"widget\" data-settings=\"{&quot;ekit_we_effect_on&quot;:&quot;none&quot;}\" data-widget_type=\"text-editor.default\">\n\t\t\t\t<div class=\"elementor-widget-container\">\n\t\t\t\t\t\t\t\t\t<p><a href=\"https:\/\/instage.io\/\" target=\"_blank\" rel=\"noopener\"><strong>InStage<\/strong><\/a>, une entreprise enti\u00e8rement canadienne, d\u00e9ploie des simulations d\u2019IA personnalis\u00e9es directement dans les cours ou en tant que service aux \u00e9tudiants, qu\u2019il s\u2019agisse d\u2019entrevues, de pr\u00e9sentations ou de r\u00e9flexions dirig\u00e9es. Les \u00e9tudiants interagissent avec des avatars IA tels que David et Anita, acqu\u00e9rant ainsi des comp\u00e9tences concr\u00e8tes, tandis que les \u00e9ducateurs re\u00e7oivent des donn\u00e9es instantan\u00e9es et exploitables. InStage a d\u00e9ploy\u00e9 avec succ\u00e8s des solutions pr\u00eates \u00e0 l\u2019emploi \u00e0 grande \u00e9chelle, gr\u00e2ce \u00e0 la r\u00e9alisation de plus de 100 000 simulations dans les \u00e9tablissements d\u2019enseignement postsecondaire.<\/p>\t\t\t\t\t\t\t\t<\/div>\n\t\t\t\t<\/div>\n\t\t\t\t\t<\/div>\n\t\t<\/div>\n\t\t\t\t\t<\/div>\n\t\t<\/section>\n\t\t\t\t<section class=\"elementor-section elementor-inner-section elementor-element elementor-element-a8e60d1 elementor-section-boxed elementor-section-height-default elementor-section-height-default\" data-id=\"a8e60d1\" data-element_type=\"section\" data-e-type=\"section\">\n\t\t\t\t\t\t<div class=\"elementor-container elementor-column-gap-default\">\n\t\t\t\t\t<div class=\"elementor-column elementor-col-33 elementor-inner-column elementor-element elementor-element-2591990\" data-id=\"2591990\" data-element_type=\"column\" data-e-type=\"column\">\n\t\t\t<div class=\"elementor-widget-wrap elementor-element-populated\">\n\t\t\t\t\t\t<div class=\"elementor-element elementor-element-7e5c25e elementor-widget elementor-widget-image\" data-id=\"7e5c25e\" data-element_type=\"widget\" data-e-type=\"widget\" data-settings=\"{&quot;ekit_we_effect_on&quot;:&quot;none&quot;}\" data-widget_type=\"image.default\">\n\t\t\t\t<div class=\"elementor-widget-container\">\n\t\t\t\t\t\t\t\t\t\t\t\t\t\t\t\t<a href=\"https:\/\/labourmarketsolutions.ca\/\" target=\"_blank\">\n\t\t\t\t\t\t\t<img loading=\"lazy\" decoding=\"async\" width=\"300\" height=\"228\" src=\"https:\/\/cannexus.ceric.ca\/wp-content\/uploads\/2024\/12\/Labour-Market-Solutions-HD-Logo-002-300x228.jpg\" class=\"attachment-medium size-medium wp-image-26536\" alt=\"\" srcset=\"https:\/\/cannexus.ceric.ca\/wp-content\/uploads\/2024\/12\/Labour-Market-Solutions-HD-Logo-002-300x228.jpg 300w, https:\/\/cannexus.ceric.ca\/wp-content\/uploads\/2024\/12\/Labour-Market-Solutions-HD-Logo-002-1024x777.jpg 1024w, https:\/\/cannexus.ceric.ca\/wp-content\/uploads\/2024\/12\/Labour-Market-Solutions-HD-Logo-002-768x583.jpg 768w, https:\/\/cannexus.ceric.ca\/wp-content\/uploads\/2024\/12\/Labour-Market-Solutions-HD-Logo-002.jpg 1214w\" sizes=\"(max-width: 300px) 100vw, 300px\" \/>\t\t\t\t\t\t\t\t<\/a>\n\t\t\t\t\t\t\t\t\t\t\t\t\t\t\t<\/div>\n\t\t\t\t<\/div>\n\t\t\t\t\t<\/div>\n\t\t<\/div>\n\t\t\t\t<div class=\"elementor-column elementor-col-66 elementor-inner-column elementor-element elementor-element-900e973\" data-id=\"900e973\" data-element_type=\"column\" data-e-type=\"column\">\n\t\t\t<div class=\"elementor-widget-wrap elementor-element-populated\">\n\t\t\t\t\t\t<div class=\"elementor-element elementor-element-3620b30 elementor-widget elementor-widget-text-editor\" data-id=\"3620b30\" data-element_type=\"widget\" data-e-type=\"widget\" data-settings=\"{&quot;ekit_we_effect_on&quot;:&quot;none&quot;}\" data-widget_type=\"text-editor.default\">\n\t\t\t\t<div class=\"elementor-widget-container\">\n\t\t\t\t\t\t\t\t\t<p><a href=\"https:\/\/labourmarketsolutions.ca\/\" target=\"_blank\" rel=\"noopener\"><strong>Labour Market Solutions<\/strong><\/a> est l\u2019\u00e9diteur des rapports sur le march\u00e9 du travail de l\u2019Ontario et de la Colombie-Britannique et l\u2019administrateur du Canadian Job Development Network. Nous utilisons l\u2019IMT afin de mieux comprendre la recherche d\u2019emploi, la planification de carri\u00e8re et les meilleures strat\u00e9gies pour obtenir d\u2019excellents r\u00e9sultats en mati\u00e8re d\u2019emploi.<\/p>\t\t\t\t\t\t\t\t<\/div>\n\t\t\t\t<\/div>\n\t\t\t\t\t<\/div>\n\t\t<\/div>\n\t\t\t\t\t<\/div>\n\t\t<\/section>\n\t\t\t\t<section class=\"elementor-section elementor-inner-section elementor-element elementor-element-960ff5f elementor-section-boxed elementor-section-height-default elementor-section-height-default\" data-id=\"960ff5f\" data-element_type=\"section\" data-e-type=\"section\">\n\t\t\t\t\t\t<div class=\"elementor-container elementor-column-gap-default\">\n\t\t\t\t\t<div class=\"elementor-column elementor-col-33 elementor-inner-column elementor-element elementor-element-5fc48e7\" data-id=\"5fc48e7\" data-element_type=\"column\" data-e-type=\"column\">\n\t\t\t<div class=\"elementor-widget-wrap elementor-element-populated\">\n\t\t\t\t\t\t<div class=\"elementor-element elementor-element-d6c9be3 elementor-widget elementor-widget-image\" data-id=\"d6c9be3\" data-element_type=\"widget\" data-e-type=\"widget\" data-settings=\"{&quot;ekit_we_effect_on&quot;:&quot;none&quot;}\" data-widget_type=\"image.default\">\n\t\t\t\t<div class=\"elementor-widget-container\">\n\t\t\t\t\t\t\t\t\t\t\t\t\t\t\t\t<a href=\"https:\/\/magnet.today\/fr\/\" target=\"_blank\">\n\t\t\t\t\t\t\t<img loading=\"lazy\" decoding=\"async\" width=\"220\" height=\"110\" src=\"https:\/\/cannexus.ceric.ca\/wp-content\/uploads\/2023\/10\/Magnet-keynote-web-2.png\" class=\"attachment-medium size-medium wp-image-22141\" alt=\"\" \/>\t\t\t\t\t\t\t\t<\/a>\n\t\t\t\t\t\t\t\t\t\t\t\t\t\t\t<\/div>\n\t\t\t\t<\/div>\n\t\t\t\t\t<\/div>\n\t\t<\/div>\n\t\t\t\t<div class=\"elementor-column elementor-col-66 elementor-inner-column elementor-element elementor-element-142d9b3\" data-id=\"142d9b3\" data-element_type=\"column\" data-e-type=\"column\">\n\t\t\t<div class=\"elementor-widget-wrap elementor-element-populated\">\n\t\t\t\t\t\t<div class=\"elementor-element elementor-element-61c5a54 elementor-widget elementor-widget-text-editor\" data-id=\"61c5a54\" data-element_type=\"widget\" data-e-type=\"widget\" data-settings=\"{&quot;ekit_we_effect_on&quot;:&quot;none&quot;}\" data-widget_type=\"text-editor.default\">\n\t\t\t\t<div class=\"elementor-widget-container\">\n\t\t\t\t\t\t\t\t\t<p>Situ\u00e9 \u00e0 Toronto Metropolitan University, <a href=\"https:\/\/magnet.today\/fr\/\" target=\"_blank\" rel=\"noopener\"><strong>Magnet<\/strong><\/a> est un centre d\u2019innovation ax\u00e9 sur l\u2019avenir du travail.<br \/>Magnet \u00e9tablit des r\u00e9seaux de partenaires de confiance, et fait progresser l\u2019innovation sociale en proposant des solutions num\u00e9riques sur mesure, destin\u00e9es \u00e0 r\u00e9pondre aux d\u00e9fis de l\u2019avenir du travail.<\/p>\t\t\t\t\t\t\t\t<\/div>\n\t\t\t\t<\/div>\n\t\t\t\t\t<\/div>\n\t\t<\/div>\n\t\t\t\t\t<\/div>\n\t\t<\/section>\n\t\t\t\t<section class=\"elementor-section elementor-inner-section elementor-element elementor-element-0299390 elementor-section-boxed elementor-section-height-default elementor-section-height-default\" data-id=\"0299390\" data-element_type=\"section\" data-e-type=\"section\">\n\t\t\t\t\t\t<div class=\"elementor-container elementor-column-gap-default\">\n\t\t\t\t\t<div class=\"elementor-column elementor-col-33 elementor-inner-column elementor-element elementor-element-2656a0e\" data-id=\"2656a0e\" data-element_type=\"column\" data-e-type=\"column\">\n\t\t\t<div class=\"elementor-widget-wrap elementor-element-populated\">\n\t\t\t\t\t\t<div class=\"elementor-element elementor-element-d22dbde elementor-widget elementor-widget-image\" data-id=\"d22dbde\" data-element_type=\"widget\" data-e-type=\"widget\" data-settings=\"{&quot;ekit_we_effect_on&quot;:&quot;none&quot;}\" data-widget_type=\"image.default\">\n\t\t\t\t<div class=\"elementor-widget-container\">\n\t\t\t\t\t\t\t\t\t\t\t\t\t\t\t\t<a href=\"https:\/\/www.supportedemployment.ca\/fr\/initiatives\/mentorability\/\" target=\"_blank\">\n\t\t\t\t\t\t\t<img loading=\"lazy\" decoding=\"async\" width=\"300\" height=\"90\" src=\"https:\/\/cannexus.ceric.ca\/wp-content\/uploads\/2024\/10\/MentorAbility-Ontario-Logo-300x90.png\" class=\"attachment-medium size-medium wp-image-26147\" alt=\"\" srcset=\"https:\/\/cannexus.ceric.ca\/wp-content\/uploads\/2024\/10\/MentorAbility-Ontario-Logo-300x90.png 300w, https:\/\/cannexus.ceric.ca\/wp-content\/uploads\/2024\/10\/MentorAbility-Ontario-Logo-1024x306.png 1024w, https:\/\/cannexus.ceric.ca\/wp-content\/uploads\/2024\/10\/MentorAbility-Ontario-Logo-768x230.png 768w, https:\/\/cannexus.ceric.ca\/wp-content\/uploads\/2024\/10\/MentorAbility-Ontario-Logo-1536x460.png 1536w, https:\/\/cannexus.ceric.ca\/wp-content\/uploads\/2024\/10\/MentorAbility-Ontario-Logo.png 1818w\" sizes=\"(max-width: 300px) 100vw, 300px\" \/>\t\t\t\t\t\t\t\t<\/a>\n\t\t\t\t\t\t\t\t\t\t\t\t\t\t\t<\/div>\n\t\t\t\t<\/div>\n\t\t\t\t\t<\/div>\n\t\t<\/div>\n\t\t\t\t<div class=\"elementor-column elementor-col-66 elementor-inner-column elementor-element elementor-element-89f668f\" data-id=\"89f668f\" data-element_type=\"column\" data-e-type=\"column\">\n\t\t\t<div class=\"elementor-widget-wrap elementor-element-populated\">\n\t\t\t\t\t\t<div class=\"elementor-element elementor-element-5cfcfa0 elementor-widget elementor-widget-text-editor\" data-id=\"5cfcfa0\" data-element_type=\"widget\" data-e-type=\"widget\" data-settings=\"{&quot;ekit_we_effect_on&quot;:&quot;none&quot;}\" data-widget_type=\"text-editor.default\">\n\t\t\t\t<div class=\"elementor-widget-container\">\n\t\t\t\t\t\t\t\t\t<p><a href=\"https:\/\/www.supportedemployment.ca\/fr\/initiatives\/mentorability\/\" target=\"_blank\" rel=\"noopener\"><strong>MentorAbility<\/strong><\/a> : Nous proposons des parcours \u00e0 ceux qui souhaitent franchir une nouvelle \u00e9tape dans leur vie personnelle ou professionnelle, qu\u2019il s\u2019agisse d\u2019am\u00e9liorer quelques comp\u00e9tences, de s\u2019orienter vers un nouveau domaine ou d\u2019acqu\u00e9rir une formation avanc\u00e9e pour de meilleures perspectives de carri\u00e8re. Transformez votre \u00ab et si? \u00bb en \u00ab et ensuite? \u00bb.<\/p>\t\t\t\t\t\t\t\t<\/div>\n\t\t\t\t<\/div>\n\t\t\t\t\t<\/div>\n\t\t<\/div>\n\t\t\t\t\t<\/div>\n\t\t<\/section>\n\t\t\t\t<section class=\"elementor-section elementor-inner-section elementor-element elementor-element-6bece5a elementor-section-boxed elementor-section-height-default elementor-section-height-default\" data-id=\"6bece5a\" data-element_type=\"section\" data-e-type=\"section\">\n\t\t\t\t\t\t<div class=\"elementor-container elementor-column-gap-default\">\n\t\t\t\t\t<div class=\"elementor-column elementor-col-33 elementor-inner-column elementor-element elementor-element-36dff57\" data-id=\"36dff57\" data-element_type=\"column\" data-e-type=\"column\">\n\t\t\t<div class=\"elementor-widget-wrap elementor-element-populated\">\n\t\t\t\t\t\t<div class=\"elementor-element elementor-element-5939fc0 elementor-widget elementor-widget-image\" data-id=\"5939fc0\" data-element_type=\"widget\" data-e-type=\"widget\" data-settings=\"{&quot;ekit_we_effect_on&quot;:&quot;none&quot;}\" data-widget_type=\"image.default\">\n\t\t\t\t<div class=\"elementor-widget-container\">\n\t\t\t\t\t\t\t\t\t\t\t\t\t\t\t\t<a href=\"http:\/\/www.marchofdimes.ca\" target=\"_blank\">\n\t\t\t\t\t\t\t<img loading=\"lazy\" decoding=\"async\" width=\"300\" height=\"160\" src=\"https:\/\/cannexus.ceric.ca\/wp-content\/uploads\/2023\/12\/march-of-dimes.png\" class=\"attachment-medium size-medium wp-image-22520\" alt=\"\" \/>\t\t\t\t\t\t\t\t<\/a>\n\t\t\t\t\t\t\t\t\t\t\t\t\t\t\t<\/div>\n\t\t\t\t<\/div>\n\t\t\t\t\t<\/div>\n\t\t<\/div>\n\t\t\t\t<div class=\"elementor-column elementor-col-66 elementor-inner-column elementor-element elementor-element-061b32d\" data-id=\"061b32d\" data-element_type=\"column\" data-e-type=\"column\">\n\t\t\t<div class=\"elementor-widget-wrap elementor-element-populated\">\n\t\t\t\t\t\t<div class=\"elementor-element elementor-element-b4029bd elementor-widget elementor-widget-text-editor\" data-id=\"b4029bd\" data-element_type=\"widget\" data-e-type=\"widget\" data-settings=\"{&quot;ekit_we_effect_on&quot;:&quot;none&quot;}\" data-widget_type=\"text-editor.default\">\n\t\t\t\t<div class=\"elementor-widget-container\">\n\t\t\t\t\t\t\t\t\t<p><strong><a href=\"http:\/\/www.marchofdimes.ca\" target=\"_blank\" rel=\"noopener\">March of Dimes<\/a> :<\/strong> L\u2019\u00e9quit\u00e9 avant tout. Accro\u00eetre l\u2019autonomie. La Marche des dix sous du Canada fournit un vaste \u00e9ventail de services aux personnes ayant un handicap \u00e0 l\u2019\u00e9chelle du pays.<\/p>\t\t\t\t\t\t\t\t<\/div>\n\t\t\t\t<\/div>\n\t\t\t\t\t<\/div>\n\t\t<\/div>\n\t\t\t\t\t<\/div>\n\t\t<\/section>\n\t\t\t\t<section class=\"elementor-section elementor-inner-section elementor-element elementor-element-47817d0 elementor-section-boxed elementor-section-height-default elementor-section-height-default\" data-id=\"47817d0\" data-element_type=\"section\" data-e-type=\"section\">\n\t\t\t\t\t\t<div class=\"elementor-container elementor-column-gap-default\">\n\t\t\t\t\t<div class=\"elementor-column elementor-col-33 elementor-inner-column elementor-element elementor-element-3c5fdeb\" data-id=\"3c5fdeb\" data-element_type=\"column\" data-e-type=\"column\">\n\t\t\t<div class=\"elementor-widget-wrap elementor-element-populated\">\n\t\t\t\t\t\t<div class=\"elementor-element elementor-element-937347d elementor-widget elementor-widget-image\" data-id=\"937347d\" data-element_type=\"widget\" data-e-type=\"widget\" data-settings=\"{&quot;ekit_we_effect_on&quot;:&quot;none&quot;}\" data-widget_type=\"image.default\">\n\t\t\t\t<div class=\"elementor-widget-container\">\n\t\t\t\t\t\t\t\t\t\t\t\t\t\t\t\t<a href=\"https:\/\/www.navcanada.ca\/fr\/\" target=\"_blank\">\n\t\t\t\t\t\t\t<img loading=\"lazy\" decoding=\"async\" width=\"273\" height=\"197\" src=\"https:\/\/cannexus.ceric.ca\/wp-content\/uploads\/2024\/10\/logo-nav-canada-blue.png\" class=\"attachment-medium size-medium wp-image-26122\" alt=\"\" \/>\t\t\t\t\t\t\t\t<\/a>\n\t\t\t\t\t\t\t\t\t\t\t\t\t\t\t<\/div>\n\t\t\t\t<\/div>\n\t\t\t\t\t<\/div>\n\t\t<\/div>\n\t\t\t\t<div class=\"elementor-column elementor-col-66 elementor-inner-column elementor-element elementor-element-1a33016\" data-id=\"1a33016\" data-element_type=\"column\" data-e-type=\"column\">\n\t\t\t<div class=\"elementor-widget-wrap elementor-element-populated\">\n\t\t\t\t\t\t<div class=\"elementor-element elementor-element-354ef37 elementor-widget elementor-widget-text-editor\" data-id=\"354ef37\" data-element_type=\"widget\" data-e-type=\"widget\" data-settings=\"{&quot;ekit_we_effect_on&quot;:&quot;none&quot;}\" data-widget_type=\"text-editor.default\">\n\t\t\t\t<div class=\"elementor-widget-container\">\n\t\t\t\t\t\t\t\t\t<p><a href=\"https:\/\/www.navcanada.ca\/fr\/\" target=\"_blank\" rel=\"noopener\"><strong>NAV CANADA<\/strong><\/a> joue un r\u00f4le unique et crucial dans la gestion des 18 millions de kilom\u00e8tres carr\u00e9s d\u2019espace a\u00e9rien civil canadien et de l\u2019espace a\u00e9rien oc\u00e9anique de l\u2019Atlantique Nord sous l\u2019autorit\u00e9 du Canada.Nos employ\u00e9s d\u00e9vou\u00e9s assurent les services de la circulation a\u00e9rienne, fournissent de l\u2019information essentielle, con\u00e7oivent et cr\u00e9ent des technologies, et entretiennent les syst\u00e8mes essentiels qui contribuent \u00e0 assurer le d\u00e9placement s\u00e9curitaire des a\u00e9ronefs.<\/p>\t\t\t\t\t\t\t\t<\/div>\n\t\t\t\t<\/div>\n\t\t\t\t\t<\/div>\n\t\t<\/div>\n\t\t\t\t\t<\/div>\n\t\t<\/section>\n\t\t\t\t<section class=\"elementor-section elementor-inner-section elementor-element elementor-element-defcf64 elementor-section-boxed elementor-section-height-default elementor-section-height-default\" data-id=\"defcf64\" data-element_type=\"section\" data-e-type=\"section\">\n\t\t\t\t\t\t<div class=\"elementor-container elementor-column-gap-default\">\n\t\t\t\t\t<div class=\"elementor-column elementor-col-33 elementor-inner-column elementor-element elementor-element-3f9f98a\" data-id=\"3f9f98a\" data-element_type=\"column\" data-e-type=\"column\">\n\t\t\t<div class=\"elementor-widget-wrap elementor-element-populated\">\n\t\t\t\t\t\t<div class=\"elementor-element elementor-element-869f9ac elementor-widget elementor-widget-image\" data-id=\"869f9ac\" data-element_type=\"widget\" data-e-type=\"widget\" data-settings=\"{&quot;ekit_we_effect_on&quot;:&quot;none&quot;}\" data-widget_type=\"image.default\">\n\t\t\t\t<div class=\"elementor-widget-container\">\n\t\t\t\t\t\t\t\t\t\t\t\t\t\t\t\t<a href=\"https:\/\/parcourstech.ca\/\" target=\"_blank\">\n\t\t\t\t\t\t\t<img loading=\"lazy\" decoding=\"async\" width=\"300\" height=\"117\" src=\"https:\/\/cannexus.ceric.ca\/wp-content\/uploads\/2024\/10\/npower-french-logo-300x117.png\" class=\"attachment-medium size-medium wp-image-26227\" alt=\"\" srcset=\"https:\/\/cannexus.ceric.ca\/wp-content\/uploads\/2024\/10\/npower-french-logo-300x117.png 300w, https:\/\/cannexus.ceric.ca\/wp-content\/uploads\/2024\/10\/npower-french-logo.png 550w\" sizes=\"(max-width: 300px) 100vw, 300px\" \/>\t\t\t\t\t\t\t\t<\/a>\n\t\t\t\t\t\t\t\t\t\t\t\t\t\t\t<\/div>\n\t\t\t\t<\/div>\n\t\t\t\t\t<\/div>\n\t\t<\/div>\n\t\t\t\t<div class=\"elementor-column elementor-col-66 elementor-inner-column elementor-element elementor-element-6b9ddda\" data-id=\"6b9ddda\" data-element_type=\"column\" data-e-type=\"column\">\n\t\t\t<div class=\"elementor-widget-wrap elementor-element-populated\">\n\t\t\t\t\t\t<div class=\"elementor-element elementor-element-13d8b1f elementor-widget elementor-widget-text-editor\" data-id=\"13d8b1f\" data-element_type=\"widget\" data-e-type=\"widget\" data-settings=\"{&quot;ekit_we_effect_on&quot;:&quot;none&quot;}\" data-widget_type=\"text-editor.default\">\n\t\t\t\t<div class=\"elementor-widget-container\">\n\t\t\t\t\t\t\t\t\t<p><a href=\"https:\/\/parcourstech.ca\/\" target=\"_blank\" rel=\"noopener\"><strong>NPower Canada<\/strong><\/a> est un organisme de bienfaisance qui aide les jeunes et les adultes mal desservis, notamment les personnes handicap\u00e9es, les personnes autochtones, noires et de couleur (PANDC), les personnes LGBTQ2S+ et les nouveaux arrivants, \u00e0 poursuivre une carri\u00e8re int\u00e9ressante et durable dans le domaine de la technologie. Gr\u00e2ce \u00e0 ses programmes de formation gratuits sur les comp\u00e9tences num\u00e9riques et professionnelles en demande, NPower Canada met en relation les demandeurs d\u2019emploi et les employeurs \u00e0 la recherche de jeunes talents dans le domaine de l\u2019informatique et des technologies.<\/p>\t\t\t\t\t\t\t\t<\/div>\n\t\t\t\t<\/div>\n\t\t\t\t\t<\/div>\n\t\t<\/div>\n\t\t\t\t\t<\/div>\n\t\t<\/section>\n\t\t\t\t<section class=\"elementor-section elementor-inner-section elementor-element elementor-element-b982e1f elementor-section-boxed elementor-section-height-default elementor-section-height-default\" data-id=\"b982e1f\" data-element_type=\"section\" data-e-type=\"section\">\n\t\t\t\t\t\t<div class=\"elementor-container elementor-column-gap-default\">\n\t\t\t\t\t<div class=\"elementor-column elementor-col-33 elementor-inner-column elementor-element elementor-element-8f29f0a\" data-id=\"8f29f0a\" data-element_type=\"column\" data-e-type=\"column\">\n\t\t\t<div class=\"elementor-widget-wrap elementor-element-populated\">\n\t\t\t\t\t\t<div class=\"elementor-element elementor-element-4a34c36 elementor-widget elementor-widget-image\" data-id=\"4a34c36\" data-element_type=\"widget\" data-e-type=\"widget\" data-settings=\"{&quot;ekit_we_effect_on&quot;:&quot;none&quot;}\" data-widget_type=\"image.default\">\n\t\t\t\t<div class=\"elementor-widget-container\">\n\t\t\t\t\t\t\t\t\t\t\t\t\t\t\t\t<a href=\"https:\/\/www.rbc.com\/dms\/enterprise\/objectifavenir\/index.html\" target=\"_blank\">\n\t\t\t\t\t\t\t<img loading=\"lazy\" decoding=\"async\" width=\"300\" height=\"177\" src=\"https:\/\/cannexus.ceric.ca\/wp-content\/uploads\/2022\/12\/RBC-FR.png\" class=\"attachment-medium size-medium wp-image-17531\" alt=\"\" \/>\t\t\t\t\t\t\t\t<\/a>\n\t\t\t\t\t\t\t\t\t\t\t\t\t\t\t<\/div>\n\t\t\t\t<\/div>\n\t\t\t\t\t<\/div>\n\t\t<\/div>\n\t\t\t\t<div class=\"elementor-column elementor-col-66 elementor-inner-column elementor-element elementor-element-a6b6289\" data-id=\"a6b6289\" data-element_type=\"column\" data-e-type=\"column\">\n\t\t\t<div class=\"elementor-widget-wrap elementor-element-populated\">\n\t\t\t\t\t\t<div class=\"elementor-element elementor-element-1e25d5b elementor-widget elementor-widget-text-editor\" data-id=\"1e25d5b\" data-element_type=\"widget\" data-e-type=\"widget\" data-settings=\"{&quot;ekit_we_effect_on&quot;:&quot;none&quot;}\" data-widget_type=\"text-editor.default\">\n\t\t\t\t<div class=\"elementor-widget-container\">\n\t\t\t\t\t\t\t\t\t<div class=\"ewa-rteLine\">LE MONDE DU TRAVAIL \u00c9VOLUE. NOUS AVONS BESOIN QUE NOS JEUNES R\u00c9USSISSENT.<br \/>Malgr\u00e9 leur dynamisme, leur d\u00e9termination et leurs capacit\u00e9s, les jeunes Canadiens auront bient\u00f4t de plus en plus de mal \u00e0 naviguer sur un march\u00e9 du travail en constante \u00e9volution et \u00e0 y conna\u00eetre du succ\u00e8s. Avec ses partenaires ax\u00e9s sur les jeunes, <a href=\"https:\/\/www.rbc.com\/dms\/enterprise\/objectifavenir\/index.html\" target=\"_blank\" rel=\"noopener\"><strong>RBC<\/strong><\/a><sup>MD<\/sup> met \u00e0 profit ses capacit\u00e9s, ses atouts et ses ressources pour s\u2019assurer que les jeunes aient un meilleur acc\u00e8s au d\u00e9veloppement de comp\u00e9tences, aux possibilit\u00e9s de r\u00e9seautage et \u00e0 l\u2019exp\u00e9rience professionnelle. Parce que la r\u00e9ussite des jeunes Canadiens est notre r\u00e9ussite \u00e0 tous. Objectif avenir RBC. Outiller les jeunes pour les emplois d\u2019aujourd\u2019hui et de demain.<\/div>\t\t\t\t\t\t\t\t<\/div>\n\t\t\t\t<\/div>\n\t\t\t\t\t<\/div>\n\t\t<\/div>\n\t\t\t\t\t<\/div>\n\t\t<\/section>\n\t\t\t\t<section class=\"elementor-section elementor-inner-section elementor-element elementor-element-41d5e1b elementor-section-boxed elementor-section-height-default elementor-section-height-default\" data-id=\"41d5e1b\" data-element_type=\"section\" data-e-type=\"section\">\n\t\t\t\t\t\t<div class=\"elementor-container elementor-column-gap-default\">\n\t\t\t\t\t<div class=\"elementor-column elementor-col-33 elementor-inner-column elementor-element elementor-element-49ce92f\" data-id=\"49ce92f\" data-element_type=\"column\" data-e-type=\"column\">\n\t\t\t<div class=\"elementor-widget-wrap elementor-element-populated\">\n\t\t\t\t\t\t<div class=\"elementor-element elementor-element-96e1373 elementor-widget elementor-widget-image\" data-id=\"96e1373\" data-element_type=\"widget\" data-e-type=\"widget\" data-settings=\"{&quot;ekit_we_effect_on&quot;:&quot;none&quot;}\" data-widget_type=\"image.default\">\n\t\t\t\t<div class=\"elementor-widget-container\">\n\t\t\t\t\t\t\t\t\t\t\t\t\t\t\t\t<a href=\"http:\/\/www.odenetwork.com\" target=\"_blank\">\n\t\t\t\t\t\t\t<img loading=\"lazy\" decoding=\"async\" width=\"300\" height=\"160\" src=\"https:\/\/cannexus.ceric.ca\/wp-content\/uploads\/2022\/12\/ODEN-1.png\" class=\"attachment-medium size-medium wp-image-17699\" alt=\"\" \/>\t\t\t\t\t\t\t\t<\/a>\n\t\t\t\t\t\t\t\t\t\t\t\t\t\t\t<\/div>\n\t\t\t\t<\/div>\n\t\t\t\t\t<\/div>\n\t\t<\/div>\n\t\t\t\t<div class=\"elementor-column elementor-col-66 elementor-inner-column elementor-element elementor-element-a538e6f\" data-id=\"a538e6f\" data-element_type=\"column\" data-e-type=\"column\">\n\t\t\t<div class=\"elementor-widget-wrap elementor-element-populated\">\n\t\t\t\t\t\t<div class=\"elementor-element elementor-element-a3ffbb2 elementor-widget elementor-widget-text-editor\" data-id=\"a3ffbb2\" data-element_type=\"widget\" data-e-type=\"widget\" data-settings=\"{&quot;ekit_we_effect_on&quot;:&quot;none&quot;}\" data-widget_type=\"text-editor.default\">\n\t\t\t\t<div class=\"elementor-widget-container\">\n\t\t\t\t\t\t\t\t\t<p>L\u2019<a href=\"http:\/\/www.odenetwork.com\" target=\"_blank\" rel=\"noopener\"><strong>ODEN<\/strong><\/a> est un r\u00e9seau professionnel constitu\u00e9 de fournisseurs de services d\u2019emploi qui se sont regroup\u00e9s pour am\u00e9liorer les occasions d\u2019emploi des personnes ayant une d\u00e9ficience. Nous comptons plus de 140 agences membres, qui ont toutes pour mission d\u2019aider les personnes ayant une d\u00e9ficience \u00e0 int\u00e9grer le march\u00e9 du travail. Les membres, qui proviennent de toutes les r\u00e9gions de l\u2019Ontario, soutiennent des personnes souffrant de d\u00e9ficiences de tous types. Notre vision : que toutes les personnes ayant une d\u00e9ficience en Ontario aient acc\u00e8s au march\u00e9 du travail et soient en mesure d\u2019obtenir un emploi int\u00e9ressant.<\/p>\t\t\t\t\t\t\t\t<\/div>\n\t\t\t\t<\/div>\n\t\t\t\t\t<\/div>\n\t\t<\/div>\n\t\t\t\t\t<\/div>\n\t\t<\/section>\n\t\t\t\t<section class=\"elementor-section elementor-inner-section elementor-element elementor-element-cb0994d elementor-section-boxed elementor-section-height-default elementor-section-height-default\" data-id=\"cb0994d\" data-element_type=\"section\" data-e-type=\"section\">\n\t\t\t\t\t\t<div class=\"elementor-container elementor-column-gap-default\">\n\t\t\t\t\t<div class=\"elementor-column elementor-col-33 elementor-inner-column elementor-element elementor-element-441721e\" data-id=\"441721e\" data-element_type=\"column\" data-e-type=\"column\">\n\t\t\t<div class=\"elementor-widget-wrap elementor-element-populated\">\n\t\t\t\t\t\t<div class=\"elementor-element elementor-element-8fb38c0 elementor-widget elementor-widget-image\" data-id=\"8fb38c0\" data-element_type=\"widget\" data-e-type=\"widget\" data-settings=\"{&quot;ekit_we_effect_on&quot;:&quot;none&quot;}\" data-widget_type=\"image.default\">\n\t\t\t\t<div class=\"elementor-widget-container\">\n\t\t\t\t\t\t\t\t\t\t\t\t\t\t\t\t<a href=\"http:\/\/OneLifeTools.com\" target=\"_blank\">\n\t\t\t\t\t\t\t<img loading=\"lazy\" decoding=\"async\" width=\"300\" height=\"68\" src=\"https:\/\/cannexus.ceric.ca\/wp-content\/uploads\/2024\/01\/onelifetools-300x68.png\" class=\"attachment-medium size-medium wp-image-22859\" alt=\"\" srcset=\"https:\/\/cannexus.ceric.ca\/wp-content\/uploads\/2024\/01\/onelifetools-300x68.png 300w, https:\/\/cannexus.ceric.ca\/wp-content\/uploads\/2024\/01\/onelifetools.png 433w\" sizes=\"(max-width: 300px) 100vw, 300px\" \/>\t\t\t\t\t\t\t\t<\/a>\n\t\t\t\t\t\t\t\t\t\t\t\t\t\t\t<\/div>\n\t\t\t\t<\/div>\n\t\t\t\t\t<\/div>\n\t\t<\/div>\n\t\t\t\t<div class=\"elementor-column elementor-col-66 elementor-inner-column elementor-element elementor-element-25ce79d\" data-id=\"25ce79d\" data-element_type=\"column\" data-e-type=\"column\">\n\t\t\t<div class=\"elementor-widget-wrap elementor-element-populated\">\n\t\t\t\t\t\t<div class=\"elementor-element elementor-element-b291da3 elementor-widget elementor-widget-text-editor\" data-id=\"b291da3\" data-element_type=\"widget\" data-e-type=\"widget\" data-settings=\"{&quot;ekit_we_effect_on&quot;:&quot;none&quot;}\" data-widget_type=\"text-editor.default\">\n\t\t\t\t<div class=\"elementor-widget-container\">\n\t\t\t\t\t\t\t\t\t<p>L\u2019exp\u00e9rience \u00ab Who You Are Matters! \u00bb de <a href=\"https:\/\/onelifetools.com\/\" target=\"_blank\" rel=\"noopener\"><strong>OneLifeTools<\/strong><\/a>, chef de file des techniques de narration, aide les professionnels de la carri\u00e8re \u00e0 d\u00e9terminer les prochaines \u00e9tapes avec leurs groupes. Cette exp\u00e9rience utilise des jeux captivants et des outils pratiques fond\u00e9s sur des donn\u00e9es probantes pour aider les participants \u00e0 cibler des possibilit\u00e9s motivantes en fonction de leur cheminement personnel. Le cadre HEROIC-g, mis au point par Mark Franklin et Rich Feller, a \u00e9t\u00e9 utilis\u00e9 avec succ\u00e8s aupr\u00e8s de plus de 30 000 personnes \u00e0 l\u2019\u00e9chelle mondiale.<\/p>\t\t\t\t\t\t\t\t<\/div>\n\t\t\t\t<\/div>\n\t\t\t\t\t<\/div>\n\t\t<\/div>\n\t\t\t\t\t<\/div>\n\t\t<\/section>\n\t\t\t\t<section class=\"elementor-section elementor-inner-section elementor-element elementor-element-c77167b elementor-section-boxed elementor-section-height-default elementor-section-height-default\" data-id=\"c77167b\" data-element_type=\"section\" data-e-type=\"section\">\n\t\t\t\t\t\t<div class=\"elementor-container elementor-column-gap-default\">\n\t\t\t\t\t<div class=\"elementor-column elementor-col-33 elementor-inner-column elementor-element elementor-element-b6767c1\" data-id=\"b6767c1\" data-element_type=\"column\" data-e-type=\"column\">\n\t\t\t<div class=\"elementor-widget-wrap elementor-element-populated\">\n\t\t\t\t\t\t<div class=\"elementor-element elementor-element-6b62723 elementor-widget elementor-widget-image\" data-id=\"6b62723\" data-element_type=\"widget\" data-e-type=\"widget\" data-settings=\"{&quot;ekit_we_effect_on&quot;:&quot;none&quot;}\" data-widget_type=\"image.default\">\n\t\t\t\t<div class=\"elementor-widget-container\">\n\t\t\t\t\t\t\t\t\t\t\t\t\t\t\t\t<a href=\"https:\/\/www.ontario.ca\/fr\/page\/programme-ontarien-des-candidats-limmigration-poci-0\" target=\"_blank\">\n\t\t\t\t\t\t\t<img loading=\"lazy\" decoding=\"async\" width=\"300\" height=\"120\" src=\"https:\/\/cannexus.ceric.ca\/wp-content\/uploads\/2024\/10\/ON_POS_LOGO_RGB-300x120.png\" class=\"attachment-medium size-medium wp-image-26128\" alt=\"\" srcset=\"https:\/\/cannexus.ceric.ca\/wp-content\/uploads\/2024\/10\/ON_POS_LOGO_RGB-300x120.png 300w, https:\/\/cannexus.ceric.ca\/wp-content\/uploads\/2024\/10\/ON_POS_LOGO_RGB-1024x410.png 1024w, https:\/\/cannexus.ceric.ca\/wp-content\/uploads\/2024\/10\/ON_POS_LOGO_RGB-768x307.png 768w, https:\/\/cannexus.ceric.ca\/wp-content\/uploads\/2024\/10\/ON_POS_LOGO_RGB-1536x614.png 1536w, https:\/\/cannexus.ceric.ca\/wp-content\/uploads\/2024\/10\/ON_POS_LOGO_RGB-2048x819.png 2048w\" sizes=\"(max-width: 300px) 100vw, 300px\" \/>\t\t\t\t\t\t\t\t<\/a>\n\t\t\t\t\t\t\t\t\t\t\t\t\t\t\t<\/div>\n\t\t\t\t<\/div>\n\t\t\t\t\t<\/div>\n\t\t<\/div>\n\t\t\t\t<div class=\"elementor-column elementor-col-66 elementor-inner-column elementor-element elementor-element-39781bb\" data-id=\"39781bb\" data-element_type=\"column\" data-e-type=\"column\">\n\t\t\t<div class=\"elementor-widget-wrap elementor-element-populated\">\n\t\t\t\t\t\t<div class=\"elementor-element elementor-element-113e50d elementor-widget elementor-widget-text-editor\" data-id=\"113e50d\" data-element_type=\"widget\" data-e-type=\"widget\" data-settings=\"{&quot;ekit_we_effect_on&quot;:&quot;none&quot;}\" data-widget_type=\"text-editor.default\">\n\t\t\t\t<div class=\"elementor-widget-container\">\n\t\t\t\t\t\t\t\t\t<p>Le <a href=\"https:\/\/www.ontario.ca\/fr\/page\/programme-ontarien-des-candidats-limmigration-poci-0\" target=\"_blank\" rel=\"noopener\"><strong>Programme ontarien des candidats \u00e0 l\u2019immigration (POCI)<\/strong><\/a> est le programme d\u2019immigration \u00e9conomique de la province. Le POCI reconna\u00eet l\u2019importance de l\u2019immigration pour r\u00e9pondre aux besoins en main-d\u2019\u0153uvre des employeurs de l\u2019Ontario. Les employeurs peuvent tirer parti de ce programme pour attirer et maintenir en emploi des travailleurs \u00e9trangers hautement qualifi\u00e9s qui contribueront au succ\u00e8s de leur entreprise.<\/p>\t\t\t\t\t\t\t\t<\/div>\n\t\t\t\t<\/div>\n\t\t\t\t\t<\/div>\n\t\t<\/div>\n\t\t\t\t\t<\/div>\n\t\t<\/section>\n\t\t\t\t<section class=\"elementor-section elementor-inner-section elementor-element elementor-element-6bb1075 elementor-section-boxed elementor-section-height-default elementor-section-height-default\" data-id=\"6bb1075\" data-element_type=\"section\" data-e-type=\"section\">\n\t\t\t\t\t\t<div class=\"elementor-container elementor-column-gap-default\">\n\t\t\t\t\t<div class=\"elementor-column elementor-col-33 elementor-inner-column elementor-element elementor-element-d71401e\" data-id=\"d71401e\" data-element_type=\"column\" data-e-type=\"column\">\n\t\t\t<div class=\"elementor-widget-wrap elementor-element-populated\">\n\t\t\t\t\t\t<div class=\"elementor-element elementor-element-a7eeca3 elementor-widget elementor-widget-image\" data-id=\"a7eeca3\" data-element_type=\"widget\" data-e-type=\"widget\" data-settings=\"{&quot;ekit_we_effect_on&quot;:&quot;none&quot;}\" data-widget_type=\"image.default\">\n\t\t\t\t<div class=\"elementor-widget-container\">\n\t\t\t\t\t\t\t\t\t\t\t\t\t\t\t\t<a href=\"https:\/\/prepr.org\/\" target=\"_blank\">\n\t\t\t\t\t\t\t<img loading=\"lazy\" decoding=\"async\" width=\"300\" height=\"176\" src=\"https:\/\/cannexus.ceric.ca\/wp-content\/uploads\/2024\/09\/Prepr-Logo-300x176.png\" class=\"attachment-medium size-medium wp-image-25640\" alt=\"\" srcset=\"https:\/\/cannexus.ceric.ca\/wp-content\/uploads\/2024\/09\/Prepr-Logo-300x176.png 300w, https:\/\/cannexus.ceric.ca\/wp-content\/uploads\/2024\/09\/Prepr-Logo.png 587w\" sizes=\"(max-width: 300px) 100vw, 300px\" \/>\t\t\t\t\t\t\t\t<\/a>\n\t\t\t\t\t\t\t\t\t\t\t\t\t\t\t<\/div>\n\t\t\t\t<\/div>\n\t\t\t\t\t<\/div>\n\t\t<\/div>\n\t\t\t\t<div class=\"elementor-column elementor-col-66 elementor-inner-column elementor-element elementor-element-af9245b\" data-id=\"af9245b\" data-element_type=\"column\" data-e-type=\"column\">\n\t\t\t<div class=\"elementor-widget-wrap elementor-element-populated\">\n\t\t\t\t\t\t<div class=\"elementor-element elementor-element-4e99408 elementor-widget elementor-widget-text-editor\" data-id=\"4e99408\" data-element_type=\"widget\" data-e-type=\"widget\" data-settings=\"{&quot;ekit_we_effect_on&quot;:&quot;none&quot;}\" data-widget_type=\"text-editor.default\">\n\t\t\t\t<div class=\"elementor-widget-container\">\n\t\t\t\t\t\t\t\t\t<p><a href=\"https:\/\/prepr.org\/\" target=\"_blank\" rel=\"noopener\"><strong>Prepr<\/strong> <\/a>est une entreprise sociale canadienne sans but lucratif dont la mission est de rendre l\u2019\u00e9ducation accessible \u00e0 tous. Au moyen de notre plateforme unique de d\u00e9veloppement de la main-d\u2019\u0153uvre et de notre approche d\u2019apprentissage par la pratique, nous proposons des laboratoires et des programmes dirig\u00e9s par un instructeur qui enseignent des comp\u00e9tences transf\u00e9rables et favorisent l\u2019autonomie des apprenants par la mise en valeur de leur travail.<\/p>\t\t\t\t\t\t\t\t<\/div>\n\t\t\t\t<\/div>\n\t\t\t\t\t<\/div>\n\t\t<\/div>\n\t\t\t\t\t<\/div>\n\t\t<\/section>\n\t\t\t\t<section class=\"elementor-section elementor-inner-section elementor-element elementor-element-91e24dc elementor-section-boxed elementor-section-height-default elementor-section-height-default\" data-id=\"91e24dc\" data-element_type=\"section\" data-e-type=\"section\">\n\t\t\t\t\t\t<div class=\"elementor-container elementor-column-gap-default\">\n\t\t\t\t\t<div class=\"elementor-column elementor-col-33 elementor-inner-column elementor-element elementor-element-6875d73\" data-id=\"6875d73\" data-element_type=\"column\" data-e-type=\"column\">\n\t\t\t<div class=\"elementor-widget-wrap elementor-element-populated\">\n\t\t\t\t\t\t<div class=\"elementor-element elementor-element-c15d4e7 elementor-widget elementor-widget-image\" data-id=\"c15d4e7\" data-element_type=\"widget\" data-e-type=\"widget\" data-settings=\"{&quot;ekit_we_effect_on&quot;:&quot;none&quot;}\" data-widget_type=\"image.default\">\n\t\t\t\t<div class=\"elementor-widget-container\">\n\t\t\t\t\t\t\t\t\t\t\t\t\t\t\t\t<a href=\"https:\/\/saskpolytech.ca\/programs-and-courses\/part-time-studies\/\" target=\"_blank\">\n\t\t\t\t\t\t\t<img loading=\"lazy\" decoding=\"async\" width=\"300\" height=\"155\" src=\"https:\/\/cannexus.ceric.ca\/wp-content\/uploads\/2024\/10\/Saskatchewan_Polytechnic_Logo.png\" class=\"attachment-medium size-medium wp-image-26132\" alt=\"\" \/>\t\t\t\t\t\t\t\t<\/a>\n\t\t\t\t\t\t\t\t\t\t\t\t\t\t\t<\/div>\n\t\t\t\t<\/div>\n\t\t\t\t\t<\/div>\n\t\t<\/div>\n\t\t\t\t<div class=\"elementor-column elementor-col-66 elementor-inner-column elementor-element elementor-element-2135651\" data-id=\"2135651\" data-element_type=\"column\" data-e-type=\"column\">\n\t\t\t<div class=\"elementor-widget-wrap elementor-element-populated\">\n\t\t\t\t\t\t<div class=\"elementor-element elementor-element-f488602 elementor-widget elementor-widget-text-editor\" data-id=\"f488602\" data-element_type=\"widget\" data-e-type=\"widget\" data-settings=\"{&quot;ekit_we_effect_on&quot;:&quot;none&quot;}\" data-widget_type=\"text-editor.default\">\n\t\t\t\t<div class=\"elementor-widget-container\">\n\t\t\t\t\t\t\t\t\t<p>Le <a href=\"https:\/\/saskpolytech.ca\/programs-and-courses\/part-time-studies\/\" target=\"_blank\" rel=\"noopener\"><strong>Centre for Continuing Education<\/strong><\/a> a pour mission d\u2019aider les personnes et les entreprises \u00e0 se pr\u00e9parer et \u00e0 r\u00e9pondre \u00e0 la nature \u00e9volutive du travail \u00e0 une \u00e9poque de changements et de bouleversements sans pr\u00e9c\u00e9dent. Nous veillons \u00e0 ce que la future main-d\u2019\u0153uvre dispose des comp\u00e9tences requises pour relever les d\u00e9fis et saisir les occasions d\u2019aujourd\u2019hui et de demain. Nous aidons les professionnels, les employeurs et les personnes qui envisagent un changement de carri\u00e8re \u00e0 faire preuve de r\u00e9silience face \u00e0 la transformation et \u00e0 acqu\u00e9rir les comp\u00e9tences dont ils ont besoin pour s\u2019adapter et r\u00e9ussir sur le march\u00e9 du travail. Le Centre for Continuing Education rassemble notre expertise interne pour promouvoir notre gamme de programmes de perfectionnement professionnel, de formation en entreprise et de microcertifications. Nos cours sont ax\u00e9s sur le march\u00e9 et r\u00e9guli\u00e8rement mis \u00e0 jour pour refl\u00e9ter les tendances \u00e9mergentes et les meilleures pratiques.<\/p>\t\t\t\t\t\t\t\t<\/div>\n\t\t\t\t<\/div>\n\t\t\t\t\t<\/div>\n\t\t<\/div>\n\t\t\t\t\t<\/div>\n\t\t<\/section>\n\t\t\t\t<section class=\"elementor-section elementor-inner-section elementor-element elementor-element-d3d890b elementor-section-boxed elementor-section-height-default elementor-section-height-default\" data-id=\"d3d890b\" data-element_type=\"section\" data-e-type=\"section\">\n\t\t\t\t\t\t<div class=\"elementor-container elementor-column-gap-default\">\n\t\t\t\t\t<div class=\"elementor-column elementor-col-33 elementor-inner-column elementor-element elementor-element-0251a07\" data-id=\"0251a07\" data-element_type=\"column\" data-e-type=\"column\">\n\t\t\t<div class=\"elementor-widget-wrap elementor-element-populated\">\n\t\t\t\t\t\t<div class=\"elementor-element elementor-element-6ab0357 elementor-widget elementor-widget-image\" data-id=\"6ab0357\" data-element_type=\"widget\" data-e-type=\"widget\" data-settings=\"{&quot;ekit_we_effect_on&quot;:&quot;none&quot;}\" data-widget_type=\"image.default\">\n\t\t\t\t<div class=\"elementor-widget-container\">\n\t\t\t\t\t\t\t\t\t\t\t\t\t\t\t\t<a href=\"https:\/\/mysparkpath.com\/\" target=\"_blank\">\n\t\t\t\t\t\t\t<img loading=\"lazy\" decoding=\"async\" width=\"300\" height=\"177\" src=\"https:\/\/cannexus.ceric.ca\/wp-content\/uploads\/2022\/10\/SparkPath-e1730993743245.png\" class=\"attachment-medium size-medium wp-image-16792\" alt=\"\" \/>\t\t\t\t\t\t\t\t<\/a>\n\t\t\t\t\t\t\t\t\t\t\t\t\t\t\t<\/div>\n\t\t\t\t<\/div>\n\t\t\t\t\t<\/div>\n\t\t<\/div>\n\t\t\t\t<div class=\"elementor-column elementor-col-66 elementor-inner-column elementor-element elementor-element-1e6bcae\" data-id=\"1e6bcae\" data-element_type=\"column\" data-e-type=\"column\">\n\t\t\t<div class=\"elementor-widget-wrap elementor-element-populated\">\n\t\t\t\t\t\t<div class=\"elementor-element elementor-element-7986061 elementor-widget elementor-widget-text-editor\" data-id=\"7986061\" data-element_type=\"widget\" data-e-type=\"widget\" data-settings=\"{&quot;ekit_we_effect_on&quot;:&quot;none&quot;}\" data-widget_type=\"text-editor.default\">\n\t\t\t\t<div class=\"elementor-widget-container\">\n\t\t\t\t\t\t\t\t\t<p><a href=\"https:\/\/mysparkpath.com\/\" target=\"_blank\" rel=\"noopener\"><strong>Sparkpath <\/strong><\/a>: Les Cartes d\u00e9fis aident les \u00e9tudiants \u00e0 pr\u00e9parer leur avenir en utilisant la mentalit\u00e9 de d\u00e9fi. La \u00ab mentalit\u00e9 de d\u00e9fi \u00bb est une approche de l\u2019exploration de carri\u00e8re ax\u00e9e sur la recherche de d\u00e9fis \u00e0 relever plut\u00f4t que de titres de postes \u00e0 pourvoir.<\/p>\t\t\t\t\t\t\t\t<\/div>\n\t\t\t\t<\/div>\n\t\t\t\t\t<\/div>\n\t\t<\/div>\n\t\t\t\t\t<\/div>\n\t\t<\/section>\n\t\t\t\t<section class=\"elementor-section elementor-inner-section elementor-element elementor-element-dcebb70 elementor-section-boxed elementor-section-height-default elementor-section-height-default\" data-id=\"dcebb70\" data-element_type=\"section\" data-e-type=\"section\">\n\t\t\t\t\t\t<div class=\"elementor-container elementor-column-gap-default\">\n\t\t\t\t\t<div class=\"elementor-column elementor-col-33 elementor-inner-column elementor-element elementor-element-f8b430e\" data-id=\"f8b430e\" data-element_type=\"column\" data-e-type=\"column\">\n\t\t\t<div class=\"elementor-widget-wrap elementor-element-populated\">\n\t\t\t\t\t\t<div class=\"elementor-element elementor-element-94c8856 elementor-widget elementor-widget-image\" data-id=\"94c8856\" data-element_type=\"widget\" data-e-type=\"widget\" data-settings=\"{&quot;ekit_we_effect_on&quot;:&quot;none&quot;}\" data-widget_type=\"image.default\">\n\t\t\t\t<div class=\"elementor-widget-container\">\n\t\t\t\t\t\t\t\t\t\t\t\t\t\t\t\t<a href=\"https:\/\/esat.futureworx.ca\/?lang=fr\" target=\"_blank\">\n\t\t\t\t\t\t\t<img loading=\"lazy\" decoding=\"async\" width=\"300\" height=\"52\" src=\"https:\/\/cannexus.ceric.ca\/wp-content\/uploads\/2024\/10\/ESAT_logo-300x52.png\" class=\"attachment-medium size-medium wp-image-26170\" alt=\"\" srcset=\"https:\/\/cannexus.ceric.ca\/wp-content\/uploads\/2024\/10\/ESAT_logo-300x52.png 300w, https:\/\/cannexus.ceric.ca\/wp-content\/uploads\/2024\/10\/ESAT_logo.png 523w\" sizes=\"(max-width: 300px) 100vw, 300px\" \/>\t\t\t\t\t\t\t\t<\/a>\n\t\t\t\t\t\t\t\t\t\t\t\t\t\t\t<\/div>\n\t\t\t\t<\/div>\n\t\t\t\t\t<\/div>\n\t\t<\/div>\n\t\t\t\t<div class=\"elementor-column elementor-col-66 elementor-inner-column elementor-element elementor-element-920257f\" data-id=\"920257f\" data-element_type=\"column\" data-e-type=\"column\">\n\t\t\t<div class=\"elementor-widget-wrap elementor-element-populated\">\n\t\t\t\t\t\t<div class=\"elementor-element elementor-element-6ec428d elementor-widget elementor-widget-text-editor\" data-id=\"6ec428d\" data-element_type=\"widget\" data-e-type=\"widget\" data-settings=\"{&quot;ekit_we_effect_on&quot;:&quot;none&quot;}\" data-widget_type=\"text-editor.default\">\n\t\t\t\t<div class=\"elementor-widget-container\">\n\t\t\t\t\t\t\t\t\t<p>Le <a href=\"https:\/\/esat.futureworx.ca\/?lang=fr\" target=\"_blank\" rel=\"noopener\"><strong>Syst\u00e8me d\u2019\u00e9valuation des aptitudes en employabilit\u00e9 (ESAT)<\/strong><\/a> est un outil d\u2019\u00e9valuation et de perfectionnement des comp\u00e9tences sociales et \u00e9motionnelles telles que l\u2019attitude, la responsabilisation, l\u2019adaptabilit\u00e9, etc. Utilis\u00e9 au Canada et en Australie pour am\u00e9liorer les r\u00e9sultats des apprenants en mati\u00e8re d\u2019emploi, il est con\u00e7u pour aider les \u00e9quipes de formation \u00e0 aborder les comp\u00e9tences dites \u00ab non techniques \u00bb avec la m\u00eame intention et la m\u00eame importance accord\u00e9e aux r\u00e9sultats que pour les capacit\u00e9s de lecture et d\u2019\u00e9criture, et les comp\u00e9tences essentielles ou techniques.<\/p>\t\t\t\t\t\t\t\t<\/div>\n\t\t\t\t<\/div>\n\t\t\t\t\t<\/div>\n\t\t<\/div>\n\t\t\t\t\t<\/div>\n\t\t<\/section>\n\t\t\t\t<section class=\"elementor-section elementor-inner-section elementor-element elementor-element-06641fa elementor-section-boxed elementor-section-height-default elementor-section-height-default\" data-id=\"06641fa\" data-element_type=\"section\" data-e-type=\"section\">\n\t\t\t\t\t\t<div class=\"elementor-container elementor-column-gap-default\">\n\t\t\t\t\t<div class=\"elementor-column elementor-col-33 elementor-inner-column elementor-element elementor-element-4e3b7ca\" data-id=\"4e3b7ca\" data-element_type=\"column\" data-e-type=\"column\">\n\t\t\t<div class=\"elementor-widget-wrap elementor-element-populated\">\n\t\t\t\t\t\t<div class=\"elementor-element elementor-element-6d35d01 elementor-widget elementor-widget-image\" data-id=\"6d35d01\" data-element_type=\"widget\" data-e-type=\"widget\" data-settings=\"{&quot;ekit_we_effect_on&quot;:&quot;none&quot;}\" data-widget_type=\"image.default\">\n\t\t\t\t<div class=\"elementor-widget-container\">\n\t\t\t\t\t\t\t\t\t\t\t\t\t\t\t\t<a href=\"http:\/\/www.unpackingtech.ca\" target=\"_blank\">\n\t\t\t\t\t\t\t<img loading=\"lazy\" decoding=\"async\" width=\"300\" height=\"75\" src=\"https:\/\/cannexus.ceric.ca\/wp-content\/uploads\/2024\/09\/UT_xCCRW-300x75.png\" class=\"attachment-medium size-medium wp-image-25789\" alt=\"\" srcset=\"https:\/\/cannexus.ceric.ca\/wp-content\/uploads\/2024\/09\/UT_xCCRW-300x75.png 300w, https:\/\/cannexus.ceric.ca\/wp-content\/uploads\/2024\/09\/UT_xCCRW-1024x256.png 1024w, https:\/\/cannexus.ceric.ca\/wp-content\/uploads\/2024\/09\/UT_xCCRW-768x192.png 768w, https:\/\/cannexus.ceric.ca\/wp-content\/uploads\/2024\/09\/UT_xCCRW.png 1252w\" sizes=\"(max-width: 300px) 100vw, 300px\" \/>\t\t\t\t\t\t\t\t<\/a>\n\t\t\t\t\t\t\t\t\t\t\t\t\t\t\t<\/div>\n\t\t\t\t<\/div>\n\t\t\t\t\t<\/div>\n\t\t<\/div>\n\t\t\t\t<div class=\"elementor-column elementor-col-66 elementor-inner-column elementor-element elementor-element-e4396fd\" data-id=\"e4396fd\" data-element_type=\"column\" data-e-type=\"column\">\n\t\t\t<div class=\"elementor-widget-wrap elementor-element-populated\">\n\t\t\t\t\t\t<div class=\"elementor-element elementor-element-a02bf80 elementor-widget elementor-widget-text-editor\" data-id=\"a02bf80\" data-element_type=\"widget\" data-e-type=\"widget\" data-settings=\"{&quot;ekit_we_effect_on&quot;:&quot;none&quot;}\" data-widget_type=\"text-editor.default\">\n\t\t\t\t<div class=\"elementor-widget-container\">\n\t\t\t\t\t\t\t\t\t<p><a href=\"https:\/\/www.untappedtalent.ca\/s\/?language=fr\" target=\"_blank\" rel=\"noopener\"><strong>Talents inexploit\u00e9s<\/strong><\/a> est un site d\u2019offres d\u2019emploi offert par le <a href=\"https:\/\/ccrw.org\/fr\/\" target=\"_blank\" rel=\"noopener\"><strong>Conseil Canadien de la R\u00e9adaptation et du Travail (CCRT)<\/strong><\/a> et destin\u00e9 aux employeurs qui souhaitent recruter des demandeurs d\u2019emploi ayant une d\u00e9ficience. Il vise \u00e0 combler les \u00e9carts d\u2019emplois au Canada en veillant \u00e0 ce que les offres d\u2019emploi parviennent aux personnes ayant une d\u00e9ficience. Le CCRT est un organisme national sans but lucratif qui encourage et aide les demandeurs d\u2019emploi ayant une d\u00e9ficience \u00e0 obtenir un emploi int\u00e9ressant.<\/p>\t\t\t\t\t\t\t\t<\/div>\n\t\t\t\t<\/div>\n\t\t\t\t\t<\/div>\n\t\t<\/div>\n\t\t\t\t\t<\/div>\n\t\t<\/section>\n\t\t\t\t<section class=\"elementor-section elementor-inner-section elementor-element elementor-element-39c2b74 elementor-section-boxed elementor-section-height-default elementor-section-height-default\" data-id=\"39c2b74\" data-element_type=\"section\" data-e-type=\"section\">\n\t\t\t\t\t\t<div class=\"elementor-container elementor-column-gap-default\">\n\t\t\t\t\t<div class=\"elementor-column elementor-col-33 elementor-inner-column elementor-element elementor-element-a630fce\" data-id=\"a630fce\" data-element_type=\"column\" data-e-type=\"column\">\n\t\t\t<div class=\"elementor-widget-wrap elementor-element-populated\">\n\t\t\t\t\t\t<div class=\"elementor-element elementor-element-acfa146 elementor-widget elementor-widget-image\" data-id=\"acfa146\" data-element_type=\"widget\" data-e-type=\"widget\" data-settings=\"{&quot;ekit_we_effect_on&quot;:&quot;none&quot;}\" data-widget_type=\"image.default\">\n\t\t\t\t<div class=\"elementor-widget-container\">\n\t\t\t\t\t\t\t\t\t\t\t\t\t\t\t\t<a href=\"http:\/\/www.unpackingtech.ca\" target=\"_blank\">\n\t\t\t\t\t\t\t<img loading=\"lazy\" decoding=\"async\" width=\"300\" height=\"160\" src=\"https:\/\/cannexus.ceric.ca\/wp-content\/uploads\/2024\/01\/unpacking-tech-e1730995590788.png\" class=\"attachment-medium size-medium wp-image-22934\" alt=\"\" \/>\t\t\t\t\t\t\t\t<\/a>\n\t\t\t\t\t\t\t\t\t\t\t\t\t\t\t<\/div>\n\t\t\t\t<\/div>\n\t\t\t\t\t<\/div>\n\t\t<\/div>\n\t\t\t\t<div class=\"elementor-column elementor-col-66 elementor-inner-column elementor-element elementor-element-2c85324\" data-id=\"2c85324\" data-element_type=\"column\" data-e-type=\"column\">\n\t\t\t<div class=\"elementor-widget-wrap elementor-element-populated\">\n\t\t\t\t\t\t<div class=\"elementor-element elementor-element-a11cc84 elementor-widget elementor-widget-text-editor\" data-id=\"a11cc84\" data-element_type=\"widget\" data-e-type=\"widget\" data-settings=\"{&quot;ekit_we_effect_on&quot;:&quot;none&quot;}\" data-widget_type=\"text-editor.default\">\n\t\t\t\t<div class=\"elementor-widget-container\">\n\t\t\t\t\t\t\t\t\t<p><a href=\"http:\/\/www.unpackingtech.ca\/\" target=\"_blank\" rel=\"noopener\"><strong>Unpacking Tech<\/strong><\/a> aide les fournisseurs de services d\u2019orientation professionnelle \u00e0 se familiariser avec le secteur technologique afin qu\u2019ils puissent faire profiter des possibilit\u00e9s qu\u2019il offre \u00e0 leurs demandeurs d\u2019emploi.<\/p>\t\t\t\t\t\t\t\t<\/div>\n\t\t\t\t<\/div>\n\t\t\t\t\t<\/div>\n\t\t<\/div>\n\t\t\t\t\t<\/div>\n\t\t<\/section>\n\t\t\t\t<section class=\"elementor-section elementor-inner-section elementor-element elementor-element-063f9f9 elementor-section-boxed elementor-section-height-default elementor-section-height-default\" data-id=\"063f9f9\" data-element_type=\"section\" data-e-type=\"section\">\n\t\t\t\t\t\t<div class=\"elementor-container elementor-column-gap-default\">\n\t\t\t\t\t<div class=\"elementor-column elementor-col-33 elementor-inner-column elementor-element elementor-element-6536138\" data-id=\"6536138\" data-element_type=\"column\" data-e-type=\"column\">\n\t\t\t<div class=\"elementor-widget-wrap\">\n\t\t\t\t\t\t\t<\/div>\n\t\t<\/div>\n\t\t\t\t<div class=\"elementor-column elementor-col-66 elementor-inner-column elementor-element elementor-element-daa6200\" data-id=\"daa6200\" data-element_type=\"column\" data-e-type=\"column\">\n\t\t\t<div class=\"elementor-widget-wrap\">\n\t\t\t\t\t\t\t<\/div>\n\t\t<\/div>\n\t\t\t\t\t<\/div>\n\t\t<\/section>\n\t\t\t\t\t<\/div>\n\t\t<\/div>\n\t\t\t\t\t<\/div>\n\t\t<\/section>\n\t\t\t\t<\/div>\n\t\t","protected":false},"excerpt":{"rendered":"<p>Cannexus25 Aire d\u2019exposition Cannexus propose une aire d&#8217;exposition d\u2019organisations qui offrent des programmes, des produits et des services susceptibles d\u2019int\u00e9resser les professionnels du d\u00e9veloppement de carri\u00e8re. Jetez un coup d&#8217;\u0153il \u00e0 nos exposants de Cannexus25 pour voir comment ils peuvent vous soutenir dans votre travail. L\u2019Association canadienne de soutien \u00e0 l\u2019emploi (ACSE) est un r\u00e9seau [&hellip;]<\/p>\n","protected":false},"author":9,"featured_media":0,"parent":0,"menu_order":0,"comment_status":"closed","ping_status":"closed","template":"template\/full-width-template.php","meta":{"wp_social_preview_title":"","wp_social_preview_description":"","wp_social_preview_image":0,"footnotes":""},"class_list":["post-30227","page","type-page","status-publish","hentry"],"yoast_head":"<!-- This site is optimized with the Yoast SEO Premium plugin v26.0 (Yoast SEO v26.0) - https:\/\/yoast.com\/wordpress\/plugins\/seo\/ -->\n<title>Aire d\u2019exposition de Cannexus25 - Cannexus27<\/title>\n<meta name=\"robots\" content=\"index, follow, max-snippet:-1, max-image-preview:large, max-video-preview:-1\" \/>\n<link rel=\"canonical\" href=\"https:\/\/cannexus.ceric.ca\/fr\/aire-dexposition-de-cannexus25\/\" \/>\n<meta property=\"og:locale\" content=\"fr_FR\" \/>\n<meta property=\"og:type\" content=\"article\" \/>\n<meta property=\"og:title\" content=\"Aire d\u2019exposition de Cannexus25\" \/>\n<meta property=\"og:description\" content=\"Cannexus25 Aire d\u2019exposition Cannexus propose une aire d&#8217;exposition d\u2019organisations qui offrent des programmes, des produits et des services susceptibles d\u2019int\u00e9resser les professionnels du d\u00e9veloppement de carri\u00e8re. Jetez un coup d&#8217;\u0153il \u00e0 nos exposants de Cannexus25 pour voir comment ils peuvent vous soutenir dans votre travail. L\u2019Association canadienne de soutien \u00e0 l\u2019emploi (ACSE) est un r\u00e9seau [&hellip;]\" \/>\n<meta property=\"og:url\" content=\"https:\/\/cannexus.ceric.ca\/fr\/aire-dexposition-de-cannexus25\/\" \/>\n<meta property=\"og:site_name\" content=\"Cannexus27\" \/>\n<meta property=\"og:image\" content=\"https:\/\/cannexus.ceric.ca\/wp-content\/uploads\/2023\/11\/CASE-FR-SO-logo.png?_t=1744135838\" \/>\n<meta name=\"twitter:card\" content=\"summary_large_image\" \/>\n<meta name=\"twitter:label1\" content=\"Dur\u00e9e de lecture estim\u00e9e\" \/>\n\t<meta name=\"twitter:data1\" content=\"24 minutes\" \/>\n<script type=\"application\/ld+json\" class=\"yoast-schema-graph\">{\"@context\":\"https:\/\/schema.org\",\"@graph\":[{\"@type\":\"WebPage\",\"@id\":\"https:\/\/cannexus.ceric.ca\/fr\/aire-dexposition-de-cannexus25\/\",\"url\":\"https:\/\/cannexus.ceric.ca\/fr\/aire-dexposition-de-cannexus25\/\",\"name\":\"Aire d\u2019exposition de Cannexus25 - Cannexus27\",\"isPartOf\":{\"@id\":\"https:\/\/cannexus.ceric.ca\/fr\/#website\"},\"primaryImageOfPage\":{\"@id\":\"https:\/\/cannexus.ceric.ca\/fr\/aire-dexposition-de-cannexus25\/#primaryimage\"},\"image\":{\"@id\":\"https:\/\/cannexus.ceric.ca\/fr\/aire-dexposition-de-cannexus25\/#primaryimage\"},\"thumbnailUrl\":\"https:\/\/cannexus.ceric.ca\/wp-content\/uploads\/2023\/11\/CASE-FR-SO-logo.png?_t=1744135838\",\"datePublished\":\"2025-10-23T17:33:37+00:00\",\"breadcrumb\":{\"@id\":\"https:\/\/cannexus.ceric.ca\/fr\/aire-dexposition-de-cannexus25\/#breadcrumb\"},\"inLanguage\":\"fr-FR\",\"potentialAction\":[{\"@type\":\"ReadAction\",\"target\":[\"https:\/\/cannexus.ceric.ca\/fr\/aire-dexposition-de-cannexus25\/\"]}]},{\"@type\":\"ImageObject\",\"inLanguage\":\"fr-FR\",\"@id\":\"https:\/\/cannexus.ceric.ca\/fr\/aire-dexposition-de-cannexus25\/#primaryimage\",\"url\":\"https:\/\/cannexus.ceric.ca\/wp-content\/uploads\/2023\/11\/CASE-FR-SO-logo.png?_t=1744135838\",\"contentUrl\":\"https:\/\/cannexus.ceric.ca\/wp-content\/uploads\/2023\/11\/CASE-FR-SO-logo.png?_t=1744135838\"},{\"@type\":\"BreadcrumbList\",\"@id\":\"https:\/\/cannexus.ceric.ca\/fr\/aire-dexposition-de-cannexus25\/#breadcrumb\",\"itemListElement\":[{\"@type\":\"ListItem\",\"position\":1,\"name\":\"Home\",\"item\":\"https:\/\/cannexus.ceric.ca\/fr\/\"},{\"@type\":\"ListItem\",\"position\":2,\"name\":\"Aire d\u2019exposition de Cannexus25\"}]},{\"@type\":\"WebSite\",\"@id\":\"https:\/\/cannexus.ceric.ca\/fr\/#website\",\"url\":\"https:\/\/cannexus.ceric.ca\/fr\/\",\"name\":\"Cannexus26: Canada\u2019s Career Development Conference\",\"description\":\"Canada\u2019s Career Development Conference\",\"publisher\":{\"@id\":\"https:\/\/cannexus.ceric.ca\/fr\/#organization\"},\"alternateName\":\"Cannexus26\",\"potentialAction\":[{\"@type\":\"SearchAction\",\"target\":{\"@type\":\"EntryPoint\",\"urlTemplate\":\"https:\/\/cannexus.ceric.ca\/fr\/?s={search_term_string}\"},\"query-input\":{\"@type\":\"PropertyValueSpecification\",\"valueRequired\":true,\"valueName\":\"search_term_string\"}}],\"inLanguage\":\"fr-FR\"},{\"@type\":\"Organization\",\"@id\":\"https:\/\/cannexus.ceric.ca\/fr\/#organization\",\"name\":\"Cannexus26\",\"url\":\"https:\/\/cannexus.ceric.ca\/fr\/\",\"logo\":{\"@type\":\"ImageObject\",\"inLanguage\":\"fr-FR\",\"@id\":\"https:\/\/cannexus.ceric.ca\/fr\/#\/schema\/logo\/image\/\",\"url\":\"https:\/\/cannexus.ceric.ca\/wp-content\/uploads\/2025\/04\/CX-seal.png\",\"contentUrl\":\"https:\/\/cannexus.ceric.ca\/wp-content\/uploads\/2025\/04\/CX-seal.png\",\"width\":2000,\"height\":1574,\"caption\":\"Cannexus26\"},\"image\":{\"@id\":\"https:\/\/cannexus.ceric.ca\/fr\/#\/schema\/logo\/image\/\"}}]}<\/script>\n<!-- \/ Yoast SEO Premium plugin. -->","yoast_head_json":{"title":"Aire d\u2019exposition de Cannexus25 - Cannexus27","robots":{"index":"index","follow":"follow","max-snippet":"max-snippet:-1","max-image-preview":"max-image-preview:large","max-video-preview":"max-video-preview:-1"},"canonical":"https:\/\/cannexus.ceric.ca\/fr\/aire-dexposition-de-cannexus25\/","og_locale":"fr_FR","og_type":"article","og_title":"Aire d\u2019exposition de Cannexus25","og_description":"Cannexus25 Aire d\u2019exposition Cannexus propose une aire d&#8217;exposition d\u2019organisations qui offrent des programmes, des produits et des services susceptibles d\u2019int\u00e9resser les professionnels du d\u00e9veloppement de carri\u00e8re. Jetez un coup d&#8217;\u0153il \u00e0 nos exposants de Cannexus25 pour voir comment ils peuvent vous soutenir dans votre travail. L\u2019Association canadienne de soutien \u00e0 l\u2019emploi (ACSE) est un r\u00e9seau [&hellip;]","og_url":"https:\/\/cannexus.ceric.ca\/fr\/aire-dexposition-de-cannexus25\/","og_site_name":"Cannexus27","og_image":[{"url":"https:\/\/cannexus.ceric.ca\/wp-content\/uploads\/2023\/11\/CASE-FR-SO-logo.png?_t=1744135838","type":"","width":"","height":""}],"twitter_card":"summary_large_image","twitter_misc":{"Dur\u00e9e de lecture estim\u00e9e":"24 minutes"},"schema":{"@context":"https:\/\/schema.org","@graph":[{"@type":"WebPage","@id":"https:\/\/cannexus.ceric.ca\/fr\/aire-dexposition-de-cannexus25\/","url":"https:\/\/cannexus.ceric.ca\/fr\/aire-dexposition-de-cannexus25\/","name":"Aire d\u2019exposition de Cannexus25 - Cannexus27","isPartOf":{"@id":"https:\/\/cannexus.ceric.ca\/fr\/#website"},"primaryImageOfPage":{"@id":"https:\/\/cannexus.ceric.ca\/fr\/aire-dexposition-de-cannexus25\/#primaryimage"},"image":{"@id":"https:\/\/cannexus.ceric.ca\/fr\/aire-dexposition-de-cannexus25\/#primaryimage"},"thumbnailUrl":"https:\/\/cannexus.ceric.ca\/wp-content\/uploads\/2023\/11\/CASE-FR-SO-logo.png?_t=1744135838","datePublished":"2025-10-23T17:33:37+00:00","breadcrumb":{"@id":"https:\/\/cannexus.ceric.ca\/fr\/aire-dexposition-de-cannexus25\/#breadcrumb"},"inLanguage":"fr-FR","potentialAction":[{"@type":"ReadAction","target":["https:\/\/cannexus.ceric.ca\/fr\/aire-dexposition-de-cannexus25\/"]}]},{"@type":"ImageObject","inLanguage":"fr-FR","@id":"https:\/\/cannexus.ceric.ca\/fr\/aire-dexposition-de-cannexus25\/#primaryimage","url":"https:\/\/cannexus.ceric.ca\/wp-content\/uploads\/2023\/11\/CASE-FR-SO-logo.png?_t=1744135838","contentUrl":"https:\/\/cannexus.ceric.ca\/wp-content\/uploads\/2023\/11\/CASE-FR-SO-logo.png?_t=1744135838"},{"@type":"BreadcrumbList","@id":"https:\/\/cannexus.ceric.ca\/fr\/aire-dexposition-de-cannexus25\/#breadcrumb","itemListElement":[{"@type":"ListItem","position":1,"name":"Home","item":"https:\/\/cannexus.ceric.ca\/fr\/"},{"@type":"ListItem","position":2,"name":"Aire d\u2019exposition de Cannexus25"}]},{"@type":"WebSite","@id":"https:\/\/cannexus.ceric.ca\/fr\/#website","url":"https:\/\/cannexus.ceric.ca\/fr\/","name":"Cannexus26: Canada\u2019s Career Development Conference","description":"Canada\u2019s Career Development Conference","publisher":{"@id":"https:\/\/cannexus.ceric.ca\/fr\/#organization"},"alternateName":"Cannexus26","potentialAction":[{"@type":"SearchAction","target":{"@type":"EntryPoint","urlTemplate":"https:\/\/cannexus.ceric.ca\/fr\/?s={search_term_string}"},"query-input":{"@type":"PropertyValueSpecification","valueRequired":true,"valueName":"search_term_string"}}],"inLanguage":"fr-FR"},{"@type":"Organization","@id":"https:\/\/cannexus.ceric.ca\/fr\/#organization","name":"Cannexus26","url":"https:\/\/cannexus.ceric.ca\/fr\/","logo":{"@type":"ImageObject","inLanguage":"fr-FR","@id":"https:\/\/cannexus.ceric.ca\/fr\/#\/schema\/logo\/image\/","url":"https:\/\/cannexus.ceric.ca\/wp-content\/uploads\/2025\/04\/CX-seal.png","contentUrl":"https:\/\/cannexus.ceric.ca\/wp-content\/uploads\/2025\/04\/CX-seal.png","width":2000,"height":1574,"caption":"Cannexus26"},"image":{"@id":"https:\/\/cannexus.ceric.ca\/fr\/#\/schema\/logo\/image\/"}}]}},"_links":{"self":[{"href":"https:\/\/cannexus.ceric.ca\/fr\/wp-json\/wp\/v2\/pages\/30227","targetHints":{"allow":["GET"]}}],"collection":[{"href":"https:\/\/cannexus.ceric.ca\/fr\/wp-json\/wp\/v2\/pages"}],"about":[{"href":"https:\/\/cannexus.ceric.ca\/fr\/wp-json\/wp\/v2\/types\/page"}],"author":[{"embeddable":true,"href":"https:\/\/cannexus.ceric.ca\/fr\/wp-json\/wp\/v2\/users\/9"}],"replies":[{"embeddable":true,"href":"https:\/\/cannexus.ceric.ca\/fr\/wp-json\/wp\/v2\/comments?post=30227"}],"version-history":[{"count":0,"href":"https:\/\/cannexus.ceric.ca\/fr\/wp-json\/wp\/v2\/pages\/30227\/revisions"}],"wp:attachment":[{"href":"https:\/\/cannexus.ceric.ca\/fr\/wp-json\/wp\/v2\/media?parent=30227"}],"curies":[{"name":"wp","href":"https:\/\/api.w.org\/{rel}","templated":true}]}}