{"id":25514,"date":"2024-08-23T10:35:01","date_gmt":"2024-08-23T14:35:01","guid":{"rendered":"https:\/\/cannexus.ceric.ca\/?page_id=25514"},"modified":"2025-01-16T10:32:03","modified_gmt":"2025-01-16T15:32:03","slug":"pratiquer-la-planification-de-vie-a-laide-de-lentretien-de-construction-de-carriere","status":"publish","type":"page","link":"https:\/\/cannexus.ceric.ca\/fr\/pratiquer-la-planification-de-vie-a-laide-de-lentretien-de-construction-de-carriere\/","title":{"rendered":"Pratiquer la planification de vie \u00e0 l\u2019aide de l\u2019entretien de construction de carri\u00e8re"},"content":{"rendered":"\t\t<div data-elementor-type=\"wp-page\" data-elementor-id=\"25514\" class=\"elementor elementor-25514\" data-elementor-post-type=\"page\">\n\t\t\t\t<div class=\"elementor-element elementor-element-67fe631 e-flex e-con-boxed e-con e-parent\" data-id=\"67fe631\" data-element_type=\"container\" data-e-type=\"container\">\n\t\t\t\t\t<div class=\"e-con-inner\">\n\t\t<div class=\"elementor-element elementor-element-d30cec9 e-con-full e-flex e-con e-child\" data-id=\"d30cec9\" data-element_type=\"container\" data-e-type=\"container\">\n\t\t\t\t<div class=\"elementor-element elementor-element-779a2e1 elementor-headline--style-rotate elementor-widget elementor-widget-animated-headline\" data-id=\"779a2e1\" data-element_type=\"widget\" data-e-type=\"widget\" data-settings=\"{&quot;rotating_text&quot;:&quot;Pratiquer la planification de vie &quot;,&quot;headline_style&quot;:&quot;rotate&quot;,&quot;animation_type&quot;:&quot;drop-in&quot;,&quot;loop&quot;:&quot;yes&quot;,&quot;rotate_iteration_delay&quot;:2500,&quot;ekit_we_effect_on&quot;:&quot;none&quot;}\" data-widget_type=\"animated-headline.default\">\n\t\t\t\t<div class=\"elementor-widget-container\">\n\t\t\t\t\t\t\t<h3 class=\"elementor-headline elementor-headline-animation-type-drop-in\">\n\t\t\t\t<span class=\"elementor-headline-dynamic-wrapper elementor-headline-text-wrapper\">\n\t\t\t\t\t<span class=\"elementor-headline-dynamic-text elementor-headline-text-active\">\n\t\t\t\tPratiquer&nbsp;la&nbsp;planification&nbsp;de&nbsp;vie&nbsp;\t\t\t<\/span>\n\t\t\t\t\t\t<\/span>\n\t\t\t\t\t<span class=\"elementor-headline-plain-text elementor-headline-text-wrapper\">\u00e0 l\u2019aide de l\u2019entretien de construction de carri\u00e8re<\/span>\n\t\t\t\t\t<\/h3>\n\t\t\t\t\t\t<\/div>\n\t\t\t\t<\/div>\n\t\t\t\t<\/div>\n\t\t<div class=\"elementor-element elementor-element-a2ac622 e-con-full e-flex e-con e-child\" data-id=\"a2ac622\" data-element_type=\"container\" data-e-type=\"container\">\n\t\t\t\t<div class=\"elementor-element elementor-element-53ecd4e elementor-alert-info elementor-widget elementor-widget-alert\" data-id=\"53ecd4e\" data-element_type=\"widget\" data-e-type=\"widget\" data-settings=\"{&quot;ekit_we_effect_on&quot;:&quot;none&quot;}\" data-widget_type=\"alert.default\">\n\t\t\t\t<div class=\"elementor-widget-container\">\n\t\t\t\t\t\t\t<div class=\"elementor-alert\" role=\"alert\">\n\n\t\t\t\t\t\t<span class=\"elementor-alert-title\">Atelier pr\u00e9-congr\u00e8s<\/span>\n\t\t\t\n\t\t\t\t\t\t<span class=\"elementor-alert-description\">(optionel, en pr\u00e9sentiel)<\/span>\n\t\t\t\n\t\t\t\n\t\t<\/div>\n\t\t\t\t\t\t<\/div>\n\t\t\t\t<\/div>\n\t\t\t\t<\/div>\n\t\t\t\t\t<\/div>\n\t\t\t\t<\/div>\n\t\t<div class=\"elementor-element elementor-element-0ea40dd e-flex e-con-boxed e-con e-parent\" data-id=\"0ea40dd\" data-element_type=\"container\" data-e-type=\"container\">\n\t\t\t\t\t<div class=\"e-con-inner\">\n\t\t\t\t<div class=\"elementor-element elementor-element-5527bc5 elementor-widget__width-initial elementor-widget elementor-widget-heading\" data-id=\"5527bc5\" data-element_type=\"widget\" data-e-type=\"widget\" data-settings=\"{&quot;ekit_we_effect_on&quot;:&quot;none&quot;}\" data-widget_type=\"heading.default\">\n\t\t\t\t<div class=\"elementor-widget-container\">\n\t\t\t\t\t<h2 class=\"elementor-heading-title elementor-size-default\">En anglais | Dimanche 26 janvier | 13:00h - 16:00h HE | 165 $<\/h2>\t\t\t\t<\/div>\n\t\t\t\t<\/div>\n\t\t\t\t\t<\/div>\n\t\t\t\t<\/div>\n\t\t<div class=\"elementor-element elementor-element-0b6a9de e-flex e-con-boxed e-con e-parent\" data-id=\"0b6a9de\" data-element_type=\"container\" data-e-type=\"container\">\n\t\t\t\t\t<div class=\"e-con-inner\">\n\t\t\t\t<div class=\"elementor-element elementor-element-d081496 elementor-alert-success elementor-hidden-desktop elementor-hidden-tablet elementor-hidden-mobile elementor-widget elementor-widget-alert\" data-id=\"d081496\" data-element_type=\"widget\" data-e-type=\"widget\" data-settings=\"{&quot;ekit_we_effect_on&quot;:&quot;none&quot;}\" data-widget_type=\"alert.default\">\n\t\t\t\t<div class=\"elementor-widget-container\">\n\t\t\t\t\t\t\t<div class=\"elementor-alert\" role=\"alert\">\n\n\t\t\t\t\t\t<span class=\"elementor-alert-title\">Le nombre de participants est limit\u00e9 \u00e0 30!<\/span>\n\t\t\t\n\t\t\t\t\t\t<span class=\"elementor-alert-description\">Ne manquez pas cette occasion et inscrivez-vous d\u00e8s maintenant \u00e0 cet atelier tr\u00e8s pris\u00e9.<\/span>\n\t\t\t\n\t\t\t\t\t\t<button type=\"button\" class=\"elementor-alert-dismiss\" aria-label=\"Ignorer cette alerte.\">\n\t\t\t\t\t\t\t\t\t<span aria-hidden=\"true\">&times;<\/span>\n\t\t\t\t\t\t\t<\/button>\n\t\t\t\n\t\t<\/div>\n\t\t\t\t\t\t<\/div>\n\t\t\t\t<\/div>\n\t\t\t\t\t<\/div>\n\t\t\t\t<\/div>\n\t\t<div class=\"elementor-element elementor-element-bd7aebc e-flex e-con-boxed e-con e-parent\" data-id=\"bd7aebc\" data-element_type=\"container\" data-e-type=\"container\">\n\t\t\t\t\t<div class=\"e-con-inner\">\n\t\t\t\t<div class=\"elementor-element elementor-element-6d97652 elementor-widget__width-initial elementor-widget elementor-widget-text-editor\" data-id=\"6d97652\" data-element_type=\"widget\" data-e-type=\"widget\" data-settings=\"{&quot;ekit_we_effect_on&quot;:&quot;none&quot;}\" data-widget_type=\"text-editor.default\">\n\t\t\t\t<div class=\"elementor-widget-container\">\n\t\t\t\t\t\t\t\t\t<p>D\u00e9couvrez le pouvoir de la planification de vie au profit de la construction de carri\u00e8re dans cet atelier pratique et stimulant pr\u00e9sent\u00e9 par le conf\u00e9rencier Kevin\u00a0Glavin. Ce sera l\u2019occasion d\u2019acqu\u00e9rir une compr\u00e9hension approfondie de l\u2019entretien de construction de carri\u00e8re et de son application pour aider les clients \u00e0 faire face aux d\u00e9fis, aux transitions et aux traumatismes li\u00e9s \u00e0 la vie professionnelle et \u00e0 la vie priv\u00e9e. L\u2019entretien de construction de carri\u00e8re est un outil puissant qui peut aider une personne \u00e0 construire les prochains chapitres significatifs et enrichissants de sa carri\u00e8re et de sa vie.<\/p><p>Pour vous donner un exemple concret de l\u2019application de l\u2019entretien de construction de carri\u00e8re, Kevin\u00a0Glavin effectuera une d\u00e9monstration en direct avec un volontaire. Sous sa supervision experte, vous aurez \u00e9galement l\u2019occasion de vous exercer aux questions de l\u2019entretien, en b\u00e9n\u00e9ficiant de commentaires et de pr\u00e9cieux conseils pour affiner vos comp\u00e9tences.<\/p><p>Joignez-vous \u00e0 nous \u00e0 l\u2019occasion de cet atelier transformateur et \u00e9largissez votre bo\u00eete \u00e0 outils avec l\u2019entretien de construction de carri\u00e8re.<\/p>\t\t\t\t\t\t\t\t<\/div>\n\t\t\t\t<\/div>\n\t\t\t\t<div class=\"elementor-element elementor-element-5a20452 elementor-widget__width-initial elementor-widget elementor-widget-heading\" data-id=\"5a20452\" data-element_type=\"widget\" data-e-type=\"widget\" data-settings=\"{&quot;ekit_we_effect_on&quot;:&quot;none&quot;}\" data-widget_type=\"heading.default\">\n\t\t\t\t<div class=\"elementor-widget-container\">\n\t\t\t\t\t<h2 class=\"elementor-heading-title elementor-size-default\">Au cours de cette s\u00e9ance interactive, vous :<\/h2>\t\t\t\t<\/div>\n\t\t\t\t<\/div>\n\t\t\t\t<div class=\"elementor-element elementor-element-6c4cbc3 elementor-view-stacked elementor-position-inline-start list-style elementor-shape-circle elementor-mobile-position-block-start elementor-invisible elementor-widget elementor-widget-icon-box\" data-id=\"6c4cbc3\" data-element_type=\"widget\" data-e-type=\"widget\" data-settings=\"{&quot;_animation&quot;:&quot;fadeInUp&quot;,&quot;_animation_delay&quot;:350,&quot;ekit_we_effect_on&quot;:&quot;none&quot;}\" data-widget_type=\"icon-box.default\">\n\t\t\t\t<div class=\"elementor-widget-container\">\n\t\t\t\t\t\t\t<div class=\"elementor-icon-box-wrapper\">\n\n\t\t\t\t\t\t<div class=\"elementor-icon-box-icon\">\n\t\t\t\t<span  class=\"elementor-icon\">\n\t\t\t\t<svg aria-hidden=\"true\" class=\"e-font-icon-svg e-far-check-square\" viewBox=\"0 0 448 512\" xmlns=\"http:\/\/www.w3.org\/2000\/svg\"><path d=\"M400 32H48C21.49 32 0 53.49 0 80v352c0 26.51 21.49 48 48 48h352c26.51 0 48-21.49 48-48V80c0-26.51-21.49-48-48-48zm0 400H48V80h352v352zm-35.864-241.724L191.547 361.48c-4.705 4.667-12.303 4.637-16.97-.068l-90.781-91.516c-4.667-4.705-4.637-12.303.069-16.971l22.719-22.536c4.705-4.667 12.303-4.637 16.97.069l59.792 60.277 141.352-140.216c4.705-4.667 12.303-4.637 16.97.068l22.536 22.718c4.667 4.706 4.637 12.304-.068 16.971z\"><\/path><\/svg>\t\t\t\t<\/span>\n\t\t\t<\/div>\n\t\t\t\n\t\t\t\t\t\t<div class=\"elementor-icon-box-content\">\n\n\t\t\t\t\t\t\t\t\t<h3 class=\"elementor-icon-box-title\">\n\t\t\t\t\t\t<span  >\n\t\t\t\t\t\t\tExplorerez les principes fondamentaux de la planification de vie au profit de la construction de carri\u00e8re\t\t\t\t\t\t<\/span>\n\t\t\t\t\t<\/h3>\n\t\t\t\t\n\t\t\t\t\n\t\t\t<\/div>\n\t\t\t\n\t\t<\/div>\n\t\t\t\t\t\t<\/div>\n\t\t\t\t<\/div>\n\t\t\t\t<div class=\"elementor-element elementor-element-2cf1364 elementor-view-stacked elementor-position-inline-start list-style elementor-shape-circle elementor-mobile-position-block-start elementor-invisible elementor-widget elementor-widget-icon-box\" data-id=\"2cf1364\" data-element_type=\"widget\" data-e-type=\"widget\" data-settings=\"{&quot;_animation&quot;:&quot;fadeInUp&quot;,&quot;_animation_delay&quot;:350,&quot;ekit_we_effect_on&quot;:&quot;none&quot;}\" data-widget_type=\"icon-box.default\">\n\t\t\t\t<div class=\"elementor-widget-container\">\n\t\t\t\t\t\t\t<div class=\"elementor-icon-box-wrapper\">\n\n\t\t\t\t\t\t<div class=\"elementor-icon-box-icon\">\n\t\t\t\t<span  class=\"elementor-icon\">\n\t\t\t\t<svg aria-hidden=\"true\" class=\"e-font-icon-svg e-fas-book-reader\" viewBox=\"0 0 512 512\" xmlns=\"http:\/\/www.w3.org\/2000\/svg\"><path d=\"M352 96c0-53.02-42.98-96-96-96s-96 42.98-96 96 42.98 96 96 96 96-42.98 96-96zM233.59 241.1c-59.33-36.32-155.43-46.3-203.79-49.05C13.55 191.13 0 203.51 0 219.14v222.8c0 14.33 11.59 26.28 26.49 27.05 43.66 2.29 131.99 10.68 193.04 41.43 9.37 4.72 20.48-1.71 20.48-11.87V252.56c-.01-4.67-2.32-8.95-6.42-11.46zm248.61-49.05c-48.35 2.74-144.46 12.73-203.78 49.05-4.1 2.51-6.41 6.96-6.41 11.63v245.79c0 10.19 11.14 16.63 20.54 11.9 61.04-30.72 149.32-39.11 192.97-41.4 14.9-.78 26.49-12.73 26.49-27.06V219.14c-.01-15.63-13.56-28.01-29.81-27.09z\"><\/path><\/svg>\t\t\t\t<\/span>\n\t\t\t<\/div>\n\t\t\t\n\t\t\t\t\t\t<div class=\"elementor-icon-box-content\">\n\n\t\t\t\t\t\t\t\t\t<h3 class=\"elementor-icon-box-title\">\n\t\t\t\t\t\t<span  >\n\t\t\t\t\t\t\tApprendrez \u00e0 identifier les d\u00e9fis de carri\u00e8re et de vie sp\u00e9cifiques qui conviennent le mieux \u00e0 l\u2019entretien de construction de carri\u00e8re\t\t\t\t\t\t<\/span>\n\t\t\t\t\t<\/h3>\n\t\t\t\t\n\t\t\t\t\n\t\t\t<\/div>\n\t\t\t\n\t\t<\/div>\n\t\t\t\t\t\t<\/div>\n\t\t\t\t<\/div>\n\t\t\t\t<div class=\"elementor-element elementor-element-d8a08bf elementor-view-stacked elementor-position-inline-start list-style elementor-shape-circle elementor-mobile-position-block-start elementor-invisible elementor-widget elementor-widget-icon-box\" data-id=\"d8a08bf\" data-element_type=\"widget\" data-e-type=\"widget\" data-settings=\"{&quot;_animation&quot;:&quot;fadeInUp&quot;,&quot;_animation_delay&quot;:350,&quot;ekit_we_effect_on&quot;:&quot;none&quot;}\" data-widget_type=\"icon-box.default\">\n\t\t\t\t<div class=\"elementor-widget-container\">\n\t\t\t\t\t\t\t<div class=\"elementor-icon-box-wrapper\">\n\n\t\t\t\t\t\t<div class=\"elementor-icon-box-icon\">\n\t\t\t\t<span  class=\"elementor-icon\">\n\t\t\t\t<svg aria-hidden=\"true\" class=\"e-font-icon-svg e-fas-th-list\" viewBox=\"0 0 512 512\" xmlns=\"http:\/\/www.w3.org\/2000\/svg\"><path d=\"M149.333 216v80c0 13.255-10.745 24-24 24H24c-13.255 0-24-10.745-24-24v-80c0-13.255 10.745-24 24-24h101.333c13.255 0 24 10.745 24 24zM0 376v80c0 13.255 10.745 24 24 24h101.333c13.255 0 24-10.745 24-24v-80c0-13.255-10.745-24-24-24H24c-13.255 0-24 10.745-24 24zM125.333 32H24C10.745 32 0 42.745 0 56v80c0 13.255 10.745 24 24 24h101.333c13.255 0 24-10.745 24-24V56c0-13.255-10.745-24-24-24zm80 448H488c13.255 0 24-10.745 24-24v-80c0-13.255-10.745-24-24-24H205.333c-13.255 0-24 10.745-24 24v80c0 13.255 10.745 24 24 24zm-24-424v80c0 13.255 10.745 24 24 24H488c13.255 0 24-10.745 24-24V56c0-13.255-10.745-24-24-24H205.333c-13.255 0-24 10.745-24 24zm24 264H488c13.255 0 24-10.745 24-24v-80c0-13.255-10.745-24-24-24H205.333c-13.255 0-24 10.745-24 24v80c0 13.255 10.745 24 24 24z\"><\/path><\/svg>\t\t\t\t<\/span>\n\t\t\t<\/div>\n\t\t\t\n\t\t\t\t\t\t<div class=\"elementor-icon-box-content\">\n\n\t\t\t\t\t\t\t\t\t<h3 class=\"elementor-icon-box-title\">\n\t\t\t\t\t\t<span  >\n\t\t\t\t\t\t\tCcomprendrez mieux comment utiliser efficacement ce type d\u2019entretien\t\t\t\t\t\t<\/span>\n\t\t\t\t\t<\/h3>\n\t\t\t\t\n\t\t\t\t\n\t\t\t<\/div>\n\t\t\t\n\t\t<\/div>\n\t\t\t\t\t\t<\/div>\n\t\t\t\t<\/div>\n\t\t\t\t<div class=\"elementor-element elementor-element-4fe6bef elementor-view-stacked elementor-position-inline-start list-style elementor-shape-circle elementor-mobile-position-block-start elementor-invisible elementor-widget elementor-widget-icon-box\" data-id=\"4fe6bef\" data-element_type=\"widget\" data-e-type=\"widget\" data-settings=\"{&quot;_animation&quot;:&quot;fadeInUp&quot;,&quot;_animation_delay&quot;:350,&quot;ekit_we_effect_on&quot;:&quot;none&quot;}\" data-widget_type=\"icon-box.default\">\n\t\t\t\t<div class=\"elementor-widget-container\">\n\t\t\t\t\t\t\t<div class=\"elementor-icon-box-wrapper\">\n\n\t\t\t\t\t\t<div class=\"elementor-icon-box-icon\">\n\t\t\t\t<span  class=\"elementor-icon\">\n\t\t\t\t<svg aria-hidden=\"true\" class=\"e-font-icon-svg e-far-lightbulb\" viewBox=\"0 0 352 512\" xmlns=\"http:\/\/www.w3.org\/2000\/svg\"><path d=\"M176 80c-52.94 0-96 43.06-96 96 0 8.84 7.16 16 16 16s16-7.16 16-16c0-35.3 28.72-64 64-64 8.84 0 16-7.16 16-16s-7.16-16-16-16zM96.06 459.17c0 3.15.93 6.22 2.68 8.84l24.51 36.84c2.97 4.46 7.97 7.14 13.32 7.14h78.85c5.36 0 10.36-2.68 13.32-7.14l24.51-36.84c1.74-2.62 2.67-5.7 2.68-8.84l.05-43.18H96.02l.04 43.18zM176 0C73.72 0 0 82.97 0 176c0 44.37 16.45 84.85 43.56 115.78 16.64 18.99 42.74 58.8 52.42 92.16v.06h48v-.12c-.01-4.77-.72-9.51-2.15-14.07-5.59-17.81-22.82-64.77-62.17-109.67-20.54-23.43-31.52-53.15-31.61-84.14-.2-73.64 59.67-128 127.95-128 70.58 0 128 57.42 128 128 0 30.97-11.24 60.85-31.65 84.14-39.11 44.61-56.42 91.47-62.1 109.46a47.507 47.507 0 0 0-2.22 14.3v.1h48v-.05c9.68-33.37 35.78-73.18 52.42-92.16C335.55 260.85 352 220.37 352 176 352 78.8 273.2 0 176 0z\"><\/path><\/svg>\t\t\t\t<\/span>\n\t\t\t<\/div>\n\t\t\t\n\t\t\t\t\t\t<div class=\"elementor-icon-box-content\">\n\n\t\t\t\t\t\t\t\t\t<h3 class=\"elementor-icon-box-title\">\n\t\t\t\t\t\t<span  >\n\t\t\t\t\t\t\tExplorerez des strat\u00e9gies pour traiter les questions avec vos clients, ce qui vous permettra d\u2019approfondir vos connaissances sur leur situation et de proposer des mesures concr\u00e8tes pour les aider \u00e0 atteindre leurs objectifs\t\t\t\t\t\t<\/span>\n\t\t\t\t\t<\/h3>\n\t\t\t\t\n\t\t\t\t\n\t\t\t<\/div>\n\t\t\t\n\t\t<\/div>\n\t\t\t\t\t\t<\/div>\n\t\t\t\t<\/div>\n\t\t\t\t<div class=\"elementor-element elementor-element-07ce00e elementor-widget elementor-widget-spacer\" data-id=\"07ce00e\" data-element_type=\"widget\" data-e-type=\"widget\" data-settings=\"{&quot;ekit_we_effect_on&quot;:&quot;none&quot;}\" data-widget_type=\"spacer.default\">\n\t\t\t\t<div class=\"elementor-widget-container\">\n\t\t\t\t\t\t\t<div class=\"elementor-spacer\">\n\t\t\t<div class=\"elementor-spacer-inner\"><\/div>\n\t\t<\/div>\n\t\t\t\t\t\t<\/div>\n\t\t\t\t<\/div>\n\t\t\t\t<div class=\"elementor-element elementor-element-cc1f9cc elementor-align-center elementor-widget elementor-widget-button\" data-id=\"cc1f9cc\" data-element_type=\"widget\" data-e-type=\"widget\" data-settings=\"{&quot;ekit_we_effect_on&quot;:&quot;none&quot;}\" data-widget_type=\"button.default\">\n\t\t\t\t<div class=\"elementor-widget-container\">\n\t\t\t\t\t\t\t\t\t<div class=\"elementor-button-wrapper\">\n\t\t\t\t\t<a class=\"elementor-button elementor-button-link elementor-size-lg\" href=\"https:\/\/cannexus.ceric.ca\/rates\/#InPersonRates\">\n\t\t\t\t\t\t<span class=\"elementor-button-content-wrapper\">\n\t\t\t\t\t\t\t\t\t<span class=\"elementor-button-text\"><b>Tarifs Cannexus en pr\u00e9sentiel<\/b><\/span>\n\t\t\t\t\t<\/span>\n\t\t\t\t\t<\/a>\n\t\t\t\t<\/div>\n\t\t\t\t\t\t\t\t<\/div>\n\t\t\t\t<\/div>\n\t\t\t\t\t<\/div>\n\t\t\t\t<\/div>\n\t\t\t\t<section class=\"elementor-section elementor-top-section elementor-element elementor-element-c3e575f elementor-section-boxed elementor-section-height-default elementor-section-height-default\" data-id=\"c3e575f\" data-element_type=\"section\" data-e-type=\"section\">\n\t\t\t\t\t\t<div class=\"elementor-container elementor-column-gap-default\">\n\t\t\t\t\t<div class=\"elementor-column elementor-col-100 elementor-top-column elementor-element elementor-element-918fc5e\" data-id=\"918fc5e\" data-element_type=\"column\" data-e-type=\"column\">\n\t\t\t<div class=\"elementor-widget-wrap elementor-element-populated\">\n\t\t\t\t\t\t<div class=\"elementor-element elementor-element-d30c290 elementor-widget elementor-widget-exhibz-title\" data-id=\"d30c290\" data-element_type=\"widget\" data-e-type=\"widget\" data-settings=\"{&quot;ekit_we_effect_on&quot;:&quot;none&quot;}\" data-widget_type=\"exhibz-title.default\">\n\t\t\t\t<div class=\"elementor-widget-container\">\n\t\t\t\t\t\n    <div class=\"title-section-area\">\n        <h2 class=\"section-title\">\n            <span class=\"sub-title\"><\/span>\n\t\t\tPr\u00e9sentateur        <\/h2>\n\t\t                    <\/div><!-- Section title -->\n    \n    \n\n    \t\t\t\t<\/div>\n\t\t\t\t<\/div>\n\t\t\t\t\t<\/div>\n\t\t<\/div>\n\t\t\t\t\t<\/div>\n\t\t<\/section>\n\t\t<div class=\"elementor-element elementor-element-0b49334 e-flex e-con-boxed e-con e-parent\" data-id=\"0b49334\" data-element_type=\"container\" data-e-type=\"container\">\n\t\t\t\t\t<div class=\"e-con-inner\">\n\t\t\t\t<div class=\"elementor-element elementor-element-f2a1152 elementor-widget__width-initial elementor-widget elementor-widget-exhibz-speaker\" data-id=\"f2a1152\" data-element_type=\"widget\" data-e-type=\"widget\" data-settings=\"{&quot;ekit_we_effect_on&quot;:&quot;none&quot;}\" data-widget_type=\"exhibz-speaker.default\">\n\t\t\t\t<div class=\"elementor-widget-container\">\n\t\t\t\t\t\t\t\t            <div class=\"ts-speaker\" style=\"--speaker-color: #f2fafc\">\n                <div class=\"speaker-img\">\n\t\t\t\t\t                        <img decoding=\"async\" src=\"\/\/cannexus.ceric.ca\/wp-content\/uploads\/2024\/08\/Kevin-CX25-square-blue.png\"\n                             alt=\"\">\n\t\t\t\t\t                    <a href=\"#popup_f2a115225512\"\n                       class=\"view-speaker ts-image-popup\" data-effect=\"mfp-zoom-in\">\n                        <i class=\"icon icon-plus\"><\/i>\n                    <\/a>\n                <\/div>\n                <div class=\"ts-speaker-info\">\n                    <h3 class=\"ts-title\">\n                        <a href=\"https:\/\/cannexus.ceric.ca\/fr\/speaker\/dr-kevin-glavin\/\"> Dr. Kevin Glavin <\/a>\n                    <\/h3>\n                    <p>\n\t\t\t\t\t\tConseiller professionnel agr\u00e9\u00e9 et professeur \u00e0 l&#039;Universit\u00e9 Walden                    <\/p>\n                <\/div>\n                <!--- speaker info end -->\n                <!-- popup start-->\n                <div id=\"popup_f2a115225512\"\n                     class=\"container ts-speaker-popup mfp-hide\">\n                    <div class=\"row\">\n                        <div class=\"col-lg-6\">\n                            <div class=\"ts-speaker-popup-img\">\n\t\t\t\t\t\t\t\t                                    <img decoding=\"async\" src=\"\/\/cannexus.ceric.ca\/wp-content\/uploads\/2024\/08\/Kevin-CX25-square-blue.png\"\n                                         alt=\"\">\n\t\t\t\t\t\t\t\t                            <\/div>\n                        <\/div>\n                        <!-- col end-->\n                        <div class=\"col-lg-6\">\n                            <div class=\"ts-speaker-popup-content\">\n                                <h3 class=\"ts-title\"><a\n                                            href=\"https:\/\/cannexus.ceric.ca\/fr\/speaker\/dr-kevin-glavin\/\"> Dr. Kevin Glavin <\/a>\n                                <\/h3>\n                                <span class=\"speakder-designation\"> Conseiller professionnel agr\u00e9\u00e9 et professeur \u00e0 l&#039;Universit\u00e9 Walden<\/span>\n\t\t\t\t\t\t\t\t                                    <img decoding=\"async\" src=\"\/\/cannexus.ceric.ca\/wp-content\/uploads\/2022\/08\/CX23-Speaker-icon-2.png\"\n                                         alt=\"\">\n\t\t\t\t\t\t\t\t                                <p>\n\t\t\t\t\t\t\t\t\t<p>Kevin\u00a0Glavin, conseiller professionnel agr\u00e9\u00e9 et \u00e9ducateur, apporte plus de 20\u00a0ans d\u2019expertise dans la formation et la supervision des conseillers \u00e0 son r\u00f4le de fondateur et PDG de \u00ab\u00a0Create Your Why\u00a0\u00bb, une entreprise qui offre des services d\u2019orientation professionnelle, d\u2019accompagnement, de formation et de conseil. Kevin est \u00e9galement membre du corps professoral de l\u2019Universit\u00e9 Walden, o\u00f9 il donne des cours de deuxi\u00e8me cycle en conseil en sant\u00e9 mentale.<\/p><p>Tout au long de sa carri\u00e8re, il a occup\u00e9 des postes de direction, notamment celui de pr\u00e9sident de l\u2019Ohio Career Development Association et de r\u00e9dacteur en chef du <em>Journal of Employment Counseling<\/em>. Ses recherches et ses id\u00e9es ont \u00e9t\u00e9 publi\u00e9es dans 17\u00a0articles \u00e9valu\u00e9s par des pairs dans des revues professionnelles consacr\u00e9es \u00e0 l\u2019orientation professionnelle et \u00e0 la psychologie du travail. Son expertise a \u00e9t\u00e9 sollicit\u00e9e dans le monde entier, ce qui lui a valu d\u2019\u00eatre invit\u00e9 \u00e0 pr\u00e9senter des expos\u00e9s lors de diverses conf\u00e9rences et ateliers.<\/p><p>Sous la tutelle du professeur Mark\u00a0Savickas, pionnier de l\u2019approche de planification de vie au profit de la construction de carri\u00e8re, Kevin s\u2019est impos\u00e9 comme un leader d\u2019opinion dans ce domaine. Ensemble, ils ont cr\u00e9\u00e9 Vocopher: The Career Collaboratory, un site Web offrant gratuitement des outils d\u2019orientation de carri\u00e8re et des ressources \u00e9ducatives, et qui est venu en aide \u00e0 plus de 45\u00a0000\u00a0utilisateurs dans plus de 100\u00a0pays depuis\u00a02004.<\/p><p>Les contributions de Kevin ont \u00e9t\u00e9 reconnues au niveau international; plus r\u00e9cemment, il a re\u00e7u un prix d\u2019excellence (2024\u00a0Outstanding Educator of Career Professionals Award) d\u00e9cern\u00e9 par l\u2019Asia Pacific Career Development Association.<\/p><p><iframe src=\"https:\/\/www.youtube.com\/embed\/yWbQyqUvjkw?si=ffdt1N7SygiUp44X\" width=\"450\" height=\"253\" frameborder=\"0\"><\/iframe><\/p><h4><a href=\"https:\/\/cannexus.ceric.ca\/fr\/revolutionner-la-pratique-professionnelle-grace-a-la-planification-de-vie-et-a-lia\/\">Renseignez-vous sur son allocution : R\u00e9volutionner la pratique professionnelle gr\u00e2ce \u00e0 la planification de vie et \u00e0 l\u2019IA<\/a><\/h4>                                <\/p>\n                                <div class=\"ts-speakers-social\">\n\t\t\t\t\t\t\t\t\t\t\t\t\t\t\t\t\t\t\t                                            <a href=\"https:\/\/www.facebook.com\/createyourwhy\"\n                                               target=\"_blank\" rel=\"noreferrer\">\n                                                <i class=\"fa fa-facebook-f\"><\/i>\n                                            <\/a>\n\t\t\t\t\t\t\t\t\t\t                                            <a href=\"https:\/\/www.linkedin.com\/in\/kwglavin\/\"\n                                               target=\"_blank\" rel=\"noreferrer\">\n                                                <i class=\"icon icon-linkedin\"><\/i>\n                                            <\/a>\n\t\t\t\t\t\t\t\t\t\t                                            <a href=\"https:\/\/createyourwhy.com\/\"\n                                               target=\"_blank\" rel=\"noreferrer\">\n                                                <i class=\"icon icon-link\"><\/i>\n                                            <\/a>\n\t\t\t\t\t\t\t\t\t\t                                            <a href=\"https:\/\/www.youtube.com\/@createyourwhy\"\n                                               target=\"_blank\" rel=\"noreferrer\">\n                                                <i class=\"icon icon-youtube-v\"><\/i>\n                                            <\/a>\n\t\t\t\t\t\t\t\t\t\t\t\t\t\t\t\t\t\t\t                                <\/div>\n                            <\/div>\n                            <!-- ts-speaker-popup-content end-->\n                        <\/div>\n                        <!-- col end-->\n                    <\/div>\n                    <!-- row end-->\n                <\/div>\n                <!-- popup end-->\n            <\/div>\n            <!-- ts-speaker end  -->\n\t\t\n\n\t\t\t\n\t\t\t\n\t\t\t\n\n\t\t\t\t\t\t<\/div>\n\t\t\t\t<\/div>\n\t\t\t\t<div class=\"elementor-element elementor-element-e8c29e4 elementor-widget__width-initial elementor-widget elementor-widget-text-editor\" data-id=\"e8c29e4\" data-element_type=\"widget\" data-e-type=\"widget\" data-settings=\"{&quot;ekit_we_effect_on&quot;:&quot;none&quot;}\" data-widget_type=\"text-editor.default\">\n\t\t\t\t<div class=\"elementor-widget-container\">\n\t\t\t\t\t\t\t\t\t<p>Kevin\u00a0Glavin, conseiller professionnel agr\u00e9\u00e9 et \u00e9ducateur, apporte plus de 20\u00a0ans d\u2019expertise dans la formation et la supervision des conseillers \u00e0 son r\u00f4le de fondateur et PDG de \u00ab\u00a0Create Your Why\u00a0\u00bb, une entreprise qui offre des services d\u2019orientation professionnelle, d\u2019accompagnement, de formation et de conseil. Kevin est \u00e9galement membre du corps professoral de l\u2019Universit\u00e9 Walden, o\u00f9 il donne des cours de deuxi\u00e8me cycle en conseil en sant\u00e9 mentale.\u00a0<\/p><p>Tout au long de sa carri\u00e8re, il a occup\u00e9 des postes de direction, notamment celui de pr\u00e9sident de l\u2019Ohio Career Development Association et de r\u00e9dacteur en chef du <em>Journal of Employment Counseling<\/em>. Ses recherches et ses id\u00e9es ont \u00e9t\u00e9 publi\u00e9es dans 17\u00a0articles \u00e9valu\u00e9s par des pairs dans des revues professionnelles consacr\u00e9es \u00e0 l\u2019orientation professionnelle et \u00e0 la psychologie du travail. Son expertise a \u00e9t\u00e9 sollicit\u00e9e dans le monde entier, ce qui lui a valu d\u2019\u00eatre invit\u00e9 \u00e0 pr\u00e9senter des expos\u00e9s lors de diverses conf\u00e9rences et ateliers.\u00a0<\/p><p>Sous la tutelle du professeur Mark\u00a0Savickas, pionnier de l\u2019approche de planification de vie au profit de la construction de carri\u00e8re, Kevin s\u2019est impos\u00e9 comme un leader d\u2019opinion dans ce domaine. Ensemble, ils ont cr\u00e9\u00e9 Vocopher: The Career Collaboratory, un site Web offrant gratuitement des outils d\u2019orientation de carri\u00e8re et des ressources \u00e9ducatives, et qui est venu en aide \u00e0 plus de 45\u00a0000\u00a0utilisateurs dans plus de 100\u00a0pays depuis\u00a02004.\u00a0<\/p><p>Les contributions de Kevin ont \u00e9t\u00e9 reconnues au niveau international; plus r\u00e9cemment, il a re\u00e7u un prix d\u2019excellence (2024\u00a0Outstanding Educator of Career Professionals Award) d\u00e9cern\u00e9 par l\u2019Asia Pacific Career Development Association.\u00a0<\/p>\t\t\t\t\t\t\t\t<\/div>\n\t\t\t\t<\/div>\n\t\t\t\t\t<\/div>\n\t\t\t\t<\/div>\n\t\t<div class=\"elementor-element elementor-element-6e79aac elementor-hidden-desktop elementor-hidden-tablet elementor-hidden-mobile e-flex e-con-boxed e-con e-parent\" data-id=\"6e79aac\" data-element_type=\"container\" data-e-type=\"container\">\n\t\t\t\t\t<div class=\"e-con-inner\">\n\t\t\t\t<div class=\"elementor-element elementor-element-974b2b5 elementor-alert-info elementor-widget elementor-widget-alert\" data-id=\"974b2b5\" data-element_type=\"widget\" data-e-type=\"widget\" data-settings=\"{&quot;ekit_we_effect_on&quot;:&quot;none&quot;}\" data-widget_type=\"alert.default\">\n\t\t\t\t<div class=\"elementor-widget-container\">\n\t\t\t\t\t\t\t<div class=\"elementor-alert\" role=\"alert\">\n\n\t\t\t\t\t\t<span class=\"elementor-alert-title\">Vous pouvez vous inscrire aux ateliers pr\u00e9-congr\u00e8s facultatifs sur la page d\u2019inscription de Cannexus25.<\/span>\n\t\t\t\n\t\t\t\t\t\t<span class=\"elementor-alert-description\">Veuillez noter que la capacit\u00e9 d\u2019accueil est limit\u00e9e et que la participation sera d\u00e9termin\u00e9e selon le principe du premier arriv\u00e9, premier servi.<\/span>\n\t\t\t\n\t\t\t\n\t\t<\/div>\n\t\t\t\t\t\t<\/div>\n\t\t\t\t<\/div>\n\t\t\t\t<div class=\"elementor-element elementor-element-6b2fc15 elementor-widget elementor-widget-spacer\" data-id=\"6b2fc15\" data-element_type=\"widget\" data-e-type=\"widget\" data-settings=\"{&quot;ekit_we_effect_on&quot;:&quot;none&quot;}\" data-widget_type=\"spacer.default\">\n\t\t\t\t<div class=\"elementor-widget-container\">\n\t\t\t\t\t\t\t<div class=\"elementor-spacer\">\n\t\t\t<div class=\"elementor-spacer-inner\"><\/div>\n\t\t<\/div>\n\t\t\t\t\t\t<\/div>\n\t\t\t\t<\/div>\n\t\t\t\t<div class=\"elementor-element elementor-element-864ddae elementor-align-center elementor-widget elementor-widget-button\" data-id=\"864ddae\" data-element_type=\"widget\" data-e-type=\"widget\" data-settings=\"{&quot;ekit_we_effect_on&quot;:&quot;none&quot;}\" data-widget_type=\"button.default\">\n\t\t\t\t<div class=\"elementor-widget-container\">\n\t\t\t\t\t\t\t\t\t<div class=\"elementor-button-wrapper\">\n\t\t\t\t\t<a class=\"elementor-button elementor-button-link elementor-size-lg\" href=\"https:\/\/site.pheedloop.com\/event\/EVECXYTYGRJHC\/register?utm_source=cx25_pheeloop_precon&#038;utm_medium=cx_website&#038;utm_campaign=cx25_registration#category\" target=\"_blank\">\n\t\t\t\t\t\t<span class=\"elementor-button-content-wrapper\">\n\t\t\t\t\t\t\t\t\t<span class=\"elementor-button-text\"><b> INSCRIVEZ-VOUS <\/b><\/span>\n\t\t\t\t\t<\/span>\n\t\t\t\t\t<\/a>\n\t\t\t\t<\/div>\n\t\t\t\t\t\t\t\t<\/div>\n\t\t\t\t<\/div>\n\t\t\t\t<div class=\"elementor-element elementor-element-35d243e elementor-widget elementor-widget-spacer\" data-id=\"35d243e\" data-element_type=\"widget\" data-e-type=\"widget\" data-settings=\"{&quot;ekit_we_effect_on&quot;:&quot;none&quot;}\" data-widget_type=\"spacer.default\">\n\t\t\t\t<div class=\"elementor-widget-container\">\n\t\t\t\t\t\t\t<div class=\"elementor-spacer\">\n\t\t\t<div class=\"elementor-spacer-inner\"><\/div>\n\t\t<\/div>\n\t\t\t\t\t\t<\/div>\n\t\t\t\t<\/div>\n\t\t\t\t\t<\/div>\n\t\t\t\t<\/div>\n\t\t\t\t<\/div>\n\t\t","protected":false},"excerpt":{"rendered":"<p>Pratiquer&nbsp;la&nbsp;planification&nbsp;de&nbsp;vie&nbsp; \u00e0 l\u2019aide de l\u2019entretien de construction de carri\u00e8re Atelier pr\u00e9-congr\u00e8s (optionel, en pr\u00e9sentiel) En anglais | Dimanche 26 janvier | 13:00h &#8211; 16:00h HE | 165 $ Le nombre de participants est limit\u00e9 \u00e0 30! Ne manquez pas cette occasion et inscrivez-vous d\u00e8s maintenant \u00e0 cet atelier tr\u00e8s pris\u00e9. &times; Dismiss this alert. D\u00e9couvrez [&hellip;]<\/p>\n","protected":false},"author":9,"featured_media":19889,"parent":0,"menu_order":0,"comment_status":"closed","ping_status":"closed","template":"elementor_header_footer","meta":{"wp_social_preview_title":"","wp_social_preview_description":"","wp_social_preview_image":0,"footnotes":""},"class_list":["post-25514","page","type-page","status-publish","has-post-thumbnail","hentry"],"yoast_head":"<!-- This site is optimized with the Yoast SEO Premium plugin v26.0 (Yoast SEO v26.0) - https:\/\/yoast.com\/wordpress\/plugins\/seo\/ -->\n<title>Pratiquer la planification de vie \u00e0 l\u2019aide de l\u2019entretien de construction de carri\u00e8re - Cannexus27<\/title>\n<meta name=\"description\" content=\"CERIC invites individuals or organizations with an interest in presenting at the annual Cannexus conference to submit a brief session outline for consideration using the Proposal Form and encourages you to inform colleagues or students of this opportunity.\" \/>\n<meta name=\"robots\" content=\"index, follow, max-snippet:-1, max-image-preview:large, max-video-preview:-1\" \/>\n<link rel=\"canonical\" href=\"https:\/\/cannexus.ceric.ca\/fr\/pratiquer-la-planification-de-vie-a-laide-de-lentretien-de-construction-de-carriere\/\" \/>\n<meta property=\"og:locale\" content=\"fr_FR\" \/>\n<meta property=\"og:type\" content=\"article\" \/>\n<meta property=\"og:title\" content=\"Present at Cannexus\" \/>\n<meta property=\"og:description\" content=\"Planning for Cannexus, Canada&#039;s Career Development Conference, in January 2023, is now underway. Cannexus23 is expected to be a hybrid conference with both a live in-person portion in Ottawa, Canada and a virtual portion. The dates for the conference are January 23- 25, 2023.\" \/>\n<meta property=\"og:url\" content=\"https:\/\/cannexus.ceric.ca\/fr\/pratiquer-la-planification-de-vie-a-laide-de-lentretien-de-construction-de-carriere\/\" \/>\n<meta property=\"og:site_name\" content=\"Cannexus27\" \/>\n<meta property=\"article:modified_time\" content=\"2025-01-16T15:32:03+00:00\" \/>\n<meta property=\"og:image\" content=\"https:\/\/cannexus.ceric.ca\/wp-content\/uploads\/2023\/04\/3-1.png\" \/>\n\t<meta property=\"og:image:width\" content=\"1120\" \/>\n\t<meta property=\"og:image:height\" content=\"475\" \/>\n\t<meta property=\"og:image:type\" content=\"image\/png\" \/>\n<meta name=\"twitter:card\" content=\"summary_large_image\" \/>\n<meta name=\"twitter:title\" content=\"Present at Cannexus\" \/>\n<meta name=\"twitter:description\" content=\"Planning for Cannexus, Canada&#039;s Career Development Conference, in January 2023, is now underway. Cannexus23 is expected to be a hybrid conference with both a live in-person portion in Ottawa, Canada and a virtual portion. The dates for the conference are January 23- 25, 2023.\" \/>\n<meta name=\"twitter:label1\" content=\"Dur\u00e9e de lecture estim\u00e9e\" \/>\n\t<meta name=\"twitter:data1\" content=\"5 minutes\" \/>\n<script type=\"application\/ld+json\" class=\"yoast-schema-graph\">{\"@context\":\"https:\/\/schema.org\",\"@graph\":[{\"@type\":\"WebPage\",\"@id\":\"https:\/\/cannexus.ceric.ca\/fr\/pratiquer-la-planification-de-vie-a-laide-de-lentretien-de-construction-de-carriere\/\",\"url\":\"https:\/\/cannexus.ceric.ca\/fr\/pratiquer-la-planification-de-vie-a-laide-de-lentretien-de-construction-de-carriere\/\",\"name\":\"Pratiquer la planification de vie \u00e0 l\u2019aide de l\u2019entretien de construction de carri\u00e8re - Cannexus27\",\"isPartOf\":{\"@id\":\"https:\/\/cannexus.ceric.ca\/fr\/#website\"},\"primaryImageOfPage\":{\"@id\":\"https:\/\/cannexus.ceric.ca\/fr\/pratiquer-la-planification-de-vie-a-laide-de-lentretien-de-construction-de-carriere\/#primaryimage\"},\"image\":{\"@id\":\"https:\/\/cannexus.ceric.ca\/fr\/pratiquer-la-planification-de-vie-a-laide-de-lentretien-de-construction-de-carriere\/#primaryimage\"},\"thumbnailUrl\":\"https:\/\/cannexus.ceric.ca\/wp-content\/uploads\/2023\/04\/3-1.png\",\"datePublished\":\"2024-08-23T14:35:01+00:00\",\"dateModified\":\"2025-01-16T15:32:03+00:00\",\"description\":\"CERIC invites individuals or organizations with an interest in presenting at the annual Cannexus conference to submit a brief session outline for consideration using the Proposal Form and encourages you to inform colleagues or students of this opportunity.\",\"breadcrumb\":{\"@id\":\"https:\/\/cannexus.ceric.ca\/fr\/pratiquer-la-planification-de-vie-a-laide-de-lentretien-de-construction-de-carriere\/#breadcrumb\"},\"inLanguage\":\"fr-FR\",\"potentialAction\":[{\"@type\":\"ReadAction\",\"target\":[\"https:\/\/cannexus.ceric.ca\/fr\/pratiquer-la-planification-de-vie-a-laide-de-lentretien-de-construction-de-carriere\/\"]}]},{\"@type\":\"ImageObject\",\"inLanguage\":\"fr-FR\",\"@id\":\"https:\/\/cannexus.ceric.ca\/fr\/pratiquer-la-planification-de-vie-a-laide-de-lentretien-de-construction-de-carriere\/#primaryimage\",\"url\":\"https:\/\/cannexus.ceric.ca\/wp-content\/uploads\/2023\/04\/3-1.png\",\"contentUrl\":\"https:\/\/cannexus.ceric.ca\/wp-content\/uploads\/2023\/04\/3-1.png\",\"width\":1120,\"height\":475},{\"@type\":\"BreadcrumbList\",\"@id\":\"https:\/\/cannexus.ceric.ca\/fr\/pratiquer-la-planification-de-vie-a-laide-de-lentretien-de-construction-de-carriere\/#breadcrumb\",\"itemListElement\":[{\"@type\":\"ListItem\",\"position\":1,\"name\":\"Home\",\"item\":\"https:\/\/cannexus.ceric.ca\/fr\/\"},{\"@type\":\"ListItem\",\"position\":2,\"name\":\"Pratiquer la planification de vie \u00e0 l\u2019aide de l\u2019entretien de construction de carri\u00e8re\"}]},{\"@type\":\"WebSite\",\"@id\":\"https:\/\/cannexus.ceric.ca\/fr\/#website\",\"url\":\"https:\/\/cannexus.ceric.ca\/fr\/\",\"name\":\"Cannexus26: Canada\u2019s Career Development Conference\",\"description\":\"Canada\u2019s Career Development Conference\",\"publisher\":{\"@id\":\"https:\/\/cannexus.ceric.ca\/fr\/#organization\"},\"alternateName\":\"Cannexus26\",\"potentialAction\":[{\"@type\":\"SearchAction\",\"target\":{\"@type\":\"EntryPoint\",\"urlTemplate\":\"https:\/\/cannexus.ceric.ca\/fr\/?s={search_term_string}\"},\"query-input\":{\"@type\":\"PropertyValueSpecification\",\"valueRequired\":true,\"valueName\":\"search_term_string\"}}],\"inLanguage\":\"fr-FR\"},{\"@type\":\"Organization\",\"@id\":\"https:\/\/cannexus.ceric.ca\/fr\/#organization\",\"name\":\"Cannexus26\",\"url\":\"https:\/\/cannexus.ceric.ca\/fr\/\",\"logo\":{\"@type\":\"ImageObject\",\"inLanguage\":\"fr-FR\",\"@id\":\"https:\/\/cannexus.ceric.ca\/fr\/#\/schema\/logo\/image\/\",\"url\":\"https:\/\/cannexus.ceric.ca\/wp-content\/uploads\/2025\/04\/CX-seal.png\",\"contentUrl\":\"https:\/\/cannexus.ceric.ca\/wp-content\/uploads\/2025\/04\/CX-seal.png\",\"width\":2000,\"height\":1574,\"caption\":\"Cannexus26\"},\"image\":{\"@id\":\"https:\/\/cannexus.ceric.ca\/fr\/#\/schema\/logo\/image\/\"}}]}<\/script>\n<!-- \/ Yoast SEO Premium plugin. -->","yoast_head_json":{"title":"Pratiquer la planification de vie \u00e0 l\u2019aide de l\u2019entretien de construction de carri\u00e8re - Cannexus27","description":"CERIC invites individuals or organizations with an interest in presenting at the annual Cannexus conference to submit a brief session outline for consideration using the Proposal Form and encourages you to inform colleagues or students of this opportunity.","robots":{"index":"index","follow":"follow","max-snippet":"max-snippet:-1","max-image-preview":"max-image-preview:large","max-video-preview":"max-video-preview:-1"},"canonical":"https:\/\/cannexus.ceric.ca\/fr\/pratiquer-la-planification-de-vie-a-laide-de-lentretien-de-construction-de-carriere\/","og_locale":"fr_FR","og_type":"article","og_title":"Present at Cannexus","og_description":"Planning for Cannexus, Canada's Career Development Conference, in January 2023, is now underway. Cannexus23 is expected to be a hybrid conference with both a live in-person portion in Ottawa, Canada and a virtual portion. The dates for the conference are January 23- 25, 2023.","og_url":"https:\/\/cannexus.ceric.ca\/fr\/pratiquer-la-planification-de-vie-a-laide-de-lentretien-de-construction-de-carriere\/","og_site_name":"Cannexus27","article_modified_time":"2025-01-16T15:32:03+00:00","og_image":[{"width":1120,"height":475,"url":"https:\/\/cannexus.ceric.ca\/wp-content\/uploads\/2023\/04\/3-1.png","type":"image\/png"}],"twitter_card":"summary_large_image","twitter_title":"Present at Cannexus","twitter_description":"Planning for Cannexus, Canada's Career Development Conference, in January 2023, is now underway. Cannexus23 is expected to be a hybrid conference with both a live in-person portion in Ottawa, Canada and a virtual portion. The dates for the conference are January 23- 25, 2023.","twitter_misc":{"Dur\u00e9e de lecture estim\u00e9e":"5 minutes"},"schema":{"@context":"https:\/\/schema.org","@graph":[{"@type":"WebPage","@id":"https:\/\/cannexus.ceric.ca\/fr\/pratiquer-la-planification-de-vie-a-laide-de-lentretien-de-construction-de-carriere\/","url":"https:\/\/cannexus.ceric.ca\/fr\/pratiquer-la-planification-de-vie-a-laide-de-lentretien-de-construction-de-carriere\/","name":"Pratiquer la planification de vie \u00e0 l\u2019aide de l\u2019entretien de construction de carri\u00e8re - Cannexus27","isPartOf":{"@id":"https:\/\/cannexus.ceric.ca\/fr\/#website"},"primaryImageOfPage":{"@id":"https:\/\/cannexus.ceric.ca\/fr\/pratiquer-la-planification-de-vie-a-laide-de-lentretien-de-construction-de-carriere\/#primaryimage"},"image":{"@id":"https:\/\/cannexus.ceric.ca\/fr\/pratiquer-la-planification-de-vie-a-laide-de-lentretien-de-construction-de-carriere\/#primaryimage"},"thumbnailUrl":"https:\/\/cannexus.ceric.ca\/wp-content\/uploads\/2023\/04\/3-1.png","datePublished":"2024-08-23T14:35:01+00:00","dateModified":"2025-01-16T15:32:03+00:00","description":"CERIC invites individuals or organizations with an interest in presenting at the annual Cannexus conference to submit a brief session outline for consideration using the Proposal Form and encourages you to inform colleagues or students of this opportunity.","breadcrumb":{"@id":"https:\/\/cannexus.ceric.ca\/fr\/pratiquer-la-planification-de-vie-a-laide-de-lentretien-de-construction-de-carriere\/#breadcrumb"},"inLanguage":"fr-FR","potentialAction":[{"@type":"ReadAction","target":["https:\/\/cannexus.ceric.ca\/fr\/pratiquer-la-planification-de-vie-a-laide-de-lentretien-de-construction-de-carriere\/"]}]},{"@type":"ImageObject","inLanguage":"fr-FR","@id":"https:\/\/cannexus.ceric.ca\/fr\/pratiquer-la-planification-de-vie-a-laide-de-lentretien-de-construction-de-carriere\/#primaryimage","url":"https:\/\/cannexus.ceric.ca\/wp-content\/uploads\/2023\/04\/3-1.png","contentUrl":"https:\/\/cannexus.ceric.ca\/wp-content\/uploads\/2023\/04\/3-1.png","width":1120,"height":475},{"@type":"BreadcrumbList","@id":"https:\/\/cannexus.ceric.ca\/fr\/pratiquer-la-planification-de-vie-a-laide-de-lentretien-de-construction-de-carriere\/#breadcrumb","itemListElement":[{"@type":"ListItem","position":1,"name":"Home","item":"https:\/\/cannexus.ceric.ca\/fr\/"},{"@type":"ListItem","position":2,"name":"Pratiquer la planification de vie \u00e0 l\u2019aide de l\u2019entretien de construction de carri\u00e8re"}]},{"@type":"WebSite","@id":"https:\/\/cannexus.ceric.ca\/fr\/#website","url":"https:\/\/cannexus.ceric.ca\/fr\/","name":"Cannexus26: Canada\u2019s Career Development Conference","description":"Canada\u2019s Career Development Conference","publisher":{"@id":"https:\/\/cannexus.ceric.ca\/fr\/#organization"},"alternateName":"Cannexus26","potentialAction":[{"@type":"SearchAction","target":{"@type":"EntryPoint","urlTemplate":"https:\/\/cannexus.ceric.ca\/fr\/?s={search_term_string}"},"query-input":{"@type":"PropertyValueSpecification","valueRequired":true,"valueName":"search_term_string"}}],"inLanguage":"fr-FR"},{"@type":"Organization","@id":"https:\/\/cannexus.ceric.ca\/fr\/#organization","name":"Cannexus26","url":"https:\/\/cannexus.ceric.ca\/fr\/","logo":{"@type":"ImageObject","inLanguage":"fr-FR","@id":"https:\/\/cannexus.ceric.ca\/fr\/#\/schema\/logo\/image\/","url":"https:\/\/cannexus.ceric.ca\/wp-content\/uploads\/2025\/04\/CX-seal.png","contentUrl":"https:\/\/cannexus.ceric.ca\/wp-content\/uploads\/2025\/04\/CX-seal.png","width":2000,"height":1574,"caption":"Cannexus26"},"image":{"@id":"https:\/\/cannexus.ceric.ca\/fr\/#\/schema\/logo\/image\/"}}]}},"_links":{"self":[{"href":"https:\/\/cannexus.ceric.ca\/fr\/wp-json\/wp\/v2\/pages\/25514","targetHints":{"allow":["GET"]}}],"collection":[{"href":"https:\/\/cannexus.ceric.ca\/fr\/wp-json\/wp\/v2\/pages"}],"about":[{"href":"https:\/\/cannexus.ceric.ca\/fr\/wp-json\/wp\/v2\/types\/page"}],"author":[{"embeddable":true,"href":"https:\/\/cannexus.ceric.ca\/fr\/wp-json\/wp\/v2\/users\/9"}],"replies":[{"embeddable":true,"href":"https:\/\/cannexus.ceric.ca\/fr\/wp-json\/wp\/v2\/comments?post=25514"}],"version-history":[{"count":0,"href":"https:\/\/cannexus.ceric.ca\/fr\/wp-json\/wp\/v2\/pages\/25514\/revisions"}],"wp:featuredmedia":[{"embeddable":true,"href":"https:\/\/cannexus.ceric.ca\/fr\/wp-json\/wp\/v2\/media\/19889"}],"wp:attachment":[{"href":"https:\/\/cannexus.ceric.ca\/fr\/wp-json\/wp\/v2\/media?parent=25514"}],"curies":[{"name":"wp","href":"https:\/\/api.w.org\/{rel}","templated":true}]}}