{"id":24704,"date":"2024-07-16T10:25:53","date_gmt":"2024-07-16T14:25:53","guid":{"rendered":"https:\/\/cannexus.ceric.ca\/?page_id=24704"},"modified":"2024-07-16T11:52:18","modified_gmt":"2024-07-16T15:52:18","slug":"le-cote-humain-des-prejuges-inconscients","status":"publish","type":"page","link":"https:\/\/cannexus.ceric.ca\/fr\/le-cote-humain-des-prejuges-inconscients\/","title":{"rendered":"Le c\u00f4t\u00e9 humain des pr\u00e9jug\u00e9s inconscients"},"content":{"rendered":"\t\t<div data-elementor-type=\"wp-page\" data-elementor-id=\"24704\" class=\"elementor elementor-24704 elementor-24629\" data-elementor-post-type=\"page\">\n\t\t\t\t\t\t<section class=\"elementor-section elementor-top-section elementor-element elementor-element-60f224f elementor-section-boxed elementor-section-height-default elementor-section-height-default\" data-id=\"60f224f\" data-element_type=\"section\" data-e-type=\"section\">\n\t\t\t\t\t\t<div class=\"elementor-container elementor-column-gap-default\">\n\t\t\t\t\t<div class=\"elementor-column elementor-col-100 elementor-top-column elementor-element elementor-element-493a3b8\" data-id=\"493a3b8\" data-element_type=\"column\" data-e-type=\"column\">\n\t\t\t<div class=\"elementor-widget-wrap elementor-element-populated\">\n\t\t\t\t\t\t<div class=\"elementor-element elementor-element-60131d0 elementor-widget elementor-widget-heading\" data-id=\"60131d0\" data-element_type=\"widget\" data-e-type=\"widget\" data-settings=\"{&quot;ekit_we_effect_on&quot;:&quot;none&quot;}\" data-widget_type=\"heading.default\">\n\t\t\t\t<div class=\"elementor-widget-container\">\n\t\t\t\t\t<h1 class=\"elementor-heading-title elementor-size-default\">Le c\u00f4t\u00e9 humain des pr\u00e9jug\u00e9s inconscients<\/h1>\t\t\t\t<\/div>\n\t\t\t\t<\/div>\n\t\t\t\t\t<\/div>\n\t\t<\/div>\n\t\t\t\t\t<\/div>\n\t\t<\/section>\n\t\t<div class=\"elementor-element elementor-element-e954dd8 e-flex e-con-boxed e-con e-parent\" data-id=\"e954dd8\" data-element_type=\"container\" data-e-type=\"container\">\n\t\t\t\t\t<div class=\"e-con-inner\">\n\t\t\t\t<div class=\"elementor-element elementor-element-7627028 elementor-widget elementor-widget-heading\" data-id=\"7627028\" data-element_type=\"widget\" data-e-type=\"widget\" data-settings=\"{&quot;ekit_we_effect_on&quot;:&quot;none&quot;}\" data-widget_type=\"heading.default\">\n\t\t\t\t<div class=\"elementor-widget-container\">\n\t\t\t\t\t<h4 class=\"elementor-heading-title elementor-size-default\">Lundi 27 janvier, 2025, 13:00h - 14:00h HE<\/h4>\t\t\t\t<\/div>\n\t\t\t\t<\/div>\n\t\t\t\t<div class=\"elementor-element elementor-element-be83ef5 elementor-widget elementor-widget-text-editor\" data-id=\"be83ef5\" data-element_type=\"widget\" data-e-type=\"widget\" data-settings=\"{&quot;ekit_we_effect_on&quot;:&quot;none&quot;}\" data-widget_type=\"text-editor.default\">\n\t\t\t\t<div class=\"elementor-widget-container\">\n\t\t\t\t\t\t\t\t\t<p>Est-ce que des questions comme celles-ci causent du stress, des conflits et de la confusion au travail?\u00a0\u00a0<\/p><ul><li>\u00c9milie a 30\u00a0ans. Ce r\u00f4le exige de nombreux d\u00e9placements \u2013 \u00c9milie devrait-elle \u00eatre promue? Et si elle d\u00e9cidait d\u2019avoir des enfants?<\/li><li>Manuel a un accent si prononc\u00e9! Je ne suis pas persuad\u00e9 qu\u2019il s\u2019int\u00e8gre \u00e0 notre culture d\u2019entreprise.<\/li><li>En tant qu\u2019homme blanc ambitieux, je suis en minorit\u00e9 \u00e0 notre \u00e9poque! Je ne peux cocher aucune case. Serai-je \u00e0 nouveau \u00e9cart\u00e9 pour cette promotion? J\u2019ai envie de d\u00e9missionner.<\/li><li>Martin devrait-il diriger le service informatique? Il me para\u00eet tr\u00e8s vieux.\u00a0\u00a0<\/li><\/ul><p>Les premi\u00e8res impressions, qu\u2019elles soient bonnes ou mauvaises, se font en sept secondes ou moins. Nous faisons tous une \u00e9valuation rapide des autres sans m\u00eame nous en rendre compte. Nous ne naissons pas avec des pr\u00e9jug\u00e9s. Les pr\u00e9jug\u00e9s sont form\u00e9s par les situations pass\u00e9es, les exp\u00e9riences, les ant\u00e9c\u00e9dents et la culture. De fa\u00e7on g\u00e9n\u00e9rale, des pr\u00e9jug\u00e9s inconscients existent \u00e0 l\u2019\u00e9gard du genre, de la race, de la religion, de l\u2019orientation sexuelle, de l\u2019\u00e2ge, du handicap (physique et mental) et du poids. La plupart d\u2019entre nous diront \u00ab\u00a0Je vois les gens tels qu\u2019ils sont\u00a0\u00bb, mais est-ce bien le cas? Les pr\u00e9jug\u00e9s inconscients influent sur la prise de d\u00e9cisions, tant sur le plan professionnel que personnel, avec des r\u00e9percussions bien r\u00e9elles. Reconna\u00eetre, g\u00e9rer et att\u00e9nuer les pr\u00e9jug\u00e9s inconscients favorise la diversit\u00e9 et l\u2019inclusion; la diversit\u00e9 et l\u2019inclusion stimulent l\u2019innovation, la productivit\u00e9 et la cr\u00e9ativit\u00e9 tout en promouvant une culture d\u2019entreprise saine, heureuse et engageante.<\/p>\t\t\t\t\t\t\t\t<\/div>\n\t\t\t\t<\/div>\n\t\t\t\t<div class=\"elementor-element elementor-element-77858ec elementor-widget elementor-widget-heading\" data-id=\"77858ec\" data-element_type=\"widget\" data-e-type=\"widget\" data-settings=\"{&quot;ekit_we_effect_on&quot;:&quot;none&quot;}\" data-widget_type=\"heading.default\">\n\t\t\t\t<div class=\"elementor-widget-container\">\n\t\t\t\t\t<h4 class=\"elementor-heading-title elementor-size-default\">Conf\u00e9renciere<\/h4>\t\t\t\t<\/div>\n\t\t\t\t<\/div>\n\t\t\t\t\t<\/div>\n\t\t\t\t<\/div>\n\t\t<div class=\"elementor-element elementor-element-cff39fc e-flex e-con-boxed e-con e-parent\" data-id=\"cff39fc\" data-element_type=\"container\" data-e-type=\"container\">\n\t\t\t\t\t<div class=\"e-con-inner\">\n\t\t\t\t<div class=\"elementor-element elementor-element-9e1d552 elementor-widget__width-initial elementor-widget elementor-widget-exhibz-speaker\" data-id=\"9e1d552\" data-element_type=\"widget\" data-e-type=\"widget\" data-settings=\"{&quot;ekit_we_effect_on&quot;:&quot;none&quot;}\" data-widget_type=\"exhibz-speaker.default\">\n\t\t\t\t<div class=\"elementor-widget-container\">\n\t\t\t\t\t\t\t\t            <div class=\"ts-speaker\" style=\"--speaker-color: #f2fafc\">\n                <div class=\"speaker-img\">\n\t\t\t\t\t                        <img decoding=\"async\" src=\"\/\/cannexus.ceric.ca\/wp-content\/uploads\/2024\/07\/Tina-CX25-square-blue-500sq.png\"\n                             alt=\"\">\n\t\t\t\t\t                    <a href=\"#popup_9e1d55224703\"\n                       class=\"view-speaker ts-image-popup\" data-effect=\"mfp-zoom-in\">\n                        <i class=\"icon icon-plus\"><\/i>\n                    <\/a>\n                <\/div>\n                <div class=\"ts-speaker-info\">\n                    <h3 class=\"ts-title\">\n                        <a href=\"https:\/\/cannexus.ceric.ca\/fr\/speaker\/tina-varughese\/\"> Tina Varughese <\/a>\n                    <\/h3>\n                    <p>\n\t\t\t\t\t\tSp\u00e9cialiste en communications interculturelles et en diversit\u00e9                     <\/p>\n                <\/div>\n                <!--- speaker info end -->\n                <!-- popup start-->\n                <div id=\"popup_9e1d55224703\"\n                     class=\"container ts-speaker-popup mfp-hide\">\n                    <div class=\"row\">\n                        <div class=\"col-lg-6\">\n                            <div class=\"ts-speaker-popup-img\">\n\t\t\t\t\t\t\t\t                                    <img decoding=\"async\" src=\"\/\/cannexus.ceric.ca\/wp-content\/uploads\/2024\/07\/Tina-CX25-square-blue-500sq.png\"\n                                         alt=\"\">\n\t\t\t\t\t\t\t\t                            <\/div>\n                        <\/div>\n                        <!-- col end-->\n                        <div class=\"col-lg-6\">\n                            <div class=\"ts-speaker-popup-content\">\n                                <h3 class=\"ts-title\"><a\n                                            href=\"https:\/\/cannexus.ceric.ca\/fr\/speaker\/tina-varughese\/\"> Tina Varughese <\/a>\n                                <\/h3>\n                                <span class=\"speakder-designation\"> Sp\u00e9cialiste en communications interculturelles et en diversit\u00e9 <\/span>\n\t\t\t\t\t\t\t\t                                    <img decoding=\"async\" src=\"\/\/cannexus.ceric.ca\/wp-content\/uploads\/2022\/08\/CX23-Speaker-icon-2.png\"\n                                         alt=\"\">\n\t\t\t\t\t\t\t\t                                <p>\n\t\t\t\t\t\t\t\t\t<p>Fille indo-canadienne de parents de la premi\u00e8re g\u00e9n\u00e9ration, Tina\u00a0Varughese explique que ses origines culturelles lui permettent de trouver \u00ab\u00a0le meilleur des deux mondes\u00a0\u00bb et d\u2019apporter de la lumi\u00e8re, des connaissances et, surtout, un humour universel au milieu du travail en pleine mutation. Ses conf\u00e9rences tr\u00e8s divertissantes, interactives et pratiques inspirent les participants \u00e0 penser, \u00e0 se comporter, \u00e0 agir et \u00e0 communiquer avec intention.<\/p><p>Pendant 15\u00a0ans, Tina\u00a0Varughese a travaill\u00e9 avec les personnes immigrantes dans le cadre de ses fonctions au bureau de l\u2019immigration de l\u2019Alberta. Elle a \u00e9galement dirig\u00e9 avec succ\u00e8s sa propre soci\u00e9t\u00e9 de r\u00e9installation et d\u2019\u00e9tablissement. Pour animer des conf\u00e9rences sur la diversit\u00e9 et l\u2019inclusion, des sujets qui lui tiennent \u00e0 c\u0153ur sur les plans professionnel et personnel, Tina\u00a0Varughese puise dans ses exp\u00e9riences d\u2019entrepreneuse, de m\u00e8re, de fille, d\u2019\u00e9pouse, de s\u0153ur et d\u2019amie.<\/p><p>Elle a \u00e9t\u00e9 nomm\u00e9e parmi les 10\u00a0meilleurs conf\u00e9renciers du Canada par <em>Ignite Magazine<\/em> pour sa capacit\u00e9 \u00e0 faire tomber les barri\u00e8res et \u00e0 cr\u00e9er un espace agr\u00e9able, inclusif et ludique pour les participants. Elle a \u00e9t\u00e9 le visage de la diversit\u00e9, litt\u00e9ralement. En effet, elle a \u00e9t\u00e9 choisie pour participer \u00e0 la campagne pour la vraie beaut\u00e9 de Dove, repr\u00e9sentant la beaut\u00e9 dans la diversit\u00e9.<\/p><p>Ancienne pr\u00e9sidente de la Canadian\u00a0Association of Professional Speakers (Calgary), Tina\u00a0Varughese r\u00e9dige des articles pour le magazine <em>Human Resource Institute of Alberta\u2019s Network<\/em>, <em>Calgary Real Estate News<\/em> et le magazine <em>Home to Home<\/em>. Elle a \u00e9galement fait l\u2019objet d\u2019un profil dans <em>Venture\u00a0Magazine<\/em> de l\u2019Alberta.<\/p><p><iframe src=\"https:\/\/www.youtube.com\/embed\/yssiOXvnkXQ?si=NJJBXNMGMK9S1jQ5\" width=\"450\" height=\"253\" frameborder=\"0\"><\/iframe><\/p><h3><a href=\"https:\/\/cannexus.ceric.ca\/fr\/le-cote-humain-des-prejuges-inconscients\/\" target=\"_blank\" rel=\"noopener\">Renseignez-vous sur son allocution : Le c\u00f4t\u00e9 humain des pr\u00e9jug\u00e9s inconscients<\/a><\/h3>                                <\/p>\n                                <div class=\"ts-speakers-social\">\n\t\t\t\t\t\t\t\t\t\t\t\t\t\t\t\t\t\t\t                                            <a href=\"https:\/\/tworksforyou.ca\/\"\n                                               target=\"_blank\" rel=\"noreferrer\">\n                                                <i class=\"icon icon-link\"><\/i>\n                                            <\/a>\n\t\t\t\t\t\t\t\t\t\t                                            <a href=\"https:\/\/www.facebook.com\/TWorks-441054042582920\/\"\n                                               target=\"_blank\" rel=\"noreferrer\">\n                                                <i class=\"fa fa-facebook\"><\/i>\n                                            <\/a>\n\t\t\t\t\t\t\t\t\t\t                                            <a href=\"https:\/\/www.instagram.com\/tina_varughese\/\"\n                                               target=\"_blank\" rel=\"noreferrer\">\n                                                <i class=\"fa fa-instagram\"><\/i>\n                                            <\/a>\n\t\t\t\t\t\t\t\t\t\t                                            <a href=\"https:\/\/www.linkedin.com\/in\/tinavarughese\"\n                                               target=\"_blank\" rel=\"noreferrer\">\n                                                <i class=\"fa fa-linkedin\"><\/i>\n                                            <\/a>\n\t\t\t\t\t\t\t\t\t\t                                            <a href=\"https:\/\/twitter.com\/TinaVarughese\"\n                                               target=\"_blank\" rel=\"noreferrer\">\n                                                <i class=\"fa fa-twitter\"><\/i>\n                                            <\/a>\n\t\t\t\t\t\t\t\t\t\t\t\t\t\t\t\t\t\t\t                                <\/div>\n                            <\/div>\n                            <!-- ts-speaker-popup-content end-->\n                        <\/div>\n                        <!-- col end-->\n                    <\/div>\n                    <!-- row end-->\n                <\/div>\n                <!-- popup end-->\n            <\/div>\n            <!-- ts-speaker end  -->\n\t\t\n\n\t\t\t\n\t\t\t\n\t\t\t\n\n\t\t\t\t\t\t<\/div>\n\t\t\t\t<\/div>\n\t\t\t\t<div class=\"elementor-element elementor-element-692e02d elementor-widget__width-initial elementor-widget elementor-widget-text-editor\" data-id=\"692e02d\" data-element_type=\"widget\" data-e-type=\"widget\" data-settings=\"{&quot;ekit_we_effect_on&quot;:&quot;none&quot;}\" data-widget_type=\"text-editor.default\">\n\t\t\t\t<div class=\"elementor-widget-container\">\n\t\t\t\t\t\t\t\t\t<p>Fille indo-canadienne de parents de la premi\u00e8re g\u00e9n\u00e9ration, Tina\u00a0Varughese explique que ses origines culturelles lui permettent de trouver \u00ab\u00a0le meilleur des deux mondes\u00a0\u00bb et d\u2019apporter de la lumi\u00e8re, des connaissances et, surtout, un humour universel au milieu du travail en pleine mutation. Ses conf\u00e9rences tr\u00e8s divertissantes, interactives et pratiques inspirent les participants \u00e0 penser, \u00e0 se comporter, \u00e0 agir et \u00e0 communiquer avec intention.\u00a0<\/p><p>Pendant 15\u00a0ans, Tina\u00a0Varughese a travaill\u00e9 avec les personnes immigrantes dans le cadre de ses fonctions au bureau de l\u2019immigration de l\u2019Alberta. Elle a \u00e9galement dirig\u00e9 avec succ\u00e8s sa propre soci\u00e9t\u00e9 de r\u00e9installation et d\u2019\u00e9tablissement. Pour animer des conf\u00e9rences sur la diversit\u00e9 et l\u2019inclusion, des sujets qui lui tiennent \u00e0 c\u0153ur sur les plans professionnel et personnel, Tina\u00a0Varughese puise dans ses exp\u00e9riences d\u2019entrepreneuse, de m\u00e8re, de fille, d\u2019\u00e9pouse, de s\u0153ur et d\u2019amie.\u00a0\u00a0<\/p><p>Elle a \u00e9t\u00e9 nomm\u00e9e parmi les 10\u00a0meilleurs conf\u00e9rencieres du Canada par <em>Ignite Magazine<\/em> pour sa capacit\u00e9 \u00e0 faire tomber les barri\u00e8res et \u00e0 cr\u00e9er un espace agr\u00e9able, inclusif et ludique pour les participants. Elle a \u00e9t\u00e9 le visage de la diversit\u00e9, litt\u00e9ralement. En effet, elle a \u00e9t\u00e9 choisie pour participer \u00e0 la campagne pour la vraie beaut\u00e9 de Dove, repr\u00e9sentant la beaut\u00e9 dans la diversit\u00e9.\u00a0<\/p><p>Ancienne pr\u00e9sidente de la Canadian\u00a0Association of Professional Speakers (Calgary), Tina\u00a0Varughese r\u00e9dige des articles pour le magazine <em>Human Resource Institute of Alberta\u2019s Network<\/em>, <em>Calgary Real Estate News<\/em> et le magazine <em>Home to Home<\/em>. Elle a \u00e9galement fait l\u2019objet d\u2019un profil dans <em>Venture\u00a0Magazine<\/em> de l\u2019Alberta.<\/p>\t\t\t\t\t\t\t\t<\/div>\n\t\t\t\t<\/div>\n\t\t\t\t\t<\/div>\n\t\t\t\t<\/div>\n\t\t\t\t<\/div>\n\t\t","protected":false},"excerpt":{"rendered":"<p>Le c\u00f4t\u00e9 humain des pr\u00e9jug\u00e9s inconscients Lundi 27 janvier, 2025, 13:00h &#8211; 14:00h HE Est-ce que des questions comme celles-ci causent du stress, des conflits et de la confusion au travail?\u00a0\u00a0 \u00c9milie a 30\u00a0ans. Ce r\u00f4le exige de nombreux d\u00e9placements \u2013 \u00c9milie devrait-elle \u00eatre promue? Et si elle d\u00e9cidait d\u2019avoir des enfants? Manuel a un [&hellip;]<\/p>\n","protected":false},"author":9,"featured_media":0,"parent":0,"menu_order":0,"comment_status":"closed","ping_status":"closed","template":"template\/full-width-template.php","meta":{"wp_social_preview_title":"","wp_social_preview_description":"","wp_social_preview_image":0,"footnotes":""},"class_list":["post-24704","page","type-page","status-publish","hentry"],"yoast_head":"<!-- This site is optimized with the Yoast SEO Premium plugin v26.0 (Yoast SEO v26.0) - https:\/\/yoast.com\/wordpress\/plugins\/seo\/ -->\n<title>Le c\u00f4t\u00e9 humain des pr\u00e9jug\u00e9s inconscients - Cannexus27<\/title>\n<meta name=\"robots\" content=\"index, follow, max-snippet:-1, max-image-preview:large, max-video-preview:-1\" \/>\n<link rel=\"canonical\" href=\"https:\/\/cannexus.ceric.ca\/fr\/le-cote-humain-des-prejuges-inconscients\/\" \/>\n<meta property=\"og:locale\" content=\"fr_FR\" \/>\n<meta property=\"og:type\" content=\"article\" \/>\n<meta property=\"og:title\" content=\"Le c\u00f4t\u00e9 humain des pr\u00e9jug\u00e9s inconscients\" \/>\n<meta property=\"og:description\" content=\"Le c\u00f4t\u00e9 humain des pr\u00e9jug\u00e9s inconscients Lundi 27 janvier, 2025, 13:00h &#8211; 14:00h HE Est-ce que des questions comme celles-ci causent du stress, des conflits et de la confusion au travail?\u00a0\u00a0 \u00c9milie a 30\u00a0ans. Ce r\u00f4le exige de nombreux d\u00e9placements \u2013 \u00c9milie devrait-elle \u00eatre promue? Et si elle d\u00e9cidait d\u2019avoir des enfants? Manuel a un [&hellip;]\" \/>\n<meta property=\"og:url\" content=\"https:\/\/cannexus.ceric.ca\/fr\/le-cote-humain-des-prejuges-inconscients\/\" \/>\n<meta property=\"og:site_name\" content=\"Cannexus27\" \/>\n<meta property=\"article:modified_time\" content=\"2024-07-16T15:52:18+00:00\" \/>\n<meta property=\"og:image\" content=\"https:\/\/cannexus.ceric.ca\/wp-content\/uploads\/2024\/07\/Tina-CX25-square-blue-500sq.png\" \/>\n<meta name=\"twitter:card\" content=\"summary_large_image\" \/>\n<meta name=\"twitter:label1\" content=\"Dur\u00e9e de lecture estim\u00e9e\" \/>\n\t<meta name=\"twitter:data1\" content=\"5 minutes\" \/>\n<script type=\"application\/ld+json\" class=\"yoast-schema-graph\">{\"@context\":\"https:\/\/schema.org\",\"@graph\":[{\"@type\":\"WebPage\",\"@id\":\"https:\/\/cannexus.ceric.ca\/fr\/le-cote-humain-des-prejuges-inconscients\/\",\"url\":\"https:\/\/cannexus.ceric.ca\/fr\/le-cote-humain-des-prejuges-inconscients\/\",\"name\":\"Le c\u00f4t\u00e9 humain des pr\u00e9jug\u00e9s inconscients - Cannexus27\",\"isPartOf\":{\"@id\":\"https:\/\/cannexus.ceric.ca\/fr\/#website\"},\"primaryImageOfPage\":{\"@id\":\"https:\/\/cannexus.ceric.ca\/fr\/le-cote-humain-des-prejuges-inconscients\/#primaryimage\"},\"image\":{\"@id\":\"https:\/\/cannexus.ceric.ca\/fr\/le-cote-humain-des-prejuges-inconscients\/#primaryimage\"},\"thumbnailUrl\":\"https:\/\/cannexus.ceric.ca\/wp-content\/uploads\/2024\/07\/Tina-CX25-square-blue-500sq.png\",\"datePublished\":\"2024-07-16T14:25:53+00:00\",\"dateModified\":\"2024-07-16T15:52:18+00:00\",\"breadcrumb\":{\"@id\":\"https:\/\/cannexus.ceric.ca\/fr\/le-cote-humain-des-prejuges-inconscients\/#breadcrumb\"},\"inLanguage\":\"fr-FR\",\"potentialAction\":[{\"@type\":\"ReadAction\",\"target\":[\"https:\/\/cannexus.ceric.ca\/fr\/le-cote-humain-des-prejuges-inconscients\/\"]}]},{\"@type\":\"ImageObject\",\"inLanguage\":\"fr-FR\",\"@id\":\"https:\/\/cannexus.ceric.ca\/fr\/le-cote-humain-des-prejuges-inconscients\/#primaryimage\",\"url\":\"https:\/\/cannexus.ceric.ca\/wp-content\/uploads\/2024\/07\/Tina-CX25-square-blue-500sq.png\",\"contentUrl\":\"https:\/\/cannexus.ceric.ca\/wp-content\/uploads\/2024\/07\/Tina-CX25-square-blue-500sq.png\"},{\"@type\":\"BreadcrumbList\",\"@id\":\"https:\/\/cannexus.ceric.ca\/fr\/le-cote-humain-des-prejuges-inconscients\/#breadcrumb\",\"itemListElement\":[{\"@type\":\"ListItem\",\"position\":1,\"name\":\"Home\",\"item\":\"https:\/\/cannexus.ceric.ca\/fr\/\"},{\"@type\":\"ListItem\",\"position\":2,\"name\":\"Le c\u00f4t\u00e9 humain des pr\u00e9jug\u00e9s inconscients\"}]},{\"@type\":\"WebSite\",\"@id\":\"https:\/\/cannexus.ceric.ca\/fr\/#website\",\"url\":\"https:\/\/cannexus.ceric.ca\/fr\/\",\"name\":\"Cannexus26: Canada\u2019s Career Development Conference\",\"description\":\"Canada\u2019s Career Development Conference\",\"publisher\":{\"@id\":\"https:\/\/cannexus.ceric.ca\/fr\/#organization\"},\"alternateName\":\"Cannexus26\",\"potentialAction\":[{\"@type\":\"SearchAction\",\"target\":{\"@type\":\"EntryPoint\",\"urlTemplate\":\"https:\/\/cannexus.ceric.ca\/fr\/?s={search_term_string}\"},\"query-input\":{\"@type\":\"PropertyValueSpecification\",\"valueRequired\":true,\"valueName\":\"search_term_string\"}}],\"inLanguage\":\"fr-FR\"},{\"@type\":\"Organization\",\"@id\":\"https:\/\/cannexus.ceric.ca\/fr\/#organization\",\"name\":\"Cannexus26\",\"url\":\"https:\/\/cannexus.ceric.ca\/fr\/\",\"logo\":{\"@type\":\"ImageObject\",\"inLanguage\":\"fr-FR\",\"@id\":\"https:\/\/cannexus.ceric.ca\/fr\/#\/schema\/logo\/image\/\",\"url\":\"https:\/\/cannexus.ceric.ca\/wp-content\/uploads\/2025\/04\/CX-seal.png\",\"contentUrl\":\"https:\/\/cannexus.ceric.ca\/wp-content\/uploads\/2025\/04\/CX-seal.png\",\"width\":2000,\"height\":1574,\"caption\":\"Cannexus26\"},\"image\":{\"@id\":\"https:\/\/cannexus.ceric.ca\/fr\/#\/schema\/logo\/image\/\"}}]}<\/script>\n<!-- \/ Yoast SEO Premium plugin. -->","yoast_head_json":{"title":"Le c\u00f4t\u00e9 humain des pr\u00e9jug\u00e9s inconscients - Cannexus27","robots":{"index":"index","follow":"follow","max-snippet":"max-snippet:-1","max-image-preview":"max-image-preview:large","max-video-preview":"max-video-preview:-1"},"canonical":"https:\/\/cannexus.ceric.ca\/fr\/le-cote-humain-des-prejuges-inconscients\/","og_locale":"fr_FR","og_type":"article","og_title":"Le c\u00f4t\u00e9 humain des pr\u00e9jug\u00e9s inconscients","og_description":"Le c\u00f4t\u00e9 humain des pr\u00e9jug\u00e9s inconscients Lundi 27 janvier, 2025, 13:00h &#8211; 14:00h HE Est-ce que des questions comme celles-ci causent du stress, des conflits et de la confusion au travail?\u00a0\u00a0 \u00c9milie a 30\u00a0ans. Ce r\u00f4le exige de nombreux d\u00e9placements \u2013 \u00c9milie devrait-elle \u00eatre promue? Et si elle d\u00e9cidait d\u2019avoir des enfants? Manuel a un [&hellip;]","og_url":"https:\/\/cannexus.ceric.ca\/fr\/le-cote-humain-des-prejuges-inconscients\/","og_site_name":"Cannexus27","article_modified_time":"2024-07-16T15:52:18+00:00","og_image":[{"url":"https:\/\/cannexus.ceric.ca\/wp-content\/uploads\/2024\/07\/Tina-CX25-square-blue-500sq.png","type":"","width":"","height":""}],"twitter_card":"summary_large_image","twitter_misc":{"Dur\u00e9e de lecture estim\u00e9e":"5 minutes"},"schema":{"@context":"https:\/\/schema.org","@graph":[{"@type":"WebPage","@id":"https:\/\/cannexus.ceric.ca\/fr\/le-cote-humain-des-prejuges-inconscients\/","url":"https:\/\/cannexus.ceric.ca\/fr\/le-cote-humain-des-prejuges-inconscients\/","name":"Le c\u00f4t\u00e9 humain des pr\u00e9jug\u00e9s inconscients - Cannexus27","isPartOf":{"@id":"https:\/\/cannexus.ceric.ca\/fr\/#website"},"primaryImageOfPage":{"@id":"https:\/\/cannexus.ceric.ca\/fr\/le-cote-humain-des-prejuges-inconscients\/#primaryimage"},"image":{"@id":"https:\/\/cannexus.ceric.ca\/fr\/le-cote-humain-des-prejuges-inconscients\/#primaryimage"},"thumbnailUrl":"https:\/\/cannexus.ceric.ca\/wp-content\/uploads\/2024\/07\/Tina-CX25-square-blue-500sq.png","datePublished":"2024-07-16T14:25:53+00:00","dateModified":"2024-07-16T15:52:18+00:00","breadcrumb":{"@id":"https:\/\/cannexus.ceric.ca\/fr\/le-cote-humain-des-prejuges-inconscients\/#breadcrumb"},"inLanguage":"fr-FR","potentialAction":[{"@type":"ReadAction","target":["https:\/\/cannexus.ceric.ca\/fr\/le-cote-humain-des-prejuges-inconscients\/"]}]},{"@type":"ImageObject","inLanguage":"fr-FR","@id":"https:\/\/cannexus.ceric.ca\/fr\/le-cote-humain-des-prejuges-inconscients\/#primaryimage","url":"https:\/\/cannexus.ceric.ca\/wp-content\/uploads\/2024\/07\/Tina-CX25-square-blue-500sq.png","contentUrl":"https:\/\/cannexus.ceric.ca\/wp-content\/uploads\/2024\/07\/Tina-CX25-square-blue-500sq.png"},{"@type":"BreadcrumbList","@id":"https:\/\/cannexus.ceric.ca\/fr\/le-cote-humain-des-prejuges-inconscients\/#breadcrumb","itemListElement":[{"@type":"ListItem","position":1,"name":"Home","item":"https:\/\/cannexus.ceric.ca\/fr\/"},{"@type":"ListItem","position":2,"name":"Le c\u00f4t\u00e9 humain des pr\u00e9jug\u00e9s inconscients"}]},{"@type":"WebSite","@id":"https:\/\/cannexus.ceric.ca\/fr\/#website","url":"https:\/\/cannexus.ceric.ca\/fr\/","name":"Cannexus26: Canada\u2019s Career Development Conference","description":"Canada\u2019s Career Development Conference","publisher":{"@id":"https:\/\/cannexus.ceric.ca\/fr\/#organization"},"alternateName":"Cannexus26","potentialAction":[{"@type":"SearchAction","target":{"@type":"EntryPoint","urlTemplate":"https:\/\/cannexus.ceric.ca\/fr\/?s={search_term_string}"},"query-input":{"@type":"PropertyValueSpecification","valueRequired":true,"valueName":"search_term_string"}}],"inLanguage":"fr-FR"},{"@type":"Organization","@id":"https:\/\/cannexus.ceric.ca\/fr\/#organization","name":"Cannexus26","url":"https:\/\/cannexus.ceric.ca\/fr\/","logo":{"@type":"ImageObject","inLanguage":"fr-FR","@id":"https:\/\/cannexus.ceric.ca\/fr\/#\/schema\/logo\/image\/","url":"https:\/\/cannexus.ceric.ca\/wp-content\/uploads\/2025\/04\/CX-seal.png","contentUrl":"https:\/\/cannexus.ceric.ca\/wp-content\/uploads\/2025\/04\/CX-seal.png","width":2000,"height":1574,"caption":"Cannexus26"},"image":{"@id":"https:\/\/cannexus.ceric.ca\/fr\/#\/schema\/logo\/image\/"}}]}},"_links":{"self":[{"href":"https:\/\/cannexus.ceric.ca\/fr\/wp-json\/wp\/v2\/pages\/24704","targetHints":{"allow":["GET"]}}],"collection":[{"href":"https:\/\/cannexus.ceric.ca\/fr\/wp-json\/wp\/v2\/pages"}],"about":[{"href":"https:\/\/cannexus.ceric.ca\/fr\/wp-json\/wp\/v2\/types\/page"}],"author":[{"embeddable":true,"href":"https:\/\/cannexus.ceric.ca\/fr\/wp-json\/wp\/v2\/users\/9"}],"replies":[{"embeddable":true,"href":"https:\/\/cannexus.ceric.ca\/fr\/wp-json\/wp\/v2\/comments?post=24704"}],"version-history":[{"count":0,"href":"https:\/\/cannexus.ceric.ca\/fr\/wp-json\/wp\/v2\/pages\/24704\/revisions"}],"wp:attachment":[{"href":"https:\/\/cannexus.ceric.ca\/fr\/wp-json\/wp\/v2\/media?parent=24704"}],"curies":[{"name":"wp","href":"https:\/\/api.w.org\/{rel}","templated":true}]}}