{"id":22331,"date":"2023-11-16T23:17:05","date_gmt":"2023-11-17T04:17:05","guid":{"rendered":"https:\/\/cannexus.ceric.ca\/?page_id=22331"},"modified":"2025-04-08T17:16:49","modified_gmt":"2025-04-08T21:16:49","slug":"aire-dexposition-de-cannexus24","status":"publish","type":"page","link":"https:\/\/cannexus.ceric.ca\/fr\/aire-dexposition-de-cannexus24\/","title":{"rendered":"Aire d\u2019exposition de Cannexus24"},"content":{"rendered":"\t\t<div data-elementor-type=\"wp-page\" data-elementor-id=\"22331\" class=\"elementor elementor-22331 elementor-22323\" data-elementor-post-type=\"page\">\n\t\t\t\t\t\t<section class=\"elementor-section elementor-top-section elementor-element elementor-element-0a3d834 elementor-section-boxed elementor-section-height-default elementor-section-height-default\" data-id=\"0a3d834\" data-element_type=\"section\" data-e-type=\"section\">\n\t\t\t\t\t\t<div class=\"elementor-container elementor-column-gap-default\">\n\t\t\t\t\t\t<\/div>\n\t\t<\/section>\n\t\t\t\t<section class=\"elementor-section elementor-top-section elementor-element elementor-element-360f71c elementor-section-boxed elementor-section-height-default elementor-section-height-default\" data-id=\"360f71c\" data-element_type=\"section\" data-e-type=\"section\">\n\t\t\t\t\t\t<div class=\"elementor-container elementor-column-gap-default\">\n\t\t\t\t\t<div class=\"elementor-column elementor-col-100 elementor-top-column elementor-element elementor-element-0d06cc1\" data-id=\"0d06cc1\" data-element_type=\"column\" data-e-type=\"column\">\n\t\t\t<div class=\"elementor-widget-wrap elementor-element-populated\">\n\t\t\t\t\t\t<div class=\"elementor-element elementor-element-0da8d2d elementor-invisible elementor-widget elementor-widget-exhibz-title\" data-id=\"0da8d2d\" data-element_type=\"widget\" data-e-type=\"widget\" data-settings=\"{&quot;_animation&quot;:&quot;fadeInUp&quot;,&quot;_animation_delay&quot;:350,&quot;ekit_we_effect_on&quot;:&quot;none&quot;}\" data-widget_type=\"exhibz-title.default\">\n\t\t\t\t<div class=\"elementor-widget-container\">\n\t\t\t\t\t\n    <div class=\"title-section-area\">\n        <h2 class=\"section-title\">\n            <span class=\"sub-title\">Aire d\u2019exposition de Cannexus24<\/span>\n\t\t\t        <\/h2>\n\t\t                    <\/div><!-- Section title -->\n    \n    \n\n    \t\t\t\t<\/div>\n\t\t\t\t<\/div>\n\t\t\t\t<div class=\"elementor-element elementor-element-7477475 elementor-hidden-mobile elementor-hidden-desktop elementor-hidden-tablet elementor-widget elementor-widget-text-editor\" data-id=\"7477475\" data-element_type=\"widget\" data-e-type=\"widget\" data-settings=\"{&quot;ekit_we_effect_on&quot;:&quot;none&quot;}\" data-widget_type=\"text-editor.default\">\n\t\t\t\t<div class=\"elementor-widget-container\">\n\t\t\t\t\t\t\t\t\t<p>Cannexus propose une aire d&#8217;exposition d\u2019organisations qui offrent des programmes, des produits et des services susceptibles d\u2019int\u00e9resser les professionnels du d\u00e9veloppement de carri\u00e8re. Certaines exposeront en personne, d&#8217;autres virtuellement et d&#8217;autres encore en hybride. Jetez un coup d&#8217;\u0153il \u00e0 nos exposants de Cannexus24 pour voir comment ils peuvent vous soutenir dans votre travail!<\/p>\t\t\t\t\t\t\t\t<\/div>\n\t\t\t\t<\/div>\n\t\t\t\t\t<\/div>\n\t\t<\/div>\n\t\t\t\t\t<\/div>\n\t\t<\/section>\n\t\t\t\t<section class=\"elementor-section elementor-top-section elementor-element elementor-element-706f222 elementor-section-boxed elementor-section-height-default elementor-section-height-default\" data-id=\"706f222\" data-element_type=\"section\" data-e-type=\"section\">\n\t\t\t\t\t\t<div class=\"elementor-container elementor-column-gap-default\">\n\t\t\t\t\t<div class=\"elementor-column elementor-col-100 elementor-top-column elementor-element elementor-element-c670c57\" data-id=\"c670c57\" data-element_type=\"column\" data-e-type=\"column\">\n\t\t\t<div class=\"elementor-widget-wrap elementor-element-populated\">\n\t\t\t\t\t\t<section class=\"elementor-section elementor-inner-section elementor-element elementor-element-0e45754 elementor-section-boxed elementor-section-height-default elementor-section-height-default\" data-id=\"0e45754\" data-element_type=\"section\" data-e-type=\"section\">\n\t\t\t\t\t\t<div class=\"elementor-container elementor-column-gap-default\">\n\t\t\t\t\t<div class=\"elementor-column elementor-col-33 elementor-inner-column elementor-element elementor-element-5d64f19\" data-id=\"5d64f19\" data-element_type=\"column\" data-e-type=\"column\">\n\t\t\t<div class=\"elementor-widget-wrap elementor-element-populated\">\n\t\t\t\t\t\t<div class=\"elementor-element elementor-element-a104afe elementor-widget elementor-widget-image\" data-id=\"a104afe\" data-element_type=\"widget\" data-e-type=\"widget\" data-settings=\"{&quot;ekit_we_effect_on&quot;:&quot;none&quot;}\" data-widget_type=\"image.default\">\n\t\t\t\t<div class=\"elementor-widget-container\">\n\t\t\t\t\t\t\t\t\t\t\t\t\t\t\t\t<a href=\"https:\/\/abcalphapourlavie.ca\/\" target=\"_blank\">\n\t\t\t\t\t\t\t<img decoding=\"async\" width=\"300\" height=\"160\" src=\"https:\/\/cannexus.ceric.ca\/wp-content\/uploads\/2023\/12\/Alpha-pour-la-vie-Canada.png\" class=\"attachment-medium size-medium wp-image-22496\" alt=\"\" \/>\t\t\t\t\t\t\t\t<\/a>\n\t\t\t\t\t\t\t\t\t\t\t\t\t\t\t<\/div>\n\t\t\t\t<\/div>\n\t\t\t\t\t<\/div>\n\t\t<\/div>\n\t\t\t\t<div class=\"elementor-column elementor-col-66 elementor-inner-column elementor-element elementor-element-b239629\" data-id=\"b239629\" data-element_type=\"column\" data-e-type=\"column\">\n\t\t\t<div class=\"elementor-widget-wrap elementor-element-populated\">\n\t\t\t\t\t\t<div class=\"elementor-element elementor-element-2a385a7 elementor-widget__width-initial elementor-widget elementor-widget-text-editor\" data-id=\"2a385a7\" data-element_type=\"widget\" data-e-type=\"widget\" data-settings=\"{&quot;ekit_we_effect_on&quot;:&quot;none&quot;}\" data-widget_type=\"text-editor.default\">\n\t\t\t\t<div class=\"elementor-widget-container\">\n\t\t\t\t\t\t\t\t\t<p><a href=\"https:\/\/abcalphapourlavie.ca\/\" target=\"_blank\" rel=\"noopener\"><strong>ABC Alpha pour la vie Canada<\/strong><\/a> est un organisme sans but lucratif qui appuie les organisations qui favorisent l\u2019apprentissage des adultes. Nous d\u00e9veloppons et soutenons l\u2019utilisation de ressources p\u00e9dagogiques d\u2019introduction de haute qualit\u00e9, r\u00e9dig\u00e9es dans un langage clair. Nous imaginons un pays o\u00f9 chacun dispose des outils et des occasions n\u00e9cessaires pour am\u00e9liorer son niveau d\u2019alphab\u00e9tisation et ses comp\u00e9tences essentielles.<\/p>\t\t\t\t\t\t\t\t<\/div>\n\t\t\t\t<\/div>\n\t\t\t\t\t<\/div>\n\t\t<\/div>\n\t\t\t\t\t<\/div>\n\t\t<\/section>\n\t\t\t\t<section class=\"elementor-section elementor-inner-section elementor-element elementor-element-7887a79 elementor-section-boxed elementor-section-height-default elementor-section-height-default\" data-id=\"7887a79\" data-element_type=\"section\" data-e-type=\"section\">\n\t\t\t\t\t\t<div class=\"elementor-container elementor-column-gap-default\">\n\t\t\t\t\t<div class=\"elementor-column elementor-col-33 elementor-inner-column elementor-element elementor-element-bf6a3a0\" data-id=\"bf6a3a0\" data-element_type=\"column\" data-e-type=\"column\">\n\t\t\t<div class=\"elementor-widget-wrap elementor-element-populated\">\n\t\t\t\t\t\t<div class=\"elementor-element elementor-element-968e4a5 elementor-widget elementor-widget-image\" data-id=\"968e4a5\" data-element_type=\"widget\" data-e-type=\"widget\" data-settings=\"{&quot;ekit_we_effect_on&quot;:&quot;none&quot;}\" data-widget_type=\"image.default\">\n\t\t\t\t<div class=\"elementor-widget-container\">\n\t\t\t\t\t\t\t\t\t\t\t\t\t\t\t\t<a href=\"https:\/\/supportedemployment.ca\/fr\/\" target=\"_blank\">\n\t\t\t\t\t\t\t<img decoding=\"async\" width=\"300\" height=\"160\" src=\"https:\/\/cannexus.ceric.ca\/wp-content\/uploads\/2023\/11\/CASE-FR-SO-logo.png\" class=\"attachment-medium size-medium wp-image-22268\" alt=\"\" \/>\t\t\t\t\t\t\t\t<\/a>\n\t\t\t\t\t\t\t\t\t\t\t\t\t\t\t<\/div>\n\t\t\t\t<\/div>\n\t\t\t\t\t<\/div>\n\t\t<\/div>\n\t\t\t\t<div class=\"elementor-column elementor-col-66 elementor-inner-column elementor-element elementor-element-9d6974b\" data-id=\"9d6974b\" data-element_type=\"column\" data-e-type=\"column\">\n\t\t\t<div class=\"elementor-widget-wrap elementor-element-populated\">\n\t\t\t\t\t\t<div class=\"elementor-element elementor-element-7384df7 elementor-widget__width-initial elementor-widget elementor-widget-text-editor\" data-id=\"7384df7\" data-element_type=\"widget\" data-e-type=\"widget\" data-settings=\"{&quot;ekit_we_effect_on&quot;:&quot;none&quot;}\" data-widget_type=\"text-editor.default\">\n\t\t\t\t<div class=\"elementor-widget-container\">\n\t\t\t\t\t\t\t\t\t<p>Visitez l\u2019<a href=\"https:\/\/supportedemployment.ca\/\" target=\"_blank\" rel=\"noopener\"><strong>ACSE<\/strong><\/a> au congr\u00e8s CANNEXUS! Explorez des possibilit\u00e9s illimit\u00e9es avec notre organisation nationale de soutien \u00e0 l\u2019emploi. D\u00e9couvrez des avantages exclusifs pour les membres et des programmes de formation de pointe. Renseignez-vous sur la magie du mentorat gr\u00e2ce \u00e0 notre programme MentorAbility et examinez des initiatives r\u00e9volutionnaires produites par notre laboratoire d\u2019innovation. Joignez-vous \u00e0 nous pour r\u00e9volutionner le soutien \u00e0 l\u2019emploi. Votre parcours commence ici!<\/p>\t\t\t\t\t\t\t\t<\/div>\n\t\t\t\t<\/div>\n\t\t\t\t\t<\/div>\n\t\t<\/div>\n\t\t\t\t\t<\/div>\n\t\t<\/section>\n\t\t\t\t<section class=\"elementor-section elementor-inner-section elementor-element elementor-element-41de5b4 elementor-section-boxed elementor-section-height-default elementor-section-height-default\" data-id=\"41de5b4\" data-element_type=\"section\" data-e-type=\"section\">\n\t\t\t\t\t\t<div class=\"elementor-container elementor-column-gap-default\">\n\t\t\t\t\t<div class=\"elementor-column elementor-col-33 elementor-inner-column elementor-element elementor-element-4a775ce\" data-id=\"4a775ce\" data-element_type=\"column\" data-e-type=\"column\">\n\t\t\t<div class=\"elementor-widget-wrap elementor-element-populated\">\n\t\t\t\t\t\t<div class=\"elementor-element elementor-element-5862eea elementor-widget elementor-widget-image\" data-id=\"5862eea\" data-element_type=\"widget\" data-e-type=\"widget\" data-settings=\"{&quot;ekit_we_effect_on&quot;:&quot;none&quot;}\" data-widget_type=\"image.default\">\n\t\t\t\t<div class=\"elementor-widget-container\">\n\t\t\t\t\t\t\t\t\t\t\t\t\t\t\t\t<a href=\"https:\/\/www.cacee.com\/index_Fr.html\" target=\"_blank\">\n\t\t\t\t\t\t\t<img decoding=\"async\" width=\"300\" height=\"160\" src=\"https:\/\/cannexus.ceric.ca\/wp-content\/uploads\/2021\/09\/CACEE.png\" class=\"attachment-medium size-medium wp-image-9660\" alt=\"\" \/>\t\t\t\t\t\t\t\t<\/a>\n\t\t\t\t\t\t\t\t\t\t\t\t\t\t\t<\/div>\n\t\t\t\t<\/div>\n\t\t\t\t\t<\/div>\n\t\t<\/div>\n\t\t\t\t<div class=\"elementor-column elementor-col-66 elementor-inner-column elementor-element elementor-element-2e90107\" data-id=\"2e90107\" data-element_type=\"column\" data-e-type=\"column\">\n\t\t\t<div class=\"elementor-widget-wrap elementor-element-populated\">\n\t\t\t\t\t\t<div class=\"elementor-element elementor-element-d9e52b5 elementor-widget elementor-widget-text-editor\" data-id=\"d9e52b5\" data-element_type=\"widget\" data-e-type=\"widget\" data-settings=\"{&quot;ekit_we_effect_on&quot;:&quot;none&quot;}\" data-widget_type=\"text-editor.default\">\n\t\t\t\t<div class=\"elementor-widget-container\">\n\t\t\t\t\t\t\t\t\t<p><span class=\"NormalTextRun SCXW150017633 BCX0\">L<\/span><strong><span class=\"NormalTextRun SCXW150017633 BCX0\">\u2019<a href=\"https:\/\/www.cacee.com\/index_Fr.html\" target=\"_blank\" rel=\"noopener\">ACSEE <\/a><\/span><\/strong><span class=\"NormalTextRun SCXW150017633 BCX0\">est la principale autorit\u00e9 au Canada en mati\u00e8re de parcours \u00e9tudiant, depuis les \u00e9tudes postsecondaires jusqu\u2019\u00e0 la r\u00e9ussite professionnelle. En tant qu\u2019association professionnelle, nous :<\/span><\/p><ul><li><span class=\"NormalTextRun SCXW150017633 BCX0\">Favorisons les rencontres entre sp\u00e9cialistes en emploi et employeurs pour apprendre, \u00e9tablir des liens et collaborer;<\/span><\/li><li><span class=\"NormalTextRun SCXW150017633 BCX0\">Organisons des \u00e9v\u00e9nements r\u00e9gionaux et nationaux de perfectionnement professionnel et de r\u00e9seautage (en pr\u00e9sentiel et virtuellement);<\/span><\/li><li><span class=\"NormalTextRun SCXW150017633 BCX0\">Servons de source fiable pour la pratique fond\u00e9e sur des donn\u00e9es probantes et le leadership \u00e9clair\u00e9;<\/span><\/li><li><span class=\"NormalTextRun SCXW150017633 BCX0\">Fournissons une voix \u00e0 l\u2019\u00e9chelle nationale pour la d\u00e9fense des int\u00e9r\u00eats dans notre espace et au del\u00e0.<\/span><\/li><\/ul><p><span class=\"NormalTextRun SCXW150017633 BCX0\">Nous avons h\u00e2te de vous accueillir \u00e0 notre kiosque et d\u2019\u00e9changer avec vous tout au long de Cannexus24!<\/span><strong><span class=\"NormalTextRun SCXW150017633 BCX0\"><br \/><\/span><\/strong><\/p>\t\t\t\t\t\t\t\t<\/div>\n\t\t\t\t<\/div>\n\t\t\t\t\t<\/div>\n\t\t<\/div>\n\t\t\t\t\t<\/div>\n\t\t<\/section>\n\t\t\t\t<section class=\"elementor-section elementor-inner-section elementor-element elementor-element-301717e elementor-section-boxed elementor-section-height-default elementor-section-height-default\" data-id=\"301717e\" data-element_type=\"section\" data-e-type=\"section\">\n\t\t\t\t\t\t<div class=\"elementor-container elementor-column-gap-default\">\n\t\t\t\t\t<div class=\"elementor-column elementor-col-33 elementor-inner-column elementor-element elementor-element-ddc8ad8\" data-id=\"ddc8ad8\" data-element_type=\"column\" data-e-type=\"column\">\n\t\t\t<div class=\"elementor-widget-wrap elementor-element-populated\">\n\t\t\t\t\t\t<div class=\"elementor-element elementor-element-4d0a8b4 elementor-widget elementor-widget-image\" data-id=\"4d0a8b4\" data-element_type=\"widget\" data-e-type=\"widget\" data-settings=\"{&quot;ekit_we_effect_on&quot;:&quot;none&quot;}\" data-widget_type=\"image.default\">\n\t\t\t\t<div class=\"elementor-widget-container\">\n\t\t\t\t\t\t\t\t\t\t\t\t\t\t\t\t<a href=\"https:\/\/www.addvocacy.org\/\" target=\"_blank\">\n\t\t\t\t\t\t\t<img loading=\"lazy\" decoding=\"async\" width=\"200\" height=\"200\" src=\"https:\/\/cannexus.ceric.ca\/wp-content\/uploads\/2024\/01\/ADDvocacy.jpg\" class=\"attachment-medium size-medium wp-image-22746\" alt=\"\" srcset=\"https:\/\/cannexus.ceric.ca\/wp-content\/uploads\/2024\/01\/ADDvocacy.jpg 200w, https:\/\/cannexus.ceric.ca\/wp-content\/uploads\/2024\/01\/ADDvocacy-150x150.jpg 150w\" sizes=\"(max-width: 200px) 100vw, 200px\" \/>\t\t\t\t\t\t\t\t<\/a>\n\t\t\t\t\t\t\t\t\t\t\t\t\t\t\t<\/div>\n\t\t\t\t<\/div>\n\t\t\t\t\t<\/div>\n\t\t<\/div>\n\t\t\t\t<div class=\"elementor-column elementor-col-66 elementor-inner-column elementor-element elementor-element-91ae7e0\" data-id=\"91ae7e0\" data-element_type=\"column\" data-e-type=\"column\">\n\t\t\t<div class=\"elementor-widget-wrap elementor-element-populated\">\n\t\t\t\t\t\t<div class=\"elementor-element elementor-element-a8a5cee elementor-widget elementor-widget-text-editor\" data-id=\"a8a5cee\" data-element_type=\"widget\" data-e-type=\"widget\" data-settings=\"{&quot;ekit_we_effect_on&quot;:&quot;none&quot;}\" data-widget_type=\"text-editor.default\">\n\t\t\t\t<div class=\"elementor-widget-container\">\n\t\t\t\t\t\t\t\t\t<p><a href=\"https:\/\/www.addvocacy.org\/\" target=\"_blank\" rel=\"noopener\"><strong>ADDvocacy ADHD &amp; Life Skills Coaching<\/strong><\/a> : \u00c9tablie \u00e0 Halifax, en Nouvelle-\u00c9cosse, notre entreprise est d\u00e9tenue et exploit\u00e9e \u00e0 part enti\u00e8re par des personnes neurodivergentes. Notre \u00e9quipe d\u2019accompagnateurs fournit du soutien \u00e0 des \u00e9tudiants de niveau postsecondaire et \u00e0 des adultes neurodivergents partout au pays. Ces personnes souffrent de TDAH, d\u2019autisme, de troubles d\u2019apprentissage, d\u2019anxi\u00e9t\u00e9 et de probl\u00e8mes de sant\u00e9 mentale cooccurrents qui affectent la fonction ex\u00e9cutive. <br \/>Nous offrons aussi de la formation professionnelle dirig\u00e9e par des pairs pour les employeurs et les \u00e9ducateurs. Elle porte sur la fa\u00e7on de cr\u00e9er des salles de classe et des lieux de travail neuro inclusifs.<\/p>\t\t\t\t\t\t\t\t<\/div>\n\t\t\t\t<\/div>\n\t\t\t\t\t<\/div>\n\t\t<\/div>\n\t\t\t\t\t<\/div>\n\t\t<\/section>\n\t\t\t\t<section class=\"elementor-section elementor-inner-section elementor-element elementor-element-22dac5f elementor-section-boxed elementor-section-height-default elementor-section-height-default\" data-id=\"22dac5f\" data-element_type=\"section\" data-e-type=\"section\">\n\t\t\t\t\t\t<div class=\"elementor-container elementor-column-gap-default\">\n\t\t\t\t\t<div class=\"elementor-column elementor-col-33 elementor-inner-column elementor-element elementor-element-7f917fb\" data-id=\"7f917fb\" data-element_type=\"column\" data-e-type=\"column\">\n\t\t\t<div class=\"elementor-widget-wrap elementor-element-populated\">\n\t\t\t\t\t\t<div class=\"elementor-element elementor-element-6f5ce46 elementor-widget elementor-widget-image\" data-id=\"6f5ce46\" data-element_type=\"widget\" data-e-type=\"widget\" data-settings=\"{&quot;ekit_we_effect_on&quot;:&quot;none&quot;}\" data-widget_type=\"image.default\">\n\t\t\t\t<div class=\"elementor-widget-container\">\n\t\t\t\t\t\t\t\t\t\t\t\t\t\t\t\t<a href=\"https:\/\/agilec.ca\/\" target=\"_blank\">\n\t\t\t\t\t\t\t<img loading=\"lazy\" decoding=\"async\" width=\"300\" height=\"177\" src=\"https:\/\/cannexus.ceric.ca\/wp-content\/uploads\/2022\/12\/AGILEC.png\" class=\"attachment-medium size-medium wp-image-17519\" alt=\"\" \/>\t\t\t\t\t\t\t\t<\/a>\n\t\t\t\t\t\t\t\t\t\t\t\t\t\t\t<\/div>\n\t\t\t\t<\/div>\n\t\t\t\t\t<\/div>\n\t\t<\/div>\n\t\t\t\t<div class=\"elementor-column elementor-col-66 elementor-inner-column elementor-element elementor-element-02fa9c2\" data-id=\"02fa9c2\" data-element_type=\"column\" data-e-type=\"column\">\n\t\t\t<div class=\"elementor-widget-wrap elementor-element-populated\">\n\t\t\t\t\t\t<div class=\"elementor-element elementor-element-12f506f elementor-widget__width-initial elementor-widget elementor-widget-text-editor\" data-id=\"12f506f\" data-element_type=\"widget\" data-e-type=\"widget\" data-settings=\"{&quot;ekit_we_effect_on&quot;:&quot;none&quot;}\" data-widget_type=\"text-editor.default\">\n\t\t\t\t<div class=\"elementor-widget-container\">\n\t\t\t\t\t\t\t\t\t<p><strong><a href=\"https:\/\/agilec.ca\/fr\/\" target=\"_blank\" rel=\"noopener\">Agilec<\/a> <\/strong>est l\u2019un des plus importants fournisseurs de services d\u2019emploi, de transition de carri\u00e8re et de r\u00e9adaptation professionnelle en Ontario. Nous proposons une approche ax\u00e9e sur la rapidit\u00e9 et la durabilit\u00e9 \u00e0 notre client\u00e8le afin de favoriser son cheminement et sa r\u00e9ussite. Conform\u00e9ment \u00e0 notre mission d\u2019aider les gens et les organisations \u00e0 d\u00e9velopper leur potentiel, nous offrons aussi une vari\u00e9t\u00e9 de formations en perfectionnement professionnel pour les intervenants en d\u00e9veloppement de carri\u00e8re.<\/p>\t\t\t\t\t\t\t\t<\/div>\n\t\t\t\t<\/div>\n\t\t\t\t\t<\/div>\n\t\t<\/div>\n\t\t\t\t\t<\/div>\n\t\t<\/section>\n\t\t\t\t<section class=\"elementor-section elementor-inner-section elementor-element elementor-element-47fce71 elementor-section-boxed elementor-section-height-default elementor-section-height-default\" data-id=\"47fce71\" data-element_type=\"section\" data-e-type=\"section\">\n\t\t\t\t\t\t<div class=\"elementor-container elementor-column-gap-default\">\n\t\t\t\t\t<div class=\"elementor-column elementor-col-33 elementor-inner-column elementor-element elementor-element-259aa8f\" data-id=\"259aa8f\" data-element_type=\"column\" data-e-type=\"column\">\n\t\t\t<div class=\"elementor-widget-wrap elementor-element-populated\">\n\t\t\t\t\t\t<div class=\"elementor-element elementor-element-c681ed4 elementor-widget elementor-widget-image\" data-id=\"c681ed4\" data-element_type=\"widget\" data-e-type=\"widget\" data-settings=\"{&quot;ekit_we_effect_on&quot;:&quot;none&quot;}\" data-widget_type=\"image.default\">\n\t\t\t\t<div class=\"elementor-widget-container\">\n\t\t\t\t\t\t\t\t\t\t\t\t\t\t\t\t<a href=\"https:\/\/apprenticesearch.com\/\" target=\"_blank\">\n\t\t\t\t\t\t\t<img loading=\"lazy\" decoding=\"async\" width=\"300\" height=\"61\" src=\"https:\/\/cannexus.ceric.ca\/wp-content\/uploads\/2024\/01\/apprenticesearch_com_cover-300x61.jpg\" class=\"attachment-medium size-medium wp-image-22757\" alt=\"\" srcset=\"https:\/\/cannexus.ceric.ca\/wp-content\/uploads\/2024\/01\/apprenticesearch_com_cover-300x61.jpg 300w, https:\/\/cannexus.ceric.ca\/wp-content\/uploads\/2024\/01\/apprenticesearch_com_cover-1024x209.jpg 1024w, https:\/\/cannexus.ceric.ca\/wp-content\/uploads\/2024\/01\/apprenticesearch_com_cover-768x157.jpg 768w, https:\/\/cannexus.ceric.ca\/wp-content\/uploads\/2024\/01\/apprenticesearch_com_cover.jpg 1230w\" sizes=\"(max-width: 300px) 100vw, 300px\" \/>\t\t\t\t\t\t\t\t<\/a>\n\t\t\t\t\t\t\t\t\t\t\t\t\t\t\t<\/div>\n\t\t\t\t<\/div>\n\t\t\t\t\t<\/div>\n\t\t<\/div>\n\t\t\t\t<div class=\"elementor-column elementor-col-66 elementor-inner-column elementor-element elementor-element-7eb9733\" data-id=\"7eb9733\" data-element_type=\"column\" data-e-type=\"column\">\n\t\t\t<div class=\"elementor-widget-wrap elementor-element-populated\">\n\t\t\t\t\t\t<div class=\"elementor-element elementor-element-cf4ba4e elementor-widget__width-initial elementor-widget elementor-widget-text-editor\" data-id=\"cf4ba4e\" data-element_type=\"widget\" data-e-type=\"widget\" data-settings=\"{&quot;ekit_we_effect_on&quot;:&quot;none&quot;}\" data-widget_type=\"text-editor.default\">\n\t\t\t\t<div class=\"elementor-widget-container\">\n\t\t\t\t\t\t\t\t\t<p><a href=\"https:\/\/apprenticesearch.com\/\" target=\"_blank\" rel=\"noopener\"><strong>ApprenticeSearch.com<\/strong><\/a>, appuy\u00e9 par le Conseil industrie-\u00e9ducation de Halton, est une entreprise sociale sans but lucratif offrant des programmes et des services qui soutiennent les parcours de m\u00e9tiers sp\u00e9cialis\u00e9s et suppriment les obstacles \u00e0 l\u2019apprentissage. L\u2019organisation aide les chercheurs d\u2019emploi \u00e0 se pr\u00e9parer et \u00e0 trouver un emploi dans un m\u00e9tier sp\u00e9cialis\u00e9, et soutient les petits, moyens et grands employeurs dans l\u2019embauche des travailleurs qualifi\u00e9s dont ils ont besoin pour faire cro\u00eetre leur entreprise.<\/p>\t\t\t\t\t\t\t\t<\/div>\n\t\t\t\t<\/div>\n\t\t\t\t\t<\/div>\n\t\t<\/div>\n\t\t\t\t\t<\/div>\n\t\t<\/section>\n\t\t\t\t<section class=\"elementor-section elementor-inner-section elementor-element elementor-element-8286ebc elementor-section-boxed elementor-section-height-default elementor-section-height-default\" data-id=\"8286ebc\" data-element_type=\"section\" data-e-type=\"section\">\n\t\t\t\t\t\t<div class=\"elementor-container elementor-column-gap-default\">\n\t\t\t\t\t<div class=\"elementor-column elementor-col-33 elementor-inner-column elementor-element elementor-element-c222b47\" data-id=\"c222b47\" data-element_type=\"column\" data-e-type=\"column\">\n\t\t\t<div class=\"elementor-widget-wrap elementor-element-populated\">\n\t\t\t\t\t\t<div class=\"elementor-element elementor-element-89af4f9 elementor-widget elementor-widget-image\" data-id=\"89af4f9\" data-element_type=\"widget\" data-e-type=\"widget\" data-settings=\"{&quot;ekit_we_effect_on&quot;:&quot;none&quot;}\" data-widget_type=\"image.default\">\n\t\t\t\t<div class=\"elementor-widget-container\">\n\t\t\t\t\t\t\t\t\t\t\t\t\t\t\t\t<a href=\"https:\/\/awes.ca\/\" target=\"_blank\">\n\t\t\t\t\t\t\t<img loading=\"lazy\" decoding=\"async\" width=\"300\" height=\"177\" src=\"https:\/\/cannexus.ceric.ca\/wp-content\/uploads\/2022\/10\/AWES.png\" class=\"attachment-medium size-medium wp-image-16716\" alt=\"\" \/>\t\t\t\t\t\t\t\t<\/a>\n\t\t\t\t\t\t\t\t\t\t\t\t\t\t\t<\/div>\n\t\t\t\t<\/div>\n\t\t\t\t\t<\/div>\n\t\t<\/div>\n\t\t\t\t<div class=\"elementor-column elementor-col-66 elementor-inner-column elementor-element elementor-element-47e7b21\" data-id=\"47e7b21\" data-element_type=\"column\" data-e-type=\"column\">\n\t\t\t<div class=\"elementor-widget-wrap elementor-element-populated\">\n\t\t\t\t\t\t<div class=\"elementor-element elementor-element-d20a39f elementor-widget elementor-widget-text-editor\" data-id=\"d20a39f\" data-element_type=\"widget\" data-e-type=\"widget\" data-settings=\"{&quot;ekit_we_effect_on&quot;:&quot;none&quot;}\" data-widget_type=\"text-editor.default\">\n\t\t\t\t<div class=\"elementor-widget-container\">\n\t\t\t\t\t\t\t\t\t<p><span class=\"TextRun SCXW128665498 BCX0\" lang=\"FR-CA\" xml:lang=\"FR-CA\" data-contrast=\"auto\"><span class=\"NormalTextRun SCXW128665498 BCX0\">L\u2019<\/span><span class=\"NormalTextRun SCXW128665498 BCX0\"><strong><a href=\"https:\/\/awes.ca\/\" target=\"_blank\" rel=\"noopener\">Alberta Workforce Essential Skills Society (AWES)<\/a><\/strong>\u00a0est un organisme sans but lucratif sp\u00e9cialis\u00e9 en formation sur les comp\u00e9tences professionnelles, en recherche et en \u00e9laboration de programmes de cours. Nous sommes sp\u00e9cialis\u00e9s en cr\u00e9ation de solutions de formation professionnelle sur mesure pour les employeurs, les organisations et les intervenants qui r\u00e9pondent aux besoins en mati\u00e8re de comp\u00e9tences professionnelles.<\/span><\/span><\/p>\t\t\t\t\t\t\t\t<\/div>\n\t\t\t\t<\/div>\n\t\t\t\t\t<\/div>\n\t\t<\/div>\n\t\t\t\t\t<\/div>\n\t\t<\/section>\n\t\t\t\t<section class=\"elementor-section elementor-inner-section elementor-element elementor-element-39d1ed5 elementor-section-boxed elementor-section-height-default elementor-section-height-default\" data-id=\"39d1ed5\" data-element_type=\"section\" data-e-type=\"section\">\n\t\t\t\t\t\t<div class=\"elementor-container elementor-column-gap-default\">\n\t\t\t\t\t<div class=\"elementor-column elementor-col-33 elementor-inner-column elementor-element elementor-element-67dde87\" data-id=\"67dde87\" data-element_type=\"column\" data-e-type=\"column\">\n\t\t\t<div class=\"elementor-widget-wrap elementor-element-populated\">\n\t\t\t\t\t\t<div class=\"elementor-element elementor-element-b039d9d elementor-widget elementor-widget-image\" data-id=\"b039d9d\" data-element_type=\"widget\" data-e-type=\"widget\" data-settings=\"{&quot;ekit_we_effect_on&quot;:&quot;none&quot;}\" data-widget_type=\"image.default\">\n\t\t\t\t<div class=\"elementor-widget-container\">\n\t\t\t\t\t\t\t\t\t\t\t\t\t\t\t\t<a href=\"https:\/\/www.aztecsoftware.com\/\" target=\"_blank\">\n\t\t\t\t\t\t\t<img loading=\"lazy\" decoding=\"async\" width=\"300\" height=\"166\" src=\"https:\/\/cannexus.ceric.ca\/wp-content\/uploads\/2024\/01\/aztec-software-300x166.png\" class=\"attachment-medium size-medium wp-image-22768\" alt=\"\" srcset=\"https:\/\/cannexus.ceric.ca\/wp-content\/uploads\/2024\/01\/aztec-software-300x166.png 300w, https:\/\/cannexus.ceric.ca\/wp-content\/uploads\/2024\/01\/aztec-software.png 528w\" sizes=\"(max-width: 300px) 100vw, 300px\" \/>\t\t\t\t\t\t\t\t<\/a>\n\t\t\t\t\t\t\t\t\t\t\t\t\t\t\t<\/div>\n\t\t\t\t<\/div>\n\t\t\t\t\t<\/div>\n\t\t<\/div>\n\t\t\t\t<div class=\"elementor-column elementor-col-66 elementor-inner-column elementor-element elementor-element-8ab172b\" data-id=\"8ab172b\" data-element_type=\"column\" data-e-type=\"column\">\n\t\t\t<div class=\"elementor-widget-wrap elementor-element-populated\">\n\t\t\t\t\t\t<div class=\"elementor-element elementor-element-857fc37 elementor-widget elementor-widget-text-editor\" data-id=\"857fc37\" data-element_type=\"widget\" data-e-type=\"widget\" data-settings=\"{&quot;ekit_we_effect_on&quot;:&quot;none&quot;}\" data-widget_type=\"text-editor.default\">\n\t\t\t\t<div class=\"elementor-widget-container\">\n\t\t\t\t\t\t\t\t\t<p>Depuis sa cr\u00e9ation, <a href=\"https:\/\/www.aztecsoftware.com\/\" target=\"_blank\" rel=\"noopener\"><strong>Aztec<\/strong><\/a> vise \u00e0 am\u00e9liorer la vie des adultes et des jeunes adultes par le rattrapage gr\u00e2ce aux comp\u00e9tences informatis\u00e9es. Par sa connaissance sup\u00e9rieure des meilleures techniques d\u2019apprentissage pour adultes, Aztec s\u2019engage \u00e0 aider les apprenants adultes \u00e0 r\u00e9ussir et \u00e0 r\u00e9aliser leurs r\u00eaves. \u00c9duquer, mobiliser et favoriser les apprenants adultes pour un avenir meilleur.<\/p>\t\t\t\t\t\t\t\t<\/div>\n\t\t\t\t<\/div>\n\t\t\t\t\t<\/div>\n\t\t<\/div>\n\t\t\t\t\t<\/div>\n\t\t<\/section>\n\t\t\t\t<section class=\"elementor-section elementor-inner-section elementor-element elementor-element-37f18c5 elementor-section-boxed elementor-section-height-default elementor-section-height-default\" data-id=\"37f18c5\" data-element_type=\"section\" data-e-type=\"section\">\n\t\t\t\t\t\t<div class=\"elementor-container elementor-column-gap-default\">\n\t\t\t\t\t<div class=\"elementor-column elementor-col-33 elementor-inner-column elementor-element elementor-element-ef161b8\" data-id=\"ef161b8\" data-element_type=\"column\" data-e-type=\"column\">\n\t\t\t<div class=\"elementor-widget-wrap elementor-element-populated\">\n\t\t\t\t\t\t<div class=\"elementor-element elementor-element-a787def elementor-widget elementor-widget-image\" data-id=\"a787def\" data-element_type=\"widget\" data-e-type=\"widget\" data-settings=\"{&quot;ekit_we_effect_on&quot;:&quot;none&quot;}\" data-widget_type=\"image.default\">\n\t\t\t\t<div class=\"elementor-widget-container\">\n\t\t\t\t\t\t\t\t\t\t\t\t\t\t\t\t<a href=\"https:\/\/careersinoilandgas.com\/fr\/accueil\/\" target=\"_blank\">\n\t\t\t\t\t\t\t<img loading=\"lazy\" decoding=\"async\" width=\"300\" height=\"99\" src=\"https:\/\/cannexus.ceric.ca\/wp-content\/uploads\/2024\/01\/careers-in-energy-300x99.png\" class=\"attachment-medium size-medium wp-image-22799\" alt=\"\" srcset=\"https:\/\/cannexus.ceric.ca\/wp-content\/uploads\/2024\/01\/careers-in-energy-300x99.png 300w, https:\/\/cannexus.ceric.ca\/wp-content\/uploads\/2024\/01\/careers-in-energy.png 720w\" sizes=\"(max-width: 300px) 100vw, 300px\" \/>\t\t\t\t\t\t\t\t<\/a>\n\t\t\t\t\t\t\t\t\t\t\t\t\t\t\t<\/div>\n\t\t\t\t<\/div>\n\t\t\t\t\t<\/div>\n\t\t<\/div>\n\t\t\t\t<div class=\"elementor-column elementor-col-66 elementor-inner-column elementor-element elementor-element-ec6c334\" data-id=\"ec6c334\" data-element_type=\"column\" data-e-type=\"column\">\n\t\t\t<div class=\"elementor-widget-wrap elementor-element-populated\">\n\t\t\t\t\t\t<div class=\"elementor-element elementor-element-e7c3675 elementor-widget elementor-widget-text-editor\" data-id=\"e7c3675\" data-element_type=\"widget\" data-e-type=\"widget\" data-settings=\"{&quot;ekit_we_effect_on&quot;:&quot;none&quot;}\" data-widget_type=\"text-editor.default\">\n\t\t\t\t<div class=\"elementor-widget-container\">\n\t\t\t\t\t\t\t\t\t<p>Pr\u00e9parer l\u2019avenir de la main-d\u2019\u0153uvre du secteur de l\u2019\u00e9nergie au Canada<br \/>Chez <a href=\"https:\/\/careersinoilandgas.com\/fr\/accueil\/\" target=\"_blank\" rel=\"noopener\"><strong>Careers in Energy<\/strong><\/a>, nous faisons correspondre les informations de l\u2019industrie et du march\u00e9 du travail avec les besoins et les int\u00e9r\u00eats des demandeurs d\u2019emploi, des employeurs et des parties prenantes de l\u2019industrie afin de garantir que le Canada dispose de la main-d\u2019\u0153uvre qualifi\u00e9e n\u00e9cessaire pour la prosp\u00e9rit\u00e9 du secteur de l\u2019\u00e9nergie, aujourd\u2019hui et demain.<\/p>\t\t\t\t\t\t\t\t<\/div>\n\t\t\t\t<\/div>\n\t\t\t\t\t<\/div>\n\t\t<\/div>\n\t\t\t\t\t<\/div>\n\t\t<\/section>\n\t\t\t\t<section class=\"elementor-section elementor-inner-section elementor-element elementor-element-d724a60 elementor-section-boxed elementor-section-height-default elementor-section-height-default\" data-id=\"d724a60\" data-element_type=\"section\" data-e-type=\"section\">\n\t\t\t\t\t\t<div class=\"elementor-container elementor-column-gap-default\">\n\t\t\t\t\t<div class=\"elementor-column elementor-col-33 elementor-inner-column elementor-element elementor-element-828d93d\" data-id=\"828d93d\" data-element_type=\"column\" data-e-type=\"column\">\n\t\t\t<div class=\"elementor-widget-wrap elementor-element-populated\">\n\t\t\t\t\t\t<div class=\"elementor-element elementor-element-d0d5190 elementor-widget elementor-widget-image\" data-id=\"d0d5190\" data-element_type=\"widget\" data-e-type=\"widget\" data-settings=\"{&quot;ekit_we_effect_on&quot;:&quot;none&quot;}\" data-widget_type=\"image.default\">\n\t\t\t\t<div class=\"elementor-widget-container\">\n\t\t\t\t\t\t\t\t\t\t\t\t\t\t\t\t<a href=\"https:\/\/careerlabsvr.com\/\" target=\"_blank\">\n\t\t\t\t\t\t\t<img loading=\"lazy\" decoding=\"async\" width=\"300\" height=\"160\" src=\"https:\/\/cannexus.ceric.ca\/wp-content\/uploads\/2023\/12\/CareerLabs-VR.png\" class=\"attachment-medium size-medium wp-image-22499\" alt=\"\" \/>\t\t\t\t\t\t\t\t<\/a>\n\t\t\t\t\t\t\t\t\t\t\t\t\t\t\t<\/div>\n\t\t\t\t<\/div>\n\t\t\t\t\t<\/div>\n\t\t<\/div>\n\t\t\t\t<div class=\"elementor-column elementor-col-66 elementor-inner-column elementor-element elementor-element-249288e\" data-id=\"249288e\" data-element_type=\"column\" data-e-type=\"column\">\n\t\t\t<div class=\"elementor-widget-wrap elementor-element-populated\">\n\t\t\t\t\t\t<div class=\"elementor-element elementor-element-ad73a4b elementor-widget elementor-widget-text-editor\" data-id=\"ad73a4b\" data-element_type=\"widget\" data-e-type=\"widget\" data-settings=\"{&quot;ekit_we_effect_on&quot;:&quot;none&quot;}\" data-widget_type=\"text-editor.default\">\n\t\t\t\t<div class=\"elementor-widget-container\">\n\t\t\t\t\t\t\t\t\t<p><a href=\"https:\/\/careerlabsvr.com\/\" target=\"_blank\" rel=\"noopener\"><strong>CareerLabsVR<\/strong> <\/a>est un syst\u00e8me d\u2019exploration de carri\u00e8res qui utilise la r\u00e9alit\u00e9 virtuelle pour offrir une exp\u00e9rience immersive et participative d\u2019une carri\u00e8re ou d\u2019un m\u00e9tier.<\/p>\t\t\t\t\t\t\t\t<\/div>\n\t\t\t\t<\/div>\n\t\t\t\t\t<\/div>\n\t\t<\/div>\n\t\t\t\t\t<\/div>\n\t\t<\/section>\n\t\t\t\t<section class=\"elementor-section elementor-inner-section elementor-element elementor-element-2f6f912 elementor-section-boxed elementor-section-height-default elementor-section-height-default\" data-id=\"2f6f912\" data-element_type=\"section\" data-e-type=\"section\">\n\t\t\t\t\t\t<div class=\"elementor-container elementor-column-gap-default\">\n\t\t\t\t\t<div class=\"elementor-column elementor-col-33 elementor-inner-column elementor-element elementor-element-8da8309\" data-id=\"8da8309\" data-element_type=\"column\" data-e-type=\"column\">\n\t\t\t<div class=\"elementor-widget-wrap elementor-element-populated\">\n\t\t\t\t\t\t<div class=\"elementor-element elementor-element-a6c6e20 elementor-widget elementor-widget-image\" data-id=\"a6c6e20\" data-element_type=\"widget\" data-e-type=\"widget\" data-settings=\"{&quot;ekit_we_effect_on&quot;:&quot;none&quot;}\" data-widget_type=\"image.default\">\n\t\t\t\t<div class=\"elementor-widget-container\">\n\t\t\t\t\t\t\t\t\t\t\t\t\t\t\t\t<a href=\"http:\/\/www.cdpcbo.org\" target=\"_blank\">\n\t\t\t\t\t\t\t<img loading=\"lazy\" decoding=\"async\" width=\"300\" height=\"177\" src=\"https:\/\/cannexus.ceric.ca\/wp-content\/uploads\/2022\/10\/CDP-1.png\" class=\"attachment-medium size-medium wp-image-16725\" alt=\"\" \/>\t\t\t\t\t\t\t\t<\/a>\n\t\t\t\t\t\t\t\t\t\t\t\t\t\t\t<\/div>\n\t\t\t\t<\/div>\n\t\t\t\t\t<\/div>\n\t\t<\/div>\n\t\t\t\t<div class=\"elementor-column elementor-col-66 elementor-inner-column elementor-element elementor-element-de2ae7e\" data-id=\"de2ae7e\" data-element_type=\"column\" data-e-type=\"column\">\n\t\t\t<div class=\"elementor-widget-wrap elementor-element-populated\">\n\t\t\t\t\t\t<div class=\"elementor-element elementor-element-ba717f8 elementor-widget elementor-widget-text-editor\" data-id=\"ba717f8\" data-element_type=\"widget\" data-e-type=\"widget\" data-settings=\"{&quot;ekit_we_effect_on&quot;:&quot;none&quot;}\" data-widget_type=\"text-editor.default\">\n\t\t\t\t<div class=\"elementor-widget-container\">\n\t\t\t\t\t\t\t\t\t<p><span class=\"TextRun SCXW74160458 BCX0\" lang=\"FR-CA\" xml:lang=\"FR-CA\" data-contrast=\"auto\"><span class=\"NormalTextRun SCXW74160458 BCX0\">Le <\/span><strong><span class=\"NormalTextRun SpellingErrorV2Themed SCXW74160458 BCX0\">Career<\/span> <span class=\"NormalTextRun SpellingErrorV2Themed SCXW74160458 BCX0\">Development<\/span> <span class=\"NormalTextRun SpellingErrorV2Themed SCXW74160458 BCX0\">Practitioners<\/span><span class=\"NormalTextRun SCXW74160458 BCX0\"> Certification <\/span><span class=\"NormalTextRun SpellingErrorV2Themed SCXW74160458 BCX0\">Board<\/span><\/strong><span class=\"NormalTextRun SCXW74160458 BCX0\"><strong> of Ontario (<a href=\"https:\/\/cdpcbo.org\/\">CDPCBO<\/a>)<\/strong> est un organisme sans but lucratif qui \u00e9value et certifie les intervenants en d\u00e9veloppement de carri\u00e8re en Ontario en leur attribuant le titre de CCDP. Notre mandat est de faire conna\u00eetre le profil et les normes des professionnels du d\u00e9veloppement de carri\u00e8re en Ontario, de faire valoir la profession et d\u2019offrir un perfectionnement professionnel aux intervenants en d\u00e9veloppement de carri\u00e8re de toute la province.<\/span><\/span><\/p>\t\t\t\t\t\t\t\t<\/div>\n\t\t\t\t<\/div>\n\t\t\t\t\t<\/div>\n\t\t<\/div>\n\t\t\t\t\t<\/div>\n\t\t<\/section>\n\t\t\t\t<section class=\"elementor-section elementor-inner-section elementor-element elementor-element-3fa25d0 elementor-section-boxed elementor-section-height-default elementor-section-height-default\" data-id=\"3fa25d0\" data-element_type=\"section\" data-e-type=\"section\">\n\t\t\t\t\t\t<div class=\"elementor-container elementor-column-gap-default\">\n\t\t\t\t\t<div class=\"elementor-column elementor-col-33 elementor-inner-column elementor-element elementor-element-3850603\" data-id=\"3850603\" data-element_type=\"column\" data-e-type=\"column\">\n\t\t\t<div class=\"elementor-widget-wrap elementor-element-populated\">\n\t\t\t\t\t\t<div class=\"elementor-element elementor-element-0f667ef elementor-widget elementor-widget-image\" data-id=\"0f667ef\" data-element_type=\"widget\" data-e-type=\"widget\" data-settings=\"{&quot;ekit_we_effect_on&quot;:&quot;none&quot;}\" data-widget_type=\"image.default\">\n\t\t\t\t<div class=\"elementor-widget-container\">\n\t\t\t\t\t\t\t\t\t\t\t\t\t\t\t\t<a href=\"https:\/\/ceric.ca\/\" target=\"_blank\">\n\t\t\t\t\t\t\t<img loading=\"lazy\" decoding=\"async\" width=\"300\" height=\"177\" src=\"https:\/\/cannexus.ceric.ca\/wp-content\/uploads\/2022\/10\/CERIC.png\" class=\"attachment-medium size-medium wp-image-16938\" alt=\"\" \/>\t\t\t\t\t\t\t\t<\/a>\n\t\t\t\t\t\t\t\t\t\t\t\t\t\t\t<\/div>\n\t\t\t\t<\/div>\n\t\t\t\t\t<\/div>\n\t\t<\/div>\n\t\t\t\t<div class=\"elementor-column elementor-col-66 elementor-inner-column elementor-element elementor-element-bacd9ae\" data-id=\"bacd9ae\" data-element_type=\"column\" data-e-type=\"column\">\n\t\t\t<div class=\"elementor-widget-wrap elementor-element-populated\">\n\t\t\t\t\t\t<div class=\"elementor-element elementor-element-38c356e elementor-widget elementor-widget-text-editor\" data-id=\"38c356e\" data-element_type=\"widget\" data-e-type=\"widget\" data-settings=\"{&quot;ekit_we_effect_on&quot;:&quot;none&quot;}\" data-widget_type=\"text-editor.default\">\n\t\t\t\t<div class=\"elementor-widget-container\">\n\t\t\t\t\t\t\t\t\t<p>Le\u00a0<strong><a href=\"https:\/\/ceric.ca\/fr\" target=\"_blank\" rel=\"noopener\" data-wplink-edit=\"true\">CERIC<\/a><\/strong>\u00a0est un organisme caritatif vou\u00e9 \u00e0 la progression de l\u2019\u00e9ducation et de la recherche en mati\u00e8re d\u2019orientation professionnelle et de d\u00e9veloppement de carri\u00e8re dans le but d\u2019accro\u00eetre le bien-\u00eatre \u00e9conomique et social des Canadiennes et Canadiens. L\u2019organisme finance des projets ax\u00e9s sur la mise au point de ressources novatrices permettant aux diff\u00e9rents professionnels du d\u00e9veloppement de carri\u00e8re d\u2019enrichir leurs connaissances et comp\u00e9tences. Le CERIC organise en outre Cannexus, le plus grand congr\u00e8s annuel bilingue en d\u00e9veloppement de carri\u00e8re au Canada, publie la\u00a0<em>Revue canadienne de d\u00e9veloppement de carri\u00e8re<\/em>, seule publication \u00e9valu\u00e9e par les pairs au pays dans le domaine, et g\u00e8re les sites Web CareerWise \/ OrientAction, qui permettent de demeurer au fait des plus r\u00e9centes opinions et nouvelles en mati\u00e8re de d\u00e9veloppement de carri\u00e8re. <\/p>\t\t\t\t\t\t\t\t<\/div>\n\t\t\t\t<\/div>\n\t\t\t\t\t<\/div>\n\t\t<\/div>\n\t\t\t\t\t<\/div>\n\t\t<\/section>\n\t\t\t\t<section class=\"elementor-section elementor-inner-section elementor-element elementor-element-c41ab86 elementor-section-boxed elementor-section-height-default elementor-section-height-default\" data-id=\"c41ab86\" data-element_type=\"section\" data-e-type=\"section\">\n\t\t\t\t\t\t<div class=\"elementor-container elementor-column-gap-default\">\n\t\t\t\t\t<div class=\"elementor-column elementor-col-33 elementor-inner-column elementor-element elementor-element-e59a187\" data-id=\"e59a187\" data-element_type=\"column\" data-e-type=\"column\">\n\t\t\t<div class=\"elementor-widget-wrap elementor-element-populated\">\n\t\t\t\t\t\t<div class=\"elementor-element elementor-element-f94552e elementor-widget elementor-widget-image\" data-id=\"f94552e\" data-element_type=\"widget\" data-e-type=\"widget\" data-settings=\"{&quot;ekit_we_effect_on&quot;:&quot;none&quot;}\" data-widget_type=\"image.default\">\n\t\t\t\t<div class=\"elementor-widget-container\">\n\t\t\t\t\t\t\t\t\t\t\t\t\t\t\t\t<a href=\"https:\/\/chatterhigh.com\/\" target=\"_blank\">\n\t\t\t\t\t\t\t<img loading=\"lazy\" decoding=\"async\" width=\"204\" height=\"204\" src=\"https:\/\/cannexus.ceric.ca\/wp-content\/uploads\/2024\/01\/chatterhigh-square.jpg\" class=\"attachment-medium size-medium wp-image-22736\" alt=\"\" srcset=\"https:\/\/cannexus.ceric.ca\/wp-content\/uploads\/2024\/01\/chatterhigh-square.jpg 204w, https:\/\/cannexus.ceric.ca\/wp-content\/uploads\/2024\/01\/chatterhigh-square-150x150.jpg 150w\" sizes=\"(max-width: 204px) 100vw, 204px\" \/>\t\t\t\t\t\t\t\t<\/a>\n\t\t\t\t\t\t\t\t\t\t\t\t\t\t\t<\/div>\n\t\t\t\t<\/div>\n\t\t\t\t\t<\/div>\n\t\t<\/div>\n\t\t\t\t<div class=\"elementor-column elementor-col-66 elementor-inner-column elementor-element elementor-element-4e1684a\" data-id=\"4e1684a\" data-element_type=\"column\" data-e-type=\"column\">\n\t\t\t<div class=\"elementor-widget-wrap elementor-element-populated\">\n\t\t\t\t\t\t<div class=\"elementor-element elementor-element-22e8512 elementor-widget elementor-widget-text-editor\" data-id=\"22e8512\" data-element_type=\"widget\" data-e-type=\"widget\" data-settings=\"{&quot;ekit_we_effect_on&quot;:&quot;none&quot;}\" data-widget_type=\"text-editor.default\">\n\t\t\t\t<div class=\"elementor-widget-container\">\n\t\t\t\t\t\t\t\t\t<p><a href=\"https:\/\/chatterhigh.com\/\" target=\"_blank\" rel=\"noopener\"><strong>ChatterHigh<\/strong><\/a> : Activit\u00e9s en ligne pr\u00eates \u00e0 l\u2019emploi pour les \u00e9l\u00e8ves de la 6e \u00e0 la 12e ann\u00e9e. Exemples : questionnaire sur l\u2019exploration de carri\u00e8re intelligente, sant\u00e9 mentale et mieux-\u00eatre, et cours du gouvernement du Canada, \u00ab Comprendre vos imp\u00f4ts \u00bb, \u00ab Money Management &amp; Budgeting \u00bb (en anglais seulement) et \u00ab Insurance Literacy and Me \u00bb (en anglais seulement). Les \u00e9coles et les \u00e9l\u00e8ves ont amass\u00e9 plus de 500 000 $ en participant \u00e0 des concours nationaux. Voyez comment participer!<\/p>\t\t\t\t\t\t\t\t<\/div>\n\t\t\t\t<\/div>\n\t\t\t\t\t<\/div>\n\t\t<\/div>\n\t\t\t\t\t<\/div>\n\t\t<\/section>\n\t\t\t\t<section class=\"elementor-section elementor-inner-section elementor-element elementor-element-819b8f4 elementor-section-boxed elementor-section-height-default elementor-section-height-default\" data-id=\"819b8f4\" data-element_type=\"section\" data-e-type=\"section\">\n\t\t\t\t\t\t<div class=\"elementor-container elementor-column-gap-default\">\n\t\t\t\t\t<div class=\"elementor-column elementor-col-33 elementor-inner-column elementor-element elementor-element-759442a\" data-id=\"759442a\" data-element_type=\"column\" data-e-type=\"column\">\n\t\t\t<div class=\"elementor-widget-wrap elementor-element-populated\">\n\t\t\t\t\t\t<div class=\"elementor-element elementor-element-a9999c0 elementor-widget elementor-widget-image\" data-id=\"a9999c0\" data-element_type=\"widget\" data-e-type=\"widget\" data-settings=\"{&quot;ekit_we_effect_on&quot;:&quot;none&quot;}\" data-widget_type=\"image.default\">\n\t\t\t\t<div class=\"elementor-widget-container\">\n\t\t\t\t\t\t\t\t\t\t\t\t\t\t\t\t<a href=\"https:\/\/clsr.ca\" target=\"_blank\">\n\t\t\t\t\t\t\t<img loading=\"lazy\" decoding=\"async\" width=\"300\" height=\"160\" src=\"https:\/\/cannexus.ceric.ca\/wp-content\/uploads\/2023\/12\/CLSR.png\" class=\"attachment-medium size-medium wp-image-22500\" alt=\"\" \/>\t\t\t\t\t\t\t\t<\/a>\n\t\t\t\t\t\t\t\t\t\t\t\t\t\t\t<\/div>\n\t\t\t\t<\/div>\n\t\t\t\t\t<\/div>\n\t\t<\/div>\n\t\t\t\t<div class=\"elementor-column elementor-col-66 elementor-inner-column elementor-element elementor-element-0a597b6\" data-id=\"0a597b6\" data-element_type=\"column\" data-e-type=\"column\">\n\t\t\t<div class=\"elementor-widget-wrap elementor-element-populated\">\n\t\t\t\t\t\t<div class=\"elementor-element elementor-element-f7d7e37 elementor-widget elementor-widget-text-editor\" data-id=\"f7d7e37\" data-element_type=\"widget\" data-e-type=\"widget\" data-settings=\"{&quot;ekit_we_effect_on&quot;:&quot;none&quot;}\" data-widget_type=\"text-editor.default\">\n\t\t\t\t<div class=\"elementor-widget-container\">\n\t\t\t\t\t\t\t\t\t<p>Depuis 1998, <a href=\"https:\/\/www.clsr.ca\/\" target=\"_blank\" rel=\"noopener\"><strong>CLSR Inc.<\/strong><\/a> se consacre \u00e0 l\u2019am\u00e9lioration des secteurs du d\u00e9veloppement de carri\u00e8re et des services sociaux au Canada. Nos \u00e9valuations pratiques de la personnalit\u00e9 et de la carri\u00e8re, ainsi qu\u2019une gamme d\u2019outils essentiels, permettent aux professionnels de r\u00e9ussir dans les domaines du d\u00e9veloppement de carri\u00e8re et des services sociaux au Canada.<\/p>\t\t\t\t\t\t\t\t<\/div>\n\t\t\t\t<\/div>\n\t\t\t\t\t<\/div>\n\t\t<\/div>\n\t\t\t\t\t<\/div>\n\t\t<\/section>\n\t\t\t\t<section class=\"elementor-section elementor-inner-section elementor-element elementor-element-bca1918 elementor-section-boxed elementor-section-height-default elementor-section-height-default\" data-id=\"bca1918\" data-element_type=\"section\" data-e-type=\"section\">\n\t\t\t\t\t\t<div class=\"elementor-container elementor-column-gap-default\">\n\t\t\t\t\t<div class=\"elementor-column elementor-col-33 elementor-inner-column elementor-element elementor-element-fbcb28b\" data-id=\"fbcb28b\" data-element_type=\"column\" data-e-type=\"column\">\n\t\t\t<div class=\"elementor-widget-wrap elementor-element-populated\">\n\t\t\t\t\t\t<div class=\"elementor-element elementor-element-e162534 elementor-widget elementor-widget-image\" data-id=\"e162534\" data-element_type=\"widget\" data-e-type=\"widget\" data-settings=\"{&quot;ekit_we_effect_on&quot;:&quot;none&quot;}\" data-widget_type=\"image.default\">\n\t\t\t\t<div class=\"elementor-widget-container\">\n\t\t\t\t\t\t\t\t\t\t\t\t\t\t\t\t<a href=\"https:\/\/www.collegesinstitutes.ca\/\" target=\"_blank\">\n\t\t\t\t\t\t\t<img loading=\"lazy\" decoding=\"async\" width=\"300\" height=\"160\" src=\"https:\/\/cannexus.ceric.ca\/wp-content\/uploads\/2023\/12\/CiCan.png\" class=\"attachment-medium size-medium wp-image-22505\" alt=\"\" \/>\t\t\t\t\t\t\t\t<\/a>\n\t\t\t\t\t\t\t\t\t\t\t\t\t\t\t<\/div>\n\t\t\t\t<\/div>\n\t\t\t\t\t<\/div>\n\t\t<\/div>\n\t\t\t\t<div class=\"elementor-column elementor-col-66 elementor-inner-column elementor-element elementor-element-b624575\" data-id=\"b624575\" data-element_type=\"column\" data-e-type=\"column\">\n\t\t\t<div class=\"elementor-widget-wrap elementor-element-populated\">\n\t\t\t\t\t\t<div class=\"elementor-element elementor-element-87beeba elementor-widget elementor-widget-text-editor\" data-id=\"87beeba\" data-element_type=\"widget\" data-e-type=\"widget\" data-settings=\"{&quot;ekit_we_effect_on&quot;:&quot;none&quot;}\" data-widget_type=\"text-editor.default\">\n\t\t\t\t<div class=\"elementor-widget-container\">\n\t\t\t\t\t\t\t\t\t<p>Fond\u00e9e en 1972, <a href=\"https:\/\/www.collegesinstitutes.ca\/\" target=\"_blank\" rel=\"noopener\"><strong>CICan<\/strong><\/a> est le porte-parole national et international du plus grand r\u00e9seau d\u2019enseignement postsecondaire du Canada. Nos actions sont dict\u00e9es par une vision \u00e0 la fois simple et ambitieuse : b\u00e2tir un avenir meilleur pour les individus et les collectivit\u00e9s. Pour ce faire, nous \u0153uvrons \u00e0 consolider le r\u00e9seau des coll\u00e8ges, instituts, c\u00e9geps et \u00e9coles polytechniques du secteur public canadien. Plus de 95 % de la population canadienne vit \u00e0 moins de 50 km d\u2019un \u00e9tablissement membre et nous b\u00e9n\u00e9ficions d\u2019une vaste pr\u00e9sence dans le monde entier. L\u2019impact de notre r\u00e9seau est d\u00e8s lors sans pareil, et les r\u00e9sultats en sont tangibles pour les \u00e9tudiants, les employeurs et nos divers partenaires. \u00c0 l\u2019image de nos membres, nous sommes une organisation souple, capable de s\u2019adapter et d\u2019entreprendre de nouveaux projets au gr\u00e9 des besoins, afin de prot\u00e9ger les collectivit\u00e9s au Canada et \u00e0 l\u2019\u00e9tranger des al\u00e9as du futur.<\/p><p>\u00a0<\/p>\t\t\t\t\t\t\t\t<\/div>\n\t\t\t\t<\/div>\n\t\t\t\t\t<\/div>\n\t\t<\/div>\n\t\t\t\t\t<\/div>\n\t\t<\/section>\n\t\t\t\t<section class=\"elementor-section elementor-inner-section elementor-element elementor-element-9b87f6e elementor-section-boxed elementor-section-height-default elementor-section-height-default\" data-id=\"9b87f6e\" data-element_type=\"section\" data-e-type=\"section\">\n\t\t\t\t\t\t<div class=\"elementor-container elementor-column-gap-default\">\n\t\t\t\t\t<div class=\"elementor-column elementor-col-33 elementor-inner-column elementor-element elementor-element-361a56f\" data-id=\"361a56f\" data-element_type=\"column\" data-e-type=\"column\">\n\t\t\t<div class=\"elementor-widget-wrap elementor-element-populated\">\n\t\t\t\t\t\t<div class=\"elementor-element elementor-element-25e2863 elementor-widget elementor-widget-image\" data-id=\"25e2863\" data-element_type=\"widget\" data-e-type=\"widget\" data-settings=\"{&quot;ekit_we_effect_on&quot;:&quot;none&quot;}\" data-widget_type=\"image.default\">\n\t\t\t\t<div class=\"elementor-widget-container\">\n\t\t\t\t\t\t\t\t\t\t\t\t\t\t\t\t<a href=\"http:\/\/comptia.org\" target=\"_blank\">\n\t\t\t\t\t\t\t<img loading=\"lazy\" decoding=\"async\" width=\"300\" height=\"160\" src=\"https:\/\/cannexus.ceric.ca\/wp-content\/uploads\/2023\/12\/Comptia.png\" class=\"attachment-medium size-medium wp-image-22508\" alt=\"\" \/>\t\t\t\t\t\t\t\t<\/a>\n\t\t\t\t\t\t\t\t\t\t\t\t\t\t\t<\/div>\n\t\t\t\t<\/div>\n\t\t\t\t\t<\/div>\n\t\t<\/div>\n\t\t\t\t<div class=\"elementor-column elementor-col-66 elementor-inner-column elementor-element elementor-element-15ea6d8\" data-id=\"15ea6d8\" data-element_type=\"column\" data-e-type=\"column\">\n\t\t\t<div class=\"elementor-widget-wrap elementor-element-populated\">\n\t\t\t\t\t\t<div class=\"elementor-element elementor-element-68f2f53 elementor-widget elementor-widget-text-editor\" data-id=\"68f2f53\" data-element_type=\"widget\" data-e-type=\"widget\" data-settings=\"{&quot;ekit_we_effect_on&quot;:&quot;none&quot;}\" data-widget_type=\"text-editor.default\">\n\t\t\t\t<div class=\"elementor-widget-container\">\n\t\t\t\t\t\t\t\t\t<p><a href=\"http:\/\/comptia.org\" target=\"_blank\" rel=\"noopener\"><strong>CompTIA<\/strong><\/a> est un ardent d\u00e9fenseur de l\u2019\u00e9cosyst\u00e8me mondial des technologies de l\u2019information, dont la valeur s\u2019\u00e9l\u00e8ve \u00e0 5 billions de dollars, et des plus de 50 millions de professionnels responsables de la conception, de la mise en \u0153uvre, de la gestion et de la protection des technologies qui alimentent l\u2019\u00e9conomie mondiale. Par l\u2019\u00e9ducation, la formation, les certifications, les activit\u00e9s philanthropiques et les \u00e9tudes de march\u00e9, CompTIA contribue \u00e0 faire progresser le secteur et sa main-d\u2019\u0153uvre.<\/p>\t\t\t\t\t\t\t\t<\/div>\n\t\t\t\t<\/div>\n\t\t\t\t\t<\/div>\n\t\t<\/div>\n\t\t\t\t\t<\/div>\n\t\t<\/section>\n\t\t\t\t<section class=\"elementor-section elementor-inner-section elementor-element elementor-element-8f68e62 elementor-section-boxed elementor-section-height-default elementor-section-height-default\" data-id=\"8f68e62\" data-element_type=\"section\" data-e-type=\"section\">\n\t\t\t\t\t\t<div class=\"elementor-container elementor-column-gap-default\">\n\t\t\t\t\t<div class=\"elementor-column elementor-col-33 elementor-inner-column elementor-element elementor-element-9f0b5ed\" data-id=\"9f0b5ed\" data-element_type=\"column\" data-e-type=\"column\">\n\t\t\t<div class=\"elementor-widget-wrap elementor-element-populated\">\n\t\t\t\t\t\t<div class=\"elementor-element elementor-element-7dddc4d elementor-widget elementor-widget-image\" data-id=\"7dddc4d\" data-element_type=\"widget\" data-e-type=\"widget\" data-settings=\"{&quot;ekit_we_effect_on&quot;:&quot;none&quot;}\" data-widget_type=\"image.default\">\n\t\t\t\t<div class=\"elementor-widget-container\">\n\t\t\t\t\t\t\t\t\t\t\t\t\t\t\t<img loading=\"lazy\" decoding=\"async\" width=\"300\" height=\"177\" src=\"https:\/\/cannexus.ceric.ca\/wp-content\/uploads\/2022\/10\/Devant.png\" class=\"attachment-medium size-medium wp-image-16979\" alt=\"\" \/>\t\t\t\t\t\t\t\t\t\t\t\t\t\t\t<\/div>\n\t\t\t\t<\/div>\n\t\t\t\t\t<\/div>\n\t\t<\/div>\n\t\t\t\t<div class=\"elementor-column elementor-col-66 elementor-inner-column elementor-element elementor-element-ffaaf23\" data-id=\"ffaaf23\" data-element_type=\"column\" data-e-type=\"column\">\n\t\t\t<div class=\"elementor-widget-wrap elementor-element-populated\">\n\t\t\t\t\t\t<div class=\"elementor-element elementor-element-546efda elementor-widget elementor-widget-text-editor\" data-id=\"546efda\" data-element_type=\"widget\" data-e-type=\"widget\" data-settings=\"{&quot;ekit_we_effect_on&quot;:&quot;none&quot;}\" data-widget_type=\"text-editor.default\">\n\t\t\t\t<div class=\"elementor-widget-container\">\n\t\t\t\t\t\t\t\t\t<p><a href=\"https:\/\/www.devant.ca\/\" target=\"_blank\" rel=\"noopener\"><strong>Devant<\/strong><\/a><strong> : <\/strong>Nous pr\u00e9parons les \u00e9tudiants \u00e9trangers \u00e0 r\u00e9ussir leur carri\u00e8re au Canada. Depuis 2019, nous avons aid\u00e9 des milliers d\u2019\u00e9tudiants et de dipl\u00f4m\u00e9s \u00e9trangers partout au pays \u00e0 bien mettre en valeur leurs comp\u00e9tences et leur exp\u00e9rience sur le march\u00e9 du travail canadien. Pour ce faire, nous organisons des \u00e9v\u00e9nements de d\u00e9veloppement de carri\u00e8re en ligne, comme des panels d\u2019experts sectoriels, des webinaires professionnels, des s\u00e9ances de questions et r\u00e9ponses en direct, des salons de l\u2019emploi virtuels pilot\u00e9s par l\u2019intelligence artificielle, un soutien personnalis\u00e9 et bien plus.<\/p>\t\t\t\t\t\t\t\t<\/div>\n\t\t\t\t<\/div>\n\t\t\t\t\t<\/div>\n\t\t<\/div>\n\t\t\t\t\t<\/div>\n\t\t<\/section>\n\t\t\t\t<section class=\"elementor-section elementor-inner-section elementor-element elementor-element-4e0c740 elementor-section-boxed elementor-section-height-default elementor-section-height-default\" data-id=\"4e0c740\" data-element_type=\"section\" data-e-type=\"section\">\n\t\t\t\t\t\t<div class=\"elementor-container elementor-column-gap-default\">\n\t\t\t\t\t<div class=\"elementor-column elementor-col-33 elementor-inner-column elementor-element elementor-element-97fd860\" data-id=\"97fd860\" data-element_type=\"column\" data-e-type=\"column\">\n\t\t\t<div class=\"elementor-widget-wrap elementor-element-populated\">\n\t\t\t\t\t\t<div class=\"elementor-element elementor-element-0f0187a elementor-widget elementor-widget-image\" data-id=\"0f0187a\" data-element_type=\"widget\" data-e-type=\"widget\" data-settings=\"{&quot;ekit_we_effect_on&quot;:&quot;none&quot;}\" data-widget_type=\"image.default\">\n\t\t\t\t<div class=\"elementor-widget-container\">\n\t\t\t\t\t\t\t\t\t\t\t\t\t\t\t\t<a href=\"https:\/\/www.douglascollege.ca\/programs-courses\/continuing-education\/child-family-community\/career-development-0\" target=\"_blank\">\n\t\t\t\t\t\t\t<img loading=\"lazy\" decoding=\"async\" width=\"300\" height=\"177\" src=\"https:\/\/cannexus.ceric.ca\/wp-content\/uploads\/2022\/10\/douglas.png\" class=\"attachment-medium size-medium wp-image-16734\" alt=\"\" \/>\t\t\t\t\t\t\t\t<\/a>\n\t\t\t\t\t\t\t\t\t\t\t\t\t\t\t<\/div>\n\t\t\t\t<\/div>\n\t\t\t\t\t<\/div>\n\t\t<\/div>\n\t\t\t\t<div class=\"elementor-column elementor-col-66 elementor-inner-column elementor-element elementor-element-19940d0\" data-id=\"19940d0\" data-element_type=\"column\" data-e-type=\"column\">\n\t\t\t<div class=\"elementor-widget-wrap elementor-element-populated\">\n\t\t\t\t\t\t<div class=\"elementor-element elementor-element-910b210 elementor-widget elementor-widget-text-editor\" data-id=\"910b210\" data-element_type=\"widget\" data-e-type=\"widget\" data-settings=\"{&quot;ekit_we_effect_on&quot;:&quot;none&quot;}\" data-widget_type=\"text-editor.default\">\n\t\t\t\t<div class=\"elementor-widget-container\">\n\t\t\t\t\t\t\t\t\t<p><span class=\"TextRun SCXW201265810 BCX0\" lang=\"FR-CA\" xml:lang=\"FR-CA\" data-contrast=\"auto\"><span class=\"NormalTextRun SCXW201265810 BCX0\">FAITES ce que vous aimez. Le <a href=\"https:\/\/www.douglascollege.ca\/programs-courses\/continuing-education\/child-family-community\/career-development-0\" target=\"_blank\" rel=\"noopener\"><strong>Coll\u00e8ge\u202fDouglas<\/strong><\/a> offre aux professionnels du d\u00e9veloppement de carri\u00e8re une formation de pointe \u00e0 titre de facilitateurs de comp\u00e9tences essentielles et de professionnels du <\/span><span class=\"NormalTextRun SCXW201265810 BCX0\">d\u00e9veloppement<\/span><span class=\"NormalTextRun SCXW201265810 BCX0\"> de carri\u00e8re. Nous sommes des chefs de file reconnus en mati\u00e8re de formation des Autochtones et de formation tenant compte des traumatismes, dans la collectivit\u00e9 et en ligne, pour les professionnels du d\u00e9veloppement de carri\u00e8re. Communiquez avec nous pour cr\u00e9er une formation sur mesure pour votre organisation, et choisissez un format enti\u00e8rement en ligne, virtuel hybride ou en pr\u00e9sentiel, o\u00f9 que vous soyez au Canada.<\/span><\/span><\/p>\t\t\t\t\t\t\t\t<\/div>\n\t\t\t\t<\/div>\n\t\t\t\t\t<\/div>\n\t\t<\/div>\n\t\t\t\t\t<\/div>\n\t\t<\/section>\n\t\t\t\t<section class=\"elementor-section elementor-inner-section elementor-element elementor-element-f615eb3 elementor-section-boxed elementor-section-height-default elementor-section-height-default\" data-id=\"f615eb3\" data-element_type=\"section\" data-e-type=\"section\">\n\t\t\t\t\t\t<div class=\"elementor-container elementor-column-gap-default\">\n\t\t\t\t\t<div class=\"elementor-column elementor-col-33 elementor-inner-column elementor-element elementor-element-7dfbce3\" data-id=\"7dfbce3\" data-element_type=\"column\" data-e-type=\"column\">\n\t\t\t<div class=\"elementor-widget-wrap elementor-element-populated\">\n\t\t\t\t\t\t<div class=\"elementor-element elementor-element-32c1084 elementor-widget elementor-widget-image\" data-id=\"32c1084\" data-element_type=\"widget\" data-e-type=\"widget\" data-settings=\"{&quot;ekit_we_effect_on&quot;:&quot;none&quot;}\" data-widget_type=\"image.default\">\n\t\t\t\t<div class=\"elementor-widget-container\">\n\t\t\t\t\t\t\t\t\t\t\t\t\t\t\t\t<a href=\"https:\/\/ceric.ca\/\" target=\"_blank\">\n\t\t\t\t\t\t\t<img loading=\"lazy\" decoding=\"async\" width=\"300\" height=\"177\" src=\"https:\/\/cannexus.ceric.ca\/wp-content\/uploads\/2022\/10\/Discover.png\" class=\"attachment-medium size-medium wp-image-16728\" alt=\"\" \/>\t\t\t\t\t\t\t\t<\/a>\n\t\t\t\t\t\t\t\t\t\t\t\t\t\t\t<\/div>\n\t\t\t\t<\/div>\n\t\t\t\t\t<\/div>\n\t\t<\/div>\n\t\t\t\t<div class=\"elementor-column elementor-col-66 elementor-inner-column elementor-element elementor-element-f4dce80\" data-id=\"f4dce80\" data-element_type=\"column\" data-e-type=\"column\">\n\t\t\t<div class=\"elementor-widget-wrap elementor-element-populated\">\n\t\t\t\t\t\t<div class=\"elementor-element elementor-element-942701c elementor-widget elementor-widget-text-editor\" data-id=\"942701c\" data-element_type=\"widget\" data-e-type=\"widget\" data-settings=\"{&quot;ekit_we_effect_on&quot;:&quot;none&quot;}\" data-widget_type=\"text-editor.default\">\n\t\t\t\t<div class=\"elementor-widget-container\">\n\t\t\t\t\t\t\t\t\t<p><span class=\"TextRun SCXW210174350 BCX0\" lang=\"FR-CA\" xml:lang=\"FR-CA\" data-contrast=\"auto\"><a href=\"https:\/\/www.discoveryear.ca\/\" target=\"_blank\" rel=\"noopener\"><strong><span class=\"NormalTextRun SCXW210174350 BCX0\">Discover<\/span><span class=\"NormalTextRun SCXW210174350 BCX0\">\u202f<\/span><span class=\"NormalTextRun SpellingErrorV2Themed SCXW210174350 BCX0\">Year<\/span><\/strong><\/a><span class=\"NormalTextRun SCXW210174350 BCX0\">\u00a0est un programme d\u2019ann\u00e9e sabbatique structur\u00e9 et cibl\u00e9 qui aide les jeunes adultes \u00e0 acqu\u00e9rir des comp\u00e9tences professionnelles et personnelles essentielles. Nous mettons l\u2019accent sur le d\u00e9veloppement de la confiance en soi, de la conscience de soi, de la r\u00e9silience et des comp\u00e9tences interpersonnelles telles que la communication, l\u2019intelligence \u00e9motionnelle et la collaboration. Nous int\u00e9grons les \u00e9l\u00e9ments suivants pour aider les \u00e9tudiants \u00e0 passer \u00e0 l\u2019action, \u00e0 privil\u00e9gier l\u2019ouverture d\u2019esprit et \u00e0 vivre tout en restant authentiques : ateliers sur les comp\u00e9tences professionnelles et personnelles essentielles; accompagnement professionnel et personnel; mentorat; travail; voyage; service communautaire.<\/span><\/span><\/p>\t\t\t\t\t\t\t\t<\/div>\n\t\t\t\t<\/div>\n\t\t\t\t\t<\/div>\n\t\t<\/div>\n\t\t\t\t\t<\/div>\n\t\t<\/section>\n\t\t\t\t<section class=\"elementor-section elementor-inner-section elementor-element elementor-element-8c824c5 elementor-section-boxed elementor-section-height-default elementor-section-height-default\" data-id=\"8c824c5\" data-element_type=\"section\" data-e-type=\"section\">\n\t\t\t\t\t\t<div class=\"elementor-container elementor-column-gap-default\">\n\t\t\t\t\t<div class=\"elementor-column elementor-col-33 elementor-inner-column elementor-element elementor-element-af310f5\" data-id=\"af310f5\" data-element_type=\"column\" data-e-type=\"column\">\n\t\t\t<div class=\"elementor-widget-wrap elementor-element-populated\">\n\t\t\t\t\t\t<div class=\"elementor-element elementor-element-bd8ca72 elementor-widget elementor-widget-image\" data-id=\"bd8ca72\" data-element_type=\"widget\" data-e-type=\"widget\" data-settings=\"{&quot;ekit_we_effect_on&quot;:&quot;none&quot;}\" data-widget_type=\"image.default\">\n\t\t\t\t<div class=\"elementor-widget-container\">\n\t\t\t\t\t\t\t\t\t\t\t\t\t\t\t\t<a href=\"https:\/\/eco.ca\/accueil\/\" target=\"_blank\">\n\t\t\t\t\t\t\t<img loading=\"lazy\" decoding=\"async\" width=\"300\" height=\"160\" src=\"https:\/\/cannexus.ceric.ca\/wp-content\/uploads\/2023\/12\/EcoCanada.png\" class=\"attachment-medium size-medium wp-image-22511\" alt=\"\" \/>\t\t\t\t\t\t\t\t<\/a>\n\t\t\t\t\t\t\t\t\t\t\t\t\t\t\t<\/div>\n\t\t\t\t<\/div>\n\t\t\t\t\t<\/div>\n\t\t<\/div>\n\t\t\t\t<div class=\"elementor-column elementor-col-66 elementor-inner-column elementor-element elementor-element-397d7e9\" data-id=\"397d7e9\" data-element_type=\"column\" data-e-type=\"column\">\n\t\t\t<div class=\"elementor-widget-wrap elementor-element-populated\">\n\t\t\t\t\t\t<div class=\"elementor-element elementor-element-d068c12 elementor-widget elementor-widget-text-editor\" data-id=\"d068c12\" data-element_type=\"widget\" data-e-type=\"widget\" data-settings=\"{&quot;ekit_we_effect_on&quot;:&quot;none&quot;}\" data-widget_type=\"text-editor.default\">\n\t\t\t\t<div class=\"elementor-widget-container\">\n\t\t\t\t\t\t\t\t\t<p><a href=\"https:\/\/eco.ca\/accueil\/\" target=\"_blank\" rel=\"noopener\"><strong>Eco Canada<\/strong><\/a> : Cr\u00e9ation d\u2019emplois, financement des salaires, formation et \u00e9tudes sur le march\u00e9 du travail : nous soutenons les professionnels de l\u2019environnement \u00e0 toutes les \u00e9tapes de leur carri\u00e8re. Nous servons les int\u00e9r\u00eats de la main-d\u2019\u0153uvre qui occupe des postes li\u00e9s \u00e0 l\u2019environnement au Canada, et ce, dans tous les secteurs d\u2019activit\u00e9. Cr\u00e9ation d\u2019emplois, financement des salaires, formation et \u00e9tudes sur le march\u00e9 du travail : nous soutenons l\u2019ensemble des professionnels de l\u2019environnement \u00e0 toutes les \u00e9tapes de leur carri\u00e8re<\/p>\t\t\t\t\t\t\t\t<\/div>\n\t\t\t\t<\/div>\n\t\t\t\t\t<\/div>\n\t\t<\/div>\n\t\t\t\t\t<\/div>\n\t\t<\/section>\n\t\t\t\t<section class=\"elementor-section elementor-inner-section elementor-element elementor-element-4c59253 elementor-section-boxed elementor-section-height-default elementor-section-height-default\" data-id=\"4c59253\" data-element_type=\"section\" data-e-type=\"section\">\n\t\t\t\t\t\t<div class=\"elementor-container elementor-column-gap-default\">\n\t\t\t\t\t<div class=\"elementor-column elementor-col-33 elementor-inner-column elementor-element elementor-element-8c8e1c5\" data-id=\"8c8e1c5\" data-element_type=\"column\" data-e-type=\"column\">\n\t\t\t<div class=\"elementor-widget-wrap elementor-element-populated\">\n\t\t\t\t\t\t<div class=\"elementor-element elementor-element-95f8f2a elementor-widget elementor-widget-image\" data-id=\"95f8f2a\" data-element_type=\"widget\" data-e-type=\"widget\" data-settings=\"{&quot;ekit_we_effect_on&quot;:&quot;none&quot;}\" data-widget_type=\"image.default\">\n\t\t\t\t<div class=\"elementor-widget-container\">\n\t\t\t\t\t\t\t\t\t\t\t\t\t\t\t\t<a href=\"http:\/\/emeraldcareerpublishing.com\" target=\"_blank\">\n\t\t\t\t\t\t\t<img loading=\"lazy\" decoding=\"async\" width=\"300\" height=\"160\" src=\"https:\/\/cannexus.ceric.ca\/wp-content\/uploads\/2023\/12\/Emerald-Career-Publishing.png\" class=\"attachment-medium size-medium wp-image-22512\" alt=\"\" \/>\t\t\t\t\t\t\t\t<\/a>\n\t\t\t\t\t\t\t\t\t\t\t\t\t\t\t<\/div>\n\t\t\t\t<\/div>\n\t\t\t\t\t<\/div>\n\t\t<\/div>\n\t\t\t\t<div class=\"elementor-column elementor-col-66 elementor-inner-column elementor-element elementor-element-1f0ddaf\" data-id=\"1f0ddaf\" data-element_type=\"column\" data-e-type=\"column\">\n\t\t\t<div class=\"elementor-widget-wrap elementor-element-populated\">\n\t\t\t\t\t\t<div class=\"elementor-element elementor-element-dce8840 elementor-widget elementor-widget-text-editor\" data-id=\"dce8840\" data-element_type=\"widget\" data-e-type=\"widget\" data-settings=\"{&quot;ekit_we_effect_on&quot;:&quot;none&quot;}\" data-widget_type=\"text-editor.default\">\n\t\t\t\t<div class=\"elementor-widget-container\">\n\t\t\t\t\t\t\t\t\t<p><a href=\"http:\/\/emeraldcareerpublishing.com\" target=\"_blank\" rel=\"noopener\"><strong>Emerald Career Publishing<\/strong><\/a>\u2014Wendy Enelow et Louise Kursmark, autrices et \u00e9ditrices\u2014est votre principale source en mati\u00e8re de livres et de ressources d\u2019une valeur exceptionnelle pour la gestion de carri\u00e8re tout au long de la vie. Sp\u00e9cialistes en gestion de carri\u00e8re et autrices prolifiques depuis plus de 20 ans, nous vous offrons les derni\u00e8res m\u00e9thodes \u00e9prouv\u00e9es de cr\u00e9ation de puissants documents de marketing de carri\u00e8re et de gestion de la transition de carri\u00e8re.<\/p>\t\t\t\t\t\t\t\t<\/div>\n\t\t\t\t<\/div>\n\t\t\t\t\t<\/div>\n\t\t<\/div>\n\t\t\t\t\t<\/div>\n\t\t<\/section>\n\t\t\t\t<section class=\"elementor-section elementor-inner-section elementor-element elementor-element-83e0dd3 elementor-section-boxed elementor-section-height-default elementor-section-height-default\" data-id=\"83e0dd3\" data-element_type=\"section\" data-e-type=\"section\">\n\t\t\t\t\t\t<div class=\"elementor-container elementor-column-gap-default\">\n\t\t\t\t\t<div class=\"elementor-column elementor-col-33 elementor-inner-column elementor-element elementor-element-611316e\" data-id=\"611316e\" data-element_type=\"column\" data-e-type=\"column\">\n\t\t\t<div class=\"elementor-widget-wrap elementor-element-populated\">\n\t\t\t\t\t\t<div class=\"elementor-element elementor-element-fa97403 elementor-widget elementor-widget-image\" data-id=\"fa97403\" data-element_type=\"widget\" data-e-type=\"widget\" data-settings=\"{&quot;ekit_we_effect_on&quot;:&quot;none&quot;}\" data-widget_type=\"image.default\">\n\t\t\t\t<div class=\"elementor-widget-container\">\n\t\t\t\t\t\t\t\t\t\t\t\t\t\t\t\t<a href=\"https:\/\/www.canada.ca\/en\/immigration-refugees-citizenship\/services\/work-canada\/iec.html\" target=\"_blank\">\n\t\t\t\t\t\t\t<img loading=\"lazy\" decoding=\"async\" width=\"300\" height=\"97\" src=\"https:\/\/cannexus.ceric.ca\/wp-content\/uploads\/2021\/11\/FIP_IRC-IEC-Colour-en-LR-1-300x97.png\" class=\"attachment-medium size-medium wp-image-10719\" alt=\"\" srcset=\"https:\/\/cannexus.ceric.ca\/wp-content\/uploads\/2021\/11\/FIP_IRC-IEC-Colour-en-LR-1-300x97.png 300w, https:\/\/cannexus.ceric.ca\/wp-content\/uploads\/2021\/11\/FIP_IRC-IEC-Colour-en-LR-1.png 513w\" sizes=\"(max-width: 300px) 100vw, 300px\" \/>\t\t\t\t\t\t\t\t<\/a>\n\t\t\t\t\t\t\t\t\t\t\t\t\t\t\t<\/div>\n\t\t\t\t<\/div>\n\t\t\t\t\t<\/div>\n\t\t<\/div>\n\t\t\t\t<div class=\"elementor-column elementor-col-66 elementor-inner-column elementor-element elementor-element-3a93f94\" data-id=\"3a93f94\" data-element_type=\"column\" data-e-type=\"column\">\n\t\t\t<div class=\"elementor-widget-wrap elementor-element-populated\">\n\t\t\t\t\t\t<div class=\"elementor-element elementor-element-5f68613 elementor-widget elementor-widget-text-editor\" data-id=\"5f68613\" data-element_type=\"widget\" data-e-type=\"widget\" data-settings=\"{&quot;ekit_we_effect_on&quot;:&quot;none&quot;}\" data-widget_type=\"text-editor.default\">\n\t\t\t\t<div class=\"elementor-widget-container\">\n\t\t\t\t\t\t\t\t\t<p><a href=\"https:\/\/ircc.canada.ca\/eic\/index.asp\" target=\"_blank\" rel=\"noopener\"><strong>Exp\u00e9rience internationale Canada (EIC)<\/strong><\/a> g\u00e8re les ententes sur la mobilit\u00e9 des jeunes avec plus de 30 pays et territoires \u00e9trangers afin de permettre aux jeunes \u00e2g\u00e9s de 18 \u00e0 35 ans* de travailler et de voyager \u00e0 l\u2019\u00e9tranger pendant une p\u00e9riode pouvant aller jusqu\u2019\u00e0 deux ans*.<br \/>*Des exigences propres \u00e0 chaque pays s\u2019appliquent. <\/p>\t\t\t\t\t\t\t\t<\/div>\n\t\t\t\t<\/div>\n\t\t\t\t\t<\/div>\n\t\t<\/div>\n\t\t\t\t\t<\/div>\n\t\t<\/section>\n\t\t\t\t<section class=\"elementor-section elementor-inner-section elementor-element elementor-element-b0b4a32 elementor-section-boxed elementor-section-height-default elementor-section-height-default\" data-id=\"b0b4a32\" data-element_type=\"section\" data-e-type=\"section\">\n\t\t\t\t\t\t<div class=\"elementor-container elementor-column-gap-default\">\n\t\t\t\t\t<div class=\"elementor-column elementor-col-33 elementor-inner-column elementor-element elementor-element-dc9f5e8\" data-id=\"dc9f5e8\" data-element_type=\"column\" data-e-type=\"column\">\n\t\t\t<div class=\"elementor-widget-wrap elementor-element-populated\">\n\t\t\t\t\t\t<div class=\"elementor-element elementor-element-3ae082a elementor-widget elementor-widget-image\" data-id=\"3ae082a\" data-element_type=\"widget\" data-e-type=\"widget\" data-settings=\"{&quot;ekit_we_effect_on&quot;:&quot;none&quot;}\" data-widget_type=\"image.default\">\n\t\t\t\t<div class=\"elementor-widget-container\">\n\t\t\t\t\t\t\t\t\t\t\t\t\t\t\t\t<a href=\"http:\/\/ERSscale.com\" target=\"_blank\">\n\t\t\t\t\t\t\t<img loading=\"lazy\" decoding=\"async\" width=\"300\" height=\"177\" src=\"https:\/\/cannexus.ceric.ca\/wp-content\/uploads\/2022\/10\/ERSI.png\" class=\"attachment-medium size-medium wp-image-16742\" alt=\"\" \/>\t\t\t\t\t\t\t\t<\/a>\n\t\t\t\t\t\t\t\t\t\t\t\t\t\t\t<\/div>\n\t\t\t\t<\/div>\n\t\t\t\t\t<\/div>\n\t\t<\/div>\n\t\t\t\t<div class=\"elementor-column elementor-col-66 elementor-inner-column elementor-element elementor-element-4415894\" data-id=\"4415894\" data-element_type=\"column\" data-e-type=\"column\">\n\t\t\t<div class=\"elementor-widget-wrap elementor-element-populated\">\n\t\t\t\t\t\t<div class=\"elementor-element elementor-element-4acd0a6 elementor-widget elementor-widget-text-editor\" data-id=\"4acd0a6\" data-element_type=\"widget\" data-e-type=\"widget\" data-settings=\"{&quot;ekit_we_effect_on&quot;:&quot;none&quot;}\" data-widget_type=\"text-editor.default\">\n\t\t\t\t<div class=\"elementor-widget-container\">\n\t\t\t\t\t\t\t\t\t<p>L\u2019<a href=\"https:\/\/ersscale.com\/\" target=\"_blank\" rel=\"noopener\"><strong>ERS<\/strong><\/a>,\u00a0\u00a0\u00c9chelle d\u2019employabilit\u00e9 est un outil d\u2019auto\u00e9valuation en ligne pour les clients et les \u00e9l\u00e8ves permettant de d\u00e9gager leurs forces et leurs difficult\u00e9s dans leur parcours de pr\u00e9paration \u00e0 l\u2019emploi. Cette \u00e9chelle indique \u00e0 quel point une personne est pr\u00eate \u00e0 int\u00e9grer ou \u00e0 r\u00e9int\u00e9grer le march\u00e9 du travail avec une\u00a0pr\u00e9cision pr\u00e9visible de 80\u202f%. Elle mesure les progr\u00e8s apr\u00e8s les interventions et fournit des rapports r\u00e9capitulatifs complets pour la planification des programmes, l\u2019\u00e9valuation et les demandes de subventions.<\/p>\t\t\t\t\t\t\t\t<\/div>\n\t\t\t\t<\/div>\n\t\t\t\t\t<\/div>\n\t\t<\/div>\n\t\t\t\t\t<\/div>\n\t\t<\/section>\n\t\t\t\t<section class=\"elementor-section elementor-inner-section elementor-element elementor-element-d91c106 elementor-section-boxed elementor-section-height-default elementor-section-height-default\" data-id=\"d91c106\" data-element_type=\"section\" data-e-type=\"section\">\n\t\t\t\t\t\t<div class=\"elementor-container elementor-column-gap-default\">\n\t\t\t\t\t<div class=\"elementor-column elementor-col-33 elementor-inner-column elementor-element elementor-element-57031bf\" data-id=\"57031bf\" data-element_type=\"column\" data-e-type=\"column\">\n\t\t\t<div class=\"elementor-widget-wrap elementor-element-populated\">\n\t\t\t\t\t\t<div class=\"elementor-element elementor-element-67467bd elementor-widget elementor-widget-image\" data-id=\"67467bd\" data-element_type=\"widget\" data-e-type=\"widget\" data-settings=\"{&quot;ekit_we_effect_on&quot;:&quot;none&quot;}\" data-widget_type=\"image.default\">\n\t\t\t\t<div class=\"elementor-widget-container\">\n\t\t\t\t\t\t\t\t\t\t\t\t\t\t\t\t<a href=\"https:\/\/forces.ca\/en\/\" target=\"_blank\">\n\t\t\t\t\t\t\t<img loading=\"lazy\" decoding=\"async\" width=\"177\" height=\"300\" src=\"https:\/\/cannexus.ceric.ca\/wp-content\/uploads\/2024\/01\/Canadian-Armed-Forces-177x300.png\" class=\"attachment-medium size-medium wp-image-22790\" alt=\"\" srcset=\"https:\/\/cannexus.ceric.ca\/wp-content\/uploads\/2024\/01\/Canadian-Armed-Forces-177x300.png 177w, https:\/\/cannexus.ceric.ca\/wp-content\/uploads\/2024\/01\/Canadian-Armed-Forces.png 214w\" sizes=\"(max-width: 177px) 100vw, 177px\" \/>\t\t\t\t\t\t\t\t<\/a>\n\t\t\t\t\t\t\t\t\t\t\t\t\t\t\t<\/div>\n\t\t\t\t<\/div>\n\t\t\t\t\t<\/div>\n\t\t<\/div>\n\t\t\t\t<div class=\"elementor-column elementor-col-66 elementor-inner-column elementor-element elementor-element-b4995f0\" data-id=\"b4995f0\" data-element_type=\"column\" data-e-type=\"column\">\n\t\t\t<div class=\"elementor-widget-wrap elementor-element-populated\">\n\t\t\t\t\t\t<div class=\"elementor-element elementor-element-bd12f0d elementor-widget elementor-widget-text-editor\" data-id=\"bd12f0d\" data-element_type=\"widget\" data-e-type=\"widget\" data-settings=\"{&quot;ekit_we_effect_on&quot;:&quot;none&quot;}\" data-widget_type=\"text-editor.default\">\n\t\t\t\t<div class=\"elementor-widget-container\">\n\t\t\t\t\t\t\t\t\t<p>Les <a href=\"https:\/\/forces.ca\/en\/\" target=\"_blank\" rel=\"noopener\"><strong>Forces arm\u00e9es canadiennes (FAC)<\/strong><\/a> sont form\u00e9es de la Marine royale du Canada, de l\u2019Arm\u00e9e canadienne et de l\u2019Aviation royale du Canada. Les FAC offrent plus d\u2019une centaine de possibilit\u00e9s de carri\u00e8re et d\u2019emploi, dont des programmes d\u2019\u00e9tudes pay\u00e9s uniques et des programmes d\u2019enr\u00f4lement \u00e0 l\u2019intention des Autochtones.<\/p>\t\t\t\t\t\t\t\t<\/div>\n\t\t\t\t<\/div>\n\t\t\t\t\t<\/div>\n\t\t<\/div>\n\t\t\t\t\t<\/div>\n\t\t<\/section>\n\t\t\t\t<section class=\"elementor-section elementor-inner-section elementor-element elementor-element-dff4ace elementor-section-boxed elementor-section-height-default elementor-section-height-default\" data-id=\"dff4ace\" data-element_type=\"section\" data-e-type=\"section\">\n\t\t\t\t\t\t<div class=\"elementor-container elementor-column-gap-default\">\n\t\t\t\t\t<div class=\"elementor-column elementor-col-33 elementor-inner-column elementor-element elementor-element-f0c2c39\" data-id=\"f0c2c39\" data-element_type=\"column\" data-e-type=\"column\">\n\t\t\t<div class=\"elementor-widget-wrap elementor-element-populated\">\n\t\t\t\t\t\t<div class=\"elementor-element elementor-element-cbf6c7c elementor-widget elementor-widget-image\" data-id=\"cbf6c7c\" data-element_type=\"widget\" data-e-type=\"widget\" data-settings=\"{&quot;ekit_we_effect_on&quot;:&quot;none&quot;}\" data-widget_type=\"image.default\">\n\t\t\t\t<div class=\"elementor-widget-container\">\n\t\t\t\t\t\t\t\t\t\t\t\t\t\t\t\t<a href=\"https:\/\/ccdf.ca\/?lang=fr\" target=\"_blank\">\n\t\t\t\t\t\t\t<img loading=\"lazy\" decoding=\"async\" width=\"300\" height=\"177\" src=\"https:\/\/cannexus.ceric.ca\/wp-content\/uploads\/2022\/10\/CCDF.png\" class=\"attachment-medium size-medium wp-image-16945\" alt=\"\" \/>\t\t\t\t\t\t\t\t<\/a>\n\t\t\t\t\t\t\t\t\t\t\t\t\t\t\t<\/div>\n\t\t\t\t<\/div>\n\t\t\t\t\t<\/div>\n\t\t<\/div>\n\t\t\t\t<div class=\"elementor-column elementor-col-66 elementor-inner-column elementor-element elementor-element-6a9a1ea\" data-id=\"6a9a1ea\" data-element_type=\"column\" data-e-type=\"column\">\n\t\t\t<div class=\"elementor-widget-wrap elementor-element-populated\">\n\t\t\t\t\t\t<div class=\"elementor-element elementor-element-4c65c3d elementor-widget elementor-widget-text-editor\" data-id=\"4c65c3d\" data-element_type=\"widget\" data-e-type=\"widget\" data-settings=\"{&quot;ekit_we_effect_on&quot;:&quot;none&quot;}\" data-widget_type=\"text-editor.default\">\n\t\t\t\t<div class=\"elementor-widget-container\">\n\t\t\t\t\t\t\t\t\t<p><a href=\"https:\/\/ccdf.ca\/?lang=fr\" target=\"_blank\" rel=\"noopener\"><strong>Fondation canadienne pour le d\u00e9veloppement de carri\u00e8re \u2013 La FCDC<\/strong><\/a> collabore avec les organisations et les gouvernements pour d\u00e9finir des priorit\u00e9s essentielles et \u00e9laborer des solutions strat\u00e9giques. Nous cr\u00e9ons des formations pratiques, des outils et des strat\u00e9gies qui soutiennent la prestation de services d\u2019orientation professionnelle de qualit\u00e9, favorisent des politiques et pratiques fond\u00e9es sur des donn\u00e9es probantes et mettent en place des syst\u00e8mes de prestation de services de qualit\u00e9 pour les Canadiens de tous \u00e2ges.<\/p>\t\t\t\t\t\t\t\t<\/div>\n\t\t\t\t<\/div>\n\t\t\t\t\t<\/div>\n\t\t<\/div>\n\t\t\t\t\t<\/div>\n\t\t<\/section>\n\t\t\t\t<section class=\"elementor-section elementor-inner-section elementor-element elementor-element-95daf31 elementor-section-boxed elementor-section-height-default elementor-section-height-default\" data-id=\"95daf31\" data-element_type=\"section\" data-e-type=\"section\">\n\t\t\t\t\t\t<div class=\"elementor-container elementor-column-gap-default\">\n\t\t\t\t\t<div class=\"elementor-column elementor-col-33 elementor-inner-column elementor-element elementor-element-8b70dec\" data-id=\"8b70dec\" data-element_type=\"column\" data-e-type=\"column\">\n\t\t\t<div class=\"elementor-widget-wrap elementor-element-populated\">\n\t\t\t\t\t\t<div class=\"elementor-element elementor-element-aa7ca96 elementor-widget elementor-widget-image\" data-id=\"aa7ca96\" data-element_type=\"widget\" data-e-type=\"widget\" data-settings=\"{&quot;ekit_we_effect_on&quot;:&quot;none&quot;}\" data-widget_type=\"image.default\">\n\t\t\t\t<div class=\"elementor-widget-container\">\n\t\t\t\t\t\t\t\t\t\t\t\t\t\t\t\t<a href=\"https:\/\/firstwork.org\/\" target=\"_blank\">\n\t\t\t\t\t\t\t<img loading=\"lazy\" decoding=\"async\" width=\"300\" height=\"177\" src=\"https:\/\/cannexus.ceric.ca\/wp-content\/uploads\/2022\/10\/FirstWork.png\" class=\"attachment-medium size-medium wp-image-16747\" alt=\"\" \/>\t\t\t\t\t\t\t\t<\/a>\n\t\t\t\t\t\t\t\t\t\t\t\t\t\t\t<\/div>\n\t\t\t\t<\/div>\n\t\t\t\t\t<\/div>\n\t\t<\/div>\n\t\t\t\t<div class=\"elementor-column elementor-col-66 elementor-inner-column elementor-element elementor-element-fcff89b\" data-id=\"fcff89b\" data-element_type=\"column\" data-e-type=\"column\">\n\t\t\t<div class=\"elementor-widget-wrap elementor-element-populated\">\n\t\t\t\t\t\t<div class=\"elementor-element elementor-element-b0117ab elementor-widget elementor-widget-text-editor\" data-id=\"b0117ab\" data-element_type=\"widget\" data-e-type=\"widget\" data-settings=\"{&quot;ekit_we_effect_on&quot;:&quot;none&quot;}\" data-widget_type=\"text-editor.default\">\n\t\t\t\t<div class=\"elementor-widget-container\">\n\t\t\t\t\t\t\t\t\t<p><span class=\"TextRun SCXW199169562 BCX0\" lang=\"FR-CA\" xml:lang=\"FR-CA\" data-contrast=\"auto\"><a href=\"https:\/\/firstwork.org\/\" target=\"_blank\" rel=\"noopener\"><strong><span class=\"NormalTextRun SCXW199169562 BCX0\">First\u202f<\/span><span class=\"NormalTextRun SCXW199169562 BCX0\">Work<\/span><\/strong><\/a><span class=\"NormalTextRun SCXW199169562 BCX0\"> est le principal r\u00e9seau mutuel de d\u00e9veloppement de la main-d\u2019\u0153uvre en Ontario. Il regroupe des fournisseurs de services de programmes d\u2019emploi, des dirigeants d\u2019entreprises, le milieu universitaire et le gouvernement pour mettre au point et faire progresser des solutions visant \u00e0 combler le foss\u00e9 pour les personnes \u00e0 la recherche d\u2019un emploi, particuli\u00e8rement entre les jeunes et les occasions d\u2019emploi.\u00a0<\/span><\/span><\/p>\t\t\t\t\t\t\t\t<\/div>\n\t\t\t\t<\/div>\n\t\t\t\t\t<\/div>\n\t\t<\/div>\n\t\t\t\t\t<\/div>\n\t\t<\/section>\n\t\t\t\t<section class=\"elementor-section elementor-inner-section elementor-element elementor-element-767e2e5 elementor-section-boxed elementor-section-height-default elementor-section-height-default\" data-id=\"767e2e5\" data-element_type=\"section\" data-e-type=\"section\">\n\t\t\t\t\t\t<div class=\"elementor-container elementor-column-gap-default\">\n\t\t\t\t\t<div class=\"elementor-column elementor-col-33 elementor-inner-column elementor-element elementor-element-aae20d7\" data-id=\"aae20d7\" data-element_type=\"column\" data-e-type=\"column\">\n\t\t\t<div class=\"elementor-widget-wrap elementor-element-populated\">\n\t\t\t\t\t\t<div class=\"elementor-element elementor-element-282109e elementor-widget elementor-widget-image\" data-id=\"282109e\" data-element_type=\"widget\" data-e-type=\"widget\" data-settings=\"{&quot;ekit_we_effect_on&quot;:&quot;none&quot;}\" data-widget_type=\"image.default\">\n\t\t\t\t<div class=\"elementor-widget-container\">\n\t\t\t\t\t\t\t\t\t\t\t\t\t\t\t\t<a href=\"https:\/\/fsc-ccf.ca\/fr\/\" target=\"_blank\">\n\t\t\t\t\t\t\t<img loading=\"lazy\" decoding=\"async\" width=\"300\" height=\"177\" src=\"https:\/\/cannexus.ceric.ca\/wp-content\/uploads\/2022\/10\/FutureSkills.png\" class=\"attachment-medium size-medium wp-image-16760\" alt=\"\" \/>\t\t\t\t\t\t\t\t<\/a>\n\t\t\t\t\t\t\t\t\t\t\t\t\t\t\t<\/div>\n\t\t\t\t<\/div>\n\t\t\t\t\t<\/div>\n\t\t<\/div>\n\t\t\t\t<div class=\"elementor-column elementor-col-66 elementor-inner-column elementor-element elementor-element-2cbb1b5\" data-id=\"2cbb1b5\" data-element_type=\"column\" data-e-type=\"column\">\n\t\t\t<div class=\"elementor-widget-wrap elementor-element-populated\">\n\t\t\t\t\t\t<div class=\"elementor-element elementor-element-bd27957 elementor-widget elementor-widget-text-editor\" data-id=\"bd27957\" data-element_type=\"widget\" data-e-type=\"widget\" data-settings=\"{&quot;ekit_we_effect_on&quot;:&quot;none&quot;}\" data-widget_type=\"text-editor.default\">\n\t\t\t\t<div class=\"elementor-widget-container\">\n\t\t\t\t\t\t\t\t\t<p><a href=\"https:\/\/fsc-ccf.ca\/fr\/\" target=\"_blank\" rel=\"noopener\"><strong>Le Centre des Comp\u00e9tences futures (CCF)<\/strong><\/a> est un centre de recherche et de collaboration avant-gardiste qui m\u00e8ne l\u2019innovation dans le domaine du d\u00e9veloppement des comp\u00e9tences pour pr\u00e9parer les Canadiens \u00e0 l\u2019avenir du travail. Financ\u00e9 par le programme Comp\u00e9tences futures du gouvernement du Canada, le Centre des comp\u00e9tences futures s\u2019appuie sur l\u2019expertise en mati\u00e8re de production de donn\u00e9es probantes, de recherche et de mobilisation des connaissances des membres de notre consortium : Blueprint, le Conference Board du Canada et l\u2019Universit\u00e9 m\u00e9tropolitaine de Toronto (y compris le Diversity Institute et Magnet).<\/p>\t\t\t\t\t\t\t\t<\/div>\n\t\t\t\t<\/div>\n\t\t\t\t\t<\/div>\n\t\t<\/div>\n\t\t\t\t\t<\/div>\n\t\t<\/section>\n\t\t\t\t<section class=\"elementor-section elementor-inner-section elementor-element elementor-element-c497a04 elementor-section-boxed elementor-section-height-default elementor-section-height-default\" data-id=\"c497a04\" data-element_type=\"section\" data-e-type=\"section\">\n\t\t\t\t\t\t<div class=\"elementor-container elementor-column-gap-default\">\n\t\t\t\t\t<div class=\"elementor-column elementor-col-33 elementor-inner-column elementor-element elementor-element-19392aa\" data-id=\"19392aa\" data-element_type=\"column\" data-e-type=\"column\">\n\t\t\t<div class=\"elementor-widget-wrap elementor-element-populated\">\n\t\t\t\t\t\t<div class=\"elementor-element elementor-element-ea97e8e elementor-widget elementor-widget-image\" data-id=\"ea97e8e\" data-element_type=\"widget\" data-e-type=\"widget\" data-settings=\"{&quot;ekit_we_effect_on&quot;:&quot;none&quot;}\" data-widget_type=\"image.default\">\n\t\t\t\t<div class=\"elementor-widget-container\">\n\t\t\t\t\t\t\t\t\t\t\t\t\t\t\t\t<a href=\"http:\/\/www.theimplicitcareersearch.com\" target=\"_blank\">\n\t\t\t\t\t\t\t<img loading=\"lazy\" decoding=\"async\" width=\"300\" height=\"160\" src=\"https:\/\/cannexus.ceric.ca\/wp-content\/uploads\/2023\/12\/implicit-career-search.png\" class=\"attachment-medium size-medium wp-image-22518\" alt=\"\" \/>\t\t\t\t\t\t\t\t<\/a>\n\t\t\t\t\t\t\t\t\t\t\t\t\t\t\t<\/div>\n\t\t\t\t<\/div>\n\t\t\t\t\t<\/div>\n\t\t<\/div>\n\t\t\t\t<div class=\"elementor-column elementor-col-66 elementor-inner-column elementor-element elementor-element-479a096\" data-id=\"479a096\" data-element_type=\"column\" data-e-type=\"column\">\n\t\t\t<div class=\"elementor-widget-wrap elementor-element-populated\">\n\t\t\t\t\t\t<div class=\"elementor-element elementor-element-9540d27 elementor-widget elementor-widget-text-editor\" data-id=\"9540d27\" data-element_type=\"widget\" data-e-type=\"widget\" data-settings=\"{&quot;ekit_we_effect_on&quot;:&quot;none&quot;}\" data-widget_type=\"text-editor.default\">\n\t\t\t\t<div class=\"elementor-widget-container\">\n\t\t\t\t\t\t\t\t\t<p><a href=\"http:\/\/www.theimplicitcareersearch.com\" target=\"_blank\" rel=\"noopener\"><strong>Implicit Career Services<\/strong><\/a> propose des ateliers et des s\u00e9minaires de planification bas\u00e9s sur les objectifs partout en Am\u00e9rique du Nord et en Europe depuis 1994. Son atelier vedette, The Implicit Career Search (ICS), a fait l\u2019objet de plusieurs \u00e9tudes. Il s\u2019av\u00e8re, de mani\u00e8re g\u00e9n\u00e9rale, trois fois plus efficace pour trouver des emplois aux personnes sans emploi que les approches classiques de recherche d\u2019emploi. Deux nouveaux programmes, Career Hero en ligne et la version en classe condens\u00e9e de l\u2019ICS, Working On Purpose, ont r\u00e9cemment \u00e9t\u00e9 mis \u00e0 l\u2019essai par le gouvernement de l\u2019Alberta. Ainsi, ces programmes sont maintenant offerts sans frais \u00e0 tous les r\u00e9sidents de la province.<\/p>\t\t\t\t\t\t\t\t<\/div>\n\t\t\t\t<\/div>\n\t\t\t\t\t<\/div>\n\t\t<\/div>\n\t\t\t\t\t<\/div>\n\t\t<\/section>\n\t\t\t\t<section class=\"elementor-section elementor-inner-section elementor-element elementor-element-f8b9ec2 elementor-section-boxed elementor-section-height-default elementor-section-height-default\" data-id=\"f8b9ec2\" data-element_type=\"section\" data-e-type=\"section\">\n\t\t\t\t\t\t<div class=\"elementor-container elementor-column-gap-default\">\n\t\t\t\t\t<div class=\"elementor-column elementor-col-33 elementor-inner-column elementor-element elementor-element-1fcba1f\" data-id=\"1fcba1f\" data-element_type=\"column\" data-e-type=\"column\">\n\t\t\t<div class=\"elementor-widget-wrap elementor-element-populated\">\n\t\t\t\t\t\t<div class=\"elementor-element elementor-element-1e3321f elementor-widget elementor-widget-image\" data-id=\"1e3321f\" data-element_type=\"widget\" data-e-type=\"widget\" data-settings=\"{&quot;ekit_we_effect_on&quot;:&quot;none&quot;}\" data-widget_type=\"image.default\">\n\t\t\t\t<div class=\"elementor-widget-container\">\n\t\t\t\t\t\t\t\t\t\t\t\t\t\t\t\t<a href=\"https:\/\/instage.io\/\" target=\"_blank\">\n\t\t\t\t\t\t\t<img loading=\"lazy\" decoding=\"async\" width=\"300\" height=\"104\" src=\"https:\/\/cannexus.ceric.ca\/wp-content\/uploads\/2024\/01\/Instage_Logo_colour-300x104.png\" class=\"attachment-medium size-medium wp-image-22819\" alt=\"\" srcset=\"https:\/\/cannexus.ceric.ca\/wp-content\/uploads\/2024\/01\/Instage_Logo_colour-300x104.png 300w, https:\/\/cannexus.ceric.ca\/wp-content\/uploads\/2024\/01\/Instage_Logo_colour-1024x355.png 1024w, https:\/\/cannexus.ceric.ca\/wp-content\/uploads\/2024\/01\/Instage_Logo_colour-768x266.png 768w, https:\/\/cannexus.ceric.ca\/wp-content\/uploads\/2024\/01\/Instage_Logo_colour-1536x532.png 1536w, https:\/\/cannexus.ceric.ca\/wp-content\/uploads\/2024\/01\/Instage_Logo_colour.png 1994w\" sizes=\"(max-width: 300px) 100vw, 300px\" \/>\t\t\t\t\t\t\t\t<\/a>\n\t\t\t\t\t\t\t\t\t\t\t\t\t\t\t<\/div>\n\t\t\t\t<\/div>\n\t\t\t\t\t<\/div>\n\t\t<\/div>\n\t\t\t\t<div class=\"elementor-column elementor-col-66 elementor-inner-column elementor-element elementor-element-e1b727c\" data-id=\"e1b727c\" data-element_type=\"column\" data-e-type=\"column\">\n\t\t\t<div class=\"elementor-widget-wrap elementor-element-populated\">\n\t\t\t\t\t\t<div class=\"elementor-element elementor-element-3a16178 elementor-widget elementor-widget-text-editor\" data-id=\"3a16178\" data-element_type=\"widget\" data-e-type=\"widget\" data-settings=\"{&quot;ekit_we_effect_on&quot;:&quot;none&quot;}\" data-widget_type=\"text-editor.default\">\n\t\t\t\t<div class=\"elementor-widget-container\">\n\t\t\t\t\t\t\t\t\t<p><a href=\"https:\/\/instage.io\/\" target=\"_blank\" rel=\"noopener\"><strong>InStage<\/strong><\/a> : Avez-vous d\u00e9j\u00e0 discut\u00e9 avec un humain AI Digital ? Nous vous invitons \u00e0 nous rejoindre au kiosque InStage et \u00e0 voir comment vos pairs utilisent nos humains IA &#8211; plus de 25 000 \u00e9tudiants \u00e0 travers l\u2019Am\u00e9rique du Nord ont utilis\u00e9 InStage ce semestre. Nous aidons \u00e0 renforcer les capacit\u00e9s du personnel d\u2019orientation et \u00e0 donner confiance aux \u00e9tudiants.<\/p>\t\t\t\t\t\t\t\t<\/div>\n\t\t\t\t<\/div>\n\t\t\t\t\t<\/div>\n\t\t<\/div>\n\t\t\t\t\t<\/div>\n\t\t<\/section>\n\t\t\t\t<section class=\"elementor-section elementor-inner-section elementor-element elementor-element-68f29f6 elementor-section-boxed elementor-section-height-default elementor-section-height-default\" data-id=\"68f29f6\" data-element_type=\"section\" data-e-type=\"section\">\n\t\t\t\t\t\t<div class=\"elementor-container elementor-column-gap-default\">\n\t\t\t\t\t<div class=\"elementor-column elementor-col-33 elementor-inner-column elementor-element elementor-element-f726e51\" data-id=\"f726e51\" data-element_type=\"column\" data-e-type=\"column\">\n\t\t\t<div class=\"elementor-widget-wrap elementor-element-populated\">\n\t\t\t\t\t\t<div class=\"elementor-element elementor-element-edf33a6 elementor-widget elementor-widget-image\" data-id=\"edf33a6\" data-element_type=\"widget\" data-e-type=\"widget\" data-settings=\"{&quot;ekit_we_effect_on&quot;:&quot;none&quot;}\" data-widget_type=\"image.default\">\n\t\t\t\t<div class=\"elementor-widget-container\">\n\t\t\t\t\t\t\t\t\t\t\t\t\t\t\t\t<a href=\"https:\/\/inplacesoftware.com\/\" target=\"_blank\">\n\t\t\t\t\t\t\t<img loading=\"lazy\" decoding=\"async\" width=\"300\" height=\"160\" src=\"https:\/\/cannexus.ceric.ca\/wp-content\/uploads\/2023\/12\/Inplace-Software.png\" class=\"attachment-medium size-medium wp-image-22517\" alt=\"\" \/>\t\t\t\t\t\t\t\t<\/a>\n\t\t\t\t\t\t\t\t\t\t\t\t\t\t\t<\/div>\n\t\t\t\t<\/div>\n\t\t\t\t\t<\/div>\n\t\t<\/div>\n\t\t\t\t<div class=\"elementor-column elementor-col-66 elementor-inner-column elementor-element elementor-element-812a033\" data-id=\"812a033\" data-element_type=\"column\" data-e-type=\"column\">\n\t\t\t<div class=\"elementor-widget-wrap elementor-element-populated\">\n\t\t\t\t\t\t<div class=\"elementor-element elementor-element-5cf9486 elementor-widget elementor-widget-text-editor\" data-id=\"5cf9486\" data-element_type=\"widget\" data-e-type=\"widget\" data-settings=\"{&quot;ekit_we_effect_on&quot;:&quot;none&quot;}\" data-widget_type=\"text-editor.default\">\n\t\t\t\t<div class=\"elementor-widget-container\">\n\t\t\t\t\t\t\t\t\t<p><a href=\"https:\/\/inplacesoftware.com\/\" target=\"_blank\" rel=\"noopener\"><strong>InPlace Software<\/strong><\/a> est un puissant logiciel de gestion destin\u00e9 aux universit\u00e9s et aux coll\u00e8ges qui prend en charge un mod\u00e8le d\u2019entreprise pour la gestion des exp\u00e9riences de travail des \u00e9tudiants, peu importe leur forme : clinique, \u00e9tudiant-enseignant, stages, projets sectoriels, engagements \u00e0 l\u2019\u00e9tranger et plus.<\/p>\t\t\t\t\t\t\t\t<\/div>\n\t\t\t\t<\/div>\n\t\t\t\t\t<\/div>\n\t\t<\/div>\n\t\t\t\t\t<\/div>\n\t\t<\/section>\n\t\t\t\t<section class=\"elementor-section elementor-inner-section elementor-element elementor-element-001d051 elementor-section-boxed elementor-section-height-default elementor-section-height-default\" data-id=\"001d051\" data-element_type=\"section\" data-e-type=\"section\">\n\t\t\t\t\t\t<div class=\"elementor-container elementor-column-gap-default\">\n\t\t\t\t\t<div class=\"elementor-column elementor-col-33 elementor-inner-column elementor-element elementor-element-06762ee\" data-id=\"06762ee\" data-element_type=\"column\" data-e-type=\"column\">\n\t\t\t<div class=\"elementor-widget-wrap elementor-element-populated\">\n\t\t\t\t\t\t<div class=\"elementor-element elementor-element-962515e elementor-widget elementor-widget-image\" data-id=\"962515e\" data-element_type=\"widget\" data-e-type=\"widget\" data-settings=\"{&quot;ekit_we_effect_on&quot;:&quot;none&quot;}\" data-widget_type=\"image.default\">\n\t\t\t\t<div class=\"elementor-widget-container\">\n\t\t\t\t\t\t\t\t\t\t\t\t\t\t\t\t<a href=\"http:\/\/futureworx.ca\" target=\"_blank\">\n\t\t\t\t\t\t\t<img loading=\"lazy\" decoding=\"async\" width=\"300\" height=\"160\" src=\"https:\/\/cannexus.ceric.ca\/wp-content\/uploads\/2023\/12\/Futureworx.png\" class=\"attachment-medium size-medium wp-image-22515\" alt=\"\" \/>\t\t\t\t\t\t\t\t<\/a>\n\t\t\t\t\t\t\t\t\t\t\t\t\t\t\t<\/div>\n\t\t\t\t<\/div>\n\t\t\t\t\t<\/div>\n\t\t<\/div>\n\t\t\t\t<div class=\"elementor-column elementor-col-66 elementor-inner-column elementor-element elementor-element-f35533b\" data-id=\"f35533b\" data-element_type=\"column\" data-e-type=\"column\">\n\t\t\t<div class=\"elementor-widget-wrap elementor-element-populated\">\n\t\t\t\t\t\t<div class=\"elementor-element elementor-element-afd448c elementor-widget elementor-widget-text-editor\" data-id=\"afd448c\" data-element_type=\"widget\" data-e-type=\"widget\" data-settings=\"{&quot;ekit_we_effect_on&quot;:&quot;none&quot;}\" data-widget_type=\"text-editor.default\">\n\t\t\t\t<div class=\"elementor-widget-container\">\n\t\t\t\t\t\t\t\t\t<div style=\"color: #000000;\" data-ccp-timestamp=\"1666873300265\"><a href=\"https:\/\/futureworx.ca\/\" target=\"_blank\" rel=\"noopener\"><strong>Futureworx<\/strong><\/a> aide les personnes ayant des besoins divers \u00e0 d\u00e9terminer leurs points forts et leurs objectifs, \u00e0 d\u00e9velopper leurs comp\u00e9tences et \u00e0 r\u00e9ussir \u00e0 l\u2019\u00e9cole, au travail et dans la vie. Nous offrons une vaste gamme de programmes d\u2019emploi, d\u2019\u00e9tudes et de formation, ainsi que des services aux entreprises et personnalis\u00e9s qui r\u00e9pondent de mani\u00e8re innovante aux besoins de notre collectivit\u00e9, de notre province et de nos partenaires, au Canada comme \u00e0 l\u2019\u00e9tranger.<\/div>\t\t\t\t\t\t\t\t<\/div>\n\t\t\t\t<\/div>\n\t\t\t\t\t<\/div>\n\t\t<\/div>\n\t\t\t\t\t<\/div>\n\t\t<\/section>\n\t\t\t\t<section class=\"elementor-section elementor-inner-section elementor-element elementor-element-960ff5f elementor-section-boxed elementor-section-height-default elementor-section-height-default\" data-id=\"960ff5f\" data-element_type=\"section\" data-e-type=\"section\">\n\t\t\t\t\t\t<div class=\"elementor-container elementor-column-gap-default\">\n\t\t\t\t\t<div class=\"elementor-column elementor-col-33 elementor-inner-column elementor-element elementor-element-5fc48e7\" data-id=\"5fc48e7\" data-element_type=\"column\" data-e-type=\"column\">\n\t\t\t<div class=\"elementor-widget-wrap elementor-element-populated\">\n\t\t\t\t\t\t<div class=\"elementor-element elementor-element-d6c9be3 elementor-widget elementor-widget-image\" data-id=\"d6c9be3\" data-element_type=\"widget\" data-e-type=\"widget\" data-settings=\"{&quot;ekit_we_effect_on&quot;:&quot;none&quot;}\" data-widget_type=\"image.default\">\n\t\t\t\t<div class=\"elementor-widget-container\">\n\t\t\t\t\t\t\t\t\t\t\t\t\t\t\t\t<a href=\"https:\/\/magnetnetwork.ca\/fr\/\" target=\"_blank\">\n\t\t\t\t\t\t\t<img loading=\"lazy\" decoding=\"async\" width=\"300\" height=\"177\" src=\"https:\/\/cannexus.ceric.ca\/wp-content\/uploads\/2022\/10\/Magnet.png\" class=\"attachment-medium size-medium wp-image-16772\" alt=\"\" \/>\t\t\t\t\t\t\t\t<\/a>\n\t\t\t\t\t\t\t\t\t\t\t\t\t\t\t<\/div>\n\t\t\t\t<\/div>\n\t\t\t\t\t<\/div>\n\t\t<\/div>\n\t\t\t\t<div class=\"elementor-column elementor-col-66 elementor-inner-column elementor-element elementor-element-142d9b3\" data-id=\"142d9b3\" data-element_type=\"column\" data-e-type=\"column\">\n\t\t\t<div class=\"elementor-widget-wrap elementor-element-populated\">\n\t\t\t\t\t\t<div class=\"elementor-element elementor-element-61c5a54 elementor-widget elementor-widget-text-editor\" data-id=\"61c5a54\" data-element_type=\"widget\" data-e-type=\"widget\" data-settings=\"{&quot;ekit_we_effect_on&quot;:&quot;none&quot;}\" data-widget_type=\"text-editor.default\">\n\t\t\t\t<div class=\"elementor-widget-container\">\n\t\t\t\t\t\t\t\t\t<p><span class=\"TextRun SCXW25935244 BCX0\" lang=\"FR-CA\" xml:lang=\"FR-CA\" data-contrast=\"auto\"><a href=\"https:\/\/magnet.today\/fr\/\" target=\"_blank\" rel=\"noopener\"><strong><span class=\"NormalTextRun SCXW25935244 BCX0\">Magnet<\/span><\/strong><\/a><span class=\"NormalTextRun SCXW25935244 BCX0\"> est la seule plateforme de main-d\u2019\u0153uvre communautaire num\u00e9rique au Canada. \u00c9tablie \u00e0 l\u2019Universit\u00e9 m\u00e9tropolitaine de Toronto, Magnet regroupe des technologies pour cr\u00e9er une solution num\u00e9rique en constante \u00e9volution, qui permet aux organisations et aux entreprises de trouver des talents et des d\u00e9bouch\u00e9s.\u00a0<\/span><\/span><\/p>\t\t\t\t\t\t\t\t<\/div>\n\t\t\t\t<\/div>\n\t\t\t\t\t<\/div>\n\t\t<\/div>\n\t\t\t\t\t<\/div>\n\t\t<\/section>\n\t\t\t\t<section class=\"elementor-section elementor-inner-section elementor-element elementor-element-6902e36 elementor-section-boxed elementor-section-height-default elementor-section-height-default\" data-id=\"6902e36\" data-element_type=\"section\" data-e-type=\"section\">\n\t\t\t\t\t\t<div class=\"elementor-container elementor-column-gap-default\">\n\t\t\t\t\t<div class=\"elementor-column elementor-col-33 elementor-inner-column elementor-element elementor-element-ba16468\" data-id=\"ba16468\" data-element_type=\"column\" data-e-type=\"column\">\n\t\t\t<div class=\"elementor-widget-wrap elementor-element-populated\">\n\t\t\t\t\t\t<div class=\"elementor-element elementor-element-d2ae440 elementor-widget elementor-widget-image\" data-id=\"d2ae440\" data-element_type=\"widget\" data-e-type=\"widget\" data-settings=\"{&quot;ekit_we_effect_on&quot;:&quot;none&quot;}\" data-widget_type=\"image.default\">\n\t\t\t\t<div class=\"elementor-widget-container\">\n\t\t\t\t\t\t\t\t\t\t\t\t\t\t\t\t<a href=\"http:\/\/www.marchofdimes.ca\" target=\"_blank\">\n\t\t\t\t\t\t\t<img loading=\"lazy\" decoding=\"async\" width=\"300\" height=\"160\" src=\"https:\/\/cannexus.ceric.ca\/wp-content\/uploads\/2023\/12\/march-of-dimes.png\" class=\"attachment-medium size-medium wp-image-22520\" alt=\"\" \/>\t\t\t\t\t\t\t\t<\/a>\n\t\t\t\t\t\t\t\t\t\t\t\t\t\t\t<\/div>\n\t\t\t\t<\/div>\n\t\t\t\t\t<\/div>\n\t\t<\/div>\n\t\t\t\t<div class=\"elementor-column elementor-col-66 elementor-inner-column elementor-element elementor-element-bff281a\" data-id=\"bff281a\" data-element_type=\"column\" data-e-type=\"column\">\n\t\t\t<div class=\"elementor-widget-wrap elementor-element-populated\">\n\t\t\t\t\t\t<div class=\"elementor-element elementor-element-eb61570 elementor-widget elementor-widget-text-editor\" data-id=\"eb61570\" data-element_type=\"widget\" data-e-type=\"widget\" data-settings=\"{&quot;ekit_we_effect_on&quot;:&quot;none&quot;}\" data-widget_type=\"text-editor.default\">\n\t\t\t\t<div class=\"elementor-widget-container\">\n\t\t\t\t\t\t\t\t\t<p><a href=\"http:\/\/www.marchofdimes.ca\" target=\"_blank\" rel=\"noopener\"><strong>March of Dimes:<\/strong><\/a> Partenariat entre MODC, Microsoft et la CIBC qui investit dans toutes les \u00e9tapes de l\u2019emploi. Il comprend une formation gratuite en habilet\u00e9 num\u00e9rique, des comp\u00e9tences professionnelles essentielles et des certifications Microsoft, ainsi que des occasions de mentorat et de r\u00e9seautage, et du soutien en mati\u00e8re de d\u00e9veloppement de carri\u00e8re. SkillingUp aide les chercheurs d\u2019emploi \u00e0 am\u00e9liorer leur employabilit\u00e9 dans des postes en technologie et dans les domaines appuy\u00e9s par la technologie.<\/p>\t\t\t\t\t\t\t\t<\/div>\n\t\t\t\t<\/div>\n\t\t\t\t\t<\/div>\n\t\t<\/div>\n\t\t\t\t\t<\/div>\n\t\t<\/section>\n\t\t\t\t<section class=\"elementor-section elementor-inner-section elementor-element elementor-element-fb2f299 elementor-section-boxed elementor-section-height-default elementor-section-height-default\" data-id=\"fb2f299\" data-element_type=\"section\" data-e-type=\"section\">\n\t\t\t\t\t\t<div class=\"elementor-container elementor-column-gap-default\">\n\t\t\t\t\t<div class=\"elementor-column elementor-col-33 elementor-inner-column elementor-element elementor-element-fc8f835\" data-id=\"fc8f835\" data-element_type=\"column\" data-e-type=\"column\">\n\t\t\t<div class=\"elementor-widget-wrap elementor-element-populated\">\n\t\t\t\t\t\t<div class=\"elementor-element elementor-element-852f290 elementor-widget elementor-widget-image\" data-id=\"852f290\" data-element_type=\"widget\" data-e-type=\"widget\" data-settings=\"{&quot;ekit_we_effect_on&quot;:&quot;none&quot;}\" data-widget_type=\"image.default\">\n\t\t\t\t<div class=\"elementor-widget-container\">\n\t\t\t\t\t\t\t\t\t\t\t\t\t\t\t\t<a href=\"https:\/\/nacc.ca\/\" target=\"_blank\">\n\t\t\t\t\t\t\t<img loading=\"lazy\" decoding=\"async\" width=\"150\" height=\"150\" src=\"https:\/\/cannexus.ceric.ca\/wp-content\/uploads\/2024\/01\/nacc-150x150.png\" class=\"attachment-thumbnail size-thumbnail wp-image-22705\" alt=\"\" srcset=\"https:\/\/cannexus.ceric.ca\/wp-content\/uploads\/2024\/01\/nacc-150x150.png 150w, https:\/\/cannexus.ceric.ca\/wp-content\/uploads\/2024\/01\/nacc.png 225w\" sizes=\"(max-width: 150px) 100vw, 150px\" \/>\t\t\t\t\t\t\t\t<\/a>\n\t\t\t\t\t\t\t\t\t\t\t\t\t\t\t<\/div>\n\t\t\t\t<\/div>\n\t\t\t\t\t<\/div>\n\t\t<\/div>\n\t\t\t\t<div class=\"elementor-column elementor-col-66 elementor-inner-column elementor-element elementor-element-9d1e5fc\" data-id=\"9d1e5fc\" data-element_type=\"column\" data-e-type=\"column\">\n\t\t\t<div class=\"elementor-widget-wrap elementor-element-populated\">\n\t\t\t\t\t\t<div class=\"elementor-element elementor-element-48f484a elementor-widget elementor-widget-text-editor\" data-id=\"48f484a\" data-element_type=\"widget\" data-e-type=\"widget\" data-settings=\"{&quot;ekit_we_effect_on&quot;:&quot;none&quot;}\" data-widget_type=\"text-editor.default\">\n\t\t\t\t<div class=\"elementor-widget-container\">\n\t\t\t\t\t\t\t\t\t<p><a href=\"https:\/\/nacc.ca\/\" target=\"_blank\" rel=\"noopener\"><strong>NACC<\/strong><\/a> :\u00a0 Conseillez-vous les gens sur les choix de carri\u00e8re? Voyez-vous les coll\u00e8ges professionnels r\u00e9glement\u00e9s comme une option? Venez d\u00e9couvrir comment nous cr\u00e9ons des programmes de formation pour r\u00e9pondre aux besoins en mati\u00e8re de main-d\u2019\u0153uvre et favoriser des occasions de carri\u00e8re au Canada.<\/p>\t\t\t\t\t\t\t\t<\/div>\n\t\t\t\t<\/div>\n\t\t\t\t\t<\/div>\n\t\t<\/div>\n\t\t\t\t\t<\/div>\n\t\t<\/section>\n\t\t\t\t<section class=\"elementor-section elementor-inner-section elementor-element elementor-element-6bece5a elementor-section-boxed elementor-section-height-default elementor-section-height-default\" data-id=\"6bece5a\" data-element_type=\"section\" data-e-type=\"section\">\n\t\t\t\t\t\t<div class=\"elementor-container elementor-column-gap-default\">\n\t\t\t\t\t<div class=\"elementor-column elementor-col-33 elementor-inner-column elementor-element elementor-element-36dff57\" data-id=\"36dff57\" data-element_type=\"column\" data-e-type=\"column\">\n\t\t\t<div class=\"elementor-widget-wrap elementor-element-populated\">\n\t\t\t\t\t\t<div class=\"elementor-element elementor-element-5939fc0 elementor-widget elementor-widget-image\" data-id=\"5939fc0\" data-element_type=\"widget\" data-e-type=\"widget\" data-settings=\"{&quot;ekit_we_effect_on&quot;:&quot;none&quot;}\" data-widget_type=\"image.default\">\n\t\t\t\t<div class=\"elementor-widget-container\">\n\t\t\t\t\t\t\t\t\t\t\t\t\t\t\t\t<a href=\"https:\/\/nscda.ca\/\" target=\"_blank\">\n\t\t\t\t\t\t\t<img loading=\"lazy\" decoding=\"async\" width=\"300\" height=\"177\" src=\"https:\/\/cannexus.ceric.ca\/wp-content\/uploads\/2022\/10\/NSCDA.png\" class=\"attachment-medium size-medium wp-image-16778\" alt=\"\" \/>\t\t\t\t\t\t\t\t<\/a>\n\t\t\t\t\t\t\t\t\t\t\t\t\t\t\t<\/div>\n\t\t\t\t<\/div>\n\t\t\t\t\t<\/div>\n\t\t<\/div>\n\t\t\t\t<div class=\"elementor-column elementor-col-66 elementor-inner-column elementor-element elementor-element-061b32d\" data-id=\"061b32d\" data-element_type=\"column\" data-e-type=\"column\">\n\t\t\t<div class=\"elementor-widget-wrap elementor-element-populated\">\n\t\t\t\t\t\t<div class=\"elementor-element elementor-element-b4029bd elementor-widget elementor-widget-text-editor\" data-id=\"b4029bd\" data-element_type=\"widget\" data-e-type=\"widget\" data-settings=\"{&quot;ekit_we_effect_on&quot;:&quot;none&quot;}\" data-widget_type=\"text-editor.default\">\n\t\t\t\t<div class=\"elementor-widget-container\">\n\t\t\t\t\t\t\t\t\t<p><span class=\"TextRun SCXW92455932 BCX0\" lang=\"FR-CA\" xml:lang=\"FR-CA\" data-contrast=\"auto\"><span class=\"NormalTextRun SCXW92455932 BCX0\">La <\/span><strong><span class=\"NormalTextRun SCXW92455932 BCX0\">Nova <\/span><span class=\"NormalTextRun SCXW92455932 BCX0\">Scotia<\/span> <span class=\"NormalTextRun SpellingErrorV2Themed SCXW92455932 BCX0\">Career<\/span> <span class=\"NormalTextRun SpellingErrorV2Themed SCXW92455932 BCX0\">Development<\/span><\/strong><span class=\"NormalTextRun SCXW92455932 BCX0\"><strong> Association (<a href=\"https:\/\/nscda.ca\/\">NSCDA<\/a><\/strong>) est une organisation professionnelle qui compte plus de 850 membres. Elle fournit du soutien au secteur du d\u00e9veloppement de carri\u00e8re en fournissant des conseils, des outils, des programmes et des formations pour favoriser la croissance professionnelle. La NSCDA assure la liaison au niveau national pour favoriser le d\u00e9veloppement de la profession et assurera la prestation du programme national de certification en mati\u00e8re de d\u00e9veloppement de carri\u00e8re.\u00a0<\/span><\/span><\/p>\t\t\t\t\t\t\t\t<\/div>\n\t\t\t\t<\/div>\n\t\t\t\t\t<\/div>\n\t\t<\/div>\n\t\t\t\t\t<\/div>\n\t\t<\/section>\n\t\t\t\t<section class=\"elementor-section elementor-inner-section elementor-element elementor-element-41d5e1b elementor-section-boxed elementor-section-height-default elementor-section-height-default\" data-id=\"41d5e1b\" data-element_type=\"section\" data-e-type=\"section\">\n\t\t\t\t\t\t<div class=\"elementor-container elementor-column-gap-default\">\n\t\t\t\t\t<div class=\"elementor-column elementor-col-33 elementor-inner-column elementor-element elementor-element-49ce92f\" data-id=\"49ce92f\" data-element_type=\"column\" data-e-type=\"column\">\n\t\t\t<div class=\"elementor-widget-wrap elementor-element-populated\">\n\t\t\t\t\t\t<div class=\"elementor-element elementor-element-96e1373 elementor-widget elementor-widget-image\" data-id=\"96e1373\" data-element_type=\"widget\" data-e-type=\"widget\" data-settings=\"{&quot;ekit_we_effect_on&quot;:&quot;none&quot;}\" data-widget_type=\"image.default\">\n\t\t\t\t<div class=\"elementor-widget-container\">\n\t\t\t\t\t\t\t\t\t\t\t\t\t\t\t\t<a href=\"http:\/\/www.odenetwork.com\" target=\"_blank\">\n\t\t\t\t\t\t\t<img loading=\"lazy\" decoding=\"async\" width=\"300\" height=\"160\" src=\"https:\/\/cannexus.ceric.ca\/wp-content\/uploads\/2022\/12\/ODEN-1.png\" class=\"attachment-medium size-medium wp-image-17699\" alt=\"\" \/>\t\t\t\t\t\t\t\t<\/a>\n\t\t\t\t\t\t\t\t\t\t\t\t\t\t\t<\/div>\n\t\t\t\t<\/div>\n\t\t\t\t\t<\/div>\n\t\t<\/div>\n\t\t\t\t<div class=\"elementor-column elementor-col-66 elementor-inner-column elementor-element elementor-element-a538e6f\" data-id=\"a538e6f\" data-element_type=\"column\" data-e-type=\"column\">\n\t\t\t<div class=\"elementor-widget-wrap elementor-element-populated\">\n\t\t\t\t\t\t<div class=\"elementor-element elementor-element-a3ffbb2 elementor-widget elementor-widget-text-editor\" data-id=\"a3ffbb2\" data-element_type=\"widget\" data-e-type=\"widget\" data-settings=\"{&quot;ekit_we_effect_on&quot;:&quot;none&quot;}\" data-widget_type=\"text-editor.default\">\n\t\t\t\t<div class=\"elementor-widget-container\">\n\t\t\t\t\t\t\t\t\t<p>L\u2019<a href=\"https:\/\/www.odenetwork.com\/\" target=\"_blank\" rel=\"noopener\"><strong>ODEN<\/strong><\/a> est un r\u00e9seau professionnel constitu\u00e9 de fournisseurs de services d\u2019emploi qui se sont regroup\u00e9s pour am\u00e9liorer les occasions d\u2019emploi des personnes ayant une d\u00e9ficience. Nous comptons plus de 140 agences membres, qui ont toutes pour mission d\u2019aider les personnes ayant une d\u00e9ficience \u00e0 int\u00e9grer le march\u00e9 du travail. Les membres, qui proviennent de toutes les r\u00e9gions de l\u2019Ontario, soutiennent des personnes souffrant de d\u00e9ficiences de tous types. Notre vision : que toutes les personnes ayant une d\u00e9ficience en Ontario aient acc\u00e8s au march\u00e9 du travail et soient en mesure d\u2019obtenir un emploi int\u00e9ressant.<\/p>\t\t\t\t\t\t\t\t<\/div>\n\t\t\t\t<\/div>\n\t\t\t\t\t<\/div>\n\t\t<\/div>\n\t\t\t\t\t<\/div>\n\t\t<\/section>\n\t\t\t\t<section class=\"elementor-section elementor-inner-section elementor-element elementor-element-35d211a elementor-section-boxed elementor-section-height-default elementor-section-height-default\" data-id=\"35d211a\" data-element_type=\"section\" data-e-type=\"section\">\n\t\t\t\t\t\t<div class=\"elementor-container elementor-column-gap-default\">\n\t\t\t\t\t<div class=\"elementor-column elementor-col-33 elementor-inner-column elementor-element elementor-element-11e7dc9\" data-id=\"11e7dc9\" data-element_type=\"column\" data-e-type=\"column\">\n\t\t\t<div class=\"elementor-widget-wrap elementor-element-populated\">\n\t\t\t\t\t\t<div class=\"elementor-element elementor-element-e23d398 elementor-widget elementor-widget-image\" data-id=\"e23d398\" data-element_type=\"widget\" data-e-type=\"widget\" data-settings=\"{&quot;ekit_we_effect_on&quot;:&quot;none&quot;}\" data-widget_type=\"image.default\">\n\t\t\t\t<div class=\"elementor-widget-container\">\n\t\t\t\t\t\t\t\t\t\t\t\t\t\t\t\t<a href=\"https:\/\/onelifetools.com\/\" target=\"_blank\">\n\t\t\t\t\t\t\t<img loading=\"lazy\" decoding=\"async\" width=\"300\" height=\"68\" src=\"https:\/\/cannexus.ceric.ca\/wp-content\/uploads\/2024\/01\/onelifetools-300x68.png\" class=\"attachment-medium size-medium wp-image-22859\" alt=\"\" srcset=\"https:\/\/cannexus.ceric.ca\/wp-content\/uploads\/2024\/01\/onelifetools-300x68.png 300w, https:\/\/cannexus.ceric.ca\/wp-content\/uploads\/2024\/01\/onelifetools.png 433w\" sizes=\"(max-width: 300px) 100vw, 300px\" \/>\t\t\t\t\t\t\t\t<\/a>\n\t\t\t\t\t\t\t\t\t\t\t\t\t\t\t<\/div>\n\t\t\t\t<\/div>\n\t\t\t\t\t<\/div>\n\t\t<\/div>\n\t\t\t\t<div class=\"elementor-column elementor-col-66 elementor-inner-column elementor-element elementor-element-3bd5739\" data-id=\"3bd5739\" data-element_type=\"column\" data-e-type=\"column\">\n\t\t\t<div class=\"elementor-widget-wrap elementor-element-populated\">\n\t\t\t\t\t\t<div class=\"elementor-element elementor-element-b484b8d elementor-widget elementor-widget-text-editor\" data-id=\"b484b8d\" data-element_type=\"widget\" data-e-type=\"widget\" data-settings=\"{&quot;ekit_we_effect_on&quot;:&quot;none&quot;}\" data-widget_type=\"text-editor.default\">\n\t\t\t\t<div class=\"elementor-widget-container\">\n\t\t\t\t\t\t\t\t\t<p>L\u2019exp\u00e9rience \u00ab Who You Are Matters! \u00bb de <strong><a href=\"https:\/\/onelifetools.com\/\" target=\"_blank\" rel=\"noopener\">OneLifeTools<\/a><\/strong>, chef de file des techniques de narration, aide les professionnels en d\u00e9veloppement de carri\u00e8re \u00e0 d\u00e9terminer les prochaines \u00e9tapes avec leurs clients. Des jeux captivants et des outils narratifs fond\u00e9s sur des donn\u00e9es probantes guident les personnes dans un processus narratif ancr\u00e9 dans l\u2019histoire de leur cheminement personnel. Le cadre HEROICg, mis au point par Mark Franklin et Rich Feller, a \u00e9t\u00e9 utilis\u00e9 avec succ\u00e8s aupr\u00e8s de plus de 30 000 personnes \u00e0 l\u2019\u00e9chelle mondiale. Visitez notre kiosque pour d\u00e9couvrir l\u2019exp\u00e9rience \u00ab Who You Are Matters! \u00bb.<\/p>\t\t\t\t\t\t\t\t<\/div>\n\t\t\t\t<\/div>\n\t\t\t\t\t<\/div>\n\t\t<\/div>\n\t\t\t\t\t<\/div>\n\t\t<\/section>\n\t\t\t\t<section class=\"elementor-section elementor-inner-section elementor-element elementor-element-7d2cdf1 elementor-section-boxed elementor-section-height-default elementor-section-height-default\" data-id=\"7d2cdf1\" data-element_type=\"section\" data-e-type=\"section\">\n\t\t\t\t\t\t<div class=\"elementor-container elementor-column-gap-default\">\n\t\t\t\t\t<div class=\"elementor-column elementor-col-33 elementor-inner-column elementor-element elementor-element-5a01077\" data-id=\"5a01077\" data-element_type=\"column\" data-e-type=\"column\">\n\t\t\t<div class=\"elementor-widget-wrap elementor-element-populated\">\n\t\t\t\t\t\t<div class=\"elementor-element elementor-element-16478e6 elementor-widget elementor-widget-image\" data-id=\"16478e6\" data-element_type=\"widget\" data-e-type=\"widget\" data-settings=\"{&quot;ekit_we_effect_on&quot;:&quot;none&quot;}\" data-widget_type=\"image.default\">\n\t\t\t\t<div class=\"elementor-widget-container\">\n\t\t\t\t\t\t\t\t\t\t\t\t\t\t\t\t<a href=\"https:\/\/www.pandaslsj.org\/\" target=\"_blank\">\n\t\t\t\t\t\t\t<img loading=\"lazy\" decoding=\"async\" width=\"300\" height=\"96\" src=\"https:\/\/cannexus.ceric.ca\/wp-content\/uploads\/2024\/01\/PANDA-Saguenay-lac-st-jean2-300x96.jpg\" class=\"attachment-medium size-medium wp-image-22760\" alt=\"\" srcset=\"https:\/\/cannexus.ceric.ca\/wp-content\/uploads\/2024\/01\/PANDA-Saguenay-lac-st-jean2-300x96.jpg 300w, https:\/\/cannexus.ceric.ca\/wp-content\/uploads\/2024\/01\/PANDA-Saguenay-lac-st-jean2.jpg 700w\" sizes=\"(max-width: 300px) 100vw, 300px\" \/>\t\t\t\t\t\t\t\t<\/a>\n\t\t\t\t\t\t\t\t\t\t\t\t\t\t\t<\/div>\n\t\t\t\t<\/div>\n\t\t\t\t\t<\/div>\n\t\t<\/div>\n\t\t\t\t<div class=\"elementor-column elementor-col-66 elementor-inner-column elementor-element elementor-element-52e6183\" data-id=\"52e6183\" data-element_type=\"column\" data-e-type=\"column\">\n\t\t\t<div class=\"elementor-widget-wrap elementor-element-populated\">\n\t\t\t\t\t\t<div class=\"elementor-element elementor-element-f67a036 elementor-widget elementor-widget-text-editor\" data-id=\"f67a036\" data-element_type=\"widget\" data-e-type=\"widget\" data-settings=\"{&quot;ekit_we_effect_on&quot;:&quot;none&quot;}\" data-widget_type=\"text-editor.default\">\n\t\t\t\t<div class=\"elementor-widget-container\">\n\t\t\t\t\t\t\t\t\t<p>L<a href=\"https:\/\/www.pandaslsj.org\/\" target=\"_blank\" rel=\"noopener\"><strong>&#8216;Association PANDA Saguenay-Lac-St-Jean<\/strong><\/a> rassemble, accompagne et outille les individus vivant avec un TDAH, la douance ou des troubles d&#8217;apprentissage, ainsi que leur entourage. Notre mission englobe la formation, le soutien professionnel, la sensibilisation et la d\u00e9mystification au sein de la population r\u00e9gionale. PANDA \u201a Personne Apte\u00e9 N\u00e9gocier avec le D\u00e9ficit de l&#8217;Attention!<\/p>\t\t\t\t\t\t\t\t<\/div>\n\t\t\t\t<\/div>\n\t\t\t\t\t<\/div>\n\t\t<\/div>\n\t\t\t\t\t<\/div>\n\t\t<\/section>\n\t\t\t\t<section class=\"elementor-section elementor-inner-section elementor-element elementor-element-b982e1f elementor-section-boxed elementor-section-height-default elementor-section-height-default\" data-id=\"b982e1f\" data-element_type=\"section\" data-e-type=\"section\">\n\t\t\t\t\t\t<div class=\"elementor-container elementor-column-gap-default\">\n\t\t\t\t\t<div class=\"elementor-column elementor-col-33 elementor-inner-column elementor-element elementor-element-8f29f0a\" data-id=\"8f29f0a\" data-element_type=\"column\" data-e-type=\"column\">\n\t\t\t<div class=\"elementor-widget-wrap elementor-element-populated\">\n\t\t\t\t\t\t<div class=\"elementor-element elementor-element-de53c43 elementor-widget elementor-widget-image\" data-id=\"de53c43\" data-element_type=\"widget\" data-e-type=\"widget\" data-settings=\"{&quot;ekit_we_effect_on&quot;:&quot;none&quot;}\" data-widget_type=\"image.default\">\n\t\t\t\t<div class=\"elementor-widget-container\">\n\t\t\t\t\t\t\t\t\t\t\t\t\t\t\t\t<a href=\"https:\/\/www.rbc.com\/dms\/enterprise\/objectifavenir\/index.html\" target=\"_blank\">\n\t\t\t\t\t\t\t<img loading=\"lazy\" decoding=\"async\" width=\"300\" height=\"177\" src=\"https:\/\/cannexus.ceric.ca\/wp-content\/uploads\/2022\/12\/RBC-FR.png\" class=\"attachment-medium size-medium wp-image-17531\" alt=\"\" \/>\t\t\t\t\t\t\t\t<\/a>\n\t\t\t\t\t\t\t\t\t\t\t\t\t\t\t<\/div>\n\t\t\t\t<\/div>\n\t\t\t\t\t<\/div>\n\t\t<\/div>\n\t\t\t\t<div class=\"elementor-column elementor-col-66 elementor-inner-column elementor-element elementor-element-a6b6289\" data-id=\"a6b6289\" data-element_type=\"column\" data-e-type=\"column\">\n\t\t\t<div class=\"elementor-widget-wrap elementor-element-populated\">\n\t\t\t\t\t\t<div class=\"elementor-element elementor-element-1e25d5b elementor-widget elementor-widget-text-editor\" data-id=\"1e25d5b\" data-element_type=\"widget\" data-e-type=\"widget\" data-settings=\"{&quot;ekit_we_effect_on&quot;:&quot;none&quot;}\" data-widget_type=\"text-editor.default\">\n\t\t\t\t<div class=\"elementor-widget-container\">\n\t\t\t\t\t\t\t\t\t<div class=\"ewa-rteLine\">LE MONDE DU TRAVAIL \u00c9VOLUE. NOUS AVONS BESOIN QUE NOS JEUNES R\u00c9USSISSENT.<br \/>Malgr\u00e9 leur dynamisme, leur d\u00e9termination et leurs capacit\u00e9s, les jeunes Canadiens auront bient\u00f4t de plus en plus de mal \u00e0 naviguer sur un march\u00e9 du travail en constante \u00e9volution et \u00e0 y conna\u00eetre du succ\u00e8s. Avec ses partenaires ax\u00e9s sur les jeunes, <a href=\"https:\/\/www.rbc.com\/dms\/enterprise\/objectifavenir\/index.html\" target=\"_blank\" rel=\"noopener\"><strong>RBC<\/strong><\/a><sup>MD<\/sup> met \u00e0 profit ses capacit\u00e9s, ses atouts et ses ressources pour s\u2019assurer que les jeunes aient un meilleur acc\u00e8s au d\u00e9veloppement de comp\u00e9tences, aux possibilit\u00e9s de r\u00e9seautage et \u00e0 l\u2019exp\u00e9rience professionnelle. Parce que la r\u00e9ussite des jeunes Canadiens est notre r\u00e9ussite \u00e0 tous. Objectif avenir RBC. Outiller les jeunes pour les emplois d\u2019aujourd\u2019hui et de demain.<strong><span class=\"EOP SCXW99652321 BCX0\" data-ccp-props=\"{&quot;201341983&quot;:0,&quot;335559739&quot;:160,&quot;335559740&quot;:259}\">\u00a0<\/span><\/strong><\/div>\t\t\t\t\t\t\t\t<\/div>\n\t\t\t\t<\/div>\n\t\t\t\t\t<\/div>\n\t\t<\/div>\n\t\t\t\t\t<\/div>\n\t\t<\/section>\n\t\t\t\t<section class=\"elementor-section elementor-inner-section elementor-element elementor-element-d5bc7e6 elementor-section-boxed elementor-section-height-default elementor-section-height-default\" data-id=\"d5bc7e6\" data-element_type=\"section\" data-e-type=\"section\">\n\t\t\t\t\t\t<div class=\"elementor-container elementor-column-gap-default\">\n\t\t\t\t\t<div class=\"elementor-column elementor-col-33 elementor-inner-column elementor-element elementor-element-4189ca9\" data-id=\"4189ca9\" data-element_type=\"column\" data-e-type=\"column\">\n\t\t\t<div class=\"elementor-widget-wrap elementor-element-populated\">\n\t\t\t\t\t\t<div class=\"elementor-element elementor-element-28238f7 elementor-widget elementor-widget-image\" data-id=\"28238f7\" data-element_type=\"widget\" data-e-type=\"widget\" data-settings=\"{&quot;ekit_we_effect_on&quot;:&quot;none&quot;}\" data-widget_type=\"image.default\">\n\t\t\t\t<div class=\"elementor-widget-container\">\n\t\t\t\t\t\t\t\t\t\t\t\t\t\t\t\t<a href=\"http:\/\/royalroads.ca\" target=\"_blank\">\n\t\t\t\t\t\t\t<img loading=\"lazy\" decoding=\"async\" width=\"300\" height=\"160\" src=\"https:\/\/cannexus.ceric.ca\/wp-content\/uploads\/2023\/12\/royal-roads-university.png\" class=\"attachment-medium size-medium wp-image-22523\" alt=\"\" \/>\t\t\t\t\t\t\t\t<\/a>\n\t\t\t\t\t\t\t\t\t\t\t\t\t\t\t<\/div>\n\t\t\t\t<\/div>\n\t\t\t\t\t<\/div>\n\t\t<\/div>\n\t\t\t\t<div class=\"elementor-column elementor-col-66 elementor-inner-column elementor-element elementor-element-1516caf\" data-id=\"1516caf\" data-element_type=\"column\" data-e-type=\"column\">\n\t\t\t<div class=\"elementor-widget-wrap elementor-element-populated\">\n\t\t\t\t\t\t<div class=\"elementor-element elementor-element-eb83cfa elementor-widget elementor-widget-text-editor\" data-id=\"eb83cfa\" data-element_type=\"widget\" data-e-type=\"widget\" data-settings=\"{&quot;ekit_we_effect_on&quot;:&quot;none&quot;}\" data-widget_type=\"text-editor.default\">\n\t\t\t\t<div class=\"elementor-widget-container\">\n\t\t\t\t\t\t\t\t\t<p>Situ\u00e9e tout pr\u00e8s de l\u2019oc\u00e9an Pacifique, dans le parc historique Hatley de l\u2019\u00eele de Vancouver, l\u2019<a href=\"http:\/\/royalroads.ca\"><strong>Universit\u00e9 Royal Roads<\/strong> <\/a>est un lieu d\u2019enseignement sup\u00e9rieur extraordinaire, qui offre suffisamment de souplesse pour s\u2019adapter \u00e0 pratiquement tous les emplois du temps.<\/p>\t\t\t\t\t\t\t\t<\/div>\n\t\t\t\t<\/div>\n\t\t\t\t\t<\/div>\n\t\t<\/div>\n\t\t\t\t\t<\/div>\n\t\t<\/section>\n\t\t\t\t<section class=\"elementor-section elementor-inner-section elementor-element elementor-element-91e24dc elementor-section-boxed elementor-section-height-default elementor-section-height-default\" data-id=\"91e24dc\" data-element_type=\"section\" data-e-type=\"section\">\n\t\t\t\t\t\t<div class=\"elementor-container elementor-column-gap-default\">\n\t\t\t\t\t<div class=\"elementor-column elementor-col-33 elementor-inner-column elementor-element elementor-element-6875d73\" data-id=\"6875d73\" data-element_type=\"column\" data-e-type=\"column\">\n\t\t\t<div class=\"elementor-widget-wrap elementor-element-populated\">\n\t\t\t\t\t\t<div class=\"elementor-element elementor-element-c15d4e7 elementor-widget elementor-widget-image\" data-id=\"c15d4e7\" data-element_type=\"widget\" data-e-type=\"widget\" data-settings=\"{&quot;ekit_we_effect_on&quot;:&quot;none&quot;}\" data-widget_type=\"image.default\">\n\t\t\t\t<div class=\"elementor-widget-container\">\n\t\t\t\t\t\t\t\t\t\t\t\t\t\t\t\t<a href=\"https:\/\/mysparkpath.com\/\" target=\"_blank\">\n\t\t\t\t\t\t\t<img loading=\"lazy\" decoding=\"async\" width=\"300\" height=\"177\" src=\"https:\/\/cannexus.ceric.ca\/wp-content\/uploads\/2022\/10\/SparkPath-e1730993743245.png\" class=\"attachment-medium size-medium wp-image-16792\" alt=\"\" \/>\t\t\t\t\t\t\t\t<\/a>\n\t\t\t\t\t\t\t\t\t\t\t\t\t\t\t<\/div>\n\t\t\t\t<\/div>\n\t\t\t\t\t<\/div>\n\t\t<\/div>\n\t\t\t\t<div class=\"elementor-column elementor-col-66 elementor-inner-column elementor-element elementor-element-2135651\" data-id=\"2135651\" data-element_type=\"column\" data-e-type=\"column\">\n\t\t\t<div class=\"elementor-widget-wrap elementor-element-populated\">\n\t\t\t\t\t\t<div class=\"elementor-element elementor-element-f488602 elementor-widget elementor-widget-text-editor\" data-id=\"f488602\" data-element_type=\"widget\" data-e-type=\"widget\" data-settings=\"{&quot;ekit_we_effect_on&quot;:&quot;none&quot;}\" data-widget_type=\"text-editor.default\">\n\t\t\t\t<div class=\"elementor-widget-container\">\n\t\t\t\t\t\t\t\t\t<p><span class=\"TextRun SCXW117431679 BCX0\" lang=\"FR-CA\" xml:lang=\"FR-CA\" data-contrast=\"auto\"><span class=\"NormalTextRun SCXW117431679 BCX0\">Les Cartes d\u00e9fi, cr\u00e9\u00e9es par <\/span><a href=\"https:\/\/mysparkpath.com\/\" target=\"_blank\" rel=\"noopener\"><strong><span class=\"NormalTextRun SpellingErrorV2Themed SCXW117431679 BCX0\">SparkPath<\/span><\/strong><\/a><span class=\"NormalTextRun SCXW117431679 BCX0\">, aident les \u00e9l\u00e8ves \u00e0 explorer des d\u00e9fis du monde r\u00e9el, au lieu de se limiter \u00e0 des titres d\u2019emploi. Ces jeux de cartes lanc\u00e9s en 2017 ont \u00e9t\u00e9 vendus \u00e0 plus de 25\u202f000\u202fexemplaires dans le monde. Visitez notre kiosque pour d\u00e9couvrir les Cartes d\u00e9fis par vous-m\u00eame! Vous comprendrez pourquoi plus de 100\u202f\u00e9coles, \u00e9tablissements d\u2019enseignement sup\u00e9rieur et organisations sans but lucratif utilisent les Cartes d\u00e9fis.\u202f<\/span><\/span><\/p>\t\t\t\t\t\t\t\t<\/div>\n\t\t\t\t<\/div>\n\t\t\t\t\t<\/div>\n\t\t<\/div>\n\t\t\t\t\t<\/div>\n\t\t<\/section>\n\t\t\t\t<section class=\"elementor-section elementor-inner-section elementor-element elementor-element-c211e23 elementor-section-boxed elementor-section-height-default elementor-section-height-default\" data-id=\"c211e23\" data-element_type=\"section\" data-e-type=\"section\">\n\t\t\t\t\t\t<div class=\"elementor-container elementor-column-gap-default\">\n\t\t\t\t\t<div class=\"elementor-column elementor-col-33 elementor-inner-column elementor-element elementor-element-b286969\" data-id=\"b286969\" data-element_type=\"column\" data-e-type=\"column\">\n\t\t\t<div class=\"elementor-widget-wrap elementor-element-populated\">\n\t\t\t\t\t\t<div class=\"elementor-element elementor-element-7dbe741 elementor-widget elementor-widget-image\" data-id=\"7dbe741\" data-element_type=\"widget\" data-e-type=\"widget\" data-settings=\"{&quot;ekit_we_effect_on&quot;:&quot;none&quot;}\" data-widget_type=\"image.default\">\n\t\t\t\t<div class=\"elementor-widget-container\">\n\t\t\t\t\t\t\t\t\t\t\t\t\t\t\t\t<a href=\"https:\/\/uvaro.com\/\" target=\"_blank\">\n\t\t\t\t\t\t\t<img loading=\"lazy\" decoding=\"async\" width=\"208\" height=\"192\" src=\"https:\/\/cannexus.ceric.ca\/wp-content\/uploads\/2024\/01\/uvaro.png\" class=\"attachment-medium size-medium wp-image-22783\" alt=\"\" \/>\t\t\t\t\t\t\t\t<\/a>\n\t\t\t\t\t\t\t\t\t\t\t\t\t\t\t<\/div>\n\t\t\t\t<\/div>\n\t\t\t\t\t<\/div>\n\t\t<\/div>\n\t\t\t\t<div class=\"elementor-column elementor-col-66 elementor-inner-column elementor-element elementor-element-827e449\" data-id=\"827e449\" data-element_type=\"column\" data-e-type=\"column\">\n\t\t\t<div class=\"elementor-widget-wrap elementor-element-populated\">\n\t\t\t\t\t\t<div class=\"elementor-element elementor-element-bd8aae8 elementor-widget elementor-widget-text-editor\" data-id=\"bd8aae8\" data-element_type=\"widget\" data-e-type=\"widget\" data-settings=\"{&quot;ekit_we_effect_on&quot;:&quot;none&quot;}\" data-widget_type=\"text-editor.default\">\n\t\t\t\t<div class=\"elementor-widget-container\">\n\t\t\t\t\t\t\t\t\t<p><a href=\"https:\/\/uvaro.com\/\" target=\"_blank\" rel=\"noopener\"><strong>Uvaro<\/strong><\/a> est le chef de file mondial de la r\u00e9ussite professionnelle. Sa mission consiste \u00e0 cr\u00e9er des carri\u00e8res plus enrichissantes pour ses membres. Par sa plateforme exclusive et son approche globale en mati\u00e8re d\u2019apprentissage, Uvaro propose des formations de perfectionnement num\u00e9riques, des services de d\u00e9veloppement de carri\u00e8re et un r\u00e9seau d\u2019accompagnateurs. Ces outils aident les membres d\u2019Uvaro \u00e0 d\u00e9crocher des postes int\u00e9ressants dans le secteur des technologies et les soutiennent dans leur d\u00e9veloppement, du d\u00e9but \u00e0 la fin de leur carri\u00e8re. Les membres d\u2019Uvaro travaillent pour certaines des entreprises technologiques les plus grandes et les plus dynamiques au monde, comme Salesforce, PayPal et Oracle. Pour en savoir plus : www.uvaro.com<\/p>\t\t\t\t\t\t\t\t<\/div>\n\t\t\t\t<\/div>\n\t\t\t\t\t<\/div>\n\t\t<\/div>\n\t\t\t\t\t<\/div>\n\t\t<\/section>\n\t\t\t\t<section class=\"elementor-section elementor-inner-section elementor-element elementor-element-cf71f6c elementor-section-boxed elementor-section-height-default elementor-section-height-default\" data-id=\"cf71f6c\" data-element_type=\"section\" data-e-type=\"section\">\n\t\t\t\t\t\t<div class=\"elementor-container elementor-column-gap-default\">\n\t\t\t\t\t<div class=\"elementor-column elementor-col-33 elementor-inner-column elementor-element elementor-element-000f3b4\" data-id=\"000f3b4\" data-element_type=\"column\" data-e-type=\"column\">\n\t\t\t<div class=\"elementor-widget-wrap elementor-element-populated\">\n\t\t\t\t\t\t<div class=\"elementor-element elementor-element-a4dcc4d elementor-widget elementor-widget-image\" data-id=\"a4dcc4d\" data-element_type=\"widget\" data-e-type=\"widget\" data-settings=\"{&quot;ekit_we_effect_on&quot;:&quot;none&quot;}\" data-widget_type=\"image.default\">\n\t\t\t\t<div class=\"elementor-widget-container\">\n\t\t\t\t\t\t\t\t\t\t\t\t\t\t\t\t<a href=\"http:\/\/www.unpackingtech.ca\" target=\"_blank\">\n\t\t\t\t\t\t\t<img loading=\"lazy\" decoding=\"async\" width=\"300\" height=\"160\" src=\"https:\/\/cannexus.ceric.ca\/wp-content\/uploads\/2024\/01\/unpacking-tech-e1730995590788.png\" class=\"attachment-medium size-medium wp-image-22934\" alt=\"\" \/>\t\t\t\t\t\t\t\t<\/a>\n\t\t\t\t\t\t\t\t\t\t\t\t\t\t\t<\/div>\n\t\t\t\t<\/div>\n\t\t\t\t\t<\/div>\n\t\t<\/div>\n\t\t\t\t<div class=\"elementor-column elementor-col-66 elementor-inner-column elementor-element elementor-element-1003216\" data-id=\"1003216\" data-element_type=\"column\" data-e-type=\"column\">\n\t\t\t<div class=\"elementor-widget-wrap elementor-element-populated\">\n\t\t\t\t\t\t<div class=\"elementor-element elementor-element-c599cce elementor-widget elementor-widget-text-editor\" data-id=\"c599cce\" data-element_type=\"widget\" data-e-type=\"widget\" data-settings=\"{&quot;ekit_we_effect_on&quot;:&quot;none&quot;}\" data-widget_type=\"text-editor.default\">\n\t\t\t\t<div class=\"elementor-widget-container\">\n\t\t\t\t\t\t\t\t\t<p><a href=\"http:\/\/www.unpackingtech.ca\" target=\"_blank\" rel=\"noopener\"><strong>Unpacking Tech<\/strong><\/a> fournit aux intervenants en d\u00e9veloppement de carri\u00e8re et aux organisations de pr\u00e9paration \u00e0 la carri\u00e8re des connaissances sur le secteur technologique, afin qu\u2019ils puissent ouvrir la porte \u00e0 la technologie pour les clients qu\u2019ils servent. Nous offrons des ateliers et l\u2019acc\u00e8s \u00e0 des ressources technologiques qui aident les organisations \u00e0 mettre leurs clients en contact avec des carri\u00e8res en demande dans le secteur technologique.<\/p>\t\t\t\t\t\t\t\t<\/div>\n\t\t\t\t<\/div>\n\t\t\t\t\t<\/div>\n\t\t<\/div>\n\t\t\t\t\t<\/div>\n\t\t<\/section>\n\t\t\t\t<section class=\"elementor-section elementor-inner-section elementor-element elementor-element-385bfff elementor-section-boxed elementor-section-height-default elementor-section-height-default\" data-id=\"385bfff\" data-element_type=\"section\" data-e-type=\"section\">\n\t\t\t\t\t\t<div class=\"elementor-container elementor-column-gap-default\">\n\t\t\t\t\t<div class=\"elementor-column elementor-col-33 elementor-inner-column elementor-element elementor-element-d430189\" data-id=\"d430189\" data-element_type=\"column\" data-e-type=\"column\">\n\t\t\t<div class=\"elementor-widget-wrap elementor-element-populated\">\n\t\t\t\t\t\t<div class=\"elementor-element elementor-element-76d60f3 elementor-widget elementor-widget-image\" data-id=\"76d60f3\" data-element_type=\"widget\" data-e-type=\"widget\" data-settings=\"{&quot;ekit_we_effect_on&quot;:&quot;none&quot;}\" data-widget_type=\"image.default\">\n\t\t\t\t<div class=\"elementor-widget-container\">\n\t\t\t\t\t\t\t\t\t\t\t\t\t\t\t\t<a href=\"https:\/\/vracanada.com\/about\/\" target=\"_blank\">\n\t\t\t\t\t\t\t<img loading=\"lazy\" decoding=\"async\" width=\"150\" height=\"150\" src=\"https:\/\/cannexus.ceric.ca\/wp-content\/uploads\/2024\/01\/VRA-Canada-1-150x150.png\" class=\"attachment-thumbnail size-thumbnail wp-image-22743\" alt=\"\" srcset=\"https:\/\/cannexus.ceric.ca\/wp-content\/uploads\/2024\/01\/VRA-Canada-1-150x150.png 150w, https:\/\/cannexus.ceric.ca\/wp-content\/uploads\/2024\/01\/VRA-Canada-1-300x300.png 300w, https:\/\/cannexus.ceric.ca\/wp-content\/uploads\/2024\/01\/VRA-Canada-1.png 400w\" sizes=\"(max-width: 150px) 100vw, 150px\" \/>\t\t\t\t\t\t\t\t<\/a>\n\t\t\t\t\t\t\t\t\t\t\t\t\t\t\t<\/div>\n\t\t\t\t<\/div>\n\t\t\t\t\t<\/div>\n\t\t<\/div>\n\t\t\t\t<div class=\"elementor-column elementor-col-66 elementor-inner-column elementor-element elementor-element-f8ef6cb\" data-id=\"f8ef6cb\" data-element_type=\"column\" data-e-type=\"column\">\n\t\t\t<div class=\"elementor-widget-wrap elementor-element-populated\">\n\t\t\t\t\t\t<div class=\"elementor-element elementor-element-7c9455e elementor-widget elementor-widget-text-editor\" data-id=\"7c9455e\" data-element_type=\"widget\" data-e-type=\"widget\" data-settings=\"{&quot;ekit_we_effect_on&quot;:&quot;none&quot;}\" data-widget_type=\"text-editor.default\">\n\t\t\t\t<div class=\"elementor-widget-container\">\n\t\t\t\t\t\t\t\t\t<p><a href=\"https:\/\/vracanada.com\/about\/\" target=\"_blank\" rel=\"noopener\"><strong>VRA Canada<\/strong><\/a> soutient les professionnels en r\u00e9adaptation professionnelle et l\u2019avancement de la profession par l\u2019\u00e9ducation, la communication, la promotion et le r\u00e9seautage.<\/p>\t\t\t\t\t\t\t\t<\/div>\n\t\t\t\t<\/div>\n\t\t\t\t\t<\/div>\n\t\t<\/div>\n\t\t\t\t\t<\/div>\n\t\t<\/section>\n\t\t\t\t<section class=\"elementor-section elementor-inner-section elementor-element elementor-element-06641fa elementor-section-boxed elementor-section-height-default elementor-section-height-default\" data-id=\"06641fa\" data-element_type=\"section\" data-e-type=\"section\">\n\t\t\t\t\t\t<div class=\"elementor-container elementor-column-gap-default\">\n\t\t\t\t\t<div class=\"elementor-column elementor-col-33 elementor-inner-column elementor-element elementor-element-4e3b7ca\" data-id=\"4e3b7ca\" data-element_type=\"column\" data-e-type=\"column\">\n\t\t\t<div class=\"elementor-widget-wrap elementor-element-populated\">\n\t\t\t\t\t\t<div class=\"elementor-element elementor-element-6d35d01 elementor-widget elementor-widget-image\" data-id=\"6d35d01\" data-element_type=\"widget\" data-e-type=\"widget\" data-settings=\"{&quot;ekit_we_effect_on&quot;:&quot;none&quot;}\" data-widget_type=\"image.default\">\n\t\t\t\t<div class=\"elementor-widget-container\">\n\t\t\t\t\t\t\t\t\t\t\t\t\t\t\t\t<a href=\"https:\/\/wem.mb.ca\/\" target=\"_blank\">\n\t\t\t\t\t\t\t<img loading=\"lazy\" decoding=\"async\" width=\"300\" height=\"160\" src=\"https:\/\/cannexus.ceric.ca\/wp-content\/uploads\/2023\/12\/Workplace-Education-Manitoba.png\" class=\"attachment-medium size-medium wp-image-22527\" alt=\"\" \/>\t\t\t\t\t\t\t\t<\/a>\n\t\t\t\t\t\t\t\t\t\t\t\t\t\t\t<\/div>\n\t\t\t\t<\/div>\n\t\t\t\t\t<\/div>\n\t\t<\/div>\n\t\t\t\t<div class=\"elementor-column elementor-col-66 elementor-inner-column elementor-element elementor-element-e4396fd\" data-id=\"e4396fd\" data-element_type=\"column\" data-e-type=\"column\">\n\t\t\t<div class=\"elementor-widget-wrap elementor-element-populated\">\n\t\t\t\t\t\t<div class=\"elementor-element elementor-element-a02bf80 elementor-widget elementor-widget-text-editor\" data-id=\"a02bf80\" data-element_type=\"widget\" data-e-type=\"widget\" data-settings=\"{&quot;ekit_we_effect_on&quot;:&quot;none&quot;}\" data-widget_type=\"text-editor.default\">\n\t\t\t\t<div class=\"elementor-widget-container\">\n\t\t\t\t\t\t\t\t\t<p><a href=\"https:\/\/wem.mb.ca\/\" target=\"_blank\" rel=\"noopener\"><strong>Workplace Education Manitoba (WEM)<\/strong> <\/a>est un fournisseur de premier plan de solutions de formation en mati\u00e8re de comp\u00e9tences pour r\u00e9ussir, notamment des \u00e9valuations, des formations sur demande, des webinaires en direct, des formations en ligne et des formations personnalis\u00e9es en classe pour petites et moyennes entreprises. WEM est fier d\u2019\u00eatre le chef de projet pour le projet pancanadien Workplace Connections du gouvernement du Canada, qui propose une certification en comp\u00e9tences pour r\u00e9ussir et en comp\u00e9tences relationnelles, ainsi que des comp\u00e9tences relationnelles. Il est prouv\u00e9 que celles-ci augmentent la r\u00e9tention, l\u2019engagement, le rendement et la rentabilit\u00e9.<\/p>\t\t\t\t\t\t\t\t<\/div>\n\t\t\t\t<\/div>\n\t\t\t\t\t<\/div>\n\t\t<\/div>\n\t\t\t\t\t<\/div>\n\t\t<\/section>\n\t\t\t\t<section class=\"elementor-section elementor-inner-section elementor-element elementor-element-357a13b elementor-section-boxed elementor-section-height-default elementor-section-height-default\" data-id=\"357a13b\" data-element_type=\"section\" data-e-type=\"section\">\n\t\t\t\t\t\t<div class=\"elementor-container elementor-column-gap-default\">\n\t\t\t\t\t<div class=\"elementor-column elementor-col-33 elementor-inner-column elementor-element elementor-element-39de7e2\" data-id=\"39de7e2\" data-element_type=\"column\" data-e-type=\"column\">\n\t\t\t<div class=\"elementor-widget-wrap elementor-element-populated\">\n\t\t\t\t\t\t<div class=\"elementor-element elementor-element-9d5bf8f elementor-widget elementor-widget-image\" data-id=\"9d5bf8f\" data-element_type=\"widget\" data-e-type=\"widget\" data-settings=\"{&quot;ekit_we_effect_on&quot;:&quot;none&quot;}\" data-widget_type=\"image.default\">\n\t\t\t\t<div class=\"elementor-widget-container\">\n\t\t\t\t\t\t\t\t\t\t\t\t\t\t\t\t<a href=\"https:\/\/www.yes.on.ca\/program\/hsbc-career-accelerator\/\" target=\"_blank\">\n\t\t\t\t\t\t\t<img loading=\"lazy\" decoding=\"async\" width=\"300\" height=\"177\" src=\"https:\/\/cannexus.ceric.ca\/wp-content\/uploads\/2022\/10\/YES.png\" class=\"attachment-medium size-medium wp-image-16960\" alt=\"\" \/>\t\t\t\t\t\t\t\t<\/a>\n\t\t\t\t\t\t\t\t\t\t\t\t\t\t\t<\/div>\n\t\t\t\t<\/div>\n\t\t\t\t\t<\/div>\n\t\t<\/div>\n\t\t\t\t<div class=\"elementor-column elementor-col-66 elementor-inner-column elementor-element elementor-element-c1842dd\" data-id=\"c1842dd\" data-element_type=\"column\" data-e-type=\"column\">\n\t\t\t<div class=\"elementor-widget-wrap elementor-element-populated\">\n\t\t\t\t\t\t<div class=\"elementor-element elementor-element-75eff31 elementor-widget elementor-widget-text-editor\" data-id=\"75eff31\" data-element_type=\"widget\" data-e-type=\"widget\" data-settings=\"{&quot;ekit_we_effect_on&quot;:&quot;none&quot;}\" data-widget_type=\"text-editor.default\">\n\t\t\t\t<div class=\"elementor-widget-container\">\n\t\t\t\t\t\t\t\t\t<p><a href=\"https:\/\/www.yes.on.ca\/program\/hsbc-career-accelerator\/\"><strong><span class=\"TextRun SCXW47255889 BCX0\" lang=\"FR-CA\" xml:lang=\"FR-CA\" data-contrast=\"auto\"><span class=\"NormalTextRun SpellingErrorV2Themed SCXW47255889 BCX0\">Yo<\/span><\/span><\/strong><\/a><span class=\"TextRun SCXW47255889 BCX0\" lang=\"FR-CA\" xml:lang=\"FR-CA\" data-contrast=\"auto\"><span class=\"NormalTextRun SCXW47255889 BCX0\"><a href=\"https:\/\/www.yes.on.ca\/program\/hsbc-career-accelerator\/\" target=\"_blank\" rel=\"noopener\"><b>uth Employment Services (YES) <\/b><\/a>est le chef de file canadien en mati\u00e8re de formation, de programmes et d\u2019aide au placement pour les jeunes. L\u2019organisme aide chaque ann\u00e9e des dizaines de milliers de jeunes qui font face \u00e0 de nombreux obstacles, et son taux de r\u00e9ussite s\u2019\u00e9l\u00e8ve \u00e0 pr\u00e8s de 90 %. Depuis 1968, YES aide les jeunes, directement et indirectement. YES collabore avec des partenaires communautaires partout au Canada, cr\u00e9ant une nation plus forte et changeant des vies pour toujours.<br \/><\/span><\/span><\/p>\t\t\t\t\t\t\t\t<\/div>\n\t\t\t\t<\/div>\n\t\t\t\t\t<\/div>\n\t\t<\/div>\n\t\t\t\t\t<\/div>\n\t\t<\/section>\n\t\t\t\t<section class=\"elementor-section elementor-inner-section elementor-element elementor-element-063f9f9 elementor-section-boxed elementor-section-height-default elementor-section-height-default\" data-id=\"063f9f9\" data-element_type=\"section\" data-e-type=\"section\">\n\t\t\t\t\t\t<div class=\"elementor-container elementor-column-gap-default\">\n\t\t\t\t\t<div class=\"elementor-column elementor-col-33 elementor-inner-column elementor-element elementor-element-6536138\" data-id=\"6536138\" data-element_type=\"column\" data-e-type=\"column\">\n\t\t\t<div class=\"elementor-widget-wrap\">\n\t\t\t\t\t\t\t<\/div>\n\t\t<\/div>\n\t\t\t\t<div class=\"elementor-column elementor-col-66 elementor-inner-column elementor-element elementor-element-daa6200\" data-id=\"daa6200\" data-element_type=\"column\" data-e-type=\"column\">\n\t\t\t<div class=\"elementor-widget-wrap\">\n\t\t\t\t\t\t\t<\/div>\n\t\t<\/div>\n\t\t\t\t\t<\/div>\n\t\t<\/section>\n\t\t\t\t\t<\/div>\n\t\t<\/div>\n\t\t\t\t\t<\/div>\n\t\t<\/section>\n\t\t\t\t<\/div>\n\t\t","protected":false},"excerpt":{"rendered":"<p>Aire d\u2019exposition de Cannexus24 Cannexus propose une aire d&#8217;exposition d\u2019organisations qui offrent des programmes, des produits et des services susceptibles d\u2019int\u00e9resser les professionnels du d\u00e9veloppement de carri\u00e8re. Certaines exposeront en personne, d&#8217;autres virtuellement et d&#8217;autres encore en hybride. Jetez un coup d&#8217;\u0153il \u00e0 nos exposants de Cannexus24 pour voir comment ils peuvent vous soutenir dans [&hellip;]<\/p>\n","protected":false},"author":9,"featured_media":0,"parent":0,"menu_order":0,"comment_status":"closed","ping_status":"closed","template":"template\/full-width-template.php","meta":{"wp_social_preview_title":"","wp_social_preview_description":"","wp_social_preview_image":0,"footnotes":""},"class_list":["post-22331","page","type-page","status-publish","hentry"],"yoast_head":"<!-- This site is optimized with the Yoast SEO Premium plugin v26.0 (Yoast SEO v26.0) - https:\/\/yoast.com\/wordpress\/plugins\/seo\/ -->\n<title>Aire d\u2019exposition de Cannexus24 - Cannexus27<\/title>\n<meta name=\"robots\" content=\"index, follow, max-snippet:-1, max-image-preview:large, max-video-preview:-1\" \/>\n<link rel=\"canonical\" href=\"https:\/\/cannexus.ceric.ca\/fr\/aire-dexposition-de-cannexus24\/\" \/>\n<meta property=\"og:locale\" content=\"fr_FR\" \/>\n<meta property=\"og:type\" content=\"article\" \/>\n<meta property=\"og:title\" content=\"Aire d\u2019exposition de Cannexus24\" \/>\n<meta property=\"og:description\" content=\"Aire d\u2019exposition de Cannexus24 Cannexus propose une aire d&#8217;exposition d\u2019organisations qui offrent des programmes, des produits et des services susceptibles d\u2019int\u00e9resser les professionnels du d\u00e9veloppement de carri\u00e8re. Certaines exposeront en personne, d&#8217;autres virtuellement et d&#8217;autres encore en hybride. Jetez un coup d&#8217;\u0153il \u00e0 nos exposants de Cannexus24 pour voir comment ils peuvent vous soutenir dans [&hellip;]\" \/>\n<meta property=\"og:url\" content=\"https:\/\/cannexus.ceric.ca\/fr\/aire-dexposition-de-cannexus24\/\" \/>\n<meta property=\"og:site_name\" content=\"Cannexus27\" \/>\n<meta property=\"article:modified_time\" content=\"2025-04-08T21:16:49+00:00\" \/>\n<meta property=\"og:image\" content=\"https:\/\/cannexus.ceric.ca\/wp-content\/uploads\/2023\/12\/Alpha-pour-la-vie-Canada.png\" \/>\n\t<meta property=\"og:image:width\" content=\"300\" \/>\n\t<meta property=\"og:image:height\" content=\"160\" \/>\n\t<meta property=\"og:image:type\" content=\"image\/png\" \/>\n<meta name=\"twitter:card\" content=\"summary_large_image\" \/>\n<meta name=\"twitter:label1\" content=\"Dur\u00e9e de lecture estim\u00e9e\" \/>\n\t<meta name=\"twitter:data1\" content=\"28 minutes\" \/>\n<script type=\"application\/ld+json\" class=\"yoast-schema-graph\">{\"@context\":\"https:\/\/schema.org\",\"@graph\":[{\"@type\":\"WebPage\",\"@id\":\"https:\/\/cannexus.ceric.ca\/fr\/aire-dexposition-de-cannexus24\/\",\"url\":\"https:\/\/cannexus.ceric.ca\/fr\/aire-dexposition-de-cannexus24\/\",\"name\":\"Aire d\u2019exposition de Cannexus24 - Cannexus27\",\"isPartOf\":{\"@id\":\"https:\/\/cannexus.ceric.ca\/fr\/#website\"},\"primaryImageOfPage\":{\"@id\":\"https:\/\/cannexus.ceric.ca\/fr\/aire-dexposition-de-cannexus24\/#primaryimage\"},\"image\":{\"@id\":\"https:\/\/cannexus.ceric.ca\/fr\/aire-dexposition-de-cannexus24\/#primaryimage\"},\"thumbnailUrl\":\"https:\/\/cannexus.ceric.ca\/wp-content\/uploads\/2023\/12\/Alpha-pour-la-vie-Canada.png?_t=1744147009\",\"datePublished\":\"2023-11-17T04:17:05+00:00\",\"dateModified\":\"2025-04-08T21:16:49+00:00\",\"breadcrumb\":{\"@id\":\"https:\/\/cannexus.ceric.ca\/fr\/aire-dexposition-de-cannexus24\/#breadcrumb\"},\"inLanguage\":\"fr-FR\",\"potentialAction\":[{\"@type\":\"ReadAction\",\"target\":[\"https:\/\/cannexus.ceric.ca\/fr\/aire-dexposition-de-cannexus24\/\"]}]},{\"@type\":\"ImageObject\",\"inLanguage\":\"fr-FR\",\"@id\":\"https:\/\/cannexus.ceric.ca\/fr\/aire-dexposition-de-cannexus24\/#primaryimage\",\"url\":\"https:\/\/cannexus.ceric.ca\/wp-content\/uploads\/2023\/12\/Alpha-pour-la-vie-Canada.png?_t=1744147009\",\"contentUrl\":\"https:\/\/cannexus.ceric.ca\/wp-content\/uploads\/2023\/12\/Alpha-pour-la-vie-Canada.png?_t=1744147009\"},{\"@type\":\"BreadcrumbList\",\"@id\":\"https:\/\/cannexus.ceric.ca\/fr\/aire-dexposition-de-cannexus24\/#breadcrumb\",\"itemListElement\":[{\"@type\":\"ListItem\",\"position\":1,\"name\":\"Home\",\"item\":\"https:\/\/cannexus.ceric.ca\/fr\/\"},{\"@type\":\"ListItem\",\"position\":2,\"name\":\"Aire d\u2019exposition de Cannexus24\"}]},{\"@type\":\"WebSite\",\"@id\":\"https:\/\/cannexus.ceric.ca\/fr\/#website\",\"url\":\"https:\/\/cannexus.ceric.ca\/fr\/\",\"name\":\"Cannexus26: Canada\u2019s Career Development Conference\",\"description\":\"Canada\u2019s Career Development Conference\",\"publisher\":{\"@id\":\"https:\/\/cannexus.ceric.ca\/fr\/#organization\"},\"alternateName\":\"Cannexus26\",\"potentialAction\":[{\"@type\":\"SearchAction\",\"target\":{\"@type\":\"EntryPoint\",\"urlTemplate\":\"https:\/\/cannexus.ceric.ca\/fr\/?s={search_term_string}\"},\"query-input\":{\"@type\":\"PropertyValueSpecification\",\"valueRequired\":true,\"valueName\":\"search_term_string\"}}],\"inLanguage\":\"fr-FR\"},{\"@type\":\"Organization\",\"@id\":\"https:\/\/cannexus.ceric.ca\/fr\/#organization\",\"name\":\"Cannexus26\",\"url\":\"https:\/\/cannexus.ceric.ca\/fr\/\",\"logo\":{\"@type\":\"ImageObject\",\"inLanguage\":\"fr-FR\",\"@id\":\"https:\/\/cannexus.ceric.ca\/fr\/#\/schema\/logo\/image\/\",\"url\":\"https:\/\/cannexus.ceric.ca\/wp-content\/uploads\/2025\/04\/CX-seal.png\",\"contentUrl\":\"https:\/\/cannexus.ceric.ca\/wp-content\/uploads\/2025\/04\/CX-seal.png\",\"width\":2000,\"height\":1574,\"caption\":\"Cannexus26\"},\"image\":{\"@id\":\"https:\/\/cannexus.ceric.ca\/fr\/#\/schema\/logo\/image\/\"}}]}<\/script>\n<!-- \/ Yoast SEO Premium plugin. -->","yoast_head_json":{"title":"Aire d\u2019exposition de Cannexus24 - Cannexus27","robots":{"index":"index","follow":"follow","max-snippet":"max-snippet:-1","max-image-preview":"max-image-preview:large","max-video-preview":"max-video-preview:-1"},"canonical":"https:\/\/cannexus.ceric.ca\/fr\/aire-dexposition-de-cannexus24\/","og_locale":"fr_FR","og_type":"article","og_title":"Aire d\u2019exposition de Cannexus24","og_description":"Aire d\u2019exposition de Cannexus24 Cannexus propose une aire d&#8217;exposition d\u2019organisations qui offrent des programmes, des produits et des services susceptibles d\u2019int\u00e9resser les professionnels du d\u00e9veloppement de carri\u00e8re. Certaines exposeront en personne, d&#8217;autres virtuellement et d&#8217;autres encore en hybride. Jetez un coup d&#8217;\u0153il \u00e0 nos exposants de Cannexus24 pour voir comment ils peuvent vous soutenir dans [&hellip;]","og_url":"https:\/\/cannexus.ceric.ca\/fr\/aire-dexposition-de-cannexus24\/","og_site_name":"Cannexus27","article_modified_time":"2025-04-08T21:16:49+00:00","og_image":[{"width":300,"height":160,"url":"https:\/\/cannexus.ceric.ca\/wp-content\/uploads\/2023\/12\/Alpha-pour-la-vie-Canada.png","type":"image\/png"}],"twitter_card":"summary_large_image","twitter_misc":{"Dur\u00e9e de lecture estim\u00e9e":"28 minutes"},"schema":{"@context":"https:\/\/schema.org","@graph":[{"@type":"WebPage","@id":"https:\/\/cannexus.ceric.ca\/fr\/aire-dexposition-de-cannexus24\/","url":"https:\/\/cannexus.ceric.ca\/fr\/aire-dexposition-de-cannexus24\/","name":"Aire d\u2019exposition de Cannexus24 - Cannexus27","isPartOf":{"@id":"https:\/\/cannexus.ceric.ca\/fr\/#website"},"primaryImageOfPage":{"@id":"https:\/\/cannexus.ceric.ca\/fr\/aire-dexposition-de-cannexus24\/#primaryimage"},"image":{"@id":"https:\/\/cannexus.ceric.ca\/fr\/aire-dexposition-de-cannexus24\/#primaryimage"},"thumbnailUrl":"https:\/\/cannexus.ceric.ca\/wp-content\/uploads\/2023\/12\/Alpha-pour-la-vie-Canada.png?_t=1744147009","datePublished":"2023-11-17T04:17:05+00:00","dateModified":"2025-04-08T21:16:49+00:00","breadcrumb":{"@id":"https:\/\/cannexus.ceric.ca\/fr\/aire-dexposition-de-cannexus24\/#breadcrumb"},"inLanguage":"fr-FR","potentialAction":[{"@type":"ReadAction","target":["https:\/\/cannexus.ceric.ca\/fr\/aire-dexposition-de-cannexus24\/"]}]},{"@type":"ImageObject","inLanguage":"fr-FR","@id":"https:\/\/cannexus.ceric.ca\/fr\/aire-dexposition-de-cannexus24\/#primaryimage","url":"https:\/\/cannexus.ceric.ca\/wp-content\/uploads\/2023\/12\/Alpha-pour-la-vie-Canada.png?_t=1744147009","contentUrl":"https:\/\/cannexus.ceric.ca\/wp-content\/uploads\/2023\/12\/Alpha-pour-la-vie-Canada.png?_t=1744147009"},{"@type":"BreadcrumbList","@id":"https:\/\/cannexus.ceric.ca\/fr\/aire-dexposition-de-cannexus24\/#breadcrumb","itemListElement":[{"@type":"ListItem","position":1,"name":"Home","item":"https:\/\/cannexus.ceric.ca\/fr\/"},{"@type":"ListItem","position":2,"name":"Aire d\u2019exposition de Cannexus24"}]},{"@type":"WebSite","@id":"https:\/\/cannexus.ceric.ca\/fr\/#website","url":"https:\/\/cannexus.ceric.ca\/fr\/","name":"Cannexus26: Canada\u2019s Career Development Conference","description":"Canada\u2019s Career Development Conference","publisher":{"@id":"https:\/\/cannexus.ceric.ca\/fr\/#organization"},"alternateName":"Cannexus26","potentialAction":[{"@type":"SearchAction","target":{"@type":"EntryPoint","urlTemplate":"https:\/\/cannexus.ceric.ca\/fr\/?s={search_term_string}"},"query-input":{"@type":"PropertyValueSpecification","valueRequired":true,"valueName":"search_term_string"}}],"inLanguage":"fr-FR"},{"@type":"Organization","@id":"https:\/\/cannexus.ceric.ca\/fr\/#organization","name":"Cannexus26","url":"https:\/\/cannexus.ceric.ca\/fr\/","logo":{"@type":"ImageObject","inLanguage":"fr-FR","@id":"https:\/\/cannexus.ceric.ca\/fr\/#\/schema\/logo\/image\/","url":"https:\/\/cannexus.ceric.ca\/wp-content\/uploads\/2025\/04\/CX-seal.png","contentUrl":"https:\/\/cannexus.ceric.ca\/wp-content\/uploads\/2025\/04\/CX-seal.png","width":2000,"height":1574,"caption":"Cannexus26"},"image":{"@id":"https:\/\/cannexus.ceric.ca\/fr\/#\/schema\/logo\/image\/"}}]}},"_links":{"self":[{"href":"https:\/\/cannexus.ceric.ca\/fr\/wp-json\/wp\/v2\/pages\/22331","targetHints":{"allow":["GET"]}}],"collection":[{"href":"https:\/\/cannexus.ceric.ca\/fr\/wp-json\/wp\/v2\/pages"}],"about":[{"href":"https:\/\/cannexus.ceric.ca\/fr\/wp-json\/wp\/v2\/types\/page"}],"author":[{"embeddable":true,"href":"https:\/\/cannexus.ceric.ca\/fr\/wp-json\/wp\/v2\/users\/9"}],"replies":[{"embeddable":true,"href":"https:\/\/cannexus.ceric.ca\/fr\/wp-json\/wp\/v2\/comments?post=22331"}],"version-history":[{"count":0,"href":"https:\/\/cannexus.ceric.ca\/fr\/wp-json\/wp\/v2\/pages\/22331\/revisions"}],"wp:attachment":[{"href":"https:\/\/cannexus.ceric.ca\/fr\/wp-json\/wp\/v2\/media?parent=22331"}],"curies":[{"name":"wp","href":"https:\/\/api.w.org\/{rel}","templated":true}]}}