{"id":21709,"date":"2023-08-11T13:56:04","date_gmt":"2023-08-11T17:56:04","guid":{"rendered":"https:\/\/cannexus.ceric.ca\/?page_id=21709"},"modified":"2023-10-04T13:52:49","modified_gmt":"2023-10-04T17:52:49","slug":"inspirer-et-habiliter-la-jeunesse-autochtone-par-le-plaidoyer-radical","status":"publish","type":"page","link":"https:\/\/cannexus.ceric.ca\/fr\/inspirer-et-habiliter-la-jeunesse-autochtone-par-le-plaidoyer-radical\/","title":{"rendered":"Inspirer et habiliter la jeunesse autochtone par le \u00ab plaidoyer radical\u00bb"},"content":{"rendered":"\t\t<div data-elementor-type=\"wp-page\" data-elementor-id=\"21709\" class=\"elementor elementor-21709\" data-elementor-post-type=\"page\">\n\t\t\t\t\t\t<section class=\"elementor-section elementor-top-section elementor-element elementor-element-60f224f elementor-section-boxed elementor-section-height-default elementor-section-height-default\" data-id=\"60f224f\" data-element_type=\"section\" data-e-type=\"section\">\n\t\t\t\t\t\t<div class=\"elementor-container elementor-column-gap-default\">\n\t\t\t\t\t<div class=\"elementor-column elementor-col-100 elementor-top-column elementor-element elementor-element-493a3b8\" data-id=\"493a3b8\" data-element_type=\"column\" data-e-type=\"column\">\n\t\t\t<div class=\"elementor-widget-wrap elementor-element-populated\">\n\t\t\t\t\t\t<div class=\"elementor-element elementor-element-0b330c4 elementor-invisible elementor-widget elementor-widget-exhibz-title\" data-id=\"0b330c4\" data-element_type=\"widget\" data-e-type=\"widget\" data-settings=\"{&quot;_animation&quot;:&quot;fadeInUp&quot;,&quot;_animation_delay&quot;:350,&quot;ekit_we_effect_on&quot;:&quot;none&quot;}\" data-widget_type=\"exhibz-title.default\">\n\t\t\t\t<div class=\"elementor-widget-container\">\n\t\t\t\t\t\n    <div class=\"title-section-area\">\n        <h2 class=\"section-title\">\n            <span class=\"sub-title\">Inspirer et habiliter la jeunesse autochtone par le \u00ab plaidoyer radical\u00bb<\/span>\n\t\t\tConf\u00e9rencier d'honneur : Sean Lessard, professeur\n<br>\nLe mercredi 31 janvier, 2024, 11:45h \u2013 12:45h HE        <\/h2>\n\t\t\t\t\t<div class=\"title-desc\"><p><span class=\"TrackChangeTextInsertion TrackedChange SCXW11177991 BCX0\"><span class=\"TextRun SCXW11177991 BCX0\"><span class=\"NormalTextRun SCXW11177991 BCX0\">Dans cette pr\u00e9sentation, M. Lessard r\u00e9fl\u00e9chit \u00e0 son travail aupr\u00e8s des jeunes autochtones, \u00e0 l\u2019int\u00e9rieur et \u00e0 l\u2019ext\u00e9rieur des \u00e9coles. Son approche du travail avec les jeunes en marge est fond\u00e9e sur la p\u00e9dagogie du c\u0153ur et sur ce qu\u2019il appelle vaguement le \u00ab plaidoyer radical \u00bb. Il a travaill\u00e9 avec des jeunes dans toute l\u2019Am\u00e9rique du Nord et il est particuli\u00e8rement connu pour sa conception de mod\u00e8les d\u2019accompagnement \u00e0 l\u2019obtention du dipl\u00f4me, de planification de la transition et de la carri\u00e8re et d\u2019approches de \u00ab l\u2019\u00e9cole en tout lieu et en tout temps \u00bb. Plus r\u00e9cemment, il s\u2019est int\u00e9ress\u00e9 aux jeunes de sa communaut\u00e9 d\u2019origine et a travaill\u00e9 avec eux \u00e0 la conception d\u2019un centre de gu\u00e9rison bas\u00e9 sur la terre et le mieux-\u00eatre. M. Lessard a notamment achet\u00e9, gr\u00e2ce \u00e0 ses conf\u00e9rences, plus de 1 000 paires de chaussures pour les personnes \u00e2g\u00e9es et les jeunes et plus de 300 v\u00e9los pour que chaque enfant puisse avoir la possibilit\u00e9 \u00ab d\u2019aller \u00e0 v\u00e9lo dans les endroits qu\u2019il a imagin\u00e9s \u00bb.\u00a0<\/span><\/span><\/span><span class=\"EOP TrackedChange SCXW11177991 BCX0\">\u00a0<\/span><\/p><\/div>\n\t\t                    <\/div><!-- Section title -->\n    \n    \n\n    \t\t\t\t<\/div>\n\t\t\t\t<\/div>\n\t\t\t\t<div class=\"elementor-element elementor-element-8a7f525 elementor-widget elementor-widget-image\" data-id=\"8a7f525\" data-element_type=\"widget\" data-e-type=\"widget\" data-settings=\"{&quot;ekit_we_effect_on&quot;:&quot;none&quot;}\" data-widget_type=\"image.default\">\n\t\t\t\t<div class=\"elementor-widget-container\">\n\t\t\t\t\t\t\t\t\t\t\t\t<figure class=\"wp-caption\">\n\t\t\t\t\t\t\t\t\t\t\t<a href=\"https:\/\/cannexus.ceric.ca\/fr\/partenaires\/\">\n\t\t\t\t\t\t\t<img decoding=\"async\" width=\"220\" height=\"110\" src=\"https:\/\/cannexus.ceric.ca\/wp-content\/uploads\/2023\/10\/Magnet-keynote-web-2.png\" class=\"attachment-large size-large wp-image-22141\" alt=\"\" \/>\t\t\t\t\t\t\t\t<\/a>\n\t\t\t\t\t\t\t\t\t\t\t<figcaption class=\"widget-image-caption wp-caption-text\">Keynote Partner | Partenaire \u2013 Allocution<\/figcaption>\n\t\t\t\t\t\t\t\t\t\t<\/figure>\n\t\t\t\t\t\t\t\t\t<\/div>\n\t\t\t\t<\/div>\n\t\t\t\t\t<\/div>\n\t\t<\/div>\n\t\t\t\t\t<\/div>\n\t\t<\/section>\n\t\t\t\t<\/div>\n\t\t","protected":false},"excerpt":{"rendered":"<p>Inspirer et habiliter la jeunesse autochtone par le \u00ab plaidoyer radical\u00bb Conf\u00e9rencier d&#8217;honneur : Sean Lessard, professeur Le mercredi 31 janvier, 2024, 11:45h \u2013 12:45h HE Dans cette pr\u00e9sentation, M. Lessard r\u00e9fl\u00e9chit \u00e0 son travail aupr\u00e8s des jeunes autochtones, \u00e0 l\u2019int\u00e9rieur et \u00e0 l\u2019ext\u00e9rieur des \u00e9coles. Son approche du travail avec les jeunes en marge [&hellip;]<\/p>\n","protected":false},"author":9,"featured_media":0,"parent":0,"menu_order":0,"comment_status":"closed","ping_status":"closed","template":"template\/full-width-template.php","meta":{"wp_social_preview_title":"","wp_social_preview_description":"","wp_social_preview_image":0,"footnotes":""},"class_list":["post-21709","page","type-page","status-publish","hentry"],"yoast_head":"<!-- This site is optimized with the Yoast SEO Premium plugin v26.0 (Yoast SEO v26.0) - https:\/\/yoast.com\/wordpress\/plugins\/seo\/ -->\n<title>Inspirer et habiliter la jeunesse autochtone par le \u00ab plaidoyer radical\u00bb - Cannexus27<\/title>\n<meta name=\"robots\" content=\"index, follow, max-snippet:-1, max-image-preview:large, max-video-preview:-1\" \/>\n<link rel=\"canonical\" href=\"https:\/\/cannexus.ceric.ca\/fr\/inspirer-et-habiliter-la-jeunesse-autochtone-par-le-plaidoyer-radical\/\" \/>\n<meta property=\"og:locale\" content=\"fr_FR\" \/>\n<meta property=\"og:type\" content=\"article\" \/>\n<meta property=\"og:title\" content=\"Inspirer et habiliter la jeunesse autochtone par le \u00ab plaidoyer radical\u00bb\" \/>\n<meta property=\"og:description\" content=\"Inspirer et habiliter la jeunesse autochtone par le \u00ab plaidoyer radical\u00bb Conf\u00e9rencier d&#8217;honneur : Sean Lessard, professeur Le mercredi 31 janvier, 2024, 11:45h \u2013 12:45h HE Dans cette pr\u00e9sentation, M. Lessard r\u00e9fl\u00e9chit \u00e0 son travail aupr\u00e8s des jeunes autochtones, \u00e0 l\u2019int\u00e9rieur et \u00e0 l\u2019ext\u00e9rieur des \u00e9coles. Son approche du travail avec les jeunes en marge [&hellip;]\" \/>\n<meta property=\"og:url\" content=\"https:\/\/cannexus.ceric.ca\/fr\/inspirer-et-habiliter-la-jeunesse-autochtone-par-le-plaidoyer-radical\/\" \/>\n<meta property=\"og:site_name\" content=\"Cannexus27\" \/>\n<meta property=\"article:modified_time\" content=\"2023-10-04T17:52:49+00:00\" \/>\n<meta property=\"og:image\" content=\"https:\/\/cannexus.ceric.ca\/wp-content\/uploads\/2023\/10\/Magnet-keynote-web-2.png\" \/>\n<meta name=\"twitter:card\" content=\"summary_large_image\" \/>\n<meta name=\"twitter:label1\" content=\"Dur\u00e9e de lecture estim\u00e9e\" \/>\n\t<meta name=\"twitter:data1\" content=\"2 minutes\" \/>\n<script type=\"application\/ld+json\" class=\"yoast-schema-graph\">{\"@context\":\"https:\/\/schema.org\",\"@graph\":[{\"@type\":\"WebPage\",\"@id\":\"https:\/\/cannexus.ceric.ca\/fr\/inspirer-et-habiliter-la-jeunesse-autochtone-par-le-plaidoyer-radical\/\",\"url\":\"https:\/\/cannexus.ceric.ca\/fr\/inspirer-et-habiliter-la-jeunesse-autochtone-par-le-plaidoyer-radical\/\",\"name\":\"Inspirer et habiliter la jeunesse autochtone par le \u00ab plaidoyer radical\u00bb - Cannexus27\",\"isPartOf\":{\"@id\":\"https:\/\/cannexus.ceric.ca\/fr\/#website\"},\"primaryImageOfPage\":{\"@id\":\"https:\/\/cannexus.ceric.ca\/fr\/inspirer-et-habiliter-la-jeunesse-autochtone-par-le-plaidoyer-radical\/#primaryimage\"},\"image\":{\"@id\":\"https:\/\/cannexus.ceric.ca\/fr\/inspirer-et-habiliter-la-jeunesse-autochtone-par-le-plaidoyer-radical\/#primaryimage\"},\"thumbnailUrl\":\"https:\/\/cannexus.ceric.ca\/wp-content\/uploads\/2023\/10\/Magnet-keynote-web-2.png\",\"datePublished\":\"2023-08-11T17:56:04+00:00\",\"dateModified\":\"2023-10-04T17:52:49+00:00\",\"breadcrumb\":{\"@id\":\"https:\/\/cannexus.ceric.ca\/fr\/inspirer-et-habiliter-la-jeunesse-autochtone-par-le-plaidoyer-radical\/#breadcrumb\"},\"inLanguage\":\"fr-FR\",\"potentialAction\":[{\"@type\":\"ReadAction\",\"target\":[\"https:\/\/cannexus.ceric.ca\/fr\/inspirer-et-habiliter-la-jeunesse-autochtone-par-le-plaidoyer-radical\/\"]}]},{\"@type\":\"ImageObject\",\"inLanguage\":\"fr-FR\",\"@id\":\"https:\/\/cannexus.ceric.ca\/fr\/inspirer-et-habiliter-la-jeunesse-autochtone-par-le-plaidoyer-radical\/#primaryimage\",\"url\":\"https:\/\/cannexus.ceric.ca\/wp-content\/uploads\/2023\/10\/Magnet-keynote-web-2.png\",\"contentUrl\":\"https:\/\/cannexus.ceric.ca\/wp-content\/uploads\/2023\/10\/Magnet-keynote-web-2.png\"},{\"@type\":\"BreadcrumbList\",\"@id\":\"https:\/\/cannexus.ceric.ca\/fr\/inspirer-et-habiliter-la-jeunesse-autochtone-par-le-plaidoyer-radical\/#breadcrumb\",\"itemListElement\":[{\"@type\":\"ListItem\",\"position\":1,\"name\":\"Home\",\"item\":\"https:\/\/cannexus.ceric.ca\/fr\/\"},{\"@type\":\"ListItem\",\"position\":2,\"name\":\"Inspirer et habiliter la jeunesse autochtone par le \u00ab plaidoyer radical\u00bb\"}]},{\"@type\":\"WebSite\",\"@id\":\"https:\/\/cannexus.ceric.ca\/fr\/#website\",\"url\":\"https:\/\/cannexus.ceric.ca\/fr\/\",\"name\":\"Cannexus26: Canada\u2019s Career Development Conference\",\"description\":\"Canada\u2019s Career Development Conference\",\"publisher\":{\"@id\":\"https:\/\/cannexus.ceric.ca\/fr\/#organization\"},\"alternateName\":\"Cannexus26\",\"potentialAction\":[{\"@type\":\"SearchAction\",\"target\":{\"@type\":\"EntryPoint\",\"urlTemplate\":\"https:\/\/cannexus.ceric.ca\/fr\/?s={search_term_string}\"},\"query-input\":{\"@type\":\"PropertyValueSpecification\",\"valueRequired\":true,\"valueName\":\"search_term_string\"}}],\"inLanguage\":\"fr-FR\"},{\"@type\":\"Organization\",\"@id\":\"https:\/\/cannexus.ceric.ca\/fr\/#organization\",\"name\":\"Cannexus26\",\"url\":\"https:\/\/cannexus.ceric.ca\/fr\/\",\"logo\":{\"@type\":\"ImageObject\",\"inLanguage\":\"fr-FR\",\"@id\":\"https:\/\/cannexus.ceric.ca\/fr\/#\/schema\/logo\/image\/\",\"url\":\"https:\/\/cannexus.ceric.ca\/wp-content\/uploads\/2025\/04\/CX-seal.png\",\"contentUrl\":\"https:\/\/cannexus.ceric.ca\/wp-content\/uploads\/2025\/04\/CX-seal.png\",\"width\":2000,\"height\":1574,\"caption\":\"Cannexus26\"},\"image\":{\"@id\":\"https:\/\/cannexus.ceric.ca\/fr\/#\/schema\/logo\/image\/\"}}]}<\/script>\n<!-- \/ Yoast SEO Premium plugin. -->","yoast_head_json":{"title":"Inspirer et habiliter la jeunesse autochtone par le \u00ab plaidoyer radical\u00bb - Cannexus27","robots":{"index":"index","follow":"follow","max-snippet":"max-snippet:-1","max-image-preview":"max-image-preview:large","max-video-preview":"max-video-preview:-1"},"canonical":"https:\/\/cannexus.ceric.ca\/fr\/inspirer-et-habiliter-la-jeunesse-autochtone-par-le-plaidoyer-radical\/","og_locale":"fr_FR","og_type":"article","og_title":"Inspirer et habiliter la jeunesse autochtone par le \u00ab plaidoyer radical\u00bb","og_description":"Inspirer et habiliter la jeunesse autochtone par le \u00ab plaidoyer radical\u00bb Conf\u00e9rencier d&#8217;honneur : Sean Lessard, professeur Le mercredi 31 janvier, 2024, 11:45h \u2013 12:45h HE Dans cette pr\u00e9sentation, M. Lessard r\u00e9fl\u00e9chit \u00e0 son travail aupr\u00e8s des jeunes autochtones, \u00e0 l\u2019int\u00e9rieur et \u00e0 l\u2019ext\u00e9rieur des \u00e9coles. Son approche du travail avec les jeunes en marge [&hellip;]","og_url":"https:\/\/cannexus.ceric.ca\/fr\/inspirer-et-habiliter-la-jeunesse-autochtone-par-le-plaidoyer-radical\/","og_site_name":"Cannexus27","article_modified_time":"2023-10-04T17:52:49+00:00","og_image":[{"url":"https:\/\/cannexus.ceric.ca\/wp-content\/uploads\/2023\/10\/Magnet-keynote-web-2.png","type":"","width":"","height":""}],"twitter_card":"summary_large_image","twitter_misc":{"Dur\u00e9e de lecture estim\u00e9e":"2 minutes"},"schema":{"@context":"https:\/\/schema.org","@graph":[{"@type":"WebPage","@id":"https:\/\/cannexus.ceric.ca\/fr\/inspirer-et-habiliter-la-jeunesse-autochtone-par-le-plaidoyer-radical\/","url":"https:\/\/cannexus.ceric.ca\/fr\/inspirer-et-habiliter-la-jeunesse-autochtone-par-le-plaidoyer-radical\/","name":"Inspirer et habiliter la jeunesse autochtone par le \u00ab plaidoyer radical\u00bb - Cannexus27","isPartOf":{"@id":"https:\/\/cannexus.ceric.ca\/fr\/#website"},"primaryImageOfPage":{"@id":"https:\/\/cannexus.ceric.ca\/fr\/inspirer-et-habiliter-la-jeunesse-autochtone-par-le-plaidoyer-radical\/#primaryimage"},"image":{"@id":"https:\/\/cannexus.ceric.ca\/fr\/inspirer-et-habiliter-la-jeunesse-autochtone-par-le-plaidoyer-radical\/#primaryimage"},"thumbnailUrl":"https:\/\/cannexus.ceric.ca\/wp-content\/uploads\/2023\/10\/Magnet-keynote-web-2.png","datePublished":"2023-08-11T17:56:04+00:00","dateModified":"2023-10-04T17:52:49+00:00","breadcrumb":{"@id":"https:\/\/cannexus.ceric.ca\/fr\/inspirer-et-habiliter-la-jeunesse-autochtone-par-le-plaidoyer-radical\/#breadcrumb"},"inLanguage":"fr-FR","potentialAction":[{"@type":"ReadAction","target":["https:\/\/cannexus.ceric.ca\/fr\/inspirer-et-habiliter-la-jeunesse-autochtone-par-le-plaidoyer-radical\/"]}]},{"@type":"ImageObject","inLanguage":"fr-FR","@id":"https:\/\/cannexus.ceric.ca\/fr\/inspirer-et-habiliter-la-jeunesse-autochtone-par-le-plaidoyer-radical\/#primaryimage","url":"https:\/\/cannexus.ceric.ca\/wp-content\/uploads\/2023\/10\/Magnet-keynote-web-2.png","contentUrl":"https:\/\/cannexus.ceric.ca\/wp-content\/uploads\/2023\/10\/Magnet-keynote-web-2.png"},{"@type":"BreadcrumbList","@id":"https:\/\/cannexus.ceric.ca\/fr\/inspirer-et-habiliter-la-jeunesse-autochtone-par-le-plaidoyer-radical\/#breadcrumb","itemListElement":[{"@type":"ListItem","position":1,"name":"Home","item":"https:\/\/cannexus.ceric.ca\/fr\/"},{"@type":"ListItem","position":2,"name":"Inspirer et habiliter la jeunesse autochtone par le \u00ab plaidoyer radical\u00bb"}]},{"@type":"WebSite","@id":"https:\/\/cannexus.ceric.ca\/fr\/#website","url":"https:\/\/cannexus.ceric.ca\/fr\/","name":"Cannexus26: Canada\u2019s Career Development Conference","description":"Canada\u2019s Career Development Conference","publisher":{"@id":"https:\/\/cannexus.ceric.ca\/fr\/#organization"},"alternateName":"Cannexus26","potentialAction":[{"@type":"SearchAction","target":{"@type":"EntryPoint","urlTemplate":"https:\/\/cannexus.ceric.ca\/fr\/?s={search_term_string}"},"query-input":{"@type":"PropertyValueSpecification","valueRequired":true,"valueName":"search_term_string"}}],"inLanguage":"fr-FR"},{"@type":"Organization","@id":"https:\/\/cannexus.ceric.ca\/fr\/#organization","name":"Cannexus26","url":"https:\/\/cannexus.ceric.ca\/fr\/","logo":{"@type":"ImageObject","inLanguage":"fr-FR","@id":"https:\/\/cannexus.ceric.ca\/fr\/#\/schema\/logo\/image\/","url":"https:\/\/cannexus.ceric.ca\/wp-content\/uploads\/2025\/04\/CX-seal.png","contentUrl":"https:\/\/cannexus.ceric.ca\/wp-content\/uploads\/2025\/04\/CX-seal.png","width":2000,"height":1574,"caption":"Cannexus26"},"image":{"@id":"https:\/\/cannexus.ceric.ca\/fr\/#\/schema\/logo\/image\/"}}]}},"_links":{"self":[{"href":"https:\/\/cannexus.ceric.ca\/fr\/wp-json\/wp\/v2\/pages\/21709","targetHints":{"allow":["GET"]}}],"collection":[{"href":"https:\/\/cannexus.ceric.ca\/fr\/wp-json\/wp\/v2\/pages"}],"about":[{"href":"https:\/\/cannexus.ceric.ca\/fr\/wp-json\/wp\/v2\/types\/page"}],"author":[{"embeddable":true,"href":"https:\/\/cannexus.ceric.ca\/fr\/wp-json\/wp\/v2\/users\/9"}],"replies":[{"embeddable":true,"href":"https:\/\/cannexus.ceric.ca\/fr\/wp-json\/wp\/v2\/comments?post=21709"}],"version-history":[{"count":0,"href":"https:\/\/cannexus.ceric.ca\/fr\/wp-json\/wp\/v2\/pages\/21709\/revisions"}],"wp:attachment":[{"href":"https:\/\/cannexus.ceric.ca\/fr\/wp-json\/wp\/v2\/media?parent=21709"}],"curies":[{"name":"wp","href":"https:\/\/api.w.org\/{rel}","templated":true}]}}