{"id":16417,"date":"2022-10-03T11:40:13","date_gmt":"2022-10-03T15:40:13","guid":{"rendered":"https:\/\/cannexus.ceric.ca\/?page_id=16417"},"modified":"2022-11-21T10:50:16","modified_gmt":"2022-11-21T15:50:16","slug":"la-diversite-bispirituel-le-genre-la-sexualite-la-race-et-les-prejuges-inconscients","status":"publish","type":"page","link":"https:\/\/cannexus.ceric.ca\/fr\/la-diversite-bispirituel-le-genre-la-sexualite-la-race-et-les-prejuges-inconscients\/","title":{"rendered":"La diversit\u00e9 bispirituel &#8211; Le genre, la sexualit\u00e9, la race et les pr\u00e9jug\u00e9s inconscients"},"content":{"rendered":"\t\t<div data-elementor-type=\"wp-page\" data-elementor-id=\"16417\" class=\"elementor elementor-16417 elementor-16411\" data-elementor-post-type=\"page\">\n\t\t\t\t\t\t<section class=\"elementor-section elementor-top-section elementor-element elementor-element-60f224f elementor-section-boxed elementor-section-height-default elementor-section-height-default\" data-id=\"60f224f\" data-element_type=\"section\" data-e-type=\"section\">\n\t\t\t\t\t\t<div class=\"elementor-container elementor-column-gap-default\">\n\t\t\t\t\t<div class=\"elementor-column elementor-col-100 elementor-top-column elementor-element elementor-element-493a3b8\" data-id=\"493a3b8\" data-element_type=\"column\" data-e-type=\"column\">\n\t\t\t<div class=\"elementor-widget-wrap elementor-element-populated\">\n\t\t\t\t\t\t<div class=\"elementor-element elementor-element-0b330c4 elementor-invisible elementor-widget elementor-widget-exhibz-title\" data-id=\"0b330c4\" data-element_type=\"widget\" data-e-type=\"widget\" data-settings=\"{&quot;_animation&quot;:&quot;fadeInUp&quot;,&quot;_animation_delay&quot;:350,&quot;ekit_we_effect_on&quot;:&quot;none&quot;}\" data-widget_type=\"exhibz-title.default\">\n\t\t\t\t<div class=\"elementor-widget-container\">\n\t\t\t\t\t\n    <div class=\"title-section-area\">\n        <h2 class=\"section-title\">\n            <span class=\"sub-title\">La diversit\u00e9 bispirituelle - Le genre, la sexualit\u00e9, la race et les pr\u00e9jug\u00e9s inconscients<\/span>\n\t\t\tConf\u00e9rencier d'honneur : Dr Jason Makokis\n<br>\nLundi 23 janvier, 2023, 12:00h \u2013 13:00h HE        <\/h2>\n\t\t\t\t\t<div class=\"title-desc\"><div class=\"item\">Le Dr James Makokis a v\u00e9cu une exp\u00e9rience personnelle extraordinaire en tant que bispirituel qui a grandi dans une communaut\u00e9 s\u00e9gr\u00e9gu\u00e9e et marginalis\u00e9e. Il a une perspective des plus uniques sur l\u2019importance de l\u2019acceptation et de l\u2019\u00e9galit\u00e9 de traitement en ce qui concerne les diff\u00e9rences li\u00e9es \u00e0 la culture, au genre, \u00e0 la sexualit\u00e9 et \u00e0 la race. \u00ab Bispirituel \u00bb est un terme fran\u00e7ais contemporain qui refl\u00e8te la diversit\u00e9 de genre qui existe depuis toujours au sein des nations autochtones. Nombreux sont ceux qui doivent encore relever des d\u00e9fis personnels pour r\u00e9ussir au Canada, qui est pourtant l\u2019un des pays les plus diversifi\u00e9s au monde. Le Dr Makokis nous racontera son histoire en y int\u00e9grant des id\u00e9es pratiques sur la mani\u00e8re de cr\u00e9er des espaces d\u2019acceptation o\u00f9 TOUT LE MONDE peut prosp\u00e9rer en adoptant une attitude d\u2019acceptation \u00e0 l\u2019\u00e9gard de quiconque se trouve en dehors des normes sociales. Il nous expliquera comment cerner et reconna\u00eetre nos pr\u00e9jug\u00e9s inconscients, qui cr\u00e9ent et renforcent souvent les st\u00e9r\u00e9otypes et la stigmatisation qui ont ensuite des r\u00e9percussions n\u00e9gatives sur nos relations. Il nous enseignera \u00e0 devenir un alli\u00e9 pour recentrer nos relations afin qu\u2019elles reposent sur l\u2019acceptation, la s\u00e9curit\u00e9 et l\u2019entraide. Cette pr\u00e9sentation fournira des apprentissages cl\u00e9s aux personnes et aux organisations qui travaillent \u00e0 la cr\u00e9ation de nouveaux programmes inclusifs pour des populations diversifi\u00e9es.<\/div><\/div>\n\t\t                    <\/div><!-- Section title -->\n    \n    \n\n    \t\t\t\t<\/div>\n\t\t\t\t<\/div>\n\t\t\t\t<div class=\"elementor-element elementor-element-8a7f525 elementor-widget elementor-widget-image\" data-id=\"8a7f525\" data-element_type=\"widget\" data-e-type=\"widget\" data-settings=\"{&quot;ekit_we_effect_on&quot;:&quot;none&quot;}\" data-widget_type=\"image.default\">\n\t\t\t\t<div class=\"elementor-widget-container\">\n\t\t\t\t\t\t\t\t\t\t\t\t\t\t\t\t<a href=\"https:\/\/cannexus.ceric.ca\/fr\/partenaires\/\">\n\t\t\t\t\t\t\t<img decoding=\"async\" width=\"220\" height=\"110\" src=\"https:\/\/cannexus.ceric.ca\/wp-content\/uploads\/2022\/09\/FR-graphic-magnet-partner.png\" class=\"attachment-large size-large wp-image-16386\" alt=\"\" \/>\t\t\t\t\t\t\t\t<\/a>\n\t\t\t\t\t\t\t\t\t\t\t\t\t\t\t<\/div>\n\t\t\t\t<\/div>\n\t\t\t\t\t<\/div>\n\t\t<\/div>\n\t\t\t\t\t<\/div>\n\t\t<\/section>\n\t\t\t\t<\/div>\n\t\t","protected":false},"excerpt":{"rendered":"<p>La diversit\u00e9 bispirituelle &#8211; Le genre, la sexualit\u00e9, la race et les pr\u00e9jug\u00e9s inconscients Conf\u00e9rencier d&#8217;honneur : Dr Jason Makokis Lundi 23 janvier, 2023, 12:00h \u2013 13:00h HE Le Dr James Makokis a v\u00e9cu une exp\u00e9rience personnelle extraordinaire en tant que bispirituel qui a grandi dans une communaut\u00e9 s\u00e9gr\u00e9gu\u00e9e et marginalis\u00e9e. Il a une perspective [&hellip;]<\/p>\n","protected":false},"author":9,"featured_media":0,"parent":0,"menu_order":0,"comment_status":"closed","ping_status":"closed","template":"template\/full-width-template.php","meta":{"wp_social_preview_title":"","wp_social_preview_description":"","wp_social_preview_image":0,"footnotes":""},"class_list":["post-16417","page","type-page","status-publish","hentry"],"yoast_head":"<!-- This site is optimized with the Yoast SEO Premium plugin v26.0 (Yoast SEO v26.0) - https:\/\/yoast.com\/wordpress\/plugins\/seo\/ -->\n<title>La diversit\u00e9 bispirituel - Le genre, la sexualit\u00e9, la race et les pr\u00e9jug\u00e9s inconscients - Cannexus27<\/title>\n<meta name=\"robots\" content=\"index, follow, max-snippet:-1, max-image-preview:large, max-video-preview:-1\" \/>\n<link rel=\"canonical\" href=\"https:\/\/cannexus.ceric.ca\/fr\/la-diversite-bispirituel-le-genre-la-sexualite-la-race-et-les-prejuges-inconscients\/\" \/>\n<meta property=\"og:locale\" content=\"fr_FR\" \/>\n<meta property=\"og:type\" content=\"article\" \/>\n<meta property=\"og:title\" content=\"La diversit\u00e9 bispirituel - Le genre, la sexualit\u00e9, la race et les pr\u00e9jug\u00e9s inconscients\" \/>\n<meta property=\"og:description\" content=\"La diversit\u00e9 bispirituelle &#8211; Le genre, la sexualit\u00e9, la race et les pr\u00e9jug\u00e9s inconscients Conf\u00e9rencier d&#8217;honneur : Dr Jason Makokis Lundi 23 janvier, 2023, 12:00h \u2013 13:00h HE Le Dr James Makokis a v\u00e9cu une exp\u00e9rience personnelle extraordinaire en tant que bispirituel qui a grandi dans une communaut\u00e9 s\u00e9gr\u00e9gu\u00e9e et marginalis\u00e9e. Il a une perspective [&hellip;]\" \/>\n<meta property=\"og:url\" content=\"https:\/\/cannexus.ceric.ca\/fr\/la-diversite-bispirituel-le-genre-la-sexualite-la-race-et-les-prejuges-inconscients\/\" \/>\n<meta property=\"og:site_name\" content=\"Cannexus27\" \/>\n<meta property=\"article:modified_time\" content=\"2022-11-21T15:50:16+00:00\" \/>\n<meta property=\"og:image\" content=\"https:\/\/cannexus.ceric.ca\/wp-content\/uploads\/2022\/09\/FR-graphic-magnet-partner.png\" \/>\n<meta name=\"twitter:card\" content=\"summary_large_image\" \/>\n<meta name=\"twitter:label1\" content=\"Dur\u00e9e de lecture estim\u00e9e\" \/>\n\t<meta name=\"twitter:data1\" content=\"1 minute\" \/>\n<script type=\"application\/ld+json\" class=\"yoast-schema-graph\">{\"@context\":\"https:\/\/schema.org\",\"@graph\":[{\"@type\":\"WebPage\",\"@id\":\"https:\/\/cannexus.ceric.ca\/fr\/la-diversite-bispirituel-le-genre-la-sexualite-la-race-et-les-prejuges-inconscients\/\",\"url\":\"https:\/\/cannexus.ceric.ca\/fr\/la-diversite-bispirituel-le-genre-la-sexualite-la-race-et-les-prejuges-inconscients\/\",\"name\":\"La diversit\u00e9 bispirituel - Le genre, la sexualit\u00e9, la race et les pr\u00e9jug\u00e9s inconscients - Cannexus27\",\"isPartOf\":{\"@id\":\"https:\/\/cannexus.ceric.ca\/fr\/#website\"},\"primaryImageOfPage\":{\"@id\":\"https:\/\/cannexus.ceric.ca\/fr\/la-diversite-bispirituel-le-genre-la-sexualite-la-race-et-les-prejuges-inconscients\/#primaryimage\"},\"image\":{\"@id\":\"https:\/\/cannexus.ceric.ca\/fr\/la-diversite-bispirituel-le-genre-la-sexualite-la-race-et-les-prejuges-inconscients\/#primaryimage\"},\"thumbnailUrl\":\"https:\/\/cannexus.ceric.ca\/wp-content\/uploads\/2022\/09\/FR-graphic-magnet-partner.png\",\"datePublished\":\"2022-10-03T15:40:13+00:00\",\"dateModified\":\"2022-11-21T15:50:16+00:00\",\"breadcrumb\":{\"@id\":\"https:\/\/cannexus.ceric.ca\/fr\/la-diversite-bispirituel-le-genre-la-sexualite-la-race-et-les-prejuges-inconscients\/#breadcrumb\"},\"inLanguage\":\"fr-FR\",\"potentialAction\":[{\"@type\":\"ReadAction\",\"target\":[\"https:\/\/cannexus.ceric.ca\/fr\/la-diversite-bispirituel-le-genre-la-sexualite-la-race-et-les-prejuges-inconscients\/\"]}]},{\"@type\":\"ImageObject\",\"inLanguage\":\"fr-FR\",\"@id\":\"https:\/\/cannexus.ceric.ca\/fr\/la-diversite-bispirituel-le-genre-la-sexualite-la-race-et-les-prejuges-inconscients\/#primaryimage\",\"url\":\"https:\/\/cannexus.ceric.ca\/wp-content\/uploads\/2022\/09\/FR-graphic-magnet-partner.png\",\"contentUrl\":\"https:\/\/cannexus.ceric.ca\/wp-content\/uploads\/2022\/09\/FR-graphic-magnet-partner.png\"},{\"@type\":\"BreadcrumbList\",\"@id\":\"https:\/\/cannexus.ceric.ca\/fr\/la-diversite-bispirituel-le-genre-la-sexualite-la-race-et-les-prejuges-inconscients\/#breadcrumb\",\"itemListElement\":[{\"@type\":\"ListItem\",\"position\":1,\"name\":\"Home\",\"item\":\"https:\/\/cannexus.ceric.ca\/fr\/\"},{\"@type\":\"ListItem\",\"position\":2,\"name\":\"La diversit\u00e9 bispirituel &#8211; Le genre, la sexualit\u00e9, la race et les pr\u00e9jug\u00e9s inconscients\"}]},{\"@type\":\"WebSite\",\"@id\":\"https:\/\/cannexus.ceric.ca\/fr\/#website\",\"url\":\"https:\/\/cannexus.ceric.ca\/fr\/\",\"name\":\"Cannexus26: Canada\u2019s Career Development Conference\",\"description\":\"Canada\u2019s Career Development Conference\",\"publisher\":{\"@id\":\"https:\/\/cannexus.ceric.ca\/fr\/#organization\"},\"alternateName\":\"Cannexus26\",\"potentialAction\":[{\"@type\":\"SearchAction\",\"target\":{\"@type\":\"EntryPoint\",\"urlTemplate\":\"https:\/\/cannexus.ceric.ca\/fr\/?s={search_term_string}\"},\"query-input\":{\"@type\":\"PropertyValueSpecification\",\"valueRequired\":true,\"valueName\":\"search_term_string\"}}],\"inLanguage\":\"fr-FR\"},{\"@type\":\"Organization\",\"@id\":\"https:\/\/cannexus.ceric.ca\/fr\/#organization\",\"name\":\"Cannexus26\",\"url\":\"https:\/\/cannexus.ceric.ca\/fr\/\",\"logo\":{\"@type\":\"ImageObject\",\"inLanguage\":\"fr-FR\",\"@id\":\"https:\/\/cannexus.ceric.ca\/fr\/#\/schema\/logo\/image\/\",\"url\":\"https:\/\/cannexus.ceric.ca\/wp-content\/uploads\/2025\/04\/CX-seal.png\",\"contentUrl\":\"https:\/\/cannexus.ceric.ca\/wp-content\/uploads\/2025\/04\/CX-seal.png\",\"width\":2000,\"height\":1574,\"caption\":\"Cannexus26\"},\"image\":{\"@id\":\"https:\/\/cannexus.ceric.ca\/fr\/#\/schema\/logo\/image\/\"}}]}<\/script>\n<!-- \/ Yoast SEO Premium plugin. -->","yoast_head_json":{"title":"La diversit\u00e9 bispirituel - Le genre, la sexualit\u00e9, la race et les pr\u00e9jug\u00e9s inconscients - Cannexus27","robots":{"index":"index","follow":"follow","max-snippet":"max-snippet:-1","max-image-preview":"max-image-preview:large","max-video-preview":"max-video-preview:-1"},"canonical":"https:\/\/cannexus.ceric.ca\/fr\/la-diversite-bispirituel-le-genre-la-sexualite-la-race-et-les-prejuges-inconscients\/","og_locale":"fr_FR","og_type":"article","og_title":"La diversit\u00e9 bispirituel - Le genre, la sexualit\u00e9, la race et les pr\u00e9jug\u00e9s inconscients","og_description":"La diversit\u00e9 bispirituelle &#8211; Le genre, la sexualit\u00e9, la race et les pr\u00e9jug\u00e9s inconscients Conf\u00e9rencier d&#8217;honneur : Dr Jason Makokis Lundi 23 janvier, 2023, 12:00h \u2013 13:00h HE Le Dr James Makokis a v\u00e9cu une exp\u00e9rience personnelle extraordinaire en tant que bispirituel qui a grandi dans une communaut\u00e9 s\u00e9gr\u00e9gu\u00e9e et marginalis\u00e9e. Il a une perspective [&hellip;]","og_url":"https:\/\/cannexus.ceric.ca\/fr\/la-diversite-bispirituel-le-genre-la-sexualite-la-race-et-les-prejuges-inconscients\/","og_site_name":"Cannexus27","article_modified_time":"2022-11-21T15:50:16+00:00","og_image":[{"url":"https:\/\/cannexus.ceric.ca\/wp-content\/uploads\/2022\/09\/FR-graphic-magnet-partner.png","type":"","width":"","height":""}],"twitter_card":"summary_large_image","twitter_misc":{"Dur\u00e9e de lecture estim\u00e9e":"1 minute"},"schema":{"@context":"https:\/\/schema.org","@graph":[{"@type":"WebPage","@id":"https:\/\/cannexus.ceric.ca\/fr\/la-diversite-bispirituel-le-genre-la-sexualite-la-race-et-les-prejuges-inconscients\/","url":"https:\/\/cannexus.ceric.ca\/fr\/la-diversite-bispirituel-le-genre-la-sexualite-la-race-et-les-prejuges-inconscients\/","name":"La diversit\u00e9 bispirituel - Le genre, la sexualit\u00e9, la race et les pr\u00e9jug\u00e9s inconscients - Cannexus27","isPartOf":{"@id":"https:\/\/cannexus.ceric.ca\/fr\/#website"},"primaryImageOfPage":{"@id":"https:\/\/cannexus.ceric.ca\/fr\/la-diversite-bispirituel-le-genre-la-sexualite-la-race-et-les-prejuges-inconscients\/#primaryimage"},"image":{"@id":"https:\/\/cannexus.ceric.ca\/fr\/la-diversite-bispirituel-le-genre-la-sexualite-la-race-et-les-prejuges-inconscients\/#primaryimage"},"thumbnailUrl":"https:\/\/cannexus.ceric.ca\/wp-content\/uploads\/2022\/09\/FR-graphic-magnet-partner.png","datePublished":"2022-10-03T15:40:13+00:00","dateModified":"2022-11-21T15:50:16+00:00","breadcrumb":{"@id":"https:\/\/cannexus.ceric.ca\/fr\/la-diversite-bispirituel-le-genre-la-sexualite-la-race-et-les-prejuges-inconscients\/#breadcrumb"},"inLanguage":"fr-FR","potentialAction":[{"@type":"ReadAction","target":["https:\/\/cannexus.ceric.ca\/fr\/la-diversite-bispirituel-le-genre-la-sexualite-la-race-et-les-prejuges-inconscients\/"]}]},{"@type":"ImageObject","inLanguage":"fr-FR","@id":"https:\/\/cannexus.ceric.ca\/fr\/la-diversite-bispirituel-le-genre-la-sexualite-la-race-et-les-prejuges-inconscients\/#primaryimage","url":"https:\/\/cannexus.ceric.ca\/wp-content\/uploads\/2022\/09\/FR-graphic-magnet-partner.png","contentUrl":"https:\/\/cannexus.ceric.ca\/wp-content\/uploads\/2022\/09\/FR-graphic-magnet-partner.png"},{"@type":"BreadcrumbList","@id":"https:\/\/cannexus.ceric.ca\/fr\/la-diversite-bispirituel-le-genre-la-sexualite-la-race-et-les-prejuges-inconscients\/#breadcrumb","itemListElement":[{"@type":"ListItem","position":1,"name":"Home","item":"https:\/\/cannexus.ceric.ca\/fr\/"},{"@type":"ListItem","position":2,"name":"La diversit\u00e9 bispirituel &#8211; Le genre, la sexualit\u00e9, la race et les pr\u00e9jug\u00e9s inconscients"}]},{"@type":"WebSite","@id":"https:\/\/cannexus.ceric.ca\/fr\/#website","url":"https:\/\/cannexus.ceric.ca\/fr\/","name":"Cannexus26: Canada\u2019s Career Development Conference","description":"Canada\u2019s Career Development Conference","publisher":{"@id":"https:\/\/cannexus.ceric.ca\/fr\/#organization"},"alternateName":"Cannexus26","potentialAction":[{"@type":"SearchAction","target":{"@type":"EntryPoint","urlTemplate":"https:\/\/cannexus.ceric.ca\/fr\/?s={search_term_string}"},"query-input":{"@type":"PropertyValueSpecification","valueRequired":true,"valueName":"search_term_string"}}],"inLanguage":"fr-FR"},{"@type":"Organization","@id":"https:\/\/cannexus.ceric.ca\/fr\/#organization","name":"Cannexus26","url":"https:\/\/cannexus.ceric.ca\/fr\/","logo":{"@type":"ImageObject","inLanguage":"fr-FR","@id":"https:\/\/cannexus.ceric.ca\/fr\/#\/schema\/logo\/image\/","url":"https:\/\/cannexus.ceric.ca\/wp-content\/uploads\/2025\/04\/CX-seal.png","contentUrl":"https:\/\/cannexus.ceric.ca\/wp-content\/uploads\/2025\/04\/CX-seal.png","width":2000,"height":1574,"caption":"Cannexus26"},"image":{"@id":"https:\/\/cannexus.ceric.ca\/fr\/#\/schema\/logo\/image\/"}}]}},"_links":{"self":[{"href":"https:\/\/cannexus.ceric.ca\/fr\/wp-json\/wp\/v2\/pages\/16417","targetHints":{"allow":["GET"]}}],"collection":[{"href":"https:\/\/cannexus.ceric.ca\/fr\/wp-json\/wp\/v2\/pages"}],"about":[{"href":"https:\/\/cannexus.ceric.ca\/fr\/wp-json\/wp\/v2\/types\/page"}],"author":[{"embeddable":true,"href":"https:\/\/cannexus.ceric.ca\/fr\/wp-json\/wp\/v2\/users\/9"}],"replies":[{"embeddable":true,"href":"https:\/\/cannexus.ceric.ca\/fr\/wp-json\/wp\/v2\/comments?post=16417"}],"version-history":[{"count":0,"href":"https:\/\/cannexus.ceric.ca\/fr\/wp-json\/wp\/v2\/pages\/16417\/revisions"}],"wp:attachment":[{"href":"https:\/\/cannexus.ceric.ca\/fr\/wp-json\/wp\/v2\/media?parent=16417"}],"curies":[{"name":"wp","href":"https:\/\/api.w.org\/{rel}","templated":true}]}}