{"id":15265,"date":"2022-08-12T15:44:44","date_gmt":"2022-08-12T19:44:44","guid":{"rendered":"https:\/\/cannexus.ceric.ca\/?page_id=15265"},"modified":"2022-08-15T11:50:46","modified_gmt":"2022-08-15T15:50:46","slug":"la-resilience-malgre-ladversite","status":"publish","type":"page","link":"https:\/\/cannexus.ceric.ca\/fr\/la-resilience-malgre-ladversite\/","title":{"rendered":"La r\u00e9silience malgr\u00e9 l\u2019adversit\u00e9"},"content":{"rendered":"\t\t<div data-elementor-type=\"wp-page\" data-elementor-id=\"15265\" class=\"elementor elementor-15265 elementor-15273\" data-elementor-post-type=\"page\">\n\t\t\t\t\t\t<section class=\"elementor-section elementor-top-section elementor-element elementor-element-60f224f elementor-section-boxed elementor-section-height-default elementor-section-height-default\" data-id=\"60f224f\" data-element_type=\"section\" data-e-type=\"section\">\n\t\t\t\t\t\t<div class=\"elementor-container elementor-column-gap-default\">\n\t\t\t\t\t<div class=\"elementor-column elementor-col-100 elementor-top-column elementor-element elementor-element-493a3b8\" data-id=\"493a3b8\" data-element_type=\"column\" data-e-type=\"column\">\n\t\t\t<div class=\"elementor-widget-wrap elementor-element-populated\">\n\t\t\t\t\t\t<div class=\"elementor-element elementor-element-0b330c4 elementor-invisible elementor-widget elementor-widget-exhibz-title\" data-id=\"0b330c4\" data-element_type=\"widget\" data-e-type=\"widget\" data-settings=\"{&quot;_animation&quot;:&quot;fadeInUp&quot;,&quot;_animation_delay&quot;:350,&quot;ekit_we_effect_on&quot;:&quot;none&quot;}\" data-widget_type=\"exhibz-title.default\">\n\t\t\t\t<div class=\"elementor-widget-container\">\n\t\t\t\t\t\n    <div class=\"title-section-area\">\n        <h2 class=\"section-title\">\n            <span class=\"sub-title\">La r\u00e9silience malgr\u00e9 l\u2019adversit\u00e9<\/span>\n\t\t\tConf\u00e9rencier d'honneur : Tareq Hadhad\n<br>\nLe mercredi 25 janvier 2023, 11:30h \u2013 12:30h HE \u200b\u200b        <\/h2>\n\t\t\t\t\t<div class=\"title-desc\"><p>Accompagnez Tareq dans un voyage \u00e9mouvant de la Syrie au Canada, ponctu\u00e9 d\u2019arr\u00eats qui brisent le c\u0153ur et ouvrent de nouvelles perspectives. Des journ\u00e9es ensoleill\u00e9es en Syrie o\u00f9 le parfum des roses embaume l\u2019air jusqu\u2019au d\u00e9but du conflit et de la guerre, \u00e9coutez Tareq parler de la peur et de la confusion qu\u2019il a ressenties lorsque la violence et le danger ont commenc\u00e9 \u00e0 entourer lentement sa famille. Comprenez ce que signifie passer des jours \u00e0 se cacher dans son sous-sol, \u00e0 prier pour \u00eatre en s\u00e9curit\u00e9, pour avoir de la nourriture et des m\u00e9dicaments. D\u00e9couvrez comment une famille a pris la d\u00e9cision de tout laisser derri\u00e8re elle en qu\u00eate de s\u00e9curit\u00e9 hors de son pays d\u2019origine, pour finalement trouver plus d\u2019incertitude et de d\u00e9sespoir en tant que r\u00e9fugi\u00e9e au Liban. Soyez t\u00e9moin de l\u2019impact de l\u2019octroi d\u2019un billet familial pour le Canada, qui a chang\u00e9 sa vie, et regardez le premier ministre de ce pays reconna\u00eetre la famille Hadhad et sa communaut\u00e9 pour leur pers\u00e9v\u00e9rance et leur gentillesse. Cette montagne russe \u00e9motionnelle vous inspirera et vous donnera envie d\u2019avoir \u00e0 votre tour un impact sur le monde.<\/p><\/div>\n\t\t                    <\/div><!-- Section title -->\n    \n    \n\n    \t\t\t\t<\/div>\n\t\t\t\t<\/div>\n\t\t\t\t<div class=\"elementor-element elementor-element-4e69754 elementor-widget elementor-widget-image\" data-id=\"4e69754\" data-element_type=\"widget\" data-e-type=\"widget\" data-settings=\"{&quot;ekit_we_effect_on&quot;:&quot;none&quot;}\" data-widget_type=\"image.default\">\n\t\t\t\t<div class=\"elementor-widget-container\">\n\t\t\t\t\t\t\t\t\t\t\t\t\t\t\t\t<a href=\"https:\/\/cannexus.ceric.ca\/fr\/partenaires\/\">\n\t\t\t\t\t\t\t<img decoding=\"async\" width=\"220\" height=\"110\" src=\"https:\/\/cannexus.ceric.ca\/wp-content\/uploads\/2022\/08\/CX23-keynote-partner-rectangle-FR.png\" class=\"attachment-large size-large wp-image-15466\" alt=\"\" \/>\t\t\t\t\t\t\t\t<\/a>\n\t\t\t\t\t\t\t\t\t\t\t\t\t\t\t<\/div>\n\t\t\t\t<\/div>\n\t\t\t\t\t<\/div>\n\t\t<\/div>\n\t\t\t\t\t<\/div>\n\t\t<\/section>\n\t\t\t\t<\/div>\n\t\t","protected":false},"excerpt":{"rendered":"<p>La r\u00e9silience malgr\u00e9 l\u2019adversit\u00e9 Conf\u00e9rencier d&#8217;honneur : Tareq Hadhad Le mercredi 25 janvier 2023, 11:30h \u2013 12:30h HE \u200b\u200b Accompagnez Tareq dans un voyage \u00e9mouvant de la Syrie au Canada, ponctu\u00e9 d\u2019arr\u00eats qui brisent le c\u0153ur et ouvrent de nouvelles perspectives. Des journ\u00e9es ensoleill\u00e9es en Syrie o\u00f9 le parfum des roses embaume l\u2019air jusqu\u2019au d\u00e9but [&hellip;]<\/p>\n","protected":false},"author":9,"featured_media":0,"parent":0,"menu_order":0,"comment_status":"closed","ping_status":"closed","template":"template\/full-width-template.php","meta":{"wp_social_preview_title":"","wp_social_preview_description":"","wp_social_preview_image":0,"footnotes":""},"class_list":["post-15265","page","type-page","status-publish","hentry"],"yoast_head":"<!-- This site is optimized with the Yoast SEO Premium plugin v26.0 (Yoast SEO v26.0) - https:\/\/yoast.com\/wordpress\/plugins\/seo\/ -->\n<title>La r\u00e9silience malgr\u00e9 l\u2019adversit\u00e9 - Cannexus27<\/title>\n<meta name=\"robots\" content=\"index, follow, max-snippet:-1, max-image-preview:large, max-video-preview:-1\" \/>\n<link rel=\"canonical\" href=\"https:\/\/cannexus.ceric.ca\/fr\/la-resilience-malgre-ladversite\/\" \/>\n<meta property=\"og:locale\" content=\"fr_FR\" \/>\n<meta property=\"og:type\" content=\"article\" \/>\n<meta property=\"og:title\" content=\"La r\u00e9silience malgr\u00e9 l\u2019adversit\u00e9\" \/>\n<meta property=\"og:description\" content=\"La r\u00e9silience malgr\u00e9 l\u2019adversit\u00e9 Conf\u00e9rencier d&#8217;honneur : Tareq Hadhad Le mercredi 25 janvier 2023, 11:30h \u2013 12:30h HE \u200b\u200b Accompagnez Tareq dans un voyage \u00e9mouvant de la Syrie au Canada, ponctu\u00e9 d\u2019arr\u00eats qui brisent le c\u0153ur et ouvrent de nouvelles perspectives. Des journ\u00e9es ensoleill\u00e9es en Syrie o\u00f9 le parfum des roses embaume l\u2019air jusqu\u2019au d\u00e9but [&hellip;]\" \/>\n<meta property=\"og:url\" content=\"https:\/\/cannexus.ceric.ca\/fr\/la-resilience-malgre-ladversite\/\" \/>\n<meta property=\"og:site_name\" content=\"Cannexus27\" \/>\n<meta property=\"article:modified_time\" content=\"2022-08-15T15:50:46+00:00\" \/>\n<meta property=\"og:image\" content=\"https:\/\/cannexus.ceric.ca\/wp-content\/uploads\/2022\/08\/CX23-keynote-partner-rectangle-FR.png\" \/>\n<meta name=\"twitter:card\" content=\"summary_large_image\" \/>\n<meta name=\"twitter:label1\" content=\"Dur\u00e9e de lecture estim\u00e9e\" \/>\n\t<meta name=\"twitter:data1\" content=\"1 minute\" \/>\n<script type=\"application\/ld+json\" class=\"yoast-schema-graph\">{\"@context\":\"https:\/\/schema.org\",\"@graph\":[{\"@type\":\"WebPage\",\"@id\":\"https:\/\/cannexus.ceric.ca\/fr\/la-resilience-malgre-ladversite\/\",\"url\":\"https:\/\/cannexus.ceric.ca\/fr\/la-resilience-malgre-ladversite\/\",\"name\":\"La r\u00e9silience malgr\u00e9 l\u2019adversit\u00e9 - Cannexus27\",\"isPartOf\":{\"@id\":\"https:\/\/cannexus.ceric.ca\/fr\/#website\"},\"primaryImageOfPage\":{\"@id\":\"https:\/\/cannexus.ceric.ca\/fr\/la-resilience-malgre-ladversite\/#primaryimage\"},\"image\":{\"@id\":\"https:\/\/cannexus.ceric.ca\/fr\/la-resilience-malgre-ladversite\/#primaryimage\"},\"thumbnailUrl\":\"https:\/\/cannexus.ceric.ca\/wp-content\/uploads\/2022\/08\/CX23-keynote-partner-rectangle-FR.png\",\"datePublished\":\"2022-08-12T19:44:44+00:00\",\"dateModified\":\"2022-08-15T15:50:46+00:00\",\"breadcrumb\":{\"@id\":\"https:\/\/cannexus.ceric.ca\/fr\/la-resilience-malgre-ladversite\/#breadcrumb\"},\"inLanguage\":\"fr-FR\",\"potentialAction\":[{\"@type\":\"ReadAction\",\"target\":[\"https:\/\/cannexus.ceric.ca\/fr\/la-resilience-malgre-ladversite\/\"]}]},{\"@type\":\"ImageObject\",\"inLanguage\":\"fr-FR\",\"@id\":\"https:\/\/cannexus.ceric.ca\/fr\/la-resilience-malgre-ladversite\/#primaryimage\",\"url\":\"https:\/\/cannexus.ceric.ca\/wp-content\/uploads\/2022\/08\/CX23-keynote-partner-rectangle-FR.png\",\"contentUrl\":\"https:\/\/cannexus.ceric.ca\/wp-content\/uploads\/2022\/08\/CX23-keynote-partner-rectangle-FR.png\"},{\"@type\":\"BreadcrumbList\",\"@id\":\"https:\/\/cannexus.ceric.ca\/fr\/la-resilience-malgre-ladversite\/#breadcrumb\",\"itemListElement\":[{\"@type\":\"ListItem\",\"position\":1,\"name\":\"Home\",\"item\":\"https:\/\/cannexus.ceric.ca\/fr\/\"},{\"@type\":\"ListItem\",\"position\":2,\"name\":\"La r\u00e9silience malgr\u00e9 l\u2019adversit\u00e9\"}]},{\"@type\":\"WebSite\",\"@id\":\"https:\/\/cannexus.ceric.ca\/fr\/#website\",\"url\":\"https:\/\/cannexus.ceric.ca\/fr\/\",\"name\":\"Cannexus26: Canada\u2019s Career Development Conference\",\"description\":\"Canada\u2019s Career Development Conference\",\"publisher\":{\"@id\":\"https:\/\/cannexus.ceric.ca\/fr\/#organization\"},\"alternateName\":\"Cannexus26\",\"potentialAction\":[{\"@type\":\"SearchAction\",\"target\":{\"@type\":\"EntryPoint\",\"urlTemplate\":\"https:\/\/cannexus.ceric.ca\/fr\/?s={search_term_string}\"},\"query-input\":{\"@type\":\"PropertyValueSpecification\",\"valueRequired\":true,\"valueName\":\"search_term_string\"}}],\"inLanguage\":\"fr-FR\"},{\"@type\":\"Organization\",\"@id\":\"https:\/\/cannexus.ceric.ca\/fr\/#organization\",\"name\":\"Cannexus26\",\"url\":\"https:\/\/cannexus.ceric.ca\/fr\/\",\"logo\":{\"@type\":\"ImageObject\",\"inLanguage\":\"fr-FR\",\"@id\":\"https:\/\/cannexus.ceric.ca\/fr\/#\/schema\/logo\/image\/\",\"url\":\"https:\/\/cannexus.ceric.ca\/wp-content\/uploads\/2025\/04\/CX-seal.png\",\"contentUrl\":\"https:\/\/cannexus.ceric.ca\/wp-content\/uploads\/2025\/04\/CX-seal.png\",\"width\":2000,\"height\":1574,\"caption\":\"Cannexus26\"},\"image\":{\"@id\":\"https:\/\/cannexus.ceric.ca\/fr\/#\/schema\/logo\/image\/\"}}]}<\/script>\n<!-- \/ Yoast SEO Premium plugin. -->","yoast_head_json":{"title":"La r\u00e9silience malgr\u00e9 l\u2019adversit\u00e9 - Cannexus27","robots":{"index":"index","follow":"follow","max-snippet":"max-snippet:-1","max-image-preview":"max-image-preview:large","max-video-preview":"max-video-preview:-1"},"canonical":"https:\/\/cannexus.ceric.ca\/fr\/la-resilience-malgre-ladversite\/","og_locale":"fr_FR","og_type":"article","og_title":"La r\u00e9silience malgr\u00e9 l\u2019adversit\u00e9","og_description":"La r\u00e9silience malgr\u00e9 l\u2019adversit\u00e9 Conf\u00e9rencier d&#8217;honneur : Tareq Hadhad Le mercredi 25 janvier 2023, 11:30h \u2013 12:30h HE \u200b\u200b Accompagnez Tareq dans un voyage \u00e9mouvant de la Syrie au Canada, ponctu\u00e9 d\u2019arr\u00eats qui brisent le c\u0153ur et ouvrent de nouvelles perspectives. Des journ\u00e9es ensoleill\u00e9es en Syrie o\u00f9 le parfum des roses embaume l\u2019air jusqu\u2019au d\u00e9but [&hellip;]","og_url":"https:\/\/cannexus.ceric.ca\/fr\/la-resilience-malgre-ladversite\/","og_site_name":"Cannexus27","article_modified_time":"2022-08-15T15:50:46+00:00","og_image":[{"url":"https:\/\/cannexus.ceric.ca\/wp-content\/uploads\/2022\/08\/CX23-keynote-partner-rectangle-FR.png","type":"","width":"","height":""}],"twitter_card":"summary_large_image","twitter_misc":{"Dur\u00e9e de lecture estim\u00e9e":"1 minute"},"schema":{"@context":"https:\/\/schema.org","@graph":[{"@type":"WebPage","@id":"https:\/\/cannexus.ceric.ca\/fr\/la-resilience-malgre-ladversite\/","url":"https:\/\/cannexus.ceric.ca\/fr\/la-resilience-malgre-ladversite\/","name":"La r\u00e9silience malgr\u00e9 l\u2019adversit\u00e9 - Cannexus27","isPartOf":{"@id":"https:\/\/cannexus.ceric.ca\/fr\/#website"},"primaryImageOfPage":{"@id":"https:\/\/cannexus.ceric.ca\/fr\/la-resilience-malgre-ladversite\/#primaryimage"},"image":{"@id":"https:\/\/cannexus.ceric.ca\/fr\/la-resilience-malgre-ladversite\/#primaryimage"},"thumbnailUrl":"https:\/\/cannexus.ceric.ca\/wp-content\/uploads\/2022\/08\/CX23-keynote-partner-rectangle-FR.png","datePublished":"2022-08-12T19:44:44+00:00","dateModified":"2022-08-15T15:50:46+00:00","breadcrumb":{"@id":"https:\/\/cannexus.ceric.ca\/fr\/la-resilience-malgre-ladversite\/#breadcrumb"},"inLanguage":"fr-FR","potentialAction":[{"@type":"ReadAction","target":["https:\/\/cannexus.ceric.ca\/fr\/la-resilience-malgre-ladversite\/"]}]},{"@type":"ImageObject","inLanguage":"fr-FR","@id":"https:\/\/cannexus.ceric.ca\/fr\/la-resilience-malgre-ladversite\/#primaryimage","url":"https:\/\/cannexus.ceric.ca\/wp-content\/uploads\/2022\/08\/CX23-keynote-partner-rectangle-FR.png","contentUrl":"https:\/\/cannexus.ceric.ca\/wp-content\/uploads\/2022\/08\/CX23-keynote-partner-rectangle-FR.png"},{"@type":"BreadcrumbList","@id":"https:\/\/cannexus.ceric.ca\/fr\/la-resilience-malgre-ladversite\/#breadcrumb","itemListElement":[{"@type":"ListItem","position":1,"name":"Home","item":"https:\/\/cannexus.ceric.ca\/fr\/"},{"@type":"ListItem","position":2,"name":"La r\u00e9silience malgr\u00e9 l\u2019adversit\u00e9"}]},{"@type":"WebSite","@id":"https:\/\/cannexus.ceric.ca\/fr\/#website","url":"https:\/\/cannexus.ceric.ca\/fr\/","name":"Cannexus26: Canada\u2019s Career Development Conference","description":"Canada\u2019s Career Development Conference","publisher":{"@id":"https:\/\/cannexus.ceric.ca\/fr\/#organization"},"alternateName":"Cannexus26","potentialAction":[{"@type":"SearchAction","target":{"@type":"EntryPoint","urlTemplate":"https:\/\/cannexus.ceric.ca\/fr\/?s={search_term_string}"},"query-input":{"@type":"PropertyValueSpecification","valueRequired":true,"valueName":"search_term_string"}}],"inLanguage":"fr-FR"},{"@type":"Organization","@id":"https:\/\/cannexus.ceric.ca\/fr\/#organization","name":"Cannexus26","url":"https:\/\/cannexus.ceric.ca\/fr\/","logo":{"@type":"ImageObject","inLanguage":"fr-FR","@id":"https:\/\/cannexus.ceric.ca\/fr\/#\/schema\/logo\/image\/","url":"https:\/\/cannexus.ceric.ca\/wp-content\/uploads\/2025\/04\/CX-seal.png","contentUrl":"https:\/\/cannexus.ceric.ca\/wp-content\/uploads\/2025\/04\/CX-seal.png","width":2000,"height":1574,"caption":"Cannexus26"},"image":{"@id":"https:\/\/cannexus.ceric.ca\/fr\/#\/schema\/logo\/image\/"}}]}},"_links":{"self":[{"href":"https:\/\/cannexus.ceric.ca\/fr\/wp-json\/wp\/v2\/pages\/15265","targetHints":{"allow":["GET"]}}],"collection":[{"href":"https:\/\/cannexus.ceric.ca\/fr\/wp-json\/wp\/v2\/pages"}],"about":[{"href":"https:\/\/cannexus.ceric.ca\/fr\/wp-json\/wp\/v2\/types\/page"}],"author":[{"embeddable":true,"href":"https:\/\/cannexus.ceric.ca\/fr\/wp-json\/wp\/v2\/users\/9"}],"replies":[{"embeddable":true,"href":"https:\/\/cannexus.ceric.ca\/fr\/wp-json\/wp\/v2\/comments?post=15265"}],"version-history":[{"count":0,"href":"https:\/\/cannexus.ceric.ca\/fr\/wp-json\/wp\/v2\/pages\/15265\/revisions"}],"wp:attachment":[{"href":"https:\/\/cannexus.ceric.ca\/fr\/wp-json\/wp\/v2\/media?parent=15265"}],"curies":[{"name":"wp","href":"https:\/\/api.w.org\/{rel}","templated":true}]}}